{"id":44,"date":"2020-10-27T22:59:07","date_gmt":"2020-10-28T04:59:07","guid":{"rendered":"https:\/\/universidadnacional.development.una\/?page_id=44"},"modified":"2021-04-21T16:33:19","modified_gmt":"2021-04-21T22:33:19","slug":"inicio","status":"publish","type":"page","link":"https:\/\/www.preguntasfrecuentes.una.ac.cr\/","title":{"rendered":"Preguntas frecuentes"},"content":{"rendered":"<p>[et_pb_section fb_built=\u00bb1&#8243; fullwidth=\u00bbon\u00bb _builder_version=\u00bb4.9.4&#8243; _module_preset=\u00bbdefault\u00bb][et_pb_fullwidth_code _builder_version=\u00bb4.9.4&#8243; _module_preset=\u00bbdefault\u00bb hover_enabled=\u00bb0&#8243; sticky_enabled=\u00bb0&#8243;]\t\t<div id=\"epkb-modular-main-page-container\" class=\"epkb-css-full-reset eckb_mp_active_theme_Extra\">\t\t\t\n\t\t\t<div id=\"epkb-ml__row-1\" data-feature=\"search\" class=\"epkb-ml__row\">                \n\t\t<div id=\"epkb-ml__module-search\" class=\"epkb-ml__module \">   \n\t\t\t<!-- Classic Search Layout -->\n\t\t\t<div id=\"epkb-ml-search-classic-layout\">    \t\t<h2 class=\"epkb-ml-search-title\">Preguntas Frecuentes UNA<\/h2>   \t\t\t\t<form id=\"epkb-ml-search-form\" class=\"epkb-ml-search-input-height--large\" method=\"get\" onsubmit=\"return false;\" data-collection-id=\"1\" data-collection-token=\"2a89f1da32\">\n\t\t\t\t<input type=\"hidden\" id=\"epkb_kb_id\" value=\"1\" >\n\n\t\t\t\t<!-- Search Input Box -->\n\t\t\t\t<div id=\"epkb-ml-search-box\">\n\t\t\t\t\t<input class=\"epkb-ml-search-box__input\" type=\"text\" name=\"s\" value=\"\" aria-label=\"Buscar aqu\u00ed...\"\n\t\t\t\t\t        placeholder=\"Buscar aqu\u00ed...\" aria-controls=\"epkb-ml-search-results\" >\n\t\t\t\t\t<button class=\"epkb-ml-search-box__btn\" type=\"submit\">\n                        <span class=\"epkb-ml-search-box__text\"> Buscar<\/span>\n                        <span class=\"epkbfa epkbfa-spinner epkbfa-ml-loading-icon\"><\/span>\n                    <\/button>\n\t\t\t\t<\/div>\n\n\t\t\t\t<!-- Search Results -->\n\t\t\t\t<div id=\"epkb-ml-search-results\" aria-live=\"polite\"><\/div>\n\t\t\t<\/form>\n\t\t<\/div>  \n\t\t<\/div>  \t\t\t<\/div>  \n\t\t\t<div id=\"epkb-ml__row-2\" data-feature=\"categories_articles\" class=\"epkb-ml__row\">                \n\t\t<div id=\"epkb-ml__module-categories-articles\" class=\"epkb-ml__module \">  \n\t\t<div id=\"epkb-ml-categories-layout\" class=\"epkb-layout-container epkb-css-full-reset epkb-categories-template\">\n\t\t\t<div id=\"epkb-content-container\">\n\t\t\t\t<div class=\"epkb-section-container\">\t\n\t\t<div class=\"epkb-two-col eckb-categories-list\" > \t\t\t\t\t<div class=\"epkb-ml__module-categories-articles__row\">  \n\t\t\t\t<!-- Section Container ( Category Box ) -->\n\t\t\t\t<section id=\"epkb_cat_1\" class=\"section_light_shadow epkb-top-category-box\"  style=\"border-radius: 4px; border-width: 1px; border-color: #CACACE; background-color: #FEFEFE; border-style: solid;\"  >\n\n\t\t\t\t\t<!-- Section Head -->\n\t\t\t\t\t<div class=\"section-head section_divider\"  style=\"border-bottom-width: 1px; background-color: #FFFFFF; border-top-left-radius: 4px; border-top-right-radius: 4px; border-bottom-color: #FFFFFF; padding-top: 20px; padding-bottom: 20px; padding-left: 20px; padding-right: 20px; padding-left: 10px;\"  >\n\n\t\t\t\t\t\t<!-- Category Name + Icon -->\n\t\t\t\t\t\t<div class=\"epkb-category-level-1 epkb-category-level-1--icon-loc-left epkb-category-level-1--alignment-left\" data-kb-category-id=\"233\" data-kb-type=\"category\"  style=\"color: #000000;\"  >\n\n\t\t\t\t\t\t\t<!-- Icon Top \/ Left -->\t                            \t\t\t\t\t\t\t\t\t<span class=\"epkb-cat-icon epkbfa epkbfa-address-card\" data-kb-category-icon=\"epkbfa-address-card\"  style=\"color: #eb5a46; font-size: 30px;\" ><\/span>\t\t\t\t\t\t\t\t<div class=\"epkb-cat-name\">    \t\t\t\t\t\t\t\t\t<div class=\"epkb-cat-name-count-container\"  style=\"color: #000000; font-size:24px;\" >\n\t\t\t\t\t\t\t\t\t\t<h2 class=\"epkb-cat-name\">Admisi\u00f3n<\/h2>\n\t\t\t\t\t\t\t\t\t\t<span class=\"epkb-cat-count\">98<\/span>\n\t\t\t\t\t\t\t\t\t<\/div> \n\t\t\t\t\t\t\t<\/div>\n\n\t\t\t\t\t\t\t<!-- Icon Right -->     \n\t\t\t\t\t\t<\/div>\n\n\t\t\t\t\t\t<!-- Category Description -->\t\t\t\t\t\t\t\t\t\t\t<\/div>\n\n\t\t\t\t\t<!-- Section Body -->\n\t\t\t\t\t<div class=\"epkb-section-body\"  style=\"border-bottom-width: 1px; padding-top: 4px; padding-bottom: 4px; padding-left: 22px; padding-right: 4px; min-height: 130px;\"  >\t\t\t\t\t\t\n\t\t<ul class=\"epkb-main-category epkb-articles\"  style=\"padding-left: 10px;\"  data-list-id=\"233\"> \t\t\t\t<li class=\"epkb-article-level-1 \" data-kb-article-id=\"6787\"\n\t\t\t\t        data-kb-type=\"article\"  style=\"padding-bottom: 4px; padding-top: 4px;\"  >   \n\t\t<a href=\"https:\/\/www.preguntasfrecuentes.una.ac.cr\/?epkb_post_type_1=cuando-me-doy-cuenta-si-quede-admitido-en-una-carrera\"  class=\"epkb-mp-article \"\n\t\t            data-kb-article-id=\"6787\" >\n\t\t\t<span class=\"eckb-article-title\"  style=\"color: #000000;\"  >\n\t\t\t\t<span class=\"eckb-article-title__icon ep_font_icon_document\"  style=\"color: #dd3333;\"  aria-hidden=\"true\"><\/span>\n\t\t\t\t<span class=\"eckb-article-title__text\" >\u00bfCu\u00e1ndo me doy cuenta si qued\u00e9 admitido en una carrera?<\/span>\n\t\t\t<\/span> \t\t<\/a>    \t\t\t\t<\/li> \t\t\t\t<li class=\"epkb-article-level-1 \" data-kb-article-id=\"6785\"\n\t\t\t\t        data-kb-type=\"article\"  style=\"padding-bottom: 4px; padding-top: 4px;\"  >   \n\t\t<a href=\"https:\/\/www.preguntasfrecuentes.una.ac.cr\/?epkb_post_type_1=que-datos-ocupo-para-registrar-el-titulo-de-bachiller-en-educacion-media-via-web\"  class=\"epkb-mp-article \"\n\t\t            data-kb-article-id=\"6785\" >\n\t\t\t<span class=\"eckb-article-title\"  style=\"color: #000000;\"  >\n\t\t\t\t<span class=\"eckb-article-title__icon ep_font_icon_document\"  style=\"color: #dd3333;\"  aria-hidden=\"true\"><\/span>\n\t\t\t\t<span class=\"eckb-article-title__text\" >\u00bfQu\u00e9 datos ocupo para registrar el t\u00edtulo de Bachiller en Educaci\u00f3n Media v\u00eda web?<\/span>\n\t\t\t<\/span> \t\t<\/a>    \t\t\t\t<\/li> \t\t\t\t<li class=\"epkb-article-level-1 \" data-kb-article-id=\"6783\"\n\t\t\t\t        data-kb-type=\"article\"  style=\"padding-bottom: 4px; padding-top: 4px;\"  >   \n\t\t<a href=\"https:\/\/www.preguntasfrecuentes.una.ac.cr\/?epkb_post_type_1=cual-es-el-promedio-de-admision-para-registrar-el-titulo-de-bachiller-en-educacion-media-en-la-una\"  class=\"epkb-mp-article \"\n\t\t            data-kb-article-id=\"6783\" >\n\t\t\t<span class=\"eckb-article-title\"  style=\"color: #000000;\"  >\n\t\t\t\t<span class=\"eckb-article-title__icon ep_font_icon_document\"  style=\"color: #dd3333;\"  aria-hidden=\"true\"><\/span>\n\t\t\t\t<span class=\"eckb-article-title__text\" >\u00bfCu\u00e1l es el promedio de admisi\u00f3n para registrar el t\u00edtulo de Bachiller en Educaci\u00f3n Media en la UNA?<\/span>\n\t\t\t<\/span> \t\t<\/a>    \t\t\t\t<\/li> \t\t\t\t<li class=\"epkb-article-level-1 \" data-kb-article-id=\"6724\"\n\t\t\t\t        data-kb-type=\"article\"  style=\"padding-bottom: 4px; padding-top: 4px;\"  >   \n\t\t<a href=\"https:\/\/www.preguntasfrecuentes.una.ac.cr\/?epkb_post_type_1=si-algun-dato-de-la-inscripcion-o-en-la-cita-del-examen-esta-incorrecta-puedo-apelar\"  class=\"epkb-mp-article \"\n\t\t            data-kb-article-id=\"6724\" >\n\t\t\t<span class=\"eckb-article-title\"  style=\"color: #000000;\"  >\n\t\t\t\t<span class=\"eckb-article-title__icon ep_font_icon_document\"  style=\"color: #dd3333;\"  aria-hidden=\"true\"><\/span>\n\t\t\t\t<span class=\"eckb-article-title__text\" >Si alg\u00fan dato de la inscripci\u00f3n o en la cita del examen est\u00e1 incorrecta, \u00bfpuedo apelar?<\/span>\n\t\t\t<\/span> \t\t<\/a>    \t\t\t\t<\/li> \t\t\t\t<li class=\"epkb-article-level-1 \" data-kb-article-id=\"6720\"\n\t\t\t\t        data-kb-type=\"article\"  style=\"padding-bottom: 4px; padding-top: 4px;\"  >   \n\t\t<a href=\"https:\/\/www.preguntasfrecuentes.una.ac.cr\/?epkb_post_type_1=para-cuales-universidades-vale-mi-solicitud-de-los-apoyos-adecuacion\"  class=\"epkb-mp-article \"\n\t\t            data-kb-article-id=\"6720\" >\n\t\t\t<span class=\"eckb-article-title\"  style=\"color: #000000;\"  >\n\t\t\t\t<span class=\"eckb-article-title__icon ep_font_icon_document\"  style=\"color: #dd3333;\"  aria-hidden=\"true\"><\/span>\n\t\t\t\t<span class=\"eckb-article-title__text\" >\u00bfPara cuales universidades vale mi solicitud de los apoyos (adecuaci\u00f3n)?<\/span>\n\t\t\t<\/span> \t\t<\/a>    \t\t\t\t<\/li> \t\t\t\t<li class=\"epkb-article-level-1 epkb-hide-elem\" data-kb-article-id=\"6718\"\n\t\t\t\t        data-kb-type=\"article\"  style=\"padding-bottom: 4px; padding-top: 4px;\"  >   \n\t\t<a href=\"https:\/\/www.preguntasfrecuentes.una.ac.cr\/?epkb_post_type_1=se-pueden-solicitar-los-apoyos-adecuaciones-de-manera-extemporanea-por-una-condicion-especial\"  class=\"epkb-mp-article \"\n\t\t            data-kb-article-id=\"6718\" >\n\t\t\t<span class=\"eckb-article-title\"  style=\"color: #000000;\"  >\n\t\t\t\t<span class=\"eckb-article-title__icon ep_font_icon_document\"  style=\"color: #dd3333;\"  aria-hidden=\"true\"><\/span>\n\t\t\t\t<span class=\"eckb-article-title__text\" >\u00bfSe pueden solicitar los apoyos (adecuaciones) de manera extempor\u00e1nea por una condici\u00f3n especial?<\/span>\n\t\t\t<\/span> \t\t<\/a>    \t\t\t\t<\/li> \t\t\t\t<li class=\"epkb-article-level-1 epkb-hide-elem\" data-kb-article-id=\"6716\"\n\t\t\t\t        data-kb-type=\"article\"  style=\"padding-bottom: 4px; padding-top: 4px;\"  >   \n\t\t<a href=\"https:\/\/www.preguntasfrecuentes.una.ac.cr\/?epkb_post_type_1=que-debe-hacerse-si-el-estudiante-no-esta-satisfecho-con-los-apoyos-adecuaciones-que-se-le-aprobaron\"  class=\"epkb-mp-article \"\n\t\t            data-kb-article-id=\"6716\" >\n\t\t\t<span class=\"eckb-article-title\"  style=\"color: #000000;\"  >\n\t\t\t\t<span class=\"eckb-article-title__icon ep_font_icon_document\"  style=\"color: #dd3333;\"  aria-hidden=\"true\"><\/span>\n\t\t\t\t<span class=\"eckb-article-title__text\" >\u00bfQu\u00e9 debe hacerse si el estudiante no est\u00e1 satisfecho con los apoyos (adecuaciones) que se le aprobaron?<\/span>\n\t\t\t<\/span> \t\t<\/a>    \t\t\t\t<\/li> \t\t\t\t<li class=\"epkb-article-level-1 epkb-hide-elem\" data-kb-article-id=\"6714\"\n\t\t\t\t        data-kb-type=\"article\"  style=\"padding-bottom: 4px; padding-top: 4px;\"  >   \n\t\t<a href=\"https:\/\/www.preguntasfrecuentes.una.ac.cr\/?epkb_post_type_1=que-tipo-de-apoyos-adecuaciones-brindan-las-universidades-estatales-para-el-examen-de-admision\"  class=\"epkb-mp-article \"\n\t\t            data-kb-article-id=\"6714\" >\n\t\t\t<span class=\"eckb-article-title\"  style=\"color: #000000;\"  >\n\t\t\t\t<span class=\"eckb-article-title__icon ep_font_icon_document\"  style=\"color: #dd3333;\"  aria-hidden=\"true\"><\/span>\n\t\t\t\t<span class=\"eckb-article-title__text\" >\u00bfQu\u00e9 tipo de apoyos (adecuaciones) brindan las universidades estatales para el examen de admisi\u00f3n?<\/span>\n\t\t\t<\/span> \t\t<\/a>    \t\t\t\t<\/li> \t\t\t\t<li class=\"epkb-article-level-1 epkb-hide-elem\" data-kb-article-id=\"6711\"\n\t\t\t\t        data-kb-type=\"article\"  style=\"padding-bottom: 4px; padding-top: 4px;\"  >   \n\t\t<a href=\"https:\/\/www.preguntasfrecuentes.una.ac.cr\/?epkb_post_type_1=si-en-anos-anteriores-el-estudiante-ya-ha-solicitado-apoyos-adecuaciones-en-el-examen-de-admision-como-debe-proceder-para-utilizar-la-misma-documentacion-que-presento-anteriormente\"  class=\"epkb-mp-article \"\n\t\t            data-kb-article-id=\"6711\" >\n\t\t\t<span class=\"eckb-article-title\"  style=\"color: #000000;\"  >\n\t\t\t\t<span class=\"eckb-article-title__icon ep_font_icon_document\"  style=\"color: #dd3333;\"  aria-hidden=\"true\"><\/span>\n\t\t\t\t<span class=\"eckb-article-title__text\" >Si en a\u00f1os anteriores el estudiante ya ha solicitado apoyos (adecuaciones) en el examen de admisi\u00f3n \u00bfC\u00f3mo debe proceder para utilizar la misma documentaci\u00f3n que present\u00f3 anteriormente?<\/span>\n\t\t\t<\/span> \t\t<\/a>    \t\t\t\t<\/li> \t\t\t\t<li class=\"epkb-article-level-1 epkb-hide-elem\" data-kb-article-id=\"6709\"\n\t\t\t\t        data-kb-type=\"article\"  style=\"padding-bottom: 4px; padding-top: 4px;\"  >   \n\t\t<a href=\"https:\/\/www.preguntasfrecuentes.una.ac.cr\/?epkb_post_type_1=cuando-se-solicitan-los-apoyos-adecuaciones-para-los-examenes-de-admision\"  class=\"epkb-mp-article \"\n\t\t            data-kb-article-id=\"6709\" >\n\t\t\t<span class=\"eckb-article-title\"  style=\"color: #000000;\"  >\n\t\t\t\t<span class=\"eckb-article-title__icon ep_font_icon_document\"  style=\"color: #dd3333;\"  aria-hidden=\"true\"><\/span>\n\t\t\t\t<span class=\"eckb-article-title__text\" >\u00bfCu\u00e1ndo se solicitan los apoyos (adecuaciones) para los ex\u00e1menes de admisi\u00f3n?<\/span>\n\t\t\t<\/span> \t\t<\/a>    \t\t\t\t<\/li> \t\t\t\t<li class=\"epkb-article-level-1 epkb-hide-elem\" data-kb-article-id=\"6707\"\n\t\t\t\t        data-kb-type=\"article\"  style=\"padding-bottom: 4px; padding-top: 4px;\"  >   \n\t\t<a href=\"https:\/\/www.preguntasfrecuentes.una.ac.cr\/?epkb_post_type_1=se-puede-solicitar-apoyos-adecuaciones-para-los-examenes-de-admision-de-las-universidades-estatales\"  class=\"epkb-mp-article \"\n\t\t            data-kb-article-id=\"6707\" >\n\t\t\t<span class=\"eckb-article-title\"  style=\"color: #000000;\"  >\n\t\t\t\t<span class=\"eckb-article-title__icon ep_font_icon_document\"  style=\"color: #dd3333;\"  aria-hidden=\"true\"><\/span>\n\t\t\t\t<span class=\"eckb-article-title__text\" >\u00bfSe puede solicitar apoyos (adecuaciones) para los ex\u00e1menes de admisi\u00f3n de las universidades estatales?<\/span>\n\t\t\t<\/span> \t\t<\/a>    \t\t\t\t<\/li> \t\t\t\t<li class=\"epkb-article-level-1 epkb-hide-elem\" data-kb-article-id=\"6705\"\n\t\t\t\t        data-kb-type=\"article\"  style=\"padding-bottom: 4px; padding-top: 4px;\"  >   \n\t\t<a href=\"https:\/\/www.preguntasfrecuentes.una.ac.cr\/?epkb_post_type_1=despues-de-realizar-la-inscripcion-en-el-sau-cual-es-el-siguiente-paso\"  class=\"epkb-mp-article \"\n\t\t            data-kb-article-id=\"6705\" >\n\t\t\t<span class=\"eckb-article-title\"  style=\"color: #000000;\"  >\n\t\t\t\t<span class=\"eckb-article-title__icon ep_font_icon_document\"  style=\"color: #dd3333;\"  aria-hidden=\"true\"><\/span>\n\t\t\t\t<span class=\"eckb-article-title__text\" >Despu\u00e9s de realizar la inscripci\u00f3n en el SAU \u00bfCu\u00e1l es el siguiente paso?<\/span>\n\t\t\t<\/span> \t\t<\/a>    \t\t\t\t<\/li> \t\t\t\t<li class=\"epkb-article-level-1 epkb-hide-elem\" data-kb-article-id=\"6703\"\n\t\t\t\t        data-kb-type=\"article\"  style=\"padding-bottom: 4px; padding-top: 4px;\"  >   \n\t\t<a href=\"https:\/\/www.preguntasfrecuentes.una.ac.cr\/?epkb_post_type_1=como-compruebo-si-mi-inscripcion-en-el-sistema-de-admision-universitaria-sau-esta-correcta\"  class=\"epkb-mp-article \"\n\t\t            data-kb-article-id=\"6703\" >\n\t\t\t<span class=\"eckb-article-title\"  style=\"color: #000000;\"  >\n\t\t\t\t<span class=\"eckb-article-title__icon ep_font_icon_document\"  style=\"color: #dd3333;\"  aria-hidden=\"true\"><\/span>\n\t\t\t\t<span class=\"eckb-article-title__text\" >\u00bfC\u00f3mo compruebo si mi inscripci\u00f3n en el Sistema de Admisi\u00f3n Universitaria (SAU) est\u00e1 correcta?<\/span>\n\t\t\t<\/span> \t\t<\/a>    \t\t\t\t<\/li> \t\t\t\t<li class=\"epkb-article-level-1 epkb-hide-elem\" data-kb-article-id=\"5973\"\n\t\t\t\t        data-kb-type=\"article\"  style=\"padding-bottom: 4px; padding-top: 4px;\"  >   \n\t\t<a href=\"https:\/\/www.preguntasfrecuentes.una.ac.cr\/?epkb_post_type_1=cuando-me-doy-cuenta-si-estoy-admitido-en-una-carrera\"  class=\"epkb-mp-article \"\n\t\t            data-kb-article-id=\"5973\" >\n\t\t\t<span class=\"eckb-article-title\"  style=\"color: #000000;\"  >\n\t\t\t\t<span class=\"eckb-article-title__icon ep_font_icon_document\"  style=\"color: #dd3333;\"  aria-hidden=\"true\"><\/span>\n\t\t\t\t<span class=\"eckb-article-title__text\" >\u00bfCu\u00e1ndo me doy cuenta si estoy admitido en una carrera?<\/span>\n\t\t\t<\/span> \t\t<\/a>    \t\t\t\t<\/li> \t\t\t\t<li class=\"epkb-article-level-1 epkb-hide-elem\" data-kb-article-id=\"5971\"\n\t\t\t\t        data-kb-type=\"article\"  style=\"padding-bottom: 4px; padding-top: 4px;\"  >   \n\t\t<a href=\"https:\/\/www.preguntasfrecuentes.una.ac.cr\/?epkb_post_type_1=cuando-y-en-que-pagina-web-se-registra-el-titulo-de-educacion-media\"  class=\"epkb-mp-article \"\n\t\t            data-kb-article-id=\"5971\" >\n\t\t\t<span class=\"eckb-article-title\"  style=\"color: #000000;\"  >\n\t\t\t\t<span class=\"eckb-article-title__icon ep_font_icon_document\"  style=\"color: #dd3333;\"  aria-hidden=\"true\"><\/span>\n\t\t\t\t<span class=\"eckb-article-title__text\" >\u00bfCu\u00e1ndo y c\u00f3mo se registra el t\u00edtulo de educaci\u00f3n media?<\/span>\n\t\t\t<\/span> \t\t<\/a>    \t\t\t\t<\/li> \t\t\t\t<li class=\"epkb-article-level-1 epkb-hide-elem\" data-kb-article-id=\"5969\"\n\t\t\t\t        data-kb-type=\"article\"  style=\"padding-bottom: 4px; padding-top: 4px;\"  >   \n\t\t<a href=\"https:\/\/www.preguntasfrecuentes.una.ac.cr\/?epkb_post_type_1=que-datos-ocupo-para-registrar-el-titulo-de-educacion-media-via-web\"  class=\"epkb-mp-article \"\n\t\t            data-kb-article-id=\"5969\" >\n\t\t\t<span class=\"eckb-article-title\"  style=\"color: #000000;\"  >\n\t\t\t\t<span class=\"eckb-article-title__icon ep_font_icon_document\"  style=\"color: #dd3333;\"  aria-hidden=\"true\"><\/span>\n\t\t\t\t<span class=\"eckb-article-title__text\" >\u00bfQu\u00e9 datos ocupo para registrar el t\u00edtulo de educaci\u00f3n media v\u00eda web?<\/span>\n\t\t\t<\/span> \t\t<\/a>    \t\t\t\t<\/li> \t\t\t\t<li class=\"epkb-article-level-1 epkb-hide-elem\" data-kb-article-id=\"5967\"\n\t\t\t\t        data-kb-type=\"article\"  style=\"padding-bottom: 4px; padding-top: 4px;\"  >   \n\t\t<a href=\"https:\/\/www.preguntasfrecuentes.una.ac.cr\/?epkb_post_type_1=cual-es-el-promedio-minimo-para-registrar-el-titulo-de-secundaria-en-la-una\"  class=\"epkb-mp-article \"\n\t\t            data-kb-article-id=\"5967\" >\n\t\t\t<span class=\"eckb-article-title\"  style=\"color: #000000;\"  >\n\t\t\t\t<span class=\"eckb-article-title__icon ep_font_icon_document\"  style=\"color: #dd3333;\"  aria-hidden=\"true\"><\/span>\n\t\t\t\t<span class=\"eckb-article-title__text\" >\u00bfCu\u00e1l es el promedio m\u00ednimo para registrar el t\u00edtulo de secundaria en la UNA?<\/span>\n\t\t\t<\/span> \t\t<\/a>    \t\t\t\t<\/li> \t\t\t\t<li class=\"epkb-article-level-1 epkb-hide-elem\" data-kb-article-id=\"5963\"\n\t\t\t\t        data-kb-type=\"article\"  style=\"padding-bottom: 4px; padding-top: 4px;\"  >   \n\t\t<a href=\"https:\/\/www.preguntasfrecuentes.una.ac.cr\/?epkb_post_type_1=para-cuales-universidades-es-valida-mi-solicitud-de-apoyo-adecuacion\"  class=\"epkb-mp-article \"\n\t\t            data-kb-article-id=\"5963\" >\n\t\t\t<span class=\"eckb-article-title\"  style=\"color: #000000;\"  >\n\t\t\t\t<span class=\"eckb-article-title__icon ep_font_icon_document\"  style=\"color: #dd3333;\"  aria-hidden=\"true\"><\/span>\n\t\t\t\t<span class=\"eckb-article-title__text\" >\u00bfPara cu\u00e1les universidades es v\u00e1lida mi solicitud de apoyo (adecuaci\u00f3n)?<\/span>\n\t\t\t<\/span> \t\t<\/a>    \t\t\t\t<\/li> \t\t\t\t<li class=\"epkb-article-level-1 epkb-hide-elem\" data-kb-article-id=\"5961\"\n\t\t\t\t        data-kb-type=\"article\"  style=\"padding-bottom: 4px; padding-top: 4px;\"  >   \n\t\t<a href=\"https:\/\/www.preguntasfrecuentes.una.ac.cr\/?epkb_post_type_1=se-puede-solicitar-apoyo-adecuacion-de-manera-extemporanea-por-una-condicion-especial\"  class=\"epkb-mp-article \"\n\t\t            data-kb-article-id=\"5961\" >\n\t\t\t<span class=\"eckb-article-title\"  style=\"color: #000000;\"  >\n\t\t\t\t<span class=\"eckb-article-title__icon ep_font_icon_document\"  style=\"color: #dd3333;\"  aria-hidden=\"true\"><\/span>\n\t\t\t\t<span class=\"eckb-article-title__text\" >\u00bfSe puede solicitar apoyo (adecuaci\u00f3n) de manera extempor\u00e1nea por una condici\u00f3n especial?<\/span>\n\t\t\t<\/span> \t\t<\/a>    \t\t\t\t<\/li> \t\t\t\t<li class=\"epkb-article-level-1 epkb-hide-elem\" data-kb-article-id=\"5955\"\n\t\t\t\t        data-kb-type=\"article\"  style=\"padding-bottom: 4px; padding-top: 4px;\"  >   \n\t\t<a href=\"https:\/\/www.preguntasfrecuentes.una.ac.cr\/?epkb_post_type_1=cuales-universidades-tienen-como-requisito-el-examen-de-admision\"  class=\"epkb-mp-article \"\n\t\t            data-kb-article-id=\"5955\" >\n\t\t\t<span class=\"eckb-article-title\"  style=\"color: #000000;\"  >\n\t\t\t\t<span class=\"eckb-article-title__icon ep_font_icon_document\"  style=\"color: #dd3333;\"  aria-hidden=\"true\"><\/span>\n\t\t\t\t<span class=\"eckb-article-title__text\" >\u00bfCu\u00e1les universidades tienen como requisito el examen de admisi\u00f3n?<\/span>\n\t\t\t<\/span> \t\t<\/a>    \t\t\t\t<\/li> \t\t\t\t<li class=\"epkb-article-level-1 epkb-hide-elem\" data-kb-article-id=\"5951\"\n\t\t\t\t        data-kb-type=\"article\"  style=\"padding-bottom: 4px; padding-top: 4px;\"  >   \n\t\t<a href=\"https:\/\/www.preguntasfrecuentes.una.ac.cr\/?epkb_post_type_1=cuando-puedo-solicitar-el-apoyo-adecuacion-para-los-examenes-de-admision\"  class=\"epkb-mp-article \"\n\t\t            data-kb-article-id=\"5951\" >\n\t\t\t<span class=\"eckb-article-title\"  style=\"color: #000000;\"  >\n\t\t\t\t<span class=\"eckb-article-title__icon ep_font_icon_document\"  style=\"color: #dd3333;\"  aria-hidden=\"true\"><\/span>\n\t\t\t\t<span class=\"eckb-article-title__text\" >\u00bfCu\u00e1ndo puedo solicitar el apoyo (adecuaci\u00f3n) para los ex\u00e1menes de admisi\u00f3n?<\/span>\n\t\t\t<\/span> \t\t<\/a>    \t\t\t\t<\/li> \t\t\t\t<li class=\"epkb-article-level-1 epkb-hide-elem\" data-kb-article-id=\"5949\"\n\t\t\t\t        data-kb-type=\"article\"  style=\"padding-bottom: 4px; padding-top: 4px;\"  >   \n\t\t<a href=\"https:\/\/www.preguntasfrecuentes.una.ac.cr\/?epkb_post_type_1=se-puede-solicitar-apoyo-adecuaciones-para-los-examenes-de-admision-de-las-universidades-estatales\"  class=\"epkb-mp-article \"\n\t\t            data-kb-article-id=\"5949\" >\n\t\t\t<span class=\"eckb-article-title\"  style=\"color: #000000;\"  >\n\t\t\t\t<span class=\"eckb-article-title__icon ep_font_icon_document\"  style=\"color: #dd3333;\"  aria-hidden=\"true\"><\/span>\n\t\t\t\t<span class=\"eckb-article-title__text\" >\u00bfSe puede solicitar apoyo (adecuaciones) para los ex\u00e1menes de admisi\u00f3n de las universidades estatales?<\/span>\n\t\t\t<\/span> \t\t<\/a>    \t\t\t\t<\/li> \t\t\t\t<li class=\"epkb-article-level-1 epkb-hide-elem\" data-kb-article-id=\"5947\"\n\t\t\t\t        data-kb-type=\"article\"  style=\"padding-bottom: 4px; padding-top: 4px;\"  >   \n\t\t<a href=\"https:\/\/www.preguntasfrecuentes.una.ac.cr\/?epkb_post_type_1=en-donde-puedo-consultar-los-cortes-de-carrera\"  class=\"epkb-mp-article \"\n\t\t            data-kb-article-id=\"5947\" >\n\t\t\t<span class=\"eckb-article-title\"  style=\"color: #000000;\"  >\n\t\t\t\t<span class=\"eckb-article-title__icon ep_font_icon_document\"  style=\"color: #dd3333;\"  aria-hidden=\"true\"><\/span>\n\t\t\t\t<span class=\"eckb-article-title__text\" >\u00bfEn d\u00f3nde puedo consultar los cortes de carrera?<\/span>\n\t\t\t<\/span> \t\t<\/a>    \t\t\t\t<\/li> \t\t\t\t<li class=\"epkb-article-level-1 epkb-hide-elem\" data-kb-article-id=\"5940\"\n\t\t\t\t        data-kb-type=\"article\"  style=\"padding-bottom: 4px; padding-top: 4px;\"  >   \n\t\t<a href=\"https:\/\/www.preguntasfrecuentes.una.ac.cr\/?epkb_post_type_1=puedo-cambiar-la-opcion-de-carrera-que-anote-inicialmente-en-el-momento-de-la-inscripcion\"  class=\"epkb-mp-article \"\n\t\t            data-kb-article-id=\"5940\" >\n\t\t\t<span class=\"eckb-article-title\"  style=\"color: #000000;\"  >\n\t\t\t\t<span class=\"eckb-article-title__icon ep_font_icon_document\"  style=\"color: #dd3333;\"  aria-hidden=\"true\"><\/span>\n\t\t\t\t<span class=\"eckb-article-title__text\" >\u00bfPuedo cambiar la opci\u00f3n de carrera que anote inicialmente en el momento de la inscripci\u00f3n?<\/span>\n\t\t\t<\/span> \t\t<\/a>    \t\t\t\t<\/li> \t\t\t\t<li class=\"epkb-article-level-1 epkb-hide-elem\" data-kb-article-id=\"5938\"\n\t\t\t\t        data-kb-type=\"article\"  style=\"padding-bottom: 4px; padding-top: 4px;\"  >   \n\t\t<a href=\"https:\/\/www.preguntasfrecuentes.una.ac.cr\/?epkb_post_type_1=que-pasa-si-no-puedo-definitivamente-entregar-nota-de-educacion-diversificada\"  class=\"epkb-mp-article \"\n\t\t            data-kb-article-id=\"5938\" >\n\t\t\t<span class=\"eckb-article-title\"  style=\"color: #000000;\"  >\n\t\t\t\t<span class=\"eckb-article-title__icon ep_font_icon_document\"  style=\"color: #dd3333;\"  aria-hidden=\"true\"><\/span>\n\t\t\t\t<span class=\"eckb-article-title__text\" >\u00bfQu\u00e9 pasa si no puedo definitivamente entregar nota de educaci\u00f3n diversificada?<\/span>\n\t\t\t<\/span> \t\t<\/a>    \t\t\t\t<\/li> \t\t\t\t<li class=\"epkb-article-level-1 epkb-hide-elem\" data-kb-article-id=\"5936\"\n\t\t\t\t        data-kb-type=\"article\"  style=\"padding-bottom: 4px; padding-top: 4px;\"  >   \n\t\t<a href=\"https:\/\/www.preguntasfrecuentes.una.ac.cr\/?epkb_post_type_1=existe-un-periodo-de-apelacion-para-la-nota-de-educacion-diversificada\"  class=\"epkb-mp-article \"\n\t\t            data-kb-article-id=\"5936\" >\n\t\t\t<span class=\"eckb-article-title\"  style=\"color: #000000;\"  >\n\t\t\t\t<span class=\"eckb-article-title__icon ep_font_icon_document\"  style=\"color: #dd3333;\"  aria-hidden=\"true\"><\/span>\n\t\t\t\t<span class=\"eckb-article-title__text\" >\u00bfExiste un periodo de apelaci\u00f3n para la nota de educaci\u00f3n diversificada?<\/span>\n\t\t\t<\/span> \t\t<\/a>    \t\t\t\t<\/li> \t\t\t\t<li class=\"epkb-article-level-1 epkb-hide-elem\" data-kb-article-id=\"5934\"\n\t\t\t\t        data-kb-type=\"article\"  style=\"padding-bottom: 4px; padding-top: 4px;\"  >   \n\t\t<a href=\"https:\/\/www.preguntasfrecuentes.una.ac.cr\/?epkb_post_type_1=como-y-cuando-puedo-entregar-la-nota-de-educacion-diversificada\"  class=\"epkb-mp-article \"\n\t\t            data-kb-article-id=\"5934\" >\n\t\t\t<span class=\"eckb-article-title\"  style=\"color: #000000;\"  >\n\t\t\t\t<span class=\"eckb-article-title__icon ep_font_icon_document\"  style=\"color: #dd3333;\"  aria-hidden=\"true\"><\/span>\n\t\t\t\t<span class=\"eckb-article-title__text\" >\u00bfC\u00f3mo y cu\u00e1ndo puedo entregar la nota de educaci\u00f3n diversificada?<\/span>\n\t\t\t<\/span> \t\t<\/a>    \t\t\t\t<\/li> \t\t\t\t<li class=\"epkb-article-level-1 epkb-hide-elem\" data-kb-article-id=\"5930\"\n\t\t\t\t        data-kb-type=\"article\"  style=\"padding-bottom: 4px; padding-top: 4px;\"  >   \n\t\t<a href=\"https:\/\/www.preguntasfrecuentes.una.ac.cr\/?epkb_post_type_1=cuando-conozco-mi-cita-para-realizar-el-examen-de-admision\"  class=\"epkb-mp-article \"\n\t\t            data-kb-article-id=\"5930\" >\n\t\t\t<span class=\"eckb-article-title\"  style=\"color: #000000;\"  >\n\t\t\t\t<span class=\"eckb-article-title__icon ep_font_icon_document\"  style=\"color: #dd3333;\"  aria-hidden=\"true\"><\/span>\n\t\t\t\t<span class=\"eckb-article-title__text\" >\u00bfCu\u00e1ndo conozco mi cita para realizar el examen de admisi\u00f3n?<\/span>\n\t\t\t<\/span> \t\t<\/a>    \t\t\t\t<\/li> \t\t\t\t<li class=\"epkb-article-level-1 epkb-hide-elem\" data-kb-article-id=\"5543\"\n\t\t\t\t        data-kb-type=\"article\"  style=\"padding-bottom: 4px; padding-top: 4px;\"  >   \n\t\t<a href=\"https:\/\/www.preguntasfrecuentes.una.ac.cr\/?epkb_post_type_1=cuales-son-los-numeros-de-contacto-para-la-admision-de-la-una\"  class=\"epkb-mp-article \"\n\t\t            data-kb-article-id=\"5543\" >\n\t\t\t<span class=\"eckb-article-title\"  style=\"color: #000000;\"  >\n\t\t\t\t<span class=\"eckb-article-title__icon ep_font_icon_document\"  style=\"color: #dd3333;\"  aria-hidden=\"true\"><\/span>\n\t\t\t\t<span class=\"eckb-article-title__text\" >\u00bfCu\u00e1les son los n\u00fameros de contacto para la admisi\u00f3n de la UNA?<\/span>\n\t\t\t<\/span> \t\t<\/a>    \t\t\t\t<\/li> \t\t\t\t<li class=\"epkb-article-level-1 epkb-hide-elem\" data-kb-article-id=\"5542\"\n\t\t\t\t        data-kb-type=\"article\"  style=\"padding-bottom: 4px; padding-top: 4px;\"  >   \n\t\t<a href=\"https:\/\/www.preguntasfrecuentes.una.ac.cr\/?epkb_post_type_1=como-ingresar-a-la-una\"  class=\"epkb-mp-article \"\n\t\t            data-kb-article-id=\"5542\" >\n\t\t\t<span class=\"eckb-article-title\"  style=\"color: #000000;\"  >\n\t\t\t\t<span class=\"eckb-article-title__icon ep_font_icon_document\"  style=\"color: #dd3333;\"  aria-hidden=\"true\"><\/span>\n\t\t\t\t<span class=\"eckb-article-title__text\" >\u00bfC\u00f3mo ingresar a la UNA?<\/span>\n\t\t\t<\/span> \t\t<\/a>    \t\t\t\t<\/li> \t\t\t\t<li class=\"epkb-article-level-1 epkb-hide-elem\" data-kb-article-id=\"5540\"\n\t\t\t\t        data-kb-type=\"article\"  style=\"padding-bottom: 4px; padding-top: 4px;\"  >   \n\t\t<a href=\"https:\/\/www.preguntasfrecuentes.una.ac.cr\/?epkb_post_type_1=cuando-me-llaman-a-la-entrevista-si-solicite-adecuacion-del-examen-de-admision\"  class=\"epkb-mp-article \"\n\t\t            data-kb-article-id=\"5540\" >\n\t\t\t<span class=\"eckb-article-title\"  style=\"color: #000000;\"  >\n\t\t\t\t<span class=\"eckb-article-title__icon ep_font_icon_document\"  style=\"color: #dd3333;\"  aria-hidden=\"true\"><\/span>\n\t\t\t\t<span class=\"eckb-article-title__text\" >\u00bfCu\u00e1ndo me llaman a la entrevista si solicit\u00e9 adecuaci\u00f3n del Examen de Admisi\u00f3n?<\/span>\n\t\t\t<\/span> \t\t<\/a>    \t\t\t\t<\/li> \t\t\t\t<li class=\"epkb-article-level-1 epkb-hide-elem\" data-kb-article-id=\"5541\"\n\t\t\t\t        data-kb-type=\"article\"  style=\"padding-bottom: 4px; padding-top: 4px;\"  >   \n\t\t<a href=\"https:\/\/www.preguntasfrecuentes.una.ac.cr\/?epkb_post_type_1=se-aplica-el-mismo-examen-de-admision-para-todas-las-universidades-publicas\"  class=\"epkb-mp-article \"\n\t\t            data-kb-article-id=\"5541\" >\n\t\t\t<span class=\"eckb-article-title\"  style=\"color: #000000;\"  >\n\t\t\t\t<span class=\"eckb-article-title__icon ep_font_icon_document\"  style=\"color: #dd3333;\"  aria-hidden=\"true\"><\/span>\n\t\t\t\t<span class=\"eckb-article-title__text\" >\u00bfSe aplica el mismo examen de admisi\u00f3n para todas las universidades p\u00fablicas?<\/span>\n\t\t\t<\/span> \t\t<\/a>    \t\t\t\t<\/li> \t\t\t\t<li class=\"epkb-article-level-1 epkb-hide-elem\" data-kb-article-id=\"5538\"\n\t\t\t\t        data-kb-type=\"article\"  style=\"padding-bottom: 4px; padding-top: 4px;\"  >   \n\t\t<a href=\"https:\/\/www.preguntasfrecuentes.una.ac.cr\/?epkb_post_type_1=que-tipo-de-adecuaciones-brindan-las-universidades-estatales-para-el-examen-de-admision\"  class=\"epkb-mp-article \"\n\t\t            data-kb-article-id=\"5538\" >\n\t\t\t<span class=\"eckb-article-title\"  style=\"color: #000000;\"  >\n\t\t\t\t<span class=\"eckb-article-title__icon ep_font_icon_document\"  style=\"color: #dd3333;\"  aria-hidden=\"true\"><\/span>\n\t\t\t\t<span class=\"eckb-article-title__text\" >\u00bfQu\u00e9 tipo de adecuaciones brindan las universidades estatales para el examen de admisi\u00f3n?<\/span>\n\t\t\t<\/span> \t\t<\/a>    \t\t\t\t<\/li> \t\t\t\t<li class=\"epkb-article-level-1 epkb-hide-elem\" data-kb-article-id=\"5539\"\n\t\t\t\t        data-kb-type=\"article\"  style=\"padding-bottom: 4px; padding-top: 4px;\"  >   \n\t\t<a href=\"https:\/\/www.preguntasfrecuentes.una.ac.cr\/?epkb_post_type_1=que-pasa-si-no-presente-documentos-a-tiempo-para-adecuacion-del-examen-de-admision\"  class=\"epkb-mp-article \"\n\t\t            data-kb-article-id=\"5539\" >\n\t\t\t<span class=\"eckb-article-title\"  style=\"color: #000000;\"  >\n\t\t\t\t<span class=\"eckb-article-title__icon ep_font_icon_document\"  style=\"color: #dd3333;\"  aria-hidden=\"true\"><\/span>\n\t\t\t\t<span class=\"eckb-article-title__text\" >\u00bfQu\u00e9 pasa si no present\u00e9 documentos a tiempo para adecuaci\u00f3n del Examen de Admisi\u00f3n?<\/span>\n\t\t\t<\/span> \t\t<\/a>    \t\t\t\t<\/li> \t\t\t\t<li class=\"epkb-article-level-1 epkb-hide-elem\" data-kb-article-id=\"5536\"\n\t\t\t\t        data-kb-type=\"article\"  style=\"padding-bottom: 4px; padding-top: 4px;\"  >   \n\t\t<a href=\"https:\/\/www.preguntasfrecuentes.una.ac.cr\/?epkb_post_type_1=como-solicito-adecuaciones-para-la-aplicacion-de-mi-examen-de-admision\"  class=\"epkb-mp-article \"\n\t\t            data-kb-article-id=\"5536\" >\n\t\t\t<span class=\"eckb-article-title\"  style=\"color: #000000;\"  >\n\t\t\t\t<span class=\"eckb-article-title__icon ep_font_icon_document\"  style=\"color: #dd3333;\"  aria-hidden=\"true\"><\/span>\n\t\t\t\t<span class=\"eckb-article-title__text\" >\u00bfC\u00f3mo solicito adecuaciones para la aplicaci\u00f3n de mi examen de admisi\u00f3n?<\/span>\n\t\t\t<\/span> \t\t<\/a>    \t\t\t\t<\/li> \t\t\t\t<li class=\"epkb-article-level-1 epkb-hide-elem\" data-kb-article-id=\"5537\"\n\t\t\t\t        data-kb-type=\"article\"  style=\"padding-bottom: 4px; padding-top: 4px;\"  >   \n\t\t<a href=\"https:\/\/www.preguntasfrecuentes.una.ac.cr\/?epkb_post_type_1=que-debe-hacerse-si-el-estudiante-no-esta-satisfecho-con-las-adecuaciones-que-se-le-aprobaron\"  class=\"epkb-mp-article \"\n\t\t            data-kb-article-id=\"5537\" >\n\t\t\t<span class=\"eckb-article-title\"  style=\"color: #000000;\"  >\n\t\t\t\t<span class=\"eckb-article-title__icon ep_font_icon_document\"  style=\"color: #dd3333;\"  aria-hidden=\"true\"><\/span>\n\t\t\t\t<span class=\"eckb-article-title__text\" >\u00bfQu\u00e9 debe hacerse si el estudiante no est\u00e1 satisfecho con las adecuaciones que se le aprobaron?<\/span>\n\t\t\t<\/span> \t\t<\/a>    \t\t\t\t<\/li> \t\t\t\t<li class=\"epkb-article-level-1 epkb-hide-elem\" data-kb-article-id=\"5535\"\n\t\t\t\t        data-kb-type=\"article\"  style=\"padding-bottom: 4px; padding-top: 4px;\"  >   \n\t\t<a href=\"https:\/\/www.preguntasfrecuentes.una.ac.cr\/?epkb_post_type_1=a-que-se-refieren-con-exoneracion-dentro-del-proceso-de-inscripcion\"  class=\"epkb-mp-article \"\n\t\t            data-kb-article-id=\"5535\" >\n\t\t\t<span class=\"eckb-article-title\"  style=\"color: #000000;\"  >\n\t\t\t\t<span class=\"eckb-article-title__icon ep_font_icon_document\"  style=\"color: #dd3333;\"  aria-hidden=\"true\"><\/span>\n\t\t\t\t<span class=\"eckb-article-title__text\" >\u00bfA qu\u00e9 se refieren con exoneraci\u00f3n dentro del Proceso de Inscripci\u00f3n?<\/span>\n\t\t\t<\/span> \t\t<\/a>    \t\t\t\t<\/li> \t\t\t\t<li class=\"epkb-article-level-1 epkb-hide-elem\" data-kb-article-id=\"5533\"\n\t\t\t\t        data-kb-type=\"article\"  style=\"padding-bottom: 4px; padding-top: 4px;\"  >   \n\t\t<a href=\"https:\/\/www.preguntasfrecuentes.una.ac.cr\/?epkb_post_type_1=en-que-momento-quede-admitido-en-la-una\"  class=\"epkb-mp-article \"\n\t\t            data-kb-article-id=\"5533\" >\n\t\t\t<span class=\"eckb-article-title\"  style=\"color: #000000;\"  >\n\t\t\t\t<span class=\"eckb-article-title__icon ep_font_icon_document\"  style=\"color: #dd3333;\"  aria-hidden=\"true\"><\/span>\n\t\t\t\t<span class=\"eckb-article-title__text\" >\u00bfEn qu\u00e9 momento qued\u00e9 admitido en la UNA?<\/span>\n\t\t\t<\/span> \t\t<\/a>    \t\t\t\t<\/li> \t\t\t\t<li class=\"epkb-article-level-1 epkb-hide-elem\" data-kb-article-id=\"5534\"\n\t\t\t\t        data-kb-type=\"article\"  style=\"padding-bottom: 4px; padding-top: 4px;\"  >   \n\t\t<a href=\"https:\/\/www.preguntasfrecuentes.una.ac.cr\/?epkb_post_type_1=donde-obtengo-la-cita-para-hacer-mi-examen-de-admision\"  class=\"epkb-mp-article \"\n\t\t            data-kb-article-id=\"5534\" >\n\t\t\t<span class=\"eckb-article-title\"  style=\"color: #000000;\"  >\n\t\t\t\t<span class=\"eckb-article-title__icon ep_font_icon_document\"  style=\"color: #dd3333;\"  aria-hidden=\"true\"><\/span>\n\t\t\t\t<span class=\"eckb-article-title__text\" >\u00bfD\u00f3nde obtengo la cita para hacer mi examen de admisi\u00f3n?<\/span>\n\t\t\t<\/span> \t\t<\/a>    \t\t\t\t<\/li> \t\t\t\t<li class=\"epkb-article-level-1 epkb-hide-elem\" data-kb-article-id=\"5530\"\n\t\t\t\t        data-kb-type=\"article\"  style=\"padding-bottom: 4px; padding-top: 4px;\"  >   \n\t\t<a href=\"https:\/\/www.preguntasfrecuentes.una.ac.cr\/?epkb_post_type_1=como-me-inscribo-para-hacer-el-examen-de-admision-a-la-una\"  class=\"epkb-mp-article \"\n\t\t            data-kb-article-id=\"5530\" >\n\t\t\t<span class=\"eckb-article-title\"  style=\"color: #000000;\"  >\n\t\t\t\t<span class=\"eckb-article-title__icon ep_font_icon_document\"  style=\"color: #dd3333;\"  aria-hidden=\"true\"><\/span>\n\t\t\t\t<span class=\"eckb-article-title__text\" >\u00bfC\u00f3mo me inscribo para hacer el examen de admisi\u00f3n a la UNA?<\/span>\n\t\t\t<\/span> \t\t<\/a>    \t\t\t\t<\/li> \t\t\t\t<li class=\"epkb-article-level-1 epkb-hide-elem\" data-kb-article-id=\"5532\"\n\t\t\t\t        data-kb-type=\"article\"  style=\"padding-bottom: 4px; padding-top: 4px;\"  >   \n\t\t<a href=\"https:\/\/www.preguntasfrecuentes.una.ac.cr\/?epkb_post_type_1=que-sigue-luego-de-haberme-inscrito-para-realizar-el-examen-de-admision-a-la-una\"  class=\"epkb-mp-article \"\n\t\t            data-kb-article-id=\"5532\" >\n\t\t\t<span class=\"eckb-article-title\"  style=\"color: #000000;\"  >\n\t\t\t\t<span class=\"eckb-article-title__icon ep_font_icon_document\"  style=\"color: #dd3333;\"  aria-hidden=\"true\"><\/span>\n\t\t\t\t<span class=\"eckb-article-title__text\" >\u00bfQu\u00e9 sigue luego de haberme inscrito para realizar el examen de admisi\u00f3n a la UNA?<\/span>\n\t\t\t<\/span> \t\t<\/a>    \t\t\t\t<\/li> \t\t\t\t<li class=\"epkb-article-level-1 epkb-hide-elem\" data-kb-article-id=\"5529\"\n\t\t\t\t        data-kb-type=\"article\"  style=\"padding-bottom: 4px; padding-top: 4px;\"  >   \n\t\t<a href=\"https:\/\/www.preguntasfrecuentes.una.ac.cr\/?epkb_post_type_1=como-se-si-soy-un-postulante-para-ingresar-a-la-una-en-el-proximo-ciclo-lectivo\"  class=\"epkb-mp-article \"\n\t\t            data-kb-article-id=\"5529\" >\n\t\t\t<span class=\"eckb-article-title\"  style=\"color: #000000;\"  >\n\t\t\t\t<span class=\"eckb-article-title__icon ep_font_icon_document\"  style=\"color: #dd3333;\"  aria-hidden=\"true\"><\/span>\n\t\t\t\t<span class=\"eckb-article-title__text\" >\u00bfC\u00f3mo se si soy un postulante para ingresar a la UNA, en el pr\u00f3ximo ciclo lectivo?<\/span>\n\t\t\t<\/span> \t\t<\/a>    \t\t\t\t<\/li> \t\t\t\t<li class=\"epkb-article-level-1 epkb-hide-elem\" data-kb-article-id=\"5527\"\n\t\t\t\t        data-kb-type=\"article\"  style=\"padding-bottom: 4px; padding-top: 4px;\"  >   \n\t\t<a href=\"https:\/\/www.preguntasfrecuentes.una.ac.cr\/?epkb_post_type_1=existe-algun-limite-de-edad-para-ingresar-a-la-una\"  class=\"epkb-mp-article \"\n\t\t            data-kb-article-id=\"5527\" >\n\t\t\t<span class=\"eckb-article-title\"  style=\"color: #000000;\"  >\n\t\t\t\t<span class=\"eckb-article-title__icon ep_font_icon_document\"  style=\"color: #dd3333;\"  aria-hidden=\"true\"><\/span>\n\t\t\t\t<span class=\"eckb-article-title__text\" >\u00bfExiste alg\u00fan l\u00edmite de edad para ingresar a la UNA?<\/span>\n\t\t\t<\/span> \t\t<\/a>    \t\t\t\t<\/li> \t\t\t\t<li class=\"epkb-article-level-1 epkb-hide-elem\" data-kb-article-id=\"5528\"\n\t\t\t\t        data-kb-type=\"article\"  style=\"padding-bottom: 4px; padding-top: 4px;\"  >   \n\t\t<a href=\"https:\/\/www.preguntasfrecuentes.una.ac.cr\/?epkb_post_type_1=en-caso-de-que-la-nota-de-admision-no-me-dio-para-la-carrera-que-quiero-puedo-ingresar-a-otra-y-con-el-tiempo-pasarme-de-plan-de-estudios\"  class=\"epkb-mp-article \"\n\t\t            data-kb-article-id=\"5528\" >\n\t\t\t<span class=\"eckb-article-title\"  style=\"color: #000000;\"  >\n\t\t\t\t<span class=\"eckb-article-title__icon ep_font_icon_document\"  style=\"color: #dd3333;\"  aria-hidden=\"true\"><\/span>\n\t\t\t\t<span class=\"eckb-article-title__text\" >\u00bfEn caso de que la nota de admisi\u00f3n no me dio para la carrera que quiero, puedo ingresar a otra y con el tiempo pasarme de plan de estudios?<\/span>\n\t\t\t<\/span> \t\t<\/a>    \t\t\t\t<\/li> \t\t\t\t<li class=\"epkb-article-level-1 epkb-hide-elem\" data-kb-article-id=\"5526\"\n\t\t\t\t        data-kb-type=\"article\"  style=\"padding-bottom: 4px; padding-top: 4px;\"  >   \n\t\t<a href=\"https:\/\/www.preguntasfrecuentes.una.ac.cr\/?epkb_post_type_1=si-hice-el-examen-de-admision-hace-un-ano-pero-no-entre-a-la-una-y-ahora-quiero-optar-por-una-carrera-cual-seria-el-tramite-ya-que-no-repeti-dicho-examen\"  class=\"epkb-mp-article \"\n\t\t            data-kb-article-id=\"5526\" >\n\t\t\t<span class=\"eckb-article-title\"  style=\"color: #000000;\"  >\n\t\t\t\t<span class=\"eckb-article-title__icon ep_font_icon_document\"  style=\"color: #dd3333;\"  aria-hidden=\"true\"><\/span>\n\t\t\t\t<span class=\"eckb-article-title__text\" >\u00bfSi hice el examen de admisi\u00f3n hace un a\u00f1o, pero no entr\u00e9 a la UNA y ahora quiero optar por una carrera, cu\u00e1l ser\u00eda el tr\u00e1mite ya que no repet\u00ed dicho examen?<\/span>\n\t\t\t<\/span> \t\t<\/a>    \t\t\t\t<\/li> \t\t\t\t<li class=\"epkb-article-level-1 epkb-hide-elem\" data-kb-article-id=\"5523\"\n\t\t\t\t        data-kb-type=\"article\"  style=\"padding-bottom: 4px; padding-top: 4px;\"  >   \n\t\t<a href=\"https:\/\/www.preguntasfrecuentes.una.ac.cr\/?epkb_post_type_1=como-se-calcula-la-nota-de-presentacion-para-poblacion-estudiantil-actual-o-egresada-de-instituciones-de-secundaria-del-exterior\"  class=\"epkb-mp-article \"\n\t\t            data-kb-article-id=\"5523\" >\n\t\t\t<span class=\"eckb-article-title\"  style=\"color: #000000;\"  >\n\t\t\t\t<span class=\"eckb-article-title__icon ep_font_icon_document\"  style=\"color: #dd3333;\"  aria-hidden=\"true\"><\/span>\n\t\t\t\t<span class=\"eckb-article-title__text\" >\u00bfC\u00f3mo se calcula la nota de presentaci\u00f3n para poblaci\u00f3n estudiantil actual o egresada de instituciones de secundaria del exterior?<\/span>\n\t\t\t<\/span> \t\t<\/a>    \t\t\t\t<\/li> \t\t\t\t<li class=\"epkb-article-level-1 epkb-hide-elem\" data-kb-article-id=\"5524\"\n\t\t\t\t        data-kb-type=\"article\"  style=\"padding-bottom: 4px; padding-top: 4px;\"  >   \n\t\t<a href=\"https:\/\/www.preguntasfrecuentes.una.ac.cr\/?epkb_post_type_1=donde-puedo-ver-si-ingrese-a-primera-opcion-de-carrera\"  class=\"epkb-mp-article \"\n\t\t            data-kb-article-id=\"5524\" >\n\t\t\t<span class=\"eckb-article-title\"  style=\"color: #000000;\"  >\n\t\t\t\t<span class=\"eckb-article-title__icon ep_font_icon_document\"  style=\"color: #dd3333;\"  aria-hidden=\"true\"><\/span>\n\t\t\t\t<span class=\"eckb-article-title__text\" >\u00bfD\u00f3nde puedo ver si ingres\u00e9 a primera opci\u00f3n de carrera?<\/span>\n\t\t\t<\/span> \t\t<\/a>    \t\t\t\t<\/li> \t\t\t\t<li class=\"epkb-article-level-1 epkb-hide-elem\" data-kb-article-id=\"5525\"\n\t\t\t\t        data-kb-type=\"article\"  style=\"padding-bottom: 4px; padding-top: 4px;\"  >   \n\t\t<a href=\"https:\/\/www.preguntasfrecuentes.una.ac.cr\/?epkb_post_type_1=cuando-informan-los-nombres-de-los-estudiantes-en-condicion-de-elegibles\"  class=\"epkb-mp-article \"\n\t\t            data-kb-article-id=\"5525\" >\n\t\t\t<span class=\"eckb-article-title\"  style=\"color: #000000;\"  >\n\t\t\t\t<span class=\"eckb-article-title__icon ep_font_icon_document\"  style=\"color: #dd3333;\"  aria-hidden=\"true\"><\/span>\n\t\t\t\t<span class=\"eckb-article-title__text\" >\u00bfCu\u00e1ndo informan los nombres de los estudiantes en condici\u00f3n de \u201celegibles\u201d?<\/span>\n\t\t\t<\/span> \t\t<\/a>    \t\t\t\t<\/li> \t\t\t\t<li class=\"epkb-article-level-1 epkb-hide-elem\" data-kb-article-id=\"5521\"\n\t\t\t\t        data-kb-type=\"article\"  style=\"padding-bottom: 4px; padding-top: 4px;\"  >   \n\t\t<a href=\"https:\/\/www.preguntasfrecuentes.una.ac.cr\/?epkb_post_type_1=como-se-calcula-el-promedio-de-presentacion-para-el-caso-de-la-poblacion-estudiantil-matriculada-en-el-ultimo-ano-o-egresada-de-la-educacion-diversificada\"  class=\"epkb-mp-article \"\n\t\t            data-kb-article-id=\"5521\" >\n\t\t\t<span class=\"eckb-article-title\"  style=\"color: #000000;\"  >\n\t\t\t\t<span class=\"eckb-article-title__icon ep_font_icon_document\"  style=\"color: #dd3333;\"  aria-hidden=\"true\"><\/span>\n\t\t\t\t<span class=\"eckb-article-title__text\" >\u00bfC\u00f3mo se calcula el promedio de presentaci\u00f3n para el caso de la poblaci\u00f3n estudiantil matriculada en el \u00faltimo a\u00f1o o egresada de la Educaci\u00f3n Diversificada?<\/span>\n\t\t\t<\/span> \t\t<\/a>    \t\t\t\t<\/li> \t\t\t\t<li class=\"epkb-article-level-1 epkb-hide-elem\" data-kb-article-id=\"5522\"\n\t\t\t\t        data-kb-type=\"article\"  style=\"padding-bottom: 4px; padding-top: 4px;\"  >   \n\t\t<a href=\"https:\/\/www.preguntasfrecuentes.una.ac.cr\/?epkb_post_type_1=como-se-calcula-la-nota-de-presentacion-para-poblacion-estudiantil-actual-o-egresada-en-las-modalidades-de-educacion-abierta\"  class=\"epkb-mp-article \"\n\t\t            data-kb-article-id=\"5522\" >\n\t\t\t<span class=\"eckb-article-title\"  style=\"color: #000000;\"  >\n\t\t\t\t<span class=\"eckb-article-title__icon ep_font_icon_document\"  style=\"color: #dd3333;\"  aria-hidden=\"true\"><\/span>\n\t\t\t\t<span class=\"eckb-article-title__text\" >\u00bfC\u00f3mo se calcula la nota de presentaci\u00f3n para poblaci\u00f3n estudiantil actual o egresada en las modalidades de Educaci\u00f3n Abierta?<\/span>\n\t\t\t<\/span> \t\t<\/a>    \t\t\t\t<\/li> \t\t\t\t<li class=\"epkb-article-level-1 epkb-hide-elem\" data-kb-article-id=\"5518\"\n\t\t\t\t        data-kb-type=\"article\"  style=\"padding-bottom: 4px; padding-top: 4px;\"  >   \n\t\t<a href=\"https:\/\/www.preguntasfrecuentes.una.ac.cr\/?epkb_post_type_1=que-es-el-promedio-de-admision\"  class=\"epkb-mp-article \"\n\t\t            data-kb-article-id=\"5518\" >\n\t\t\t<span class=\"eckb-article-title\"  style=\"color: #000000;\"  >\n\t\t\t\t<span class=\"eckb-article-title__icon ep_font_icon_document\"  style=\"color: #dd3333;\"  aria-hidden=\"true\"><\/span>\n\t\t\t\t<span class=\"eckb-article-title__text\" >\u00bfQu\u00e9 es el promedio de Admisi\u00f3n?<\/span>\n\t\t\t<\/span> \t\t<\/a>    \t\t\t\t<\/li> \t\t\t\t<li class=\"epkb-article-level-1 epkb-hide-elem\" data-kb-article-id=\"5519\"\n\t\t\t\t        data-kb-type=\"article\"  style=\"padding-bottom: 4px; padding-top: 4px;\"  >   \n\t\t<a href=\"https:\/\/www.preguntasfrecuentes.una.ac.cr\/?epkb_post_type_1=si-gane-el-examen-de-admision-de-la-ucr-me-sirve-para-entrar-a-la-una\"  class=\"epkb-mp-article \"\n\t\t            data-kb-article-id=\"5519\" >\n\t\t\t<span class=\"eckb-article-title\"  style=\"color: #000000;\"  >\n\t\t\t\t<span class=\"eckb-article-title__icon ep_font_icon_document\"  style=\"color: #dd3333;\"  aria-hidden=\"true\"><\/span>\n\t\t\t\t<span class=\"eckb-article-title__text\" >\u00bfSi gan\u00e9 el examen de admisi\u00f3n de la UCR, me sirve para entrar a la UNA?<\/span>\n\t\t\t<\/span> \t\t<\/a>    \t\t\t\t<\/li> \t\t\t\t<li class=\"epkb-article-level-1 epkb-hide-elem\" data-kb-article-id=\"5520\"\n\t\t\t\t        data-kb-type=\"article\"  style=\"padding-bottom: 4px; padding-top: 4px;\"  >   \n\t\t<a href=\"https:\/\/www.preguntasfrecuentes.una.ac.cr\/?epkb_post_type_1=en-que-consiste-el-promedio-de-presentacion-para-ser-admitido-en-la-una\"  class=\"epkb-mp-article \"\n\t\t            data-kb-article-id=\"5520\" >\n\t\t\t<span class=\"eckb-article-title\"  style=\"color: #000000;\"  >\n\t\t\t\t<span class=\"eckb-article-title__icon ep_font_icon_document\"  style=\"color: #dd3333;\"  aria-hidden=\"true\"><\/span>\n\t\t\t\t<span class=\"eckb-article-title__text\" >\u00bfEn qu\u00e9 consiste el promedio de presentaci\u00f3n para ser admitido en la UNA?<\/span>\n\t\t\t<\/span> \t\t<\/a>    \t\t\t\t<\/li> \t\t\t\t<li class=\"epkb-article-level-1 epkb-hide-elem\" data-kb-article-id=\"5515\"\n\t\t\t\t        data-kb-type=\"article\"  style=\"padding-bottom: 4px; padding-top: 4px;\"  >   \n\t\t<a href=\"https:\/\/www.preguntasfrecuentes.una.ac.cr\/?epkb_post_type_1=como-y-cuando-puedo-entregar-el-promedio-de-presentacion-para-ser-admitido-en-la-una\"  class=\"epkb-mp-article \"\n\t\t            data-kb-article-id=\"5515\" >\n\t\t\t<span class=\"eckb-article-title\"  style=\"color: #000000;\"  >\n\t\t\t\t<span class=\"eckb-article-title__icon ep_font_icon_document\"  style=\"color: #dd3333;\"  aria-hidden=\"true\"><\/span>\n\t\t\t\t<span class=\"eckb-article-title__text\" >\u00bfC\u00f3mo y cu\u00e1ndo puedo entregar el promedio de presentaci\u00f3n para ser admitido en la UNA?<\/span>\n\t\t\t<\/span> \t\t<\/a>    \t\t\t\t<\/li> \t\t\t\t<li class=\"epkb-article-level-1 epkb-hide-elem\" data-kb-article-id=\"5516\"\n\t\t\t\t        data-kb-type=\"article\"  style=\"padding-bottom: 4px; padding-top: 4px;\"  >   \n\t\t<a href=\"https:\/\/www.preguntasfrecuentes.una.ac.cr\/?epkb_post_type_1=existe-un-periodo-de-apelacion-del-promedio-de-admision\"  class=\"epkb-mp-article \"\n\t\t            data-kb-article-id=\"5516\" >\n\t\t\t<span class=\"eckb-article-title\"  style=\"color: #000000;\"  >\n\t\t\t\t<span class=\"eckb-article-title__icon ep_font_icon_document\"  style=\"color: #dd3333;\"  aria-hidden=\"true\"><\/span>\n\t\t\t\t<span class=\"eckb-article-title__text\" >\u00bfExiste un per\u00edodo de apelaci\u00f3n del promedio de admisi\u00f3n?<\/span>\n\t\t\t<\/span> \t\t<\/a>    \t\t\t\t<\/li> \t\t\t\t<li class=\"epkb-article-level-1 epkb-hide-elem\" data-kb-article-id=\"5517\"\n\t\t\t\t        data-kb-type=\"article\"  style=\"padding-bottom: 4px; padding-top: 4px;\"  >   \n\t\t<a href=\"https:\/\/www.preguntasfrecuentes.una.ac.cr\/?epkb_post_type_1=que-pasa-si-no-puedo-definitivamente-entregar-el-promedio-de-presentacion\"  class=\"epkb-mp-article \"\n\t\t            data-kb-article-id=\"5517\" >\n\t\t\t<span class=\"eckb-article-title\"  style=\"color: #000000;\"  >\n\t\t\t\t<span class=\"eckb-article-title__icon ep_font_icon_document\"  style=\"color: #dd3333;\"  aria-hidden=\"true\"><\/span>\n\t\t\t\t<span class=\"eckb-article-title__text\" >\u00bfQu\u00e9 pasa si no puedo, definitivamente, entregar el promedio de presentaci\u00f3n?<\/span>\n\t\t\t<\/span> \t\t<\/a>    \t\t\t\t<\/li> \t\t\t\t<li class=\"epkb-article-level-1 epkb-hide-elem\" data-kb-article-id=\"5512\"\n\t\t\t\t        data-kb-type=\"article\"  style=\"padding-bottom: 4px; padding-top: 4px;\"  >   \n\t\t<a href=\"https:\/\/www.preguntasfrecuentes.una.ac.cr\/?epkb_post_type_1=cuando-me-doy-cuenta-si-gane-el-examen-de-admision\"  class=\"epkb-mp-article \"\n\t\t            data-kb-article-id=\"5512\" >\n\t\t\t<span class=\"eckb-article-title\"  style=\"color: #000000;\"  >\n\t\t\t\t<span class=\"eckb-article-title__icon ep_font_icon_document\"  style=\"color: #dd3333;\"  aria-hidden=\"true\"><\/span>\n\t\t\t\t<span class=\"eckb-article-title__text\" >\u00bfCu\u00e1ndo me doy cuenta si gan\u00e9 el examen de admisi\u00f3n?<\/span>\n\t\t\t<\/span> \t\t<\/a>    \t\t\t\t<\/li> \t\t\t\t<li class=\"epkb-article-level-1 epkb-hide-elem\" data-kb-article-id=\"5513\"\n\t\t\t\t        data-kb-type=\"article\"  style=\"padding-bottom: 4px; padding-top: 4px;\"  >   \n\t\t<a href=\"https:\/\/www.preguntasfrecuentes.una.ac.cr\/?epkb_post_type_1=cuando-deben-presentar-documentacion-quienes-ganan-el-examen-de-admision\"  class=\"epkb-mp-article \"\n\t\t            data-kb-article-id=\"5513\" >\n\t\t\t<span class=\"eckb-article-title\"  style=\"color: #000000;\"  >\n\t\t\t\t<span class=\"eckb-article-title__icon ep_font_icon_document\"  style=\"color: #dd3333;\"  aria-hidden=\"true\"><\/span>\n\t\t\t\t<span class=\"eckb-article-title__text\" >\u00bfCu\u00e1ndo deben presentar documentaci\u00f3n, quienes ganan el examen de admisi\u00f3n?<\/span>\n\t\t\t<\/span> \t\t<\/a>    \t\t\t\t<\/li> \t\t\t\t<li class=\"epkb-article-level-1 epkb-hide-elem\" data-kb-article-id=\"5514\"\n\t\t\t\t        data-kb-type=\"article\"  style=\"padding-bottom: 4px; padding-top: 4px;\"  >   \n\t\t<a href=\"https:\/\/www.preguntasfrecuentes.una.ac.cr\/?epkb_post_type_1=cual-es-el-promedio-minimo-de-admision-para-ser-elegible\"  class=\"epkb-mp-article \"\n\t\t            data-kb-article-id=\"5514\" >\n\t\t\t<span class=\"eckb-article-title\"  style=\"color: #000000;\"  >\n\t\t\t\t<span class=\"eckb-article-title__icon ep_font_icon_document\"  style=\"color: #dd3333;\"  aria-hidden=\"true\"><\/span>\n\t\t\t\t<span class=\"eckb-article-title__text\" >\u00bfCu\u00e1l es el promedio m\u00ednimo de admisi\u00f3n para ser elegible?<\/span>\n\t\t\t<\/span> \t\t<\/a>    \t\t\t\t<\/li> \t\t\t\t<li class=\"epkb-article-level-1 epkb-hide-elem\" data-kb-article-id=\"5511\"\n\t\t\t\t        data-kb-type=\"article\"  style=\"padding-bottom: 4px; padding-top: 4px;\"  >   \n\t\t<a href=\"https:\/\/www.preguntasfrecuentes.una.ac.cr\/?epkb_post_type_1=que-tramites-debo-hacer-si-congele-hace-anos-el-resultado-de-la-prueba-de-admision-y-ahora-deseo-ingresar-a-la-una\"  class=\"epkb-mp-article \"\n\t\t            data-kb-article-id=\"5511\" >\n\t\t\t<span class=\"eckb-article-title\"  style=\"color: #000000;\"  >\n\t\t\t\t<span class=\"eckb-article-title__icon ep_font_icon_document\"  style=\"color: #dd3333;\"  aria-hidden=\"true\"><\/span>\n\t\t\t\t<span class=\"eckb-article-title__text\" >\u00bfQu\u00e9 tr\u00e1mites debo hacer si congel\u00e9 hace a\u00f1os el resultado de la prueba de admisi\u00f3n y ahora deseo ingresar a la UNA?<\/span>\n\t\t\t<\/span> \t\t<\/a>    \t\t\t\t<\/li> \t\t\t\t<li class=\"epkb-article-level-1 epkb-hide-elem\" data-kb-article-id=\"5509\"\n\t\t\t\t        data-kb-type=\"article\"  style=\"padding-bottom: 4px; padding-top: 4px;\"  >   \n\t\t<a href=\"https:\/\/www.preguntasfrecuentes.una.ac.cr\/?epkb_post_type_1=como-cambio-la-solicitud-de-carrera-que-elegi-durante-el-proceso-de-admision\"  class=\"epkb-mp-article \"\n\t\t            data-kb-article-id=\"5509\" >\n\t\t\t<span class=\"eckb-article-title\"  style=\"color: #000000;\"  >\n\t\t\t\t<span class=\"eckb-article-title__icon ep_font_icon_document\"  style=\"color: #dd3333;\"  aria-hidden=\"true\"><\/span>\n\t\t\t\t<span class=\"eckb-article-title__text\" >\u00bfC\u00f3mo cambio la solicitud de carrera que eleg\u00ed durante el proceso de admisi\u00f3n?<\/span>\n\t\t\t<\/span> \t\t<\/a>    \t\t\t\t<\/li> \t\t\t\t<li class=\"epkb-article-level-1 epkb-hide-elem\" data-kb-article-id=\"5507\"\n\t\t\t\t        data-kb-type=\"article\"  style=\"padding-bottom: 4px; padding-top: 4px;\"  >   \n\t\t<a href=\"https:\/\/www.preguntasfrecuentes.una.ac.cr\/?epkb_post_type_1=que-hago-si-aunque-gane-el-examen-de-admision-de-la-una-perdi-uno-de-los-examenes-de-bachillerato\"  class=\"epkb-mp-article \"\n\t\t            data-kb-article-id=\"5507\" >\n\t\t\t<span class=\"eckb-article-title\"  style=\"color: #000000;\"  >\n\t\t\t\t<span class=\"eckb-article-title__icon ep_font_icon_document\"  style=\"color: #dd3333;\"  aria-hidden=\"true\"><\/span>\n\t\t\t\t<span class=\"eckb-article-title__text\" >\u00bfQu\u00e9 hago si aunque gan\u00e9 el examen de admisi\u00f3n de la UNA, perd\u00ed uno de los ex\u00e1menes de bachillerato?<\/span>\n\t\t\t<\/span> \t\t<\/a>    \t\t\t\t<\/li> \t\t\t\t<li class=\"epkb-article-level-1 epkb-hide-elem\" data-kb-article-id=\"5508\"\n\t\t\t\t        data-kb-type=\"article\"  style=\"padding-bottom: 4px; padding-top: 4px;\"  >   \n\t\t<a href=\"https:\/\/www.preguntasfrecuentes.una.ac.cr\/?epkb_post_type_1=como-conozco-el-resultado-de-mi-examen-de-admision\"  class=\"epkb-mp-article \"\n\t\t            data-kb-article-id=\"5508\" >\n\t\t\t<span class=\"eckb-article-title\"  style=\"color: #000000;\"  >\n\t\t\t\t<span class=\"eckb-article-title__icon ep_font_icon_document\"  style=\"color: #dd3333;\"  aria-hidden=\"true\"><\/span>\n\t\t\t\t<span class=\"eckb-article-title__text\" >\u00bfC\u00f3mo consultar el resultado de tu examen de admisi\u00f3n?<\/span>\n\t\t\t<\/span> \t\t<\/a>    \t\t\t\t<\/li> \t\t\t\t<li class=\"epkb-article-level-1 epkb-hide-elem\" data-kb-article-id=\"5505\"\n\t\t\t\t        data-kb-type=\"article\"  style=\"padding-bottom: 4px; padding-top: 4px;\"  >   \n\t\t<a href=\"https:\/\/www.preguntasfrecuentes.una.ac.cr\/?epkb_post_type_1=que-sucede-si-un-estudiante-que-esta-apelando-una-materia-en-bachillerato-gana-el-recurso-de-apelacion-pero-le-dan-el-titulo-hasta-febrero-y-debe-iniciar-los-tramites-de-admision-para-entrar\"  class=\"epkb-mp-article \"\n\t\t            data-kb-article-id=\"5505\" >\n\t\t\t<span class=\"eckb-article-title\"  style=\"color: #000000;\"  >\n\t\t\t\t<span class=\"eckb-article-title__icon ep_font_icon_document\"  style=\"color: #dd3333;\"  aria-hidden=\"true\"><\/span>\n\t\t\t\t<span class=\"eckb-article-title__text\" >\u00bfQu\u00e9 sucede si un estudiante que est\u00e1 apelando una materia en bachillerato, gana el recurso de apelaci\u00f3n, pero le dan el t\u00edtulo hasta febrero, y debe iniciar los tr\u00e1mites de admisi\u00f3n para entrar a la UNA?<\/span>\n\t\t\t<\/span> \t\t<\/a>    \t\t\t\t<\/li> \t\t\t\t<li class=\"epkb-article-level-1 epkb-hide-elem\" data-kb-article-id=\"5506\"\n\t\t\t\t        data-kb-type=\"article\"  style=\"padding-bottom: 4px; padding-top: 4px;\"  >   \n\t\t<a href=\"https:\/\/www.preguntasfrecuentes.una.ac.cr\/?epkb_post_type_1=como-hace-un-extranjero-para-ser-admitido-en-la-una\"  class=\"epkb-mp-article \"\n\t\t            data-kb-article-id=\"5506\" >\n\t\t\t<span class=\"eckb-article-title\"  style=\"color: #000000;\"  >\n\t\t\t\t<span class=\"eckb-article-title__icon ep_font_icon_document\"  style=\"color: #dd3333;\"  aria-hidden=\"true\"><\/span>\n\t\t\t\t<span class=\"eckb-article-title__text\" >\u00bfC\u00f3mo hace un extranjero para ser admitido en la UNA?<\/span>\n\t\t\t<\/span> \t\t<\/a>    \t\t\t\t<\/li> \t\t\t\t<li class=\"epkb-article-level-1 epkb-hide-elem\" data-kb-article-id=\"5503\"\n\t\t\t\t        data-kb-type=\"article\"  style=\"padding-bottom: 4px; padding-top: 4px;\"  >   \n\t\t<a href=\"https:\/\/www.preguntasfrecuentes.una.ac.cr\/?epkb_post_type_1=que-hago-si-no-soy-admitido-en-las-dos-opciones-de-carrera-que-solicite\"  class=\"epkb-mp-article \"\n\t\t            data-kb-article-id=\"5503\" >\n\t\t\t<span class=\"eckb-article-title\"  style=\"color: #000000;\"  >\n\t\t\t\t<span class=\"eckb-article-title__icon ep_font_icon_document\"  style=\"color: #dd3333;\"  aria-hidden=\"true\"><\/span>\n\t\t\t\t<span class=\"eckb-article-title__text\" >\u00bfQu\u00e9 hago si no soy admitido en las dos opciones de carrera que solicit\u00e9?<\/span>\n\t\t\t<\/span> \t\t<\/a>    \t\t\t\t<\/li> \t\t\t\t<li class=\"epkb-article-level-1 epkb-hide-elem\" data-kb-article-id=\"5504\"\n\t\t\t\t        data-kb-type=\"article\"  style=\"padding-bottom: 4px; padding-top: 4px;\"  >   \n\t\t<a href=\"https:\/\/www.preguntasfrecuentes.una.ac.cr\/?epkb_post_type_1=cuales-son-los-requisitos-para-entrar-a-la-una-por-primera-vez\"  class=\"epkb-mp-article \"\n\t\t            data-kb-article-id=\"5504\" >\n\t\t\t<span class=\"eckb-article-title\"  style=\"color: #000000;\"  >\n\t\t\t\t<span class=\"eckb-article-title__icon ep_font_icon_document\"  style=\"color: #dd3333;\"  aria-hidden=\"true\"><\/span>\n\t\t\t\t<span class=\"eckb-article-title__text\" >\u00bfCu\u00e1les son los requisitos para entrar a la UNA por primera vez?<\/span>\n\t\t\t<\/span> \t\t<\/a>    \t\t\t\t<\/li> \t\t\t\t<li class=\"epkb-article-level-1 epkb-hide-elem\" data-kb-article-id=\"5501\"\n\t\t\t\t        data-kb-type=\"article\"  style=\"padding-bottom: 4px; padding-top: 4px;\"  >   \n\t\t<a href=\"https:\/\/www.preguntasfrecuentes.una.ac.cr\/?epkb_post_type_1=si-realizo-dos-anos-seguidos-el-examen-de-admision-esos-promedios-se-calculan-para-darme-un-promedio-final-o-son-independientes-uno-del-otro\"  class=\"epkb-mp-article \"\n\t\t            data-kb-article-id=\"5501\" >\n\t\t\t<span class=\"eckb-article-title\"  style=\"color: #000000;\"  >\n\t\t\t\t<span class=\"eckb-article-title__icon ep_font_icon_document\"  style=\"color: #dd3333;\"  aria-hidden=\"true\"><\/span>\n\t\t\t\t<span class=\"eckb-article-title__text\" >\u00bfSi realizo dos a\u00f1os seguidos el examen de admisi\u00f3n, esos promedios se calculan para darme un promedio final o son independientes uno del otro?<\/span>\n\t\t\t<\/span> \t\t<\/a>    \t\t\t\t<\/li> \t\t\t\t<li class=\"epkb-article-level-1 epkb-hide-elem\" data-kb-article-id=\"5502\"\n\t\t\t\t        data-kb-type=\"article\"  style=\"padding-bottom: 4px; padding-top: 4px;\"  >   \n\t\t<a href=\"https:\/\/www.preguntasfrecuentes.una.ac.cr\/?epkb_post_type_1=en-que-fecha-y-donde-puedo-revisar-la-nota-de-admision-para-ver-si-me-admitieron-en-la-una\"  class=\"epkb-mp-article \"\n\t\t            data-kb-article-id=\"5502\" >\n\t\t\t<span class=\"eckb-article-title\"  style=\"color: #000000;\"  >\n\t\t\t\t<span class=\"eckb-article-title__icon ep_font_icon_document\"  style=\"color: #dd3333;\"  aria-hidden=\"true\"><\/span>\n\t\t\t\t<span class=\"eckb-article-title__text\" >\u00bfEn qu\u00e9 fecha y d\u00f3nde puedo revisar la nota de admisi\u00f3n para ver si me admitieron en la UNA?<\/span>\n\t\t\t<\/span> \t\t<\/a>    \t\t\t\t<\/li> \t\t\t\t<li class=\"epkb-article-level-1 epkb-hide-elem\" data-kb-article-id=\"5500\"\n\t\t\t\t        data-kb-type=\"article\"  style=\"padding-bottom: 4px; padding-top: 4px;\"  >   \n\t\t<a href=\"https:\/\/www.preguntasfrecuentes.una.ac.cr\/?epkb_post_type_1=cuales-son-las-fechas-para-la-realizacion-de-las-pruebas-de-aptitud-especifica-para-ingreso-a-ciertas-carreras\"  class=\"epkb-mp-article \"\n\t\t            data-kb-article-id=\"5500\" >\n\t\t\t<span class=\"eckb-article-title\"  style=\"color: #000000;\"  >\n\t\t\t\t<span class=\"eckb-article-title__icon ep_font_icon_document\"  style=\"color: #dd3333;\"  aria-hidden=\"true\"><\/span>\n\t\t\t\t<span class=\"eckb-article-title__text\" >\u00bfCu\u00e1les son las fechas para la realizaci\u00f3n de las Pruebas de Aptitud Espec\u00edfica para ingreso a ciertas carreras?<\/span>\n\t\t\t<\/span> \t\t<\/a>    \t\t\t\t<\/li> \t\t\t\t<li class=\"epkb-article-level-1 epkb-hide-elem\" data-kb-article-id=\"5498\"\n\t\t\t\t        data-kb-type=\"article\"  style=\"padding-bottom: 4px; padding-top: 4px;\"  >   \n\t\t<a href=\"https:\/\/www.preguntasfrecuentes.una.ac.cr\/?epkb_post_type_1=cuales-carreras-exigen-otras-pruebas-de-aptitud\"  class=\"epkb-mp-article \"\n\t\t            data-kb-article-id=\"5498\" >\n\t\t\t<span class=\"eckb-article-title\"  style=\"color: #000000;\"  >\n\t\t\t\t<span class=\"eckb-article-title__icon ep_font_icon_document\"  style=\"color: #dd3333;\"  aria-hidden=\"true\"><\/span>\n\t\t\t\t<span class=\"eckb-article-title__text\" >\u00bfCu\u00e1les carreras exigen otras pruebas de aptitud?<\/span>\n\t\t\t<\/span> \t\t<\/a>    \t\t\t\t<\/li> \t\t\t\t<li class=\"epkb-article-level-1 epkb-hide-elem\" data-kb-article-id=\"5499\"\n\t\t\t\t        data-kb-type=\"article\"  style=\"padding-bottom: 4px; padding-top: 4px;\"  >   \n\t\t<a href=\"https:\/\/www.preguntasfrecuentes.una.ac.cr\/?epkb_post_type_1=cuales-son-los-requisitos-para-la-realizacion-de-las-pruebas-de-aptitud-especifica-para-ingresar-a-ciertas-carreras\"  class=\"epkb-mp-article \"\n\t\t            data-kb-article-id=\"5499\" >\n\t\t\t<span class=\"eckb-article-title\"  style=\"color: #000000;\"  >\n\t\t\t\t<span class=\"eckb-article-title__icon ep_font_icon_document\"  style=\"color: #dd3333;\"  aria-hidden=\"true\"><\/span>\n\t\t\t\t<span class=\"eckb-article-title__text\" >\u00bfCu\u00e1les son los requisitos para la realizaci\u00f3n de las Pruebas de Aptitud Espec\u00edfica para ingresar a ciertas carreras?<\/span>\n\t\t\t<\/span> \t\t<\/a>    \t\t\t\t<\/li> \t\t\t\t<li class=\"epkb-article-level-1 epkb-hide-elem\" data-kb-article-id=\"5494\"\n\t\t\t\t        data-kb-type=\"article\"  style=\"padding-bottom: 4px; padding-top: 4px;\"  >   \n\t\t<a href=\"https:\/\/www.preguntasfrecuentes.una.ac.cr\/?epkb_post_type_1=que-es-el-sistema-sau-sistema-de-admision-universitaria\"  class=\"epkb-mp-article \"\n\t\t            data-kb-article-id=\"5494\" >\n\t\t\t<span class=\"eckb-article-title\"  style=\"color: #000000;\"  >\n\t\t\t\t<span class=\"eckb-article-title__icon ep_font_icon_document\"  style=\"color: #dd3333;\"  aria-hidden=\"true\"><\/span>\n\t\t\t\t<span class=\"eckb-article-title__text\" >\u00bfQu\u00e9 es el sistema SAU (Sistema de Admisi\u00f3n Universitaria)?<\/span>\n\t\t\t<\/span> \t\t<\/a>    \t\t\t\t<\/li> \t\t\t\t<li class=\"epkb-article-level-1 epkb-hide-elem\" data-kb-article-id=\"5495\"\n\t\t\t\t        data-kb-type=\"article\"  style=\"padding-bottom: 4px; padding-top: 4px;\"  >   \n\t\t<a href=\"https:\/\/www.preguntasfrecuentes.una.ac.cr\/?epkb_post_type_1=que-significa-que-la-carrera-de-mi-eleccion-esta-en-lista-de-espera\"  class=\"epkb-mp-article \"\n\t\t            data-kb-article-id=\"5495\" >\n\t\t\t<span class=\"eckb-article-title\"  style=\"color: #000000;\"  >\n\t\t\t\t<span class=\"eckb-article-title__icon ep_font_icon_document\"  style=\"color: #dd3333;\"  aria-hidden=\"true\"><\/span>\n\t\t\t\t<span class=\"eckb-article-title__text\" >\u00bfQu\u00e9 significa que la carrera de mi elecci\u00f3n \u201cest\u00e1 en lista de espera\u201d?<\/span>\n\t\t\t<\/span> \t\t<\/a>    \t\t\t\t<\/li> \t\t\t\t<li class=\"epkb-article-level-1 epkb-hide-elem\" data-kb-article-id=\"5496\"\n\t\t\t\t        data-kb-type=\"article\"  style=\"padding-bottom: 4px; padding-top: 4px;\"  >   \n\t\t<a href=\"https:\/\/www.preguntasfrecuentes.una.ac.cr\/?epkb_post_type_1=que-aconsejan-ustedes-a-los-estudiantes-que-ganan-el-examen-de-admision-pero-no-pueden-ingresar-a-la-carrera-deseada\"  class=\"epkb-mp-article \"\n\t\t            data-kb-article-id=\"5496\" >\n\t\t\t<span class=\"eckb-article-title\"  style=\"color: #000000;\"  >\n\t\t\t\t<span class=\"eckb-article-title__icon ep_font_icon_document\"  style=\"color: #dd3333;\"  aria-hidden=\"true\"><\/span>\n\t\t\t\t<span class=\"eckb-article-title__text\" >\u00bfQu\u00e9 aconsejan ustedes a los estudiantes que ganan el examen de admisi\u00f3n, pero no pueden ingresar a la carrera deseada?<\/span>\n\t\t\t<\/span> \t\t<\/a>    \t\t\t\t<\/li> \t\t\t\t<li class=\"epkb-article-level-1 epkb-hide-elem\" data-kb-article-id=\"5497\"\n\t\t\t\t        data-kb-type=\"article\"  style=\"padding-bottom: 4px; padding-top: 4px;\"  >   \n\t\t<a href=\"https:\/\/www.preguntasfrecuentes.una.ac.cr\/?epkb_post_type_1=que-debo-hacer-si-gane-y-pague-el-examen-de-admision-pero-al-ingresar-mis-datos-no-aparezco\"  class=\"epkb-mp-article \"\n\t\t            data-kb-article-id=\"5497\" >\n\t\t\t<span class=\"eckb-article-title\"  style=\"color: #000000;\"  >\n\t\t\t\t<span class=\"eckb-article-title__icon ep_font_icon_document\"  style=\"color: #dd3333;\"  aria-hidden=\"true\"><\/span>\n\t\t\t\t<span class=\"eckb-article-title__text\" >\u00bfQu\u00e9 debo hacer si gan\u00e9 y pagu\u00e9 el examen de admisi\u00f3n, pero al ingresar mis datos no aparezco?<\/span>\n\t\t\t<\/span> \t\t<\/a>    \t\t\t\t<\/li> \t\t\t\t<li class=\"epkb-article-level-1 epkb-hide-elem\" data-kb-article-id=\"5493\"\n\t\t\t\t        data-kb-type=\"article\"  style=\"padding-bottom: 4px; padding-top: 4px;\"  >   \n\t\t<a href=\"https:\/\/www.preguntasfrecuentes.una.ac.cr\/?epkb_post_type_1=como-hago-para-cambiar-de-carrera-en-caso-de-estudiantes-de-primer-ingreso\"  class=\"epkb-mp-article \"\n\t\t            data-kb-article-id=\"5493\" >\n\t\t\t<span class=\"eckb-article-title\"  style=\"color: #000000;\"  >\n\t\t\t\t<span class=\"eckb-article-title__icon ep_font_icon_document\"  style=\"color: #dd3333;\"  aria-hidden=\"true\"><\/span>\n\t\t\t\t<span class=\"eckb-article-title__text\" >\u00bfC\u00f3mo hago para cambiar de carrera, en caso de estudiantes de primer ingreso?<\/span>\n\t\t\t<\/span> \t\t<\/a>    \t\t\t\t<\/li> \t\t\t\t<li class=\"epkb-article-level-1 epkb-hide-elem\" data-kb-article-id=\"5490\"\n\t\t\t\t        data-kb-type=\"article\"  style=\"padding-bottom: 4px; padding-top: 4px;\"  >   \n\t\t<a href=\"https:\/\/www.preguntasfrecuentes.una.ac.cr\/?epkb_post_type_1=como-se-cuales-carreras-se-me-permite-estudiar-en-la-una-a-partir-de-la-nota-de-admision-que-obtuve\"  class=\"epkb-mp-article \"\n\t\t            data-kb-article-id=\"5490\" >\n\t\t\t<span class=\"eckb-article-title\"  style=\"color: #000000;\"  >\n\t\t\t\t<span class=\"eckb-article-title__icon ep_font_icon_document\"  style=\"color: #dd3333;\"  aria-hidden=\"true\"><\/span>\n\t\t\t\t<span class=\"eckb-article-title__text\" >\u00bfC\u00f3mo s\u00e9 cu\u00e1les carreras se me permite estudiar en la UNA, a partir de la nota de admisi\u00f3n que obtuve?<\/span>\n\t\t\t<\/span> \t\t<\/a>    \t\t\t\t<\/li> \t\t\t\t<li class=\"epkb-article-level-1 epkb-hide-elem\" data-kb-article-id=\"5492\"\n\t\t\t\t        data-kb-type=\"article\"  style=\"padding-bottom: 4px; padding-top: 4px;\"  >   \n\t\t<a href=\"https:\/\/www.preguntasfrecuentes.una.ac.cr\/?epkb_post_type_1=pueden-mis-padres-hacer-los-tramites-de-admision-en-mi-lugar\"  class=\"epkb-mp-article \"\n\t\t            data-kb-article-id=\"5492\" >\n\t\t\t<span class=\"eckb-article-title\"  style=\"color: #000000;\"  >\n\t\t\t\t<span class=\"eckb-article-title__icon ep_font_icon_document\"  style=\"color: #dd3333;\"  aria-hidden=\"true\"><\/span>\n\t\t\t\t<span class=\"eckb-article-title__text\" >\u00bfPueden mis padres hacer los tr\u00e1mites de admisi\u00f3n en mi lugar?<\/span>\n\t\t\t<\/span> \t\t<\/a>    \t\t\t\t<\/li> \t\t\t\t<li class=\"epkb-article-level-1 epkb-hide-elem\" data-kb-article-id=\"5651\"\n\t\t\t\t        data-kb-type=\"article\"  style=\"padding-bottom: 4px; padding-top: 4px;\"  >   \n\t\t<a href=\"https:\/\/www.preguntasfrecuentes.una.ac.cr\/?epkb_post_type_1=puedo-ganar-el-examen-de-admision-pero-aun-asi-no-entrar-a-la-carrera-de-mi-eleccion\"  class=\"epkb-mp-article \"\n\t\t            data-kb-article-id=\"5651\" >\n\t\t\t<span class=\"eckb-article-title\"  style=\"color: #000000;\"  >\n\t\t\t\t<span class=\"eckb-article-title__icon ep_font_icon_document\"  style=\"color: #dd3333;\"  aria-hidden=\"true\"><\/span>\n\t\t\t\t<span class=\"eckb-article-title__text\" >\u00bfPuedo ganar el examen de admisi\u00f3n pero aun as\u00ed, no entrar a la carrera de mi elecci\u00f3n?<\/span>\n\t\t\t<\/span> \t\t<\/a>    \t\t\t\t<\/li> \t\t\t\t<li class=\"epkb-article-level-1 epkb-hide-elem\" data-kb-article-id=\"5652\"\n\t\t\t\t        data-kb-type=\"article\"  style=\"padding-bottom: 4px; padding-top: 4px;\"  >   \n\t\t<a href=\"https:\/\/www.preguntasfrecuentes.una.ac.cr\/?epkb_post_type_1=que-hacer-si-al-ingresar-al-sistema-aparecen-mensajes-como-no-se-encuentra-el-postulante-o-frases-que-uno-no-entiende\"  class=\"epkb-mp-article \"\n\t\t            data-kb-article-id=\"5652\" >\n\t\t\t<span class=\"eckb-article-title\"  style=\"color: #000000;\"  >\n\t\t\t\t<span class=\"eckb-article-title__icon ep_font_icon_document\"  style=\"color: #dd3333;\"  aria-hidden=\"true\"><\/span>\n\t\t\t\t<span class=\"eckb-article-title__text\" >\u00bfQu\u00e9 hacer si al ingresar al sistema aparecen mensajes como \u201cno se encuentra el postulante\u201d, o frases que uno no entiende?<\/span>\n\t\t\t<\/span> \t\t<\/a>    \t\t\t\t<\/li> \t\t\t\t<li class=\"epkb-article-level-1 epkb-hide-elem\" data-kb-article-id=\"5484\"\n\t\t\t\t        data-kb-type=\"article\"  style=\"padding-bottom: 4px; padding-top: 4px;\"  >   \n\t\t<a href=\"https:\/\/www.preguntasfrecuentes.una.ac.cr\/?epkb_post_type_1=si-no-logre-la-nota-minima-publicada-del-examen-de-admision-no-entro-a-la-una\"  class=\"epkb-mp-article \"\n\t\t            data-kb-article-id=\"5484\" >\n\t\t\t<span class=\"eckb-article-title\"  style=\"color: #000000;\"  >\n\t\t\t\t<span class=\"eckb-article-title__icon ep_font_icon_document\"  style=\"color: #dd3333;\"  aria-hidden=\"true\"><\/span>\n\t\t\t\t<span class=\"eckb-article-title__text\" >\u00bfSi no logr\u00e9 la nota m\u00ednima publicada del examen de admisi\u00f3n, no entro a la UNA?<\/span>\n\t\t\t<\/span> \t\t<\/a>    \t\t\t\t<\/li> \t\t\t\t<li class=\"epkb-article-level-1 epkb-hide-elem\" data-kb-article-id=\"5485\"\n\t\t\t\t        data-kb-type=\"article\"  style=\"padding-bottom: 4px; padding-top: 4px;\"  >   \n\t\t<a href=\"https:\/\/www.preguntasfrecuentes.una.ac.cr\/?epkb_post_type_1=donde-puedo-revisar-en-cuales-carreras-hay-espacios-disponibles-y-cuales-son-sus-cortes-de-admision\"  class=\"epkb-mp-article \"\n\t\t            data-kb-article-id=\"5485\" >\n\t\t\t<span class=\"eckb-article-title\"  style=\"color: #000000;\"  >\n\t\t\t\t<span class=\"eckb-article-title__icon ep_font_icon_document\"  style=\"color: #dd3333;\"  aria-hidden=\"true\"><\/span>\n\t\t\t\t<span class=\"eckb-article-title__text\" >\u00bfD\u00f3nde puedo revisar en cu\u00e1les carreras hay espacios disponibles y cu\u00e1les son sus cortes de admisi\u00f3n?<\/span>\n\t\t\t<\/span> \t\t<\/a>    \t\t\t\t<\/li> \t\t\t\t<li class=\"epkb-article-level-1 epkb-hide-elem\" data-kb-article-id=\"5486\"\n\t\t\t\t        data-kb-type=\"article\"  style=\"padding-bottom: 4px; padding-top: 4px;\"  >   \n\t\t<a href=\"https:\/\/www.preguntasfrecuentes.una.ac.cr\/?epkb_post_type_1=donde-y-cuando-se-realiza-el-examen-de-admision\"  class=\"epkb-mp-article \"\n\t\t            data-kb-article-id=\"5486\" >\n\t\t\t<span class=\"eckb-article-title\"  style=\"color: #000000;\"  >\n\t\t\t\t<span class=\"eckb-article-title__icon ep_font_icon_document\"  style=\"color: #dd3333;\"  aria-hidden=\"true\"><\/span>\n\t\t\t\t<span class=\"eckb-article-title__text\" >\u00bfD\u00f3nde y cu\u00e1ndo se realiza el examen de admisi\u00f3n?<\/span>\n\t\t\t<\/span> \t\t<\/a>    \t\t\t\t<\/li> \t\t\t\t<li class=\"epkb-article-level-1 epkb-hide-elem\" data-kb-article-id=\"5487\"\n\t\t\t\t        data-kb-type=\"article\"  style=\"padding-bottom: 4px; padding-top: 4px;\"  >   \n\t\t<a href=\"https:\/\/www.preguntasfrecuentes.una.ac.cr\/?epkb_post_type_1=como-selecciona-la-una-a-los-estudiantes-de-nuevo-ingreso\"  class=\"epkb-mp-article \"\n\t\t            data-kb-article-id=\"5487\" >\n\t\t\t<span class=\"eckb-article-title\"  style=\"color: #000000;\"  >\n\t\t\t\t<span class=\"eckb-article-title__icon ep_font_icon_document\"  style=\"color: #dd3333;\"  aria-hidden=\"true\"><\/span>\n\t\t\t\t<span class=\"eckb-article-title__text\" >\u00bfC\u00f3mo selecciona la UNA a los estudiantes de nuevo ingreso?<\/span>\n\t\t\t<\/span> \t\t<\/a>    \t\t\t\t<\/li> \t\t\t\t<li class=\"epkb-article-level-1 epkb-hide-elem\" data-kb-article-id=\"5488\"\n\t\t\t\t        data-kb-type=\"article\"  style=\"padding-bottom: 4px; padding-top: 4px;\"  >   \n\t\t<a href=\"https:\/\/www.preguntasfrecuentes.una.ac.cr\/?epkb_post_type_1=el-numero-promedio-que-me-aparece-a-la-par-de-la-carrera-es-mi-promedio-de-admision\"  class=\"epkb-mp-article \"\n\t\t            data-kb-article-id=\"5488\" >\n\t\t\t<span class=\"eckb-article-title\"  style=\"color: #000000;\"  >\n\t\t\t\t<span class=\"eckb-article-title__icon ep_font_icon_document\"  style=\"color: #dd3333;\"  aria-hidden=\"true\"><\/span>\n\t\t\t\t<span class=\"eckb-article-title__text\" >\u00bfEl n\u00famero (promedio) que me aparece a la par de la carrera, es mi promedio de admisi\u00f3n?<\/span>\n\t\t\t<\/span> \t\t<\/a>    \t\t\t\t<\/li> \t\t\t\t<li class=\"epkb-article-level-1 epkb-hide-elem\" data-kb-article-id=\"5489\"\n\t\t\t\t        data-kb-type=\"article\"  style=\"padding-bottom: 4px; padding-top: 4px;\"  >   \n\t\t<a href=\"https:\/\/www.preguntasfrecuentes.una.ac.cr\/?epkb_post_type_1=la-universidad-me-avisa-a-que-carrera-entre\"  class=\"epkb-mp-article \"\n\t\t            data-kb-article-id=\"5489\" >\n\t\t\t<span class=\"eckb-article-title\"  style=\"color: #000000;\"  >\n\t\t\t\t<span class=\"eckb-article-title__icon ep_font_icon_document\"  style=\"color: #dd3333;\"  aria-hidden=\"true\"><\/span>\n\t\t\t\t<span class=\"eckb-article-title__text\" >\u00bfLa universidad me avisa a qu\u00e9 carrera entr\u00e9?<\/span>\n\t\t\t<\/span> \t\t<\/a>    \t\t\t\t<\/li> \t\t\t\t<li class=\"epkb-article-level-1 epkb-hide-elem\" data-kb-article-id=\"5479\"\n\t\t\t\t        data-kb-type=\"article\"  style=\"padding-bottom: 4px; padding-top: 4px;\"  >   \n\t\t<a href=\"https:\/\/www.preguntasfrecuentes.una.ac.cr\/?epkb_post_type_1=cual-es-el-numero-de-identificacion-que-se-debe-escribir-en-los-promedios-de-admision\"  class=\"epkb-mp-article \"\n\t\t            data-kb-article-id=\"5479\" >\n\t\t\t<span class=\"eckb-article-title\"  style=\"color: #000000;\"  >\n\t\t\t\t<span class=\"eckb-article-title__icon ep_font_icon_document\"  style=\"color: #dd3333;\"  aria-hidden=\"true\"><\/span>\n\t\t\t\t<span class=\"eckb-article-title__text\" >\u00bfCu\u00e1l es el n\u00famero de identificaci\u00f3n que se debe escribir en los promedios de admisi\u00f3n?<\/span>\n\t\t\t<\/span> \t\t<\/a>    \t\t\t\t<\/li> \t\t\t\t<li class=\"epkb-article-level-1 epkb-hide-elem\" data-kb-article-id=\"5480\"\n\t\t\t\t        data-kb-type=\"article\"  style=\"padding-bottom: 4px; padding-top: 4px;\"  >   \n\t\t<a href=\"https:\/\/www.preguntasfrecuentes.una.ac.cr\/?epkb_post_type_1=como-saber-el-promedio-de-ingreso-a-determinada-carrera-universitaria\"  class=\"epkb-mp-article \"\n\t\t            data-kb-article-id=\"5480\" >\n\t\t\t<span class=\"eckb-article-title\"  style=\"color: #000000;\"  >\n\t\t\t\t<span class=\"eckb-article-title__icon ep_font_icon_document\"  style=\"color: #dd3333;\"  aria-hidden=\"true\"><\/span>\n\t\t\t\t<span class=\"eckb-article-title__text\" >\u00bfC\u00f3mo saber el promedio de ingreso a determinada carrera universitaria?<\/span>\n\t\t\t<\/span> \t\t<\/a>    \t\t\t\t<\/li> \t\t\t\t<li class=\"epkb-article-level-1 epkb-hide-elem\" data-kb-article-id=\"5481\"\n\t\t\t\t        data-kb-type=\"article\"  style=\"padding-bottom: 4px; padding-top: 4px;\"  >   \n\t\t<a href=\"https:\/\/www.preguntasfrecuentes.una.ac.cr\/?epkb_post_type_1=donde-me-comunico-en-caso-de-que-no-aparezca-mi-nombre-en-los-resultados-del-examen-de-admision\"  class=\"epkb-mp-article \"\n\t\t            data-kb-article-id=\"5481\" >\n\t\t\t<span class=\"eckb-article-title\"  style=\"color: #000000;\"  >\n\t\t\t\t<span class=\"eckb-article-title__icon ep_font_icon_document\"  style=\"color: #dd3333;\"  aria-hidden=\"true\"><\/span>\n\t\t\t\t<span class=\"eckb-article-title__text\" >\u00bfD\u00f3nde me comunico en caso de que no aparezca mi nombre en los resultados del examen de admisi\u00f3n?<\/span>\n\t\t\t<\/span> \t\t<\/a>    \t\t\t\t<\/li> \t\t\t\t<li class=\"epkb-article-level-1 epkb-hide-elem\" data-kb-article-id=\"5482\"\n\t\t\t\t        data-kb-type=\"article\"  style=\"padding-bottom: 4px; padding-top: 4px;\"  >   \n\t\t<a href=\"https:\/\/www.preguntasfrecuentes.una.ac.cr\/?epkb_post_type_1=que-hacer-si-aunque-pase-el-examen-de-admision-no-realice-el-tramite-de-congelar-la-nota\"  class=\"epkb-mp-article \"\n\t\t            data-kb-article-id=\"5482\" >\n\t\t\t<span class=\"eckb-article-title\"  style=\"color: #000000;\"  >\n\t\t\t\t<span class=\"eckb-article-title__icon ep_font_icon_document\"  style=\"color: #dd3333;\"  aria-hidden=\"true\"><\/span>\n\t\t\t\t<span class=\"eckb-article-title__text\" >\u00bfQu\u00e9 hacer si aunque pas\u00e9 el examen de admisi\u00f3n, no realic\u00e9 el tr\u00e1mite de congelar la nota?<\/span>\n\t\t\t<\/span> \t\t<\/a>    \t\t\t\t<\/li> \t\t\t\t<li class=\"epkb-article-level-1 epkb-hide-elem\" data-kb-article-id=\"5483\"\n\t\t\t\t        data-kb-type=\"article\"  style=\"padding-bottom: 4px; padding-top: 4px;\"  >   \n\t\t<a href=\"https:\/\/www.preguntasfrecuentes.una.ac.cr\/?epkb_post_type_1=cual-es-la-nota-de-corte-de-las-carreras\"  class=\"epkb-mp-article \"\n\t\t            data-kb-article-id=\"5483\" >\n\t\t\t<span class=\"eckb-article-title\"  style=\"color: #000000;\"  >\n\t\t\t\t<span class=\"eckb-article-title__icon ep_font_icon_document\"  style=\"color: #dd3333;\"  aria-hidden=\"true\"><\/span>\n\t\t\t\t<span class=\"eckb-article-title__text\" >\u00bfCu\u00e1l es la nota de corte de las carreras?<\/span>\n\t\t\t<\/span> \t\t<\/a>    \t\t\t\t<\/li> \t\t\t\t<li class=\"epkb-article-level-1 epkb-hide-elem\" data-kb-article-id=\"5476\"\n\t\t\t\t        data-kb-type=\"article\"  style=\"padding-bottom: 4px; padding-top: 4px;\"  >   \n\t\t<a href=\"https:\/\/www.preguntasfrecuentes.una.ac.cr\/?epkb_post_type_1=en-que-periodo-del-ano-puedo-iniciar-los-tramites-para-el-examen-de-admision-para-ingresar-al-siguiente-ano-lectivo\"  class=\"epkb-mp-article \"\n\t\t            data-kb-article-id=\"5476\" >\n\t\t\t<span class=\"eckb-article-title\"  style=\"color: #000000;\"  >\n\t\t\t\t<span class=\"eckb-article-title__icon ep_font_icon_document\"  style=\"color: #dd3333;\"  aria-hidden=\"true\"><\/span>\n\t\t\t\t<span class=\"eckb-article-title__text\" >\u00bfEn qu\u00e9 per\u00edodo del a\u00f1o puedo iniciar los tr\u00e1mites para el examen de admisi\u00f3n, para ingresar al siguiente a\u00f1o lectivo?<\/span>\n\t\t\t<\/span> \t\t<\/a>    \t\t\t\t<\/li> \t\t\t\t<li class=\"epkb-article-level-1 epkb-hide-elem\" data-kb-article-id=\"5477\"\n\t\t\t\t        data-kb-type=\"article\"  style=\"padding-bottom: 4px; padding-top: 4px;\"  >   \n\t\t<a href=\"https:\/\/www.preguntasfrecuentes.una.ac.cr\/?epkb_post_type_1=como-afecta-mi-proceso-de-admision-si-no-voy-a-capacitacion-de-matricula\"  class=\"epkb-mp-article \"\n\t\t            data-kb-article-id=\"5477\" >\n\t\t\t<span class=\"eckb-article-title\"  style=\"color: #000000;\"  >\n\t\t\t\t<span class=\"eckb-article-title__icon ep_font_icon_document\"  style=\"color: #dd3333;\"  aria-hidden=\"true\"><\/span>\n\t\t\t\t<span class=\"eckb-article-title__text\" >\u00bfC\u00f3mo afecta mi proceso de admisi\u00f3n si no voy a capacitaci\u00f3n de matr\u00edcula?<\/span>\n\t\t\t<\/span> \t\t<\/a>    \t\t\t\t<\/li> \t\t\t\t<li class=\"epkb-article-level-1 epkb-hide-elem\" data-kb-article-id=\"5478\"\n\t\t\t\t        data-kb-type=\"article\"  style=\"padding-bottom: 4px; padding-top: 4px;\"  >   \n\t\t<a href=\"https:\/\/www.preguntasfrecuentes.una.ac.cr\/?epkb_post_type_1=que-tiene-que-pagar-un-estudiante-de-primer-ingreso-el-dia-de-la-matricula\"  class=\"epkb-mp-article \"\n\t\t            data-kb-article-id=\"5478\" >\n\t\t\t<span class=\"eckb-article-title\"  style=\"color: #000000;\"  >\n\t\t\t\t<span class=\"eckb-article-title__icon ep_font_icon_document\"  style=\"color: #dd3333;\"  aria-hidden=\"true\"><\/span>\n\t\t\t\t<span class=\"eckb-article-title__text\" >\u00bfQu\u00e9 tiene que pagar un estudiante de primer ingreso el d\u00eda de la matr\u00edcula?<\/span>\n\t\t\t<\/span> \t\t<\/a>    \t\t\t\t<\/li> \t\t\t\t<li class=\"epkb-article-level-1 epkb-hide-elem\" data-kb-article-id=\"5473\"\n\t\t\t\t        data-kb-type=\"article\"  style=\"padding-bottom: 4px; padding-top: 4px;\"  >   \n\t\t<a href=\"https:\/\/www.preguntasfrecuentes.una.ac.cr\/?epkb_post_type_1=cuanto-tiempo-de-vigencia-tiene-la-nota-del-examen-de-admision\"  class=\"epkb-mp-article \"\n\t\t            data-kb-article-id=\"5473\" >\n\t\t\t<span class=\"eckb-article-title\"  style=\"color: #000000;\"  >\n\t\t\t\t<span class=\"eckb-article-title__icon ep_font_icon_document\"  style=\"color: #dd3333;\"  aria-hidden=\"true\"><\/span>\n\t\t\t\t<span class=\"eckb-article-title__text\" >\u00bfCu\u00e1nto tiempo de vigencia tiene la nota del examen de admisi\u00f3n?<\/span>\n\t\t\t<\/span> \t\t<\/a>    \t\t\t\t<\/li> \t\t\t\t<li class=\"epkb-article-level-1 epkb-hide-elem\" data-kb-article-id=\"5474\"\n\t\t\t\t        data-kb-type=\"article\"  style=\"padding-bottom: 4px; padding-top: 4px;\"  >   \n\t\t<a href=\"https:\/\/www.preguntasfrecuentes.una.ac.cr\/?epkb_post_type_1=cuantos-examenes-de-admision-se-pueden-realizar-a-lo-largo-del-ano-para-alcanzar-un-promedio-requerido\"  class=\"epkb-mp-article \"\n\t\t            data-kb-article-id=\"5474\" >\n\t\t\t<span class=\"eckb-article-title\"  style=\"color: #000000;\"  >\n\t\t\t\t<span class=\"eckb-article-title__icon ep_font_icon_document\"  style=\"color: #dd3333;\"  aria-hidden=\"true\"><\/span>\n\t\t\t\t<span class=\"eckb-article-title__text\" >\u00bfCu\u00e1ntos ex\u00e1menes de admisi\u00f3n se pueden realizar a lo largo del a\u00f1o para alcanzar un promedio requerido?<\/span>\n\t\t\t<\/span> \t\t<\/a>    \t\t\t\t<\/li> \t\t\t\t<li class=\"epkb-article-level-1 epkb-hide-elem\" data-kb-article-id=\"5475\"\n\t\t\t\t        data-kb-type=\"article\"  style=\"padding-bottom: 4px; padding-top: 4px;\"  >   \n\t\t<a href=\"https:\/\/www.preguntasfrecuentes.una.ac.cr\/?epkb_post_type_1=que-documentos-debo-entregar-para-finalizar-el-proceso-de-admision-a-la-una\"  class=\"epkb-mp-article \"\n\t\t            data-kb-article-id=\"5475\" >\n\t\t\t<span class=\"eckb-article-title\"  style=\"color: #000000;\"  >\n\t\t\t\t<span class=\"eckb-article-title__icon ep_font_icon_document\"  style=\"color: #dd3333;\"  aria-hidden=\"true\"><\/span>\n\t\t\t\t<span class=\"eckb-article-title__text\" >\u00bfQu\u00e9 documentos debo entregar para finalizar el proceso de admisi\u00f3n a la UNA?<\/span>\n\t\t\t<\/span> \t\t<\/a>    \t\t\t\t<\/li> \n\t\t<\/ul> \t\t\t<button class=\"epkb-show-all-articles\" aria-expanded=\"false\" data-btn-id=\"233\">\n\t\t\t\t\t<span class=\"epkb-show-text\">\n\t\t\t\t\t\tMostrar todos los art\u00edculos ( 93 )\n\t\t\t\t\t<\/span>\n\t\t\t\t<span class=\"epkb-hide-text epkb-hide-elem\">Contraer art\u00edculos<\/span>\n\t\t\t<\/button>\t\t\t\t\t\n\t\t\t\t\t<\/div><!-- Section Body End -->\n\n\t\t\t\t<\/section><!-- Section End -->  \n\t\t\t\t<!-- Section Container ( Category Box ) -->\n\t\t\t\t<section id=\"epkb_cat_2\" class=\"section_light_shadow epkb-top-category-box\"  style=\"border-radius: 4px; border-width: 1px; border-color: #CACACE; background-color: #FEFEFE; border-style: solid;\"  >\n\n\t\t\t\t\t<!-- Section Head -->\n\t\t\t\t\t<div class=\"section-head section_divider\"  style=\"border-bottom-width: 1px; background-color: #FFFFFF; border-top-left-radius: 4px; border-top-right-radius: 4px; border-bottom-color: #FFFFFF; padding-top: 20px; padding-bottom: 20px; padding-left: 20px; padding-right: 20px; padding-left: 10px;\"  >\n\n\t\t\t\t\t\t<!-- Category Name + Icon -->\n\t\t\t\t\t\t<div class=\"epkb-category-level-1 epkb-category-level-1--icon-loc-left epkb-category-level-1--alignment-left\" data-kb-category-id=\"336\" data-kb-type=\"category\"  style=\"color: #000000;\"  >\n\n\t\t\t\t\t\t\t<!-- Icon Top \/ Left -->\t                            \t\t\t\t\t\t\t\t\t<span class=\"epkb-cat-icon epkbfa epkbfa-money\" data-kb-category-icon=\"epkbfa-money\"  style=\"color: #eb5a46; font-size: 30px;\" ><\/span>\t\t\t\t\t\t\t\t<div class=\"epkb-cat-name\">    \t\t\t\t\t\t\t\t\t<div class=\"epkb-cat-name-count-container\"  style=\"color: #000000; font-size:24px;\" >\n\t\t\t\t\t\t\t\t\t\t<h2 class=\"epkb-cat-name\">Becas<\/h2>\n\t\t\t\t\t\t\t\t\t\t<span class=\"epkb-cat-count\">20<\/span>\n\t\t\t\t\t\t\t\t\t<\/div> \n\t\t\t\t\t\t\t<\/div>\n\n\t\t\t\t\t\t\t<!-- Icon Right -->     \n\t\t\t\t\t\t<\/div>\n\n\t\t\t\t\t\t<!-- Category Description -->\t\t\t\t\t\t\t\t\t\t\t<\/div>\n\n\t\t\t\t\t<!-- Section Body -->\n\t\t\t\t\t<div class=\"epkb-section-body\"  style=\"border-bottom-width: 1px; padding-top: 4px; padding-bottom: 4px; padding-left: 22px; padding-right: 4px; min-height: 130px;\"  >\t\t\t\t\t\t\n\t\t<ul class=\"epkb-main-category epkb-articles\"  style=\"padding-left: 10px;\"  data-list-id=\"336\"> \t\t\t\t<li class=\"epkb-article-level-1 \" data-kb-article-id=\"6868\"\n\t\t\t\t        data-kb-type=\"article\"  style=\"padding-bottom: 4px; padding-top: 4px;\"  >   \n\t\t<a href=\"https:\/\/www.preguntasfrecuentes.una.ac.cr\/?epkb_post_type_1=como-realizar-en-el-sibeuna-la-solicitud-de-beca-para-estudiantes-de-nuevo-ingreso-a-la-una\"  class=\"epkb-mp-article \"\n\t\t            data-kb-article-id=\"6868\" >\n\t\t\t<span class=\"eckb-article-title\"  style=\"color: #000000;\"  >\n\t\t\t\t<span class=\"eckb-article-title__icon ep_font_icon_document\"  style=\"color: #dd3333;\"  aria-hidden=\"true\"><\/span>\n\t\t\t\t<span class=\"eckb-article-title__text\" >\u00bfC\u00f3mo realizar en el SIBEUNA la solicitud de beca para estudiantes de nuevo ingreso a la UNA?<\/span>\n\t\t\t<\/span> \t\t<\/a>    \t\t\t\t<\/li> \t\t\t\t<li class=\"epkb-article-level-1 \" data-kb-article-id=\"6595\"\n\t\t\t\t        data-kb-type=\"article\"  style=\"padding-bottom: 4px; padding-top: 4px;\"  >   \n\t\t<a href=\"https:\/\/www.preguntasfrecuentes.una.ac.cr\/?epkb_post_type_1=como-se-entregan-los-documentos-de-solicitud-de-becas\"  class=\"epkb-mp-article \"\n\t\t            data-kb-article-id=\"6595\" >\n\t\t\t<span class=\"eckb-article-title\"  style=\"color: #000000;\"  >\n\t\t\t\t<span class=\"eckb-article-title__icon ep_font_icon_document\"  style=\"color: #dd3333;\"  aria-hidden=\"true\"><\/span>\n\t\t\t\t<span class=\"eckb-article-title__text\" >\u00bfC\u00f3mo se entregan los documentos de solicitud de becas?<\/span>\n\t\t\t<\/span> \t\t<\/a>    \t\t\t\t<\/li> \t\t\t\t<li class=\"epkb-article-level-1 \" data-kb-article-id=\"6581\"\n\t\t\t\t        data-kb-type=\"article\"  style=\"padding-bottom: 4px; padding-top: 4px;\"  >   \n\t\t<a href=\"https:\/\/www.preguntasfrecuentes.una.ac.cr\/?epkb_post_type_1=como-realizar-en-el-sibeuna-la-solicitud-de-beca-artistica-o-deportiva\"  class=\"epkb-mp-article \"\n\t\t            data-kb-article-id=\"6581\" >\n\t\t\t<span class=\"eckb-article-title\"  style=\"color: #000000;\"  >\n\t\t\t\t<span class=\"eckb-article-title__icon ep_font_icon_document\"  style=\"color: #dd3333;\"  aria-hidden=\"true\"><\/span>\n\t\t\t\t<span class=\"eckb-article-title__text\" >\u00bfC\u00f3mo realizar en el SIBEUNA, la solicitud de beca Art\u00edstica o Deportiva?<\/span>\n\t\t\t<\/span> \t\t<\/a>    \t\t\t\t<\/li> \t\t\t\t<li class=\"epkb-article-level-1 \" data-kb-article-id=\"6562\"\n\t\t\t\t        data-kb-type=\"article\"  style=\"padding-bottom: 4px; padding-top: 4px;\"  >   \n\t\t<a href=\"https:\/\/www.preguntasfrecuentes.una.ac.cr\/?epkb_post_type_1=como-realizar-en-el-sibeuna-la-solicitud-de-beca-de-una-persona-funcionaria\"  class=\"epkb-mp-article \"\n\t\t            data-kb-article-id=\"6562\" >\n\t\t\t<span class=\"eckb-article-title\"  style=\"color: #000000;\"  >\n\t\t\t\t<span class=\"eckb-article-title__icon ep_font_icon_document\"  style=\"color: #dd3333;\"  aria-hidden=\"true\"><\/span>\n\t\t\t\t<span class=\"eckb-article-title__text\" >\u00bfC\u00f3mo realizar en el SIBEUNA la solicitud de beca de una persona funcionaria?<\/span>\n\t\t\t<\/span> \t\t<\/a>    \t\t\t\t<\/li> \t\t\t\t<li class=\"epkb-article-level-1 \" data-kb-article-id=\"6460\"\n\t\t\t\t        data-kb-type=\"article\"  style=\"padding-bottom: 4px; padding-top: 4px;\"  >   \n\t\t<a href=\"https:\/\/www.preguntasfrecuentes.una.ac.cr\/?epkb_post_type_1=que-es-la-beca-por-representacion-en-el-movimiento-estudiantil-una\"  class=\"epkb-mp-article \"\n\t\t            data-kb-article-id=\"6460\" >\n\t\t\t<span class=\"eckb-article-title\"  style=\"color: #000000;\"  >\n\t\t\t\t<span class=\"eckb-article-title__icon ep_font_icon_document\"  style=\"color: #dd3333;\"  aria-hidden=\"true\"><\/span>\n\t\t\t\t<span class=\"eckb-article-title__text\" >\u00bfQu\u00e9 es la Beca por Representaci\u00f3n en el Movimiento Estudiantil UNA?<\/span>\n\t\t\t<\/span> \t\t<\/a>    \t\t\t\t<\/li> \t\t\t\t<li class=\"epkb-article-level-1 epkb-hide-elem\" data-kb-article-id=\"6455\"\n\t\t\t\t        data-kb-type=\"article\"  style=\"padding-bottom: 4px; padding-top: 4px;\"  >   \n\t\t<a href=\"https:\/\/www.preguntasfrecuentes.una.ac.cr\/?epkb_post_type_1=a-quien-se-otorga-la-beca-estudiante-asistente\"  class=\"epkb-mp-article \"\n\t\t            data-kb-article-id=\"6455\" >\n\t\t\t<span class=\"eckb-article-title\"  style=\"color: #000000;\"  >\n\t\t\t\t<span class=\"eckb-article-title__icon ep_font_icon_document\"  style=\"color: #dd3333;\"  aria-hidden=\"true\"><\/span>\n\t\t\t\t<span class=\"eckb-article-title__text\" >\u00bfA qui\u00e9n se otorga la Beca Estudiante Asistente?<\/span>\n\t\t\t<\/span> \t\t<\/a>    \t\t\t\t<\/li> \t\t\t\t<li class=\"epkb-article-level-1 epkb-hide-elem\" data-kb-article-id=\"6453\"\n\t\t\t\t        data-kb-type=\"article\"  style=\"padding-bottom: 4px; padding-top: 4px;\"  >   \n\t\t<a href=\"https:\/\/www.preguntasfrecuentes.una.ac.cr\/?epkb_post_type_1=a-quien-esta-dirigida-la-beca-de-honor\"  class=\"epkb-mp-article \"\n\t\t            data-kb-article-id=\"6453\" >\n\t\t\t<span class=\"eckb-article-title\"  style=\"color: #000000;\"  >\n\t\t\t\t<span class=\"eckb-article-title__icon ep_font_icon_document\"  style=\"color: #dd3333;\"  aria-hidden=\"true\"><\/span>\n\t\t\t\t<span class=\"eckb-article-title__text\" >\u00bf A qui\u00e9n esta dirigida la Beca de Honor?<\/span>\n\t\t\t<\/span> \t\t<\/a>    \t\t\t\t<\/li> \t\t\t\t<li class=\"epkb-article-level-1 epkb-hide-elem\" data-kb-article-id=\"6449\"\n\t\t\t\t        data-kb-type=\"article\"  style=\"padding-bottom: 4px; padding-top: 4px;\"  >   \n\t\t<a href=\"https:\/\/www.preguntasfrecuentes.una.ac.cr\/?epkb_post_type_1=como-obtener-la-beca-socioeconomica-para-estudiantes-aspirantes-de-ingreso-una\"  class=\"epkb-mp-article \"\n\t\t            data-kb-article-id=\"6449\" >\n\t\t\t<span class=\"eckb-article-title\"  style=\"color: #000000;\"  >\n\t\t\t\t<span class=\"eckb-article-title__icon ep_font_icon_document\"  style=\"color: #dd3333;\"  aria-hidden=\"true\"><\/span>\n\t\t\t\t<span class=\"eckb-article-title__text\" >\u00bfC\u00f3mo obtener la Beca Socioecon\u00f3mica para Estudiantes Aspirantes de Ingreso UNA?<\/span>\n\t\t\t<\/span> \t\t<\/a>    \t\t\t\t<\/li> \t\t\t\t<li class=\"epkb-article-level-1 epkb-hide-elem\" data-kb-article-id=\"6444\"\n\t\t\t\t        data-kb-type=\"article\"  style=\"padding-bottom: 4px; padding-top: 4px;\"  >   \n\t\t<a href=\"https:\/\/www.preguntasfrecuentes.una.ac.cr\/?epkb_post_type_1=cuales-tipos-de-becas-ofrece-la-una\"  class=\"epkb-mp-article \"\n\t\t            data-kb-article-id=\"6444\" >\n\t\t\t<span class=\"eckb-article-title\"  style=\"color: #000000;\"  >\n\t\t\t\t<span class=\"eckb-article-title__icon ep_font_icon_document\"  style=\"color: #dd3333;\"  aria-hidden=\"true\"><\/span>\n\t\t\t\t<span class=\"eckb-article-title__text\" >\u00bfCu\u00e1les tipos de becas ofrece la UNA?<\/span>\n\t\t\t<\/span> \t\t<\/a>    \t\t\t\t<\/li> \t\t\t\t<li class=\"epkb-article-level-1 epkb-hide-elem\" data-kb-article-id=\"5555\"\n\t\t\t\t        data-kb-type=\"article\"  style=\"padding-bottom: 4px; padding-top: 4px;\"  >   \n\t\t<a href=\"https:\/\/www.preguntasfrecuentes.una.ac.cr\/?epkb_post_type_1=cuales-son-los-requisitos-para-ser-estudiante-asistente-dentro-de-alguna-escuela-facultad-o-centro-de-la-una\"  class=\"epkb-mp-article \"\n\t\t            data-kb-article-id=\"5555\" >\n\t\t\t<span class=\"eckb-article-title\"  style=\"color: #000000;\"  >\n\t\t\t\t<span class=\"eckb-article-title__icon ep_font_icon_document\"  style=\"color: #dd3333;\"  aria-hidden=\"true\"><\/span>\n\t\t\t\t<span class=\"eckb-article-title__text\" >\u00bfCu\u00e1les son los requisitos para ser estudiante asistente dentro de alguna escuela, facultad o centro de la UNA?<\/span>\n\t\t\t<\/span> \t\t<\/a>    \t\t\t\t<\/li> \t\t\t\t<li class=\"epkb-article-level-1 epkb-hide-elem\" data-kb-article-id=\"5556\"\n\t\t\t\t        data-kb-type=\"article\"  style=\"padding-bottom: 4px; padding-top: 4px;\"  >   \n\t\t<a href=\"https:\/\/www.preguntasfrecuentes.una.ac.cr\/?epkb_post_type_1=se-pueden-solicitar-varios-tipos-de-becas-al-mismo-tiempo\"  class=\"epkb-mp-article \"\n\t\t            data-kb-article-id=\"5556\" >\n\t\t\t<span class=\"eckb-article-title\"  style=\"color: #000000;\"  >\n\t\t\t\t<span class=\"eckb-article-title__icon ep_font_icon_document\"  style=\"color: #dd3333;\"  aria-hidden=\"true\"><\/span>\n\t\t\t\t<span class=\"eckb-article-title__text\" >\u00bfSe pueden solicitar varios tipos de becas, al mismo tiempo?<\/span>\n\t\t\t<\/span> \t\t<\/a>    \t\t\t\t<\/li> \t\t\t\t<li class=\"epkb-article-level-1 epkb-hide-elem\" data-kb-article-id=\"5554\"\n\t\t\t\t        data-kb-type=\"article\"  style=\"padding-bottom: 4px; padding-top: 4px;\"  >   \n\t\t<a href=\"https:\/\/www.preguntasfrecuentes.una.ac.cr\/?epkb_post_type_1=existe-alguna-beca-deportiva-artistica-u-otro-tipo-de-actividad\"  class=\"epkb-mp-article \"\n\t\t            data-kb-article-id=\"5554\" >\n\t\t\t<span class=\"eckb-article-title\"  style=\"color: #000000;\"  >\n\t\t\t\t<span class=\"eckb-article-title__icon ep_font_icon_document\"  style=\"color: #dd3333;\"  aria-hidden=\"true\"><\/span>\n\t\t\t\t<span class=\"eckb-article-title__text\" >\u00bfExiste alguna beca deportiva, art\u00edstica u otro tipo de actividad?<\/span>\n\t\t\t<\/span> \t\t<\/a>    \t\t\t\t<\/li> \t\t\t\t<li class=\"epkb-article-level-1 epkb-hide-elem\" data-kb-article-id=\"5552\"\n\t\t\t\t        data-kb-type=\"article\"  style=\"padding-bottom: 4px; padding-top: 4px;\"  >   \n\t\t<a href=\"https:\/\/www.preguntasfrecuentes.una.ac.cr\/?epkb_post_type_1=donde-puedo-ver-el-resultado-de-la-beca-de-iii-ciclo-verano\"  class=\"epkb-mp-article \"\n\t\t            data-kb-article-id=\"5552\" >\n\t\t\t<span class=\"eckb-article-title\"  style=\"color: #000000;\"  >\n\t\t\t\t<span class=\"eckb-article-title__icon ep_font_icon_document\"  style=\"color: #dd3333;\"  aria-hidden=\"true\"><\/span>\n\t\t\t\t<span class=\"eckb-article-title__text\" >\u00bfD\u00f3nde puedo ver el resultado de la beca de III Ciclo (verano)?<\/span>\n\t\t\t<\/span> \t\t<\/a>    \t\t\t\t<\/li> \t\t\t\t<li class=\"epkb-article-level-1 epkb-hide-elem\" data-kb-article-id=\"5553\"\n\t\t\t\t        data-kb-type=\"article\"  style=\"padding-bottom: 4px; padding-top: 4px;\"  >   \n\t\t<a href=\"https:\/\/www.preguntasfrecuentes.una.ac.cr\/?epkb_post_type_1=como-renuevo-alguna-de-las-becas-que-otorga-la-una\"  class=\"epkb-mp-article \"\n\t\t            data-kb-article-id=\"5553\" >\n\t\t\t<span class=\"eckb-article-title\"  style=\"color: #000000;\"  >\n\t\t\t\t<span class=\"eckb-article-title__icon ep_font_icon_document\"  style=\"color: #dd3333;\"  aria-hidden=\"true\"><\/span>\n\t\t\t\t<span class=\"eckb-article-title__text\" >\u00bfC\u00f3mo renuevo alguna de las becas que otorga la UNA?<\/span>\n\t\t\t<\/span> \t\t<\/a>    \t\t\t\t<\/li> \t\t\t\t<li class=\"epkb-article-level-1 epkb-hide-elem\" data-kb-article-id=\"5550\"\n\t\t\t\t        data-kb-type=\"article\"  style=\"padding-bottom: 4px; padding-top: 4px;\"  >   \n\t\t<a href=\"https:\/\/www.preguntasfrecuentes.una.ac.cr\/?epkb_post_type_1=donde-puedo-revisar-el-resultado-de-mi-beca\"  class=\"epkb-mp-article \"\n\t\t            data-kb-article-id=\"5550\" >\n\t\t\t<span class=\"eckb-article-title\"  style=\"color: #000000;\"  >\n\t\t\t\t<span class=\"eckb-article-title__icon ep_font_icon_document\"  style=\"color: #dd3333;\"  aria-hidden=\"true\"><\/span>\n\t\t\t\t<span class=\"eckb-article-title__text\" >\u00bfD\u00f3nde puedo revisar el resultado de mi beca?<\/span>\n\t\t\t<\/span> \t\t<\/a>    \t\t\t\t<\/li> \t\t\t\t<li class=\"epkb-article-level-1 epkb-hide-elem\" data-kb-article-id=\"5549\"\n\t\t\t\t        data-kb-type=\"article\"  style=\"padding-bottom: 4px; padding-top: 4px;\"  >   \n\t\t<a href=\"https:\/\/www.preguntasfrecuentes.una.ac.cr\/?epkb_post_type_1=cuando-entrego-el-formulario-y-los-documentos-de-becas-para-quienes-no-fueron-admitidos-en-la-primera-opcion-de-carrera-y-estan-en-lista-de-espera\"  class=\"epkb-mp-article \"\n\t\t            data-kb-article-id=\"5549\" >\n\t\t\t<span class=\"eckb-article-title\"  style=\"color: #000000;\"  >\n\t\t\t\t<span class=\"eckb-article-title__icon ep_font_icon_document\"  style=\"color: #dd3333;\"  aria-hidden=\"true\"><\/span>\n\t\t\t\t<span class=\"eckb-article-title__text\" >\u00bfCu\u00e1ndo entrego el formulario y los documentos de becas, para quienes no fueron admitidos en la primera opci\u00f3n de carrera y est\u00e1n en lista de espera?<\/span>\n\t\t\t<\/span> \t\t<\/a>    \t\t\t\t<\/li> \t\t\t\t<li class=\"epkb-article-level-1 epkb-hide-elem\" data-kb-article-id=\"5548\"\n\t\t\t\t        data-kb-type=\"article\"  style=\"padding-bottom: 4px; padding-top: 4px;\"  >   \n\t\t<a href=\"https:\/\/www.preguntasfrecuentes.una.ac.cr\/?epkb_post_type_1=como-se-entrega-el-formulario-para-solicitar-una-beca-por-condicion-socioeconomica-si-soy-de-primer-ingreso\"  class=\"epkb-mp-article \"\n\t\t            data-kb-article-id=\"5548\" >\n\t\t\t<span class=\"eckb-article-title\"  style=\"color: #000000;\"  >\n\t\t\t\t<span class=\"eckb-article-title__icon ep_font_icon_document\"  style=\"color: #dd3333;\"  aria-hidden=\"true\"><\/span>\n\t\t\t\t<span class=\"eckb-article-title__text\" >\u00bfC\u00f3mo se entrega el formulario para solicitar una beca por condici\u00f3n socioecon\u00f3mica, si soy de primer ingreso?<\/span>\n\t\t\t<\/span> \t\t<\/a>    \t\t\t\t<\/li> \t\t\t\t<li class=\"epkb-article-level-1 epkb-hide-elem\" data-kb-article-id=\"5547\"\n\t\t\t\t        data-kb-type=\"article\"  style=\"padding-bottom: 4px; padding-top: 4px;\"  >   \n\t\t<a href=\"https:\/\/www.preguntasfrecuentes.una.ac.cr\/?epkb_post_type_1=donde-encuentro-el-formulario-para-solicitar-una-beca-por-condicion-socioeconomica-si-soy-de-primer-ingreso\"  class=\"epkb-mp-article \"\n\t\t            data-kb-article-id=\"5547\" >\n\t\t\t<span class=\"eckb-article-title\"  style=\"color: #000000;\"  >\n\t\t\t\t<span class=\"eckb-article-title__icon ep_font_icon_document\"  style=\"color: #dd3333;\"  aria-hidden=\"true\"><\/span>\n\t\t\t\t<span class=\"eckb-article-title__text\" >\u00bfD\u00f3nde encuentro el formulario para solicitar una beca por condici\u00f3n socioecon\u00f3mica si soy de primer ingreso?<\/span>\n\t\t\t<\/span> \t\t<\/a>    \t\t\t\t<\/li> \t\t\t\t<li class=\"epkb-article-level-1 epkb-hide-elem\" data-kb-article-id=\"5545\"\n\t\t\t\t        data-kb-type=\"article\"  style=\"padding-bottom: 4px; padding-top: 4px;\"  >   \n\t\t<a href=\"https:\/\/www.preguntasfrecuentes.una.ac.cr\/?epkb_post_type_1=cuales-son-los-pasos-para-obtener-beca\"  class=\"epkb-mp-article \"\n\t\t            data-kb-article-id=\"5545\" >\n\t\t\t<span class=\"eckb-article-title\"  style=\"color: #000000;\"  >\n\t\t\t\t<span class=\"eckb-article-title__icon ep_font_icon_document\"  style=\"color: #dd3333;\"  aria-hidden=\"true\"><\/span>\n\t\t\t\t<span class=\"eckb-article-title__text\" >\u00bfCu\u00e1les son los pasos para obtener beca?<\/span>\n\t\t\t<\/span> \t\t<\/a>    \t\t\t\t<\/li> \t\t\t\t<li class=\"epkb-article-level-1 epkb-hide-elem\" data-kb-article-id=\"5546\"\n\t\t\t\t        data-kb-type=\"article\"  style=\"padding-bottom: 4px; padding-top: 4px;\"  >   \n\t\t<a href=\"https:\/\/www.preguntasfrecuentes.una.ac.cr\/?epkb_post_type_1=que-debo-hacer-para-presentar-una-solicitud-de-beca-socioeconomica-si-soy-estudiante-de-primer-ingreso\"  class=\"epkb-mp-article \"\n\t\t            data-kb-article-id=\"5546\" >\n\t\t\t<span class=\"eckb-article-title\"  style=\"color: #000000;\"  >\n\t\t\t\t<span class=\"eckb-article-title__icon ep_font_icon_document\"  style=\"color: #dd3333;\"  aria-hidden=\"true\"><\/span>\n\t\t\t\t<span class=\"eckb-article-title__text\" >\u00bfQu\u00e9 debo hacer para presentar una solicitud de beca socioecon\u00f3mica si soy estudiante de primer ingreso?<\/span>\n\t\t\t<\/span> \t\t<\/a>    \t\t\t\t<\/li> \n\t\t<\/ul> \t\t\t<button class=\"epkb-show-all-articles\" aria-expanded=\"false\" data-btn-id=\"336\">\n\t\t\t\t\t<span class=\"epkb-show-text\">\n\t\t\t\t\t\tMostrar todos los art\u00edculos ( 15 )\n\t\t\t\t\t<\/span>\n\t\t\t\t<span class=\"epkb-hide-text epkb-hide-elem\">Contraer art\u00edculos<\/span>\n\t\t\t<\/button>\t\t\t\t\t\n\t\t\t\t\t<\/div><!-- Section Body End -->\n\n\t\t\t\t<\/section><!-- Section End -->  \t\t\t\t\t<\/div>  \t\t\t\t\t<div class=\"epkb-ml__module-categories-articles__row\">  \n\t\t\t\t<!-- Section Container ( Category Box ) -->\n\t\t\t\t<section id=\"epkb_cat_3\" class=\"section_light_shadow epkb-top-category-box\"  style=\"border-radius: 4px; border-width: 1px; border-color: #CACACE; background-color: #FEFEFE; border-style: solid;\"  >\n\n\t\t\t\t\t<!-- Section Head -->\n\t\t\t\t\t<div class=\"section-head section_divider\"  style=\"border-bottom-width: 1px; background-color: #FFFFFF; border-top-left-radius: 4px; border-top-right-radius: 4px; border-bottom-color: #FFFFFF; padding-top: 20px; padding-bottom: 20px; padding-left: 20px; padding-right: 20px; padding-left: 10px;\"  >\n\n\t\t\t\t\t\t<!-- Category Name + Icon -->\n\t\t\t\t\t\t<div class=\"epkb-category-level-1 epkb-category-level-1--icon-loc-left epkb-category-level-1--alignment-left\" data-kb-category-id=\"362\" data-kb-type=\"category\"  style=\"color: #000000;\"  >\n\n\t\t\t\t\t\t\t<!-- Icon Top \/ Left -->\t                            \t\t\t\t\t\t\t\t\t<span class=\"epkb-cat-icon epkbfa epkbfa-server\" data-kb-category-icon=\"epkbfa-server\"  style=\"color: #eb5a46; font-size: 30px;\" ><\/span>\t\t\t\t\t\t\t\t<div class=\"epkb-cat-name\">    \t\t\t\t\t\t\t\t\t<div class=\"epkb-cat-name-count-container\"  style=\"color: #000000; font-size:24px;\" >\n\t\t\t\t\t\t\t\t\t\t<h2 class=\"epkb-cat-name\">Carreras<\/h2>\n\t\t\t\t\t\t\t\t\t\t<span class=\"epkb-cat-count\">10<\/span>\n\t\t\t\t\t\t\t\t\t<\/div> \n\t\t\t\t\t\t\t<\/div>\n\n\t\t\t\t\t\t\t<!-- Icon Right -->     \n\t\t\t\t\t\t<\/div>\n\n\t\t\t\t\t\t<!-- Category Description -->\t\t\t\t\t\t\t\t\t\t\t<\/div>\n\n\t\t\t\t\t<!-- Section Body -->\n\t\t\t\t\t<div class=\"epkb-section-body\"  style=\"border-bottom-width: 1px; padding-top: 4px; padding-bottom: 4px; padding-left: 22px; padding-right: 4px; min-height: 130px;\"  >\t\t\t\t\t\t\n\t\t<ul class=\"epkb-main-category epkb-articles\"  style=\"padding-left: 10px;\"  data-list-id=\"362\"> \t\t\t\t<li class=\"epkb-article-level-1 \" data-kb-article-id=\"5567\"\n\t\t\t\t        data-kb-type=\"article\"  style=\"padding-bottom: 4px; padding-top: 4px;\"  >   \n\t\t<a href=\"https:\/\/www.preguntasfrecuentes.una.ac.cr\/?epkb_post_type_1=cuales-carreras-ofrece-la-una\"  class=\"epkb-mp-article \"\n\t\t            data-kb-article-id=\"5567\" >\n\t\t\t<span class=\"eckb-article-title\"  style=\"color: #000000;\"  >\n\t\t\t\t<span class=\"eckb-article-title__icon ep_font_icon_document\"  style=\"color: #dd3333;\"  aria-hidden=\"true\"><\/span>\n\t\t\t\t<span class=\"eckb-article-title__text\" >\u00bfCu\u00e1les carreras ofrece la UNA?<\/span>\n\t\t\t<\/span> \t\t<\/a>    \t\t\t\t<\/li> \t\t\t\t<li class=\"epkb-article-level-1 \" data-kb-article-id=\"5563\"\n\t\t\t\t        data-kb-type=\"article\"  style=\"padding-bottom: 4px; padding-top: 4px;\"  >   \n\t\t<a href=\"https:\/\/www.preguntasfrecuentes.una.ac.cr\/?epkb_post_type_1=cuanto-cuestan-las-carreras-en-la-una\"  class=\"epkb-mp-article \"\n\t\t            data-kb-article-id=\"5563\" >\n\t\t\t<span class=\"eckb-article-title\"  style=\"color: #000000;\"  >\n\t\t\t\t<span class=\"eckb-article-title__icon ep_font_icon_document\"  style=\"color: #dd3333;\"  aria-hidden=\"true\"><\/span>\n\t\t\t\t<span class=\"eckb-article-title__text\" >\u00bfCu\u00e1nto cuestan las carreras en la UNA?<\/span>\n\t\t\t<\/span> \t\t<\/a>    \t\t\t\t<\/li> \t\t\t\t<li class=\"epkb-article-level-1 \" data-kb-article-id=\"5564\"\n\t\t\t\t        data-kb-type=\"article\"  style=\"padding-bottom: 4px; padding-top: 4px;\"  >   \n\t\t<a href=\"https:\/\/www.preguntasfrecuentes.una.ac.cr\/?epkb_post_type_1=como-se-cuales-carreras-estaran-inactivas-el-proximo-ano\"  class=\"epkb-mp-article \"\n\t\t            data-kb-article-id=\"5564\" >\n\t\t\t<span class=\"eckb-article-title\"  style=\"color: #000000;\"  >\n\t\t\t\t<span class=\"eckb-article-title__icon ep_font_icon_document\"  style=\"color: #dd3333;\"  aria-hidden=\"true\"><\/span>\n\t\t\t\t<span class=\"eckb-article-title__text\" >\u00bfC\u00f3mo se cu\u00e1les carreras estar\u00e1n inactivas el pr\u00f3ximo a\u00f1o?<\/span>\n\t\t\t<\/span> \t\t<\/a>    \t\t\t\t<\/li> \t\t\t\t<li class=\"epkb-article-level-1 \" data-kb-article-id=\"5565\"\n\t\t\t\t        data-kb-type=\"article\"  style=\"padding-bottom: 4px; padding-top: 4px;\"  >   \n\t\t<a href=\"https:\/\/www.preguntasfrecuentes.una.ac.cr\/?epkb_post_type_1=cuales-carreras-presentan-algun-requisito-especial-para-el-proximo-ano\"  class=\"epkb-mp-article \"\n\t\t            data-kb-article-id=\"5565\" >\n\t\t\t<span class=\"eckb-article-title\"  style=\"color: #000000;\"  >\n\t\t\t\t<span class=\"eckb-article-title__icon ep_font_icon_document\"  style=\"color: #dd3333;\"  aria-hidden=\"true\"><\/span>\n\t\t\t\t<span class=\"eckb-article-title__text\" >\u00bfCu\u00e1les carreras presentan alg\u00fan requisito especial para el pr\u00f3ximo a\u00f1o?<\/span>\n\t\t\t<\/span> \t\t<\/a>    \t\t\t\t<\/li> \t\t\t\t<li class=\"epkb-article-level-1 \" data-kb-article-id=\"5562\"\n\t\t\t\t        data-kb-type=\"article\"  style=\"padding-bottom: 4px; padding-top: 4px;\"  >   \n\t\t<a href=\"https:\/\/www.preguntasfrecuentes.una.ac.cr\/?epkb_post_type_1=como-puedo-cambiarme-de-carrera-o-cursar-una-segunda-carrera\"  class=\"epkb-mp-article \"\n\t\t            data-kb-article-id=\"5562\" >\n\t\t\t<span class=\"eckb-article-title\"  style=\"color: #000000;\"  >\n\t\t\t\t<span class=\"eckb-article-title__icon ep_font_icon_document\"  style=\"color: #dd3333;\"  aria-hidden=\"true\"><\/span>\n\t\t\t\t<span class=\"eckb-article-title__text\" >\u00bfC\u00f3mo puedo cambiarme de carrera o cursar una segunda carrera?<\/span>\n\t\t\t<\/span> \t\t<\/a>    \t\t\t\t<\/li> \t\t\t\t<li class=\"epkb-article-level-1 epkb-hide-elem\" data-kb-article-id=\"5560\"\n\t\t\t\t        data-kb-type=\"article\"  style=\"padding-bottom: 4px; padding-top: 4px;\"  >   \n\t\t<a href=\"https:\/\/www.preguntasfrecuentes.una.ac.cr\/?epkb_post_type_1=donde-puedo-revisar-en-cuales-carreras-hay-espacios-disponibles\"  class=\"epkb-mp-article \"\n\t\t            data-kb-article-id=\"5560\" >\n\t\t\t<span class=\"eckb-article-title\"  style=\"color: #000000;\"  >\n\t\t\t\t<span class=\"eckb-article-title__icon ep_font_icon_document\"  style=\"color: #dd3333;\"  aria-hidden=\"true\"><\/span>\n\t\t\t\t<span class=\"eckb-article-title__text\" >\u00bfD\u00f3nde puedo revisar en cu\u00e1les carreras hay espacios disponibles?<\/span>\n\t\t\t<\/span> \t\t<\/a>    \t\t\t\t<\/li> \t\t\t\t<li class=\"epkb-article-level-1 epkb-hide-elem\" data-kb-article-id=\"5561\"\n\t\t\t\t        data-kb-type=\"article\"  style=\"padding-bottom: 4px; padding-top: 4px;\"  >   \n\t\t<a href=\"https:\/\/www.preguntasfrecuentes.una.ac.cr\/?epkb_post_type_1=en-cuales-sedes-de-la-una-imparten-los-cursos-de-estudios-generales\"  class=\"epkb-mp-article \"\n\t\t            data-kb-article-id=\"5561\" >\n\t\t\t<span class=\"eckb-article-title\"  style=\"color: #000000;\"  >\n\t\t\t\t<span class=\"eckb-article-title__icon ep_font_icon_document\"  style=\"color: #dd3333;\"  aria-hidden=\"true\"><\/span>\n\t\t\t\t<span class=\"eckb-article-title__text\" >\u00bfEn cu\u00e1les sedes de la UNA imparten los cursos de Estudios Generales?<\/span>\n\t\t\t<\/span> \t\t<\/a>    \t\t\t\t<\/li> \t\t\t\t<li class=\"epkb-article-level-1 epkb-hide-elem\" data-kb-article-id=\"5558\"\n\t\t\t\t        data-kb-type=\"article\"  style=\"padding-bottom: 4px; padding-top: 4px;\"  >   \n\t\t<a href=\"https:\/\/www.preguntasfrecuentes.una.ac.cr\/?epkb_post_type_1=cuales-carreras-ofrecen-en-la-sede-interuniversitaria-una-en-alajuela\"  class=\"epkb-mp-article \"\n\t\t            data-kb-article-id=\"5558\" >\n\t\t\t<span class=\"eckb-article-title\"  style=\"color: #000000;\"  >\n\t\t\t\t<span class=\"eckb-article-title__icon ep_font_icon_document\"  style=\"color: #dd3333;\"  aria-hidden=\"true\"><\/span>\n\t\t\t\t<span class=\"eckb-article-title__text\" >\u00bfCu\u00e1les carreras ofrecen en la Sede Interuniversitaria-UNA, en Alajuela?<\/span>\n\t\t\t<\/span> \t\t<\/a>    \t\t\t\t<\/li> \t\t\t\t<li class=\"epkb-article-level-1 epkb-hide-elem\" data-kb-article-id=\"5559\"\n\t\t\t\t        data-kb-type=\"article\"  style=\"padding-bottom: 4px; padding-top: 4px;\"  >   \n\t\t<a href=\"https:\/\/www.preguntasfrecuentes.una.ac.cr\/?epkb_post_type_1=cual-es-el-proceso-para-poder-trasladarme-a-la-una-si-actualmente-estoy-cursando-una-carrera-en-otra-universidad\"  class=\"epkb-mp-article \"\n\t\t            data-kb-article-id=\"5559\" >\n\t\t\t<span class=\"eckb-article-title\"  style=\"color: #000000;\"  >\n\t\t\t\t<span class=\"eckb-article-title__icon ep_font_icon_document\"  style=\"color: #dd3333;\"  aria-hidden=\"true\"><\/span>\n\t\t\t\t<span class=\"eckb-article-title__text\" >\u00bfCu\u00e1l es el proceso para poder trasladarme a la UNA, si actualmente estoy cursando una carrera en otra universidad?<\/span>\n\t\t\t<\/span> \t\t<\/a>    \t\t\t\t<\/li> \t\t\t\t<li class=\"epkb-article-level-1 epkb-hide-elem\" data-kb-article-id=\"5557\"\n\t\t\t\t        data-kb-type=\"article\"  style=\"padding-bottom: 4px; padding-top: 4px;\"  >   \n\t\t<a href=\"https:\/\/www.preguntasfrecuentes.una.ac.cr\/?epkb_post_type_1=ofrece-la-universidad-nacional-carreras-o-posgrados-virtuales\"  class=\"epkb-mp-article \"\n\t\t            data-kb-article-id=\"5557\" >\n\t\t\t<span class=\"eckb-article-title\"  style=\"color: #000000;\"  >\n\t\t\t\t<span class=\"eckb-article-title__icon ep_font_icon_document\"  style=\"color: #dd3333;\"  aria-hidden=\"true\"><\/span>\n\t\t\t\t<span class=\"eckb-article-title__text\" >\u00bfOfrece la Universidad Nacional carreras o posgrados virtuales?<\/span>\n\t\t\t<\/span> \t\t<\/a>    \t\t\t\t<\/li> \n\t\t<\/ul> \t\t\t<button class=\"epkb-show-all-articles\" aria-expanded=\"false\" data-btn-id=\"362\">\n\t\t\t\t\t<span class=\"epkb-show-text\">\n\t\t\t\t\t\tMostrar todos los art\u00edculos ( 5 )\n\t\t\t\t\t<\/span>\n\t\t\t\t<span class=\"epkb-hide-text epkb-hide-elem\">Contraer art\u00edculos<\/span>\n\t\t\t<\/button>\t\t\t\t\t\n\t\t\t\t\t<\/div><!-- Section Body End -->\n\n\t\t\t\t<\/section><!-- Section End -->  \n\t\t\t\t<!-- Section Container ( Category Box ) -->\n\t\t\t\t<section id=\"epkb_cat_4\" class=\"section_light_shadow epkb-top-category-box\"  style=\"border-radius: 4px; border-width: 1px; border-color: #CACACE; background-color: #FEFEFE; border-style: solid;\"  >\n\n\t\t\t\t\t<!-- Section Head -->\n\t\t\t\t\t<div class=\"section-head section_divider\"  style=\"border-bottom-width: 1px; background-color: #FFFFFF; border-top-left-radius: 4px; border-top-right-radius: 4px; border-bottom-color: #FFFFFF; padding-top: 20px; padding-bottom: 20px; padding-left: 20px; padding-right: 20px; padding-left: 10px;\"  >\n\n\t\t\t\t\t\t<!-- Category Name + Icon -->\n\t\t\t\t\t\t<div class=\"epkb-category-level-1 epkb-category-level-1--icon-loc-left epkb-category-level-1--alignment-left\" data-kb-category-id=\"364\" data-kb-type=\"category\"  style=\"color: #000000;\"  >\n\n\t\t\t\t\t\t\t<!-- Icon Top \/ Left -->\t                            \t\t\t\t\t\t\t\t\t<span class=\"epkb-cat-icon epkbfa epkbfa-certificate\" data-kb-category-icon=\"epkbfa-certificate\"  style=\"color: #eb5a46; font-size: 30px;\" ><\/span>\t\t\t\t\t\t\t\t<div class=\"epkb-cat-name\">    \t\t\t\t\t\t\t\t\t<div class=\"epkb-cat-name-count-container\"  style=\"color: #000000; font-size:24px;\" >\n\t\t\t\t\t\t\t\t\t\t<h2 class=\"epkb-cat-name\">Certificaciones<\/h2>\n\t\t\t\t\t\t\t\t\t\t<span class=\"epkb-cat-count\">7<\/span>\n\t\t\t\t\t\t\t\t\t<\/div> \n\t\t\t\t\t\t\t<\/div>\n\n\t\t\t\t\t\t\t<!-- Icon Right -->     \n\t\t\t\t\t\t<\/div>\n\n\t\t\t\t\t\t<!-- Category Description -->\t\t\t\t\t\t\t\t\t\t\t<\/div>\n\n\t\t\t\t\t<!-- Section Body -->\n\t\t\t\t\t<div class=\"epkb-section-body\"  style=\"border-bottom-width: 1px; padding-top: 4px; padding-bottom: 4px; padding-left: 22px; padding-right: 4px; min-height: 130px;\"  >\t\t\t\t\t\t\n\t\t<ul class=\"epkb-main-category epkb-articles\"  style=\"padding-left: 10px;\"  data-list-id=\"364\"> \t\t\t\t<li class=\"epkb-article-level-1 \" data-kb-article-id=\"6974\"\n\t\t\t\t        data-kb-type=\"article\"  style=\"padding-bottom: 4px; padding-top: 4px;\"  >   \n\t\t<a href=\"https:\/\/www.preguntasfrecuentes.una.ac.cr\/?epkb_post_type_1=que-tipos-de-certificaciones-ofrece-el-departamento-de-registro-de-la-universidad-nacional\"  class=\"epkb-mp-article \"\n\t\t            data-kb-article-id=\"6974\" >\n\t\t\t<span class=\"eckb-article-title\"  style=\"color: #000000;\"  >\n\t\t\t\t<span class=\"eckb-article-title__icon ep_font_icon_document\"  style=\"color: #dd3333;\"  aria-hidden=\"true\"><\/span>\n\t\t\t\t<span class=\"eckb-article-title__text\" >\u00bfQu\u00e9 tipos de certificaciones ofrece el Departamento de Registro de la Universidad Nacional?<\/span>\n\t\t\t<\/span> \t\t<\/a>    \t\t\t\t<\/li> \t\t\t\t<li class=\"epkb-article-level-1 \" data-kb-article-id=\"6093\"\n\t\t\t\t        data-kb-type=\"article\"  style=\"padding-bottom: 4px; padding-top: 4px;\"  >   \n\t\t<a href=\"https:\/\/www.preguntasfrecuentes.una.ac.cr\/?epkb_post_type_1=como-solicito-una-certificacion\"  class=\"epkb-mp-article \"\n\t\t            data-kb-article-id=\"6093\" >\n\t\t\t<span class=\"eckb-article-title\"  style=\"color: #000000;\"  >\n\t\t\t\t<span class=\"eckb-article-title__icon ep_font_icon_document\"  style=\"color: #dd3333;\"  aria-hidden=\"true\"><\/span>\n\t\t\t\t<span class=\"eckb-article-title__text\" >\u00bfC\u00f3mo solicito una certificaci\u00f3n?<\/span>\n\t\t\t<\/span> \t\t<\/a>    \t\t\t\t<\/li> \t\t\t\t<li class=\"epkb-article-level-1 \" data-kb-article-id=\"6040\"\n\t\t\t\t        data-kb-type=\"article\"  style=\"padding-bottom: 4px; padding-top: 4px;\"  >   \n\t\t<a href=\"https:\/\/www.preguntasfrecuentes.una.ac.cr\/?epkb_post_type_1=me-faltan-pocas-materias-para-terminar-mi-plan-de-estudios-y-necesito-una-certificacion-que-lo-acredite-2\"  class=\"epkb-mp-article \"\n\t\t            data-kb-article-id=\"6040\" >\n\t\t\t<span class=\"eckb-article-title\"  style=\"color: #000000;\"  >\n\t\t\t\t<span class=\"eckb-article-title__icon ep_font_icon_document\"  style=\"color: #dd3333;\"  aria-hidden=\"true\"><\/span>\n\t\t\t\t<span class=\"eckb-article-title__text\" >\u00bfMe faltan pocas materias para terminar mi plan de estudios y necesito una certificaci\u00f3n que lo acredite?<\/span>\n\t\t\t<\/span> \t\t<\/a>    \t\t\t\t<\/li> \t\t\t\t<li class=\"epkb-article-level-1 \" data-kb-article-id=\"5576\"\n\t\t\t\t        data-kb-type=\"article\"  style=\"padding-bottom: 4px; padding-top: 4px;\"  >   \n\t\t<a href=\"https:\/\/www.preguntasfrecuentes.una.ac.cr\/?epkb_post_type_1=como-obtengo-una-certificacion-de-la-una-si-estoy-en-el-extranjero\"  class=\"epkb-mp-article \"\n\t\t            data-kb-article-id=\"5576\" >\n\t\t\t<span class=\"eckb-article-title\"  style=\"color: #000000;\"  >\n\t\t\t\t<span class=\"eckb-article-title__icon ep_font_icon_document\"  style=\"color: #dd3333;\"  aria-hidden=\"true\"><\/span>\n\t\t\t\t<span class=\"eckb-article-title__text\" >\u00bfC\u00f3mo obtengo una certificaci\u00f3n de la UNA, si estoy en el extranjero?<\/span>\n\t\t\t<\/span> \t\t<\/a>    \t\t\t\t<\/li> \t\t\t\t<li class=\"epkb-article-level-1 \" data-kb-article-id=\"5574\"\n\t\t\t\t        data-kb-type=\"article\"  style=\"padding-bottom: 4px; padding-top: 4px;\"  >   \n\t\t<a href=\"https:\/\/www.preguntasfrecuentes.una.ac.cr\/?epkb_post_type_1=cuanto-tiempo-tardan-en-confeccionar-mi-certificacion-de-titulo\"  class=\"epkb-mp-article \"\n\t\t            data-kb-article-id=\"5574\" >\n\t\t\t<span class=\"eckb-article-title\"  style=\"color: #000000;\"  >\n\t\t\t\t<span class=\"eckb-article-title__icon ep_font_icon_document\"  style=\"color: #dd3333;\"  aria-hidden=\"true\"><\/span>\n\t\t\t\t<span class=\"eckb-article-title__text\" >\u00bfCu\u00e1nto tiempo tardan en confeccionar mi certificaci\u00f3n de t\u00edtulo?<\/span>\n\t\t\t<\/span> \t\t<\/a>    \t\t\t\t<\/li> \t\t\t\t<li class=\"epkb-article-level-1 epkb-hide-elem\" data-kb-article-id=\"5572\"\n\t\t\t\t        data-kb-type=\"article\"  style=\"padding-bottom: 4px; padding-top: 4px;\"  >   \n\t\t<a href=\"https:\/\/www.preguntasfrecuentes.una.ac.cr\/?epkb_post_type_1=como-puedo-obtener-una-certificacion-de-mi-titulo\"  class=\"epkb-mp-article \"\n\t\t            data-kb-article-id=\"5572\" >\n\t\t\t<span class=\"eckb-article-title\"  style=\"color: #000000;\"  >\n\t\t\t\t<span class=\"eckb-article-title__icon ep_font_icon_document\"  style=\"color: #dd3333;\"  aria-hidden=\"true\"><\/span>\n\t\t\t\t<span class=\"eckb-article-title__text\" >\u00bfC\u00f3mo puedo obtener una certificaci\u00f3n de mi t\u00edtulo?<\/span>\n\t\t\t<\/span> \t\t<\/a>    \t\t\t\t<\/li> \t\t\t\t<li class=\"epkb-article-level-1 epkb-hide-elem\" data-kb-article-id=\"5570\"\n\t\t\t\t        data-kb-type=\"article\"  style=\"padding-bottom: 4px; padding-top: 4px;\"  >   \n\t\t<a href=\"https:\/\/www.preguntasfrecuentes.una.ac.cr\/?epkb_post_type_1=como-puedo-retirar-la-certificacion-de-finalizacion-de-plan-de-estudios\"  class=\"epkb-mp-article \"\n\t\t            data-kb-article-id=\"5570\" >\n\t\t\t<span class=\"eckb-article-title\"  style=\"color: #000000;\"  >\n\t\t\t\t<span class=\"eckb-article-title__icon ep_font_icon_document\"  style=\"color: #dd3333;\"  aria-hidden=\"true\"><\/span>\n\t\t\t\t<span class=\"eckb-article-title__text\" >\u00bfC\u00f3mo puedo retirar la certificaci\u00f3n de finalizaci\u00f3n de plan de estudios?<\/span>\n\t\t\t<\/span> \t\t<\/a>    \t\t\t\t<\/li> \n\t\t<\/ul> \t\t\t<button class=\"epkb-show-all-articles\" aria-expanded=\"false\" data-btn-id=\"364\">\n\t\t\t\t\t<span class=\"epkb-show-text\">\n\t\t\t\t\t\tMostrar todos los art\u00edculos ( 2 )\n\t\t\t\t\t<\/span>\n\t\t\t\t<span class=\"epkb-hide-text epkb-hide-elem\">Contraer art\u00edculos<\/span>\n\t\t\t<\/button>\t\t\t\t\t\n\t\t\t\t\t<\/div><!-- Section Body End -->\n\n\t\t\t\t<\/section><!-- Section End -->  \t\t\t\t\t<\/div>  \t\t\t\t\t<div class=\"epkb-ml__module-categories-articles__row\">  \n\t\t\t\t<!-- Section Container ( Category Box ) -->\n\t\t\t\t<section id=\"epkb_cat_5\" class=\"section_light_shadow epkb-top-category-box\"  style=\"border-radius: 4px; border-width: 1px; border-color: #CACACE; background-color: #FEFEFE; border-style: solid;\"  >\n\n\t\t\t\t\t<!-- Section Head -->\n\t\t\t\t\t<div class=\"section-head section_divider\"  style=\"border-bottom-width: 1px; background-color: #FFFFFF; border-top-left-radius: 4px; border-top-right-radius: 4px; border-bottom-color: #FFFFFF; padding-top: 20px; padding-bottom: 20px; padding-left: 20px; padding-right: 20px; padding-left: 10px;\"  >\n\n\t\t\t\t\t\t<!-- Category Name + Icon -->\n\t\t\t\t\t\t<div class=\"epkb-category-level-1 epkb-category-level-1--icon-loc-left epkb-category-level-1--alignment-left\" data-kb-category-id=\"373\" data-kb-type=\"category\"  style=\"color: #000000;\"  >\n\n\t\t\t\t\t\t\t<!-- Icon Top \/ Left -->\t                            \t\t\t\t\t\t\t\t\t<span class=\"epkb-cat-icon epkbfa epkbfa-graduation-cap\" data-kb-category-icon=\"epkbfa-graduation-cap\"  style=\"color: #eb5a46; font-size: 30px;\" ><\/span>\t\t\t\t\t\t\t\t<div class=\"epkb-cat-name\">    \t\t\t\t\t\t\t\t\t<div class=\"epkb-cat-name-count-container\"  style=\"color: #000000; font-size:24px;\" >\n\t\t\t\t\t\t\t\t\t\t<h2 class=\"epkb-cat-name\">Graduaci\u00f3n<\/h2>\n\t\t\t\t\t\t\t\t\t\t<span class=\"epkb-cat-count\">18<\/span>\n\t\t\t\t\t\t\t\t\t<\/div> \n\t\t\t\t\t\t\t<\/div>\n\n\t\t\t\t\t\t\t<!-- Icon Right -->     \n\t\t\t\t\t\t<\/div>\n\n\t\t\t\t\t\t<!-- Category Description -->\t\t\t\t\t\t\t\t\t\t\t<\/div>\n\n\t\t\t\t\t<!-- Section Body -->\n\t\t\t\t\t<div class=\"epkb-section-body\"  style=\"border-bottom-width: 1px; padding-top: 4px; padding-bottom: 4px; padding-left: 22px; padding-right: 4px; min-height: 130px;\"  >\t\t\t\t\t\t\n\t\t<ul class=\"epkb-main-category epkb-articles\"  style=\"padding-left: 10px;\"  data-list-id=\"373\"> \t\t\t\t<li class=\"epkb-article-level-1 \" data-kb-article-id=\"6958\"\n\t\t\t\t        data-kb-type=\"article\"  style=\"padding-bottom: 4px; padding-top: 4px;\"  >   \n\t\t<a href=\"https:\/\/www.preguntasfrecuentes.una.ac.cr\/?epkb_post_type_1=cuales-son-los-pasos-para-realizar-la-inscripcion-para-la-i-graduacion-2023-como-estudiante-graduando\"  class=\"epkb-mp-article \"\n\t\t            data-kb-article-id=\"6958\" >\n\t\t\t<span class=\"eckb-article-title\"  style=\"color: #000000;\"  >\n\t\t\t\t<span class=\"eckb-article-title__icon ep_font_icon_document\"  style=\"color: #dd3333;\"  aria-hidden=\"true\"><\/span>\n\t\t\t\t<span class=\"eckb-article-title__text\" >\u00bfCu\u00e1les son los pasos para realizar la inscripci\u00f3n para la  Graduaci\u00f3n como estudiante graduando?<\/span>\n\t\t\t<\/span> \t\t<\/a>    \t\t\t\t<\/li> \t\t\t\t<li class=\"epkb-article-level-1 \" data-kb-article-id=\"6801\"\n\t\t\t\t        data-kb-type=\"article\"  style=\"padding-bottom: 4px; padding-top: 4px;\"  >   \n\t\t<a href=\"https:\/\/www.preguntasfrecuentes.una.ac.cr\/?epkb_post_type_1=ya-termine-mi-plan-de-estudios-como-puedo-obtener-una-certificacion-de-mi-titulo\"  class=\"epkb-mp-article \"\n\t\t            data-kb-article-id=\"6801\" >\n\t\t\t<span class=\"eckb-article-title\"  style=\"color: #000000;\"  >\n\t\t\t\t<span class=\"eckb-article-title__icon ep_font_icon_document\"  style=\"color: #dd3333;\"  aria-hidden=\"true\"><\/span>\n\t\t\t\t<span class=\"eckb-article-title__text\" >Ya termine mi plan de estudios \u00bfc\u00f3mo puedo obtener una certificaci\u00f3n de mi t\u00edtulo?<\/span>\n\t\t\t<\/span> \t\t<\/a>    \t\t\t\t<\/li> \t\t\t\t<li class=\"epkb-article-level-1 \" data-kb-article-id=\"6434\"\n\t\t\t\t        data-kb-type=\"article\"  style=\"padding-bottom: 4px; padding-top: 4px;\"  >   \n\t\t<a href=\"https:\/\/www.preguntasfrecuentes.una.ac.cr\/?epkb_post_type_1=como-se-realiza-la-juramentacion-via-web\"  class=\"epkb-mp-article \"\n\t\t            data-kb-article-id=\"6434\" >\n\t\t\t<span class=\"eckb-article-title\"  style=\"color: #000000;\"  >\n\t\t\t\t<span class=\"eckb-article-title__icon ep_font_icon_document\"  style=\"color: #dd3333;\"  aria-hidden=\"true\"><\/span>\n\t\t\t\t<span class=\"eckb-article-title__text\" >\u00bfC\u00f3mo se realiza la juramentaci\u00f3n v\u00eda web?<\/span>\n\t\t\t<\/span> \t\t<\/a>    \t\t\t\t<\/li> \t\t\t\t<li class=\"epkb-article-level-1 \" data-kb-article-id=\"6038\"\n\t\t\t\t        data-kb-type=\"article\"  style=\"padding-bottom: 4px; padding-top: 4px;\"  >   \n\t\t<a href=\"https:\/\/www.preguntasfrecuentes.una.ac.cr\/?epkb_post_type_1=como-puedo-retirar-la-certificacion\"  class=\"epkb-mp-article \"\n\t\t            data-kb-article-id=\"6038\" >\n\t\t\t<span class=\"eckb-article-title\"  style=\"color: #000000;\"  >\n\t\t\t\t<span class=\"eckb-article-title__icon ep_font_icon_document\"  style=\"color: #dd3333;\"  aria-hidden=\"true\"><\/span>\n\t\t\t\t<span class=\"eckb-article-title__text\" >\u00bfC\u00f3mo puedo retirar la certificaci\u00f3n?<\/span>\n\t\t\t<\/span> \t\t<\/a>    \t\t\t\t<\/li> \t\t\t\t<li class=\"epkb-article-level-1 \" data-kb-article-id=\"6036\"\n\t\t\t\t        data-kb-type=\"article\"  style=\"padding-bottom: 4px; padding-top: 4px;\"  >   \n\t\t<a href=\"https:\/\/www.preguntasfrecuentes.una.ac.cr\/?epkb_post_type_1=si-ya-termine-mi-plan-de-estudios-y-tengo-pendiente-mi-tesis-como-puedo-obtener-una-certificacion-que-lo-acredite-2\"  class=\"epkb-mp-article \"\n\t\t            data-kb-article-id=\"6036\" >\n\t\t\t<span class=\"eckb-article-title\"  style=\"color: #000000;\"  >\n\t\t\t\t<span class=\"eckb-article-title__icon ep_font_icon_document\"  style=\"color: #dd3333;\"  aria-hidden=\"true\"><\/span>\n\t\t\t\t<span class=\"eckb-article-title__text\" >\u00bfSi ya termine mi plan de estudios y tengo pendiente mi tesis, c\u00f3mo puedo obtener una certificaci\u00f3n que lo acredite?<\/span>\n\t\t\t<\/span> \t\t<\/a>    \t\t\t\t<\/li> \t\t\t\t<li class=\"epkb-article-level-1 epkb-hide-elem\" data-kb-article-id=\"5588\"\n\t\t\t\t        data-kb-type=\"article\"  style=\"padding-bottom: 4px; padding-top: 4px;\"  >   \n\t\t<a href=\"https:\/\/www.preguntasfrecuentes.una.ac.cr\/?epkb_post_type_1=donde-encuentro-el-formulario-para-autorizar-la-verificacion-de-mi-titulo\"  class=\"epkb-mp-article \"\n\t\t            data-kb-article-id=\"5588\" >\n\t\t\t<span class=\"eckb-article-title\"  style=\"color: #000000;\"  >\n\t\t\t\t<span class=\"eckb-article-title__icon ep_font_icon_document\"  style=\"color: #dd3333;\"  aria-hidden=\"true\"><\/span>\n\t\t\t\t<span class=\"eckb-article-title__text\" >\u00bfD\u00f3nde encuentro el formulario para autorizar la verificaci\u00f3n de mi t\u00edtulo?<\/span>\n\t\t\t<\/span> \t\t<\/a>    \t\t\t\t<\/li> \t\t\t\t<li class=\"epkb-article-level-1 epkb-hide-elem\" data-kb-article-id=\"5577\"\n\t\t\t\t        data-kb-type=\"article\"  style=\"padding-bottom: 4px; padding-top: 4px;\"  >   \n\t\t<a href=\"https:\/\/www.preguntasfrecuentes.una.ac.cr\/?epkb_post_type_1=como-puedo-obtener-un-certificado-de-mi-titulo-si-me-gradue-anos-atras\"  class=\"epkb-mp-article \"\n\t\t            data-kb-article-id=\"5577\" >\n\t\t\t<span class=\"eckb-article-title\"  style=\"color: #000000;\"  >\n\t\t\t\t<span class=\"eckb-article-title__icon ep_font_icon_document\"  style=\"color: #dd3333;\"  aria-hidden=\"true\"><\/span>\n\t\t\t\t<span class=\"eckb-article-title__text\" >\u00bfC\u00f3mo puedo obtener un certificado de mi t\u00edtulo, si me gradu\u00e9 a\u00f1os atr\u00e1s?<\/span>\n\t\t\t<\/span> \t\t<\/a>    \t\t\t\t<\/li> \t\t\t\t<li class=\"epkb-article-level-1 epkb-hide-elem\" data-kb-article-id=\"5587\"\n\t\t\t\t        data-kb-type=\"article\"  style=\"padding-bottom: 4px; padding-top: 4px;\"  >   \n\t\t<a href=\"https:\/\/www.preguntasfrecuentes.una.ac.cr\/?epkb_post_type_1=cuanto-tiempo-tarda-la-reposicion-de-mi-diploma\"  class=\"epkb-mp-article \"\n\t\t            data-kb-article-id=\"5587\" >\n\t\t\t<span class=\"eckb-article-title\"  style=\"color: #000000;\"  >\n\t\t\t\t<span class=\"eckb-article-title__icon ep_font_icon_document\"  style=\"color: #dd3333;\"  aria-hidden=\"true\"><\/span>\n\t\t\t\t<span class=\"eckb-article-title__text\" >\u00bfCu\u00e1nto tiempo tarda la reposici\u00f3n de mi diploma?<\/span>\n\t\t\t<\/span> \t\t<\/a>    \t\t\t\t<\/li> \t\t\t\t<li class=\"epkb-article-level-1 epkb-hide-elem\" data-kb-article-id=\"5586\"\n\t\t\t\t        data-kb-type=\"article\"  style=\"padding-bottom: 4px; padding-top: 4px;\"  >   \n\t\t<a href=\"https:\/\/www.preguntasfrecuentes.una.ac.cr\/?epkb_post_type_1=como-repongo-mi-titulo-si-por-alguna-razon-se-me-perdio-o-dano\"  class=\"epkb-mp-article \"\n\t\t            data-kb-article-id=\"5586\" >\n\t\t\t<span class=\"eckb-article-title\"  style=\"color: #000000;\"  >\n\t\t\t\t<span class=\"eckb-article-title__icon ep_font_icon_document\"  style=\"color: #dd3333;\"  aria-hidden=\"true\"><\/span>\n\t\t\t\t<span class=\"eckb-article-title__text\" >\u00bfC\u00f3mo repongo mi t\u00edtulo, si por alguna raz\u00f3n se me perdi\u00f3 o da\u00f1\u00f3?<\/span>\n\t\t\t<\/span> \t\t<\/a>    \t\t\t\t<\/li> \t\t\t\t<li class=\"epkb-article-level-1 epkb-hide-elem\" data-kb-article-id=\"5584\"\n\t\t\t\t        data-kb-type=\"article\"  style=\"padding-bottom: 4px; padding-top: 4px;\"  >   \n\t\t<a href=\"https:\/\/www.preguntasfrecuentes.una.ac.cr\/?epkb_post_type_1=en-que-fechas-se-exhibe-el-padron-de-inscritos-para-graduacion\"  class=\"epkb-mp-article \"\n\t\t            data-kb-article-id=\"5584\" >\n\t\t\t<span class=\"eckb-article-title\"  style=\"color: #000000;\"  >\n\t\t\t\t<span class=\"eckb-article-title__icon ep_font_icon_document\"  style=\"color: #dd3333;\"  aria-hidden=\"true\"><\/span>\n\t\t\t\t<span class=\"eckb-article-title__text\" >\u00bfEn qu\u00e9 fechas se exhibe el padr\u00f3n de inscritos para graduaci\u00f3n?<\/span>\n\t\t\t<\/span> \t\t<\/a>    \t\t\t\t<\/li> \t\t\t\t<li class=\"epkb-article-level-1 epkb-hide-elem\" data-kb-article-id=\"5585\"\n\t\t\t\t        data-kb-type=\"article\"  style=\"padding-bottom: 4px; padding-top: 4px;\"  >   \n\t\t<a href=\"https:\/\/www.preguntasfrecuentes.una.ac.cr\/?epkb_post_type_1=que-hago-si-al-revisar-mis-datos-en-el-padron-estos-no-estan-correctos\"  class=\"epkb-mp-article \"\n\t\t            data-kb-article-id=\"5585\" >\n\t\t\t<span class=\"eckb-article-title\"  style=\"color: #000000;\"  >\n\t\t\t\t<span class=\"eckb-article-title__icon ep_font_icon_document\"  style=\"color: #dd3333;\"  aria-hidden=\"true\"><\/span>\n\t\t\t\t<span class=\"eckb-article-title__text\" >\u00bfQu\u00e9 hago si al revisar mis datos en el padr\u00f3n, estos no est\u00e1n correctos?<\/span>\n\t\t\t<\/span> \t\t<\/a>    \t\t\t\t<\/li> \t\t\t\t<li class=\"epkb-article-level-1 epkb-hide-elem\" data-kb-article-id=\"5582\"\n\t\t\t\t        data-kb-type=\"article\"  style=\"padding-bottom: 4px; padding-top: 4px;\"  >   \n\t\t<a href=\"https:\/\/www.preguntasfrecuentes.una.ac.cr\/?epkb_post_type_1=cuantos-invitados-me-permiten-llevar-a-mi-graduacion\"  class=\"epkb-mp-article \"\n\t\t            data-kb-article-id=\"5582\" >\n\t\t\t<span class=\"eckb-article-title\"  style=\"color: #000000;\"  >\n\t\t\t\t<span class=\"eckb-article-title__icon ep_font_icon_document\"  style=\"color: #dd3333;\"  aria-hidden=\"true\"><\/span>\n\t\t\t\t<span class=\"eckb-article-title__text\" >\u00bfCu\u00e1ntos invitados me permiten llevar a mi graduaci\u00f3n?<\/span>\n\t\t\t<\/span> \t\t<\/a>    \t\t\t\t<\/li> \t\t\t\t<li class=\"epkb-article-level-1 epkb-hide-elem\" data-kb-article-id=\"5583\"\n\t\t\t\t        data-kb-type=\"article\"  style=\"padding-bottom: 4px; padding-top: 4px;\"  >   \n\t\t<a href=\"https:\/\/www.preguntasfrecuentes.una.ac.cr\/?epkb_post_type_1=que-informacion-contiene-el-padron-de-inscritos-para-graduacion\"  class=\"epkb-mp-article \"\n\t\t            data-kb-article-id=\"5583\" >\n\t\t\t<span class=\"eckb-article-title\"  style=\"color: #000000;\"  >\n\t\t\t\t<span class=\"eckb-article-title__icon ep_font_icon_document\"  style=\"color: #dd3333;\"  aria-hidden=\"true\"><\/span>\n\t\t\t\t<span class=\"eckb-article-title__text\" >\u00bfQu\u00e9 informaci\u00f3n contiene el padr\u00f3n de inscritos para graduaci\u00f3n?<\/span>\n\t\t\t<\/span> \t\t<\/a>    \t\t\t\t<\/li> \t\t\t\t<li class=\"epkb-article-level-1 epkb-hide-elem\" data-kb-article-id=\"5580\"\n\t\t\t\t        data-kb-type=\"article\"  style=\"padding-bottom: 4px; padding-top: 4px;\"  >   \n\t\t<a href=\"https:\/\/www.preguntasfrecuentes.una.ac.cr\/?epkb_post_type_1=que-debo-hacer-para-inscribirme-para-la-proxima-graduacion\"  class=\"epkb-mp-article \"\n\t\t            data-kb-article-id=\"5580\" >\n\t\t\t<span class=\"eckb-article-title\"  style=\"color: #000000;\"  >\n\t\t\t\t<span class=\"eckb-article-title__icon ep_font_icon_document\"  style=\"color: #dd3333;\"  aria-hidden=\"true\"><\/span>\n\t\t\t\t<span class=\"eckb-article-title__text\" >\u00bfCu\u00e1les son los pasos y requisitos que un estudiante debe seguir y cumplir para inscribirse como graduando en la Universidad Nacional de Costa Rica?<\/span>\n\t\t\t<\/span> \t\t<\/a>    \t\t\t\t<\/li> \t\t\t\t<li class=\"epkb-article-level-1 epkb-hide-elem\" data-kb-article-id=\"5581\"\n\t\t\t\t        data-kb-type=\"article\"  style=\"padding-bottom: 4px; padding-top: 4px;\"  >   \n\t\t<a href=\"https:\/\/www.preguntasfrecuentes.una.ac.cr\/?epkb_post_type_1=donde-debo-retirar-las-invitaciones-de-mi-graduacion\"  class=\"epkb-mp-article \"\n\t\t            data-kb-article-id=\"5581\" >\n\t\t\t<span class=\"eckb-article-title\"  style=\"color: #000000;\"  >\n\t\t\t\t<span class=\"eckb-article-title__icon ep_font_icon_document\"  style=\"color: #dd3333;\"  aria-hidden=\"true\"><\/span>\n\t\t\t\t<span class=\"eckb-article-title__text\" >\u00bfD\u00f3nde debo retirar las invitaciones de mi graduaci\u00f3n?<\/span>\n\t\t\t<\/span> \t\t<\/a>    \t\t\t\t<\/li> \t\t\t\t<li class=\"epkb-article-level-1 epkb-hide-elem\" data-kb-article-id=\"5579\"\n\t\t\t\t        data-kb-type=\"article\"  style=\"padding-bottom: 4px; padding-top: 4px;\"  >   \n\t\t<a href=\"https:\/\/www.preguntasfrecuentes.una.ac.cr\/?epkb_post_type_1=que-requisitos-academicos-y-administrativos-debo-cumplir-para-graduarme\"  class=\"epkb-mp-article \"\n\t\t            data-kb-article-id=\"5579\" >\n\t\t\t<span class=\"eckb-article-title\"  style=\"color: #000000;\"  >\n\t\t\t\t<span class=\"eckb-article-title__icon ep_font_icon_document\"  style=\"color: #dd3333;\"  aria-hidden=\"true\"><\/span>\n\t\t\t\t<span class=\"eckb-article-title__text\" >\u00bfQu\u00e9 requisitos acad\u00e9micos y administrativos debo cumplir para graduarme?<\/span>\n\t\t\t<\/span> \t\t<\/a>    \t\t\t\t<\/li> \t\t\t\t<li class=\"epkb-article-level-1 epkb-hide-elem\" data-kb-article-id=\"5578\"\n\t\t\t\t        data-kb-type=\"article\"  style=\"padding-bottom: 4px; padding-top: 4px;\"  >   \n\t\t<a href=\"https:\/\/www.preguntasfrecuentes.una.ac.cr\/?epkb_post_type_1=cual-es-el-procedimiento-para-graduarse-una-vez-presentada-y-aprobada-la-tesis\"  class=\"epkb-mp-article \"\n\t\t            data-kb-article-id=\"5578\" >\n\t\t\t<span class=\"eckb-article-title\"  style=\"color: #000000;\"  >\n\t\t\t\t<span class=\"eckb-article-title__icon ep_font_icon_document\"  style=\"color: #dd3333;\"  aria-hidden=\"true\"><\/span>\n\t\t\t\t<span class=\"eckb-article-title__text\" >\u00bfCu\u00e1l es el procedimiento para graduarse, una vez presentada y aprobada la tesis?<\/span>\n\t\t\t<\/span> \t\t<\/a>    \t\t\t\t<\/li> \t\t\t\t<li class=\"epkb-article-level-1 epkb-hide-elem\" data-kb-article-id=\"5573\"\n\t\t\t\t        data-kb-type=\"article\"  style=\"padding-bottom: 4px; padding-top: 4px;\"  >   \n\t\t<a href=\"https:\/\/www.preguntasfrecuentes.una.ac.cr\/?epkb_post_type_1=cuanto-tiempo-tarda-en-llegar-mi-acta-de-graduando\"  class=\"epkb-mp-article \"\n\t\t            data-kb-article-id=\"5573\" >\n\t\t\t<span class=\"eckb-article-title\"  style=\"color: #000000;\"  >\n\t\t\t\t<span class=\"eckb-article-title__icon ep_font_icon_document\"  style=\"color: #dd3333;\"  aria-hidden=\"true\"><\/span>\n\t\t\t\t<span class=\"eckb-article-title__text\" >\u00bfCu\u00e1nto tiempo tarda en llegar mi Acta de Graduando?<\/span>\n\t\t\t<\/span> \t\t<\/a>    \t\t\t\t<\/li> \n\t\t<\/ul> \t\t\t<button class=\"epkb-show-all-articles\" aria-expanded=\"false\" data-btn-id=\"373\">\n\t\t\t\t\t<span class=\"epkb-show-text\">\n\t\t\t\t\t\tMostrar todos los art\u00edculos ( 13 )\n\t\t\t\t\t<\/span>\n\t\t\t\t<span class=\"epkb-hide-text epkb-hide-elem\">Contraer art\u00edculos<\/span>\n\t\t\t<\/button>\t\t\t\t\t\n\t\t\t\t\t<\/div><!-- Section Body End -->\n\n\t\t\t\t<\/section><!-- Section End -->  \n\t\t\t\t<!-- Section Container ( Category Box ) -->\n\t\t\t\t<section id=\"epkb_cat_6\" class=\"section_light_shadow epkb-top-category-box\"  style=\"border-radius: 4px; border-width: 1px; border-color: #CACACE; background-color: #FEFEFE; border-style: solid;\"  >\n\n\t\t\t\t\t<!-- Section Head -->\n\t\t\t\t\t<div class=\"section-head section_divider\"  style=\"border-bottom-width: 1px; background-color: #FFFFFF; border-top-left-radius: 4px; border-top-right-radius: 4px; border-bottom-color: #FFFFFF; padding-top: 20px; padding-bottom: 20px; padding-left: 20px; padding-right: 20px; padding-left: 10px;\"  >\n\n\t\t\t\t\t\t<!-- Category Name + Icon -->\n\t\t\t\t\t\t<div class=\"epkb-category-level-1 epkb-category-level-1--icon-loc-left epkb-category-level-1--alignment-left\" data-kb-category-id=\"374\" data-kb-type=\"category\"  style=\"color: #000000;\"  >\n\n\t\t\t\t\t\t\t<!-- Icon Top \/ Left -->\t                            \t\t\t\t\t\t\t\t\t<span class=\"epkb-cat-icon epkbfa epkbfa-laptop\" data-kb-category-icon=\"epkbfa-laptop\"  style=\"color: #eb5a46; font-size: 30px;\" ><\/span>\t\t\t\t\t\t\t\t<div class=\"epkb-cat-name\">    \t\t\t\t\t\t\t\t\t<div class=\"epkb-cat-name-count-container\"  style=\"color: #000000; font-size:24px;\" >\n\t\t\t\t\t\t\t\t\t\t<h2 class=\"epkb-cat-name\">Matr\u00edcula<\/h2>\n\t\t\t\t\t\t\t\t\t\t<span class=\"epkb-cat-count\">50<\/span>\n\t\t\t\t\t\t\t\t\t<\/div> \n\t\t\t\t\t\t\t<\/div>\n\n\t\t\t\t\t\t\t<!-- Icon Right -->     \n\t\t\t\t\t\t<\/div>\n\n\t\t\t\t\t\t<!-- Category Description -->\t\t\t\t\t\t\t\t\t\t\t<\/div>\n\n\t\t\t\t\t<!-- Section Body -->\n\t\t\t\t\t<div class=\"epkb-section-body\"  style=\"border-bottom-width: 1px; padding-top: 4px; padding-bottom: 4px; padding-left: 22px; padding-right: 4px; min-height: 130px;\"  >\t\t\t\t\t\t\n\t\t<ul class=\"epkb-main-category epkb-articles\"  style=\"padding-left: 10px;\"  data-list-id=\"374\"> \t\t\t\t<li class=\"epkb-article-level-1 \" data-kb-article-id=\"6634\"\n\t\t\t\t        data-kb-type=\"article\"  style=\"padding-bottom: 4px; padding-top: 4px;\"  >   \n\t\t<a href=\"https:\/\/www.preguntasfrecuentes.una.ac.cr\/?epkb_post_type_1=como-matricular\"  class=\"epkb-mp-article \"\n\t\t            data-kb-article-id=\"6634\" >\n\t\t\t<span class=\"eckb-article-title\"  style=\"color: #000000;\"  >\n\t\t\t\t<span class=\"eckb-article-title__icon ep_font_icon_document\"  style=\"color: #dd3333;\"  aria-hidden=\"true\"><\/span>\n\t\t\t\t<span class=\"eckb-article-title__text\" >\u00bfC\u00f3mo matricular?<\/span>\n\t\t\t<\/span> \t\t<\/a>    \t\t\t\t<\/li> \t\t\t\t<li class=\"epkb-article-level-1 \" data-kb-article-id=\"6575\"\n\t\t\t\t        data-kb-type=\"article\"  style=\"padding-bottom: 4px; padding-top: 4px;\"  >   \n\t\t<a href=\"https:\/\/www.preguntasfrecuentes.una.ac.cr\/?epkb_post_type_1=como-y-cuando-se-realiza-el-proceso-de-solicitud-de-matricula-prioritaria\"  class=\"epkb-mp-article \"\n\t\t            data-kb-article-id=\"6575\" >\n\t\t\t<span class=\"eckb-article-title\"  style=\"color: #000000;\"  >\n\t\t\t\t<span class=\"eckb-article-title__icon ep_font_icon_document\"  style=\"color: #dd3333;\"  aria-hidden=\"true\"><\/span>\n\t\t\t\t<span class=\"eckb-article-title__text\" >\u00bfCu\u00e1ndo y c\u00f3mo se realiza el proceso de solicitud de matr\u00edcula prioritaria?<\/span>\n\t\t\t<\/span> \t\t<\/a>    \t\t\t\t<\/li> \t\t\t\t<li class=\"epkb-article-level-1 \" data-kb-article-id=\"6573\"\n\t\t\t\t        data-kb-type=\"article\"  style=\"padding-bottom: 4px; padding-top: 4px;\"  >   \n\t\t<a href=\"https:\/\/www.preguntasfrecuentes.una.ac.cr\/?epkb_post_type_1=que-tipos-de-curso-puedo-matricular\"  class=\"epkb-mp-article \"\n\t\t            data-kb-article-id=\"6573\" >\n\t\t\t<span class=\"eckb-article-title\"  style=\"color: #000000;\"  >\n\t\t\t\t<span class=\"eckb-article-title__icon ep_font_icon_document\"  style=\"color: #dd3333;\"  aria-hidden=\"true\"><\/span>\n\t\t\t\t<span class=\"eckb-article-title__text\" >\u00bfQu\u00e9 tipos de curso puedo matricular?<\/span>\n\t\t\t<\/span> \t\t<\/a>    \t\t\t\t<\/li> \t\t\t\t<li class=\"epkb-article-level-1 \" data-kb-article-id=\"6571\"\n\t\t\t\t        data-kb-type=\"article\"  style=\"padding-bottom: 4px; padding-top: 4px;\"  >   \n\t\t<a href=\"https:\/\/www.preguntasfrecuentes.una.ac.cr\/?epkb_post_type_1=como-se-que-tengo-que-matricular\"  class=\"epkb-mp-article \"\n\t\t            data-kb-article-id=\"6571\" >\n\t\t\t<span class=\"eckb-article-title\"  style=\"color: #000000;\"  >\n\t\t\t\t<span class=\"eckb-article-title__icon ep_font_icon_document\"  style=\"color: #dd3333;\"  aria-hidden=\"true\"><\/span>\n\t\t\t\t<span class=\"eckb-article-title__text\" >\u00bfC\u00f3mo se qu\u00e9 tengo que matricular?<\/span>\n\t\t\t<\/span> \t\t<\/a>    \t\t\t\t<\/li> \t\t\t\t<li class=\"epkb-article-level-1 \" data-kb-article-id=\"6339\"\n\t\t\t\t        data-kb-type=\"article\"  style=\"padding-bottom: 4px; padding-top: 4px;\"  >   \n\t\t<a href=\"https:\/\/www.preguntasfrecuentes.una.ac.cr\/?epkb_post_type_1=cuales-son-las-formas-de-pago-que-tiene-la-una-en-caso-de-pendientes\"  class=\"epkb-mp-article \"\n\t\t            data-kb-article-id=\"6339\" >\n\t\t\t<span class=\"eckb-article-title\"  style=\"color: #000000;\"  >\n\t\t\t\t<span class=\"eckb-article-title__icon ep_font_icon_document\"  style=\"color: #dd3333;\"  aria-hidden=\"true\"><\/span>\n\t\t\t\t<span class=\"eckb-article-title__text\" >\u00bfCuales son las formas de pago que tiene la UNA, en caso de Pendientes?<\/span>\n\t\t\t<\/span> \t\t<\/a>    \t\t\t\t<\/li> \t\t\t\t<li class=\"epkb-article-level-1 epkb-hide-elem\" data-kb-article-id=\"6033\"\n\t\t\t\t        data-kb-type=\"article\"  style=\"padding-bottom: 4px; padding-top: 4px;\"  >   \n\t\t<a href=\"https:\/\/www.preguntasfrecuentes.una.ac.cr\/?epkb_post_type_1=existen-otros-servicios-que-pueda-necesitar-y-debo-cancelar\"  class=\"epkb-mp-article \"\n\t\t            data-kb-article-id=\"6033\" >\n\t\t\t<span class=\"eckb-article-title\"  style=\"color: #000000;\"  >\n\t\t\t\t<span class=\"eckb-article-title__icon ep_font_icon_document\"  style=\"color: #dd3333;\"  aria-hidden=\"true\"><\/span>\n\t\t\t\t<span class=\"eckb-article-title__text\" >\u00bfExisten otros servicios que pueda necesitar y debo cancelar?<\/span>\n\t\t\t<\/span> \t\t<\/a>    \t\t\t\t<\/li> \t\t\t\t<li class=\"epkb-article-level-1 epkb-hide-elem\" data-kb-article-id=\"6031\"\n\t\t\t\t        data-kb-type=\"article\"  style=\"padding-bottom: 4px; padding-top: 4px;\"  >   \n\t\t<a href=\"https:\/\/www.preguntasfrecuentes.una.ac.cr\/?epkb_post_type_1=cual-es-el-precio-de-los-creditos-por-laboratorios\"  class=\"epkb-mp-article \"\n\t\t            data-kb-article-id=\"6031\" >\n\t\t\t<span class=\"eckb-article-title\"  style=\"color: #000000;\"  >\n\t\t\t\t<span class=\"eckb-article-title__icon ep_font_icon_document\"  style=\"color: #dd3333;\"  aria-hidden=\"true\"><\/span>\n\t\t\t\t<span class=\"eckb-article-title__text\" >\u00bfCu\u00e1l es el precio de los cr\u00e9ditos por laboratorios?<\/span>\n\t\t\t<\/span> \t\t<\/a>    \t\t\t\t<\/li> \t\t\t\t<li class=\"epkb-article-level-1 epkb-hide-elem\" data-kb-article-id=\"6029\"\n\t\t\t\t        data-kb-type=\"article\"  style=\"padding-bottom: 4px; padding-top: 4px;\"  >   \n\t\t<a href=\"https:\/\/www.preguntasfrecuentes.una.ac.cr\/?epkb_post_type_1=cuanto-cuesta-el-derecho-o-timbre-de-matricula\"  class=\"epkb-mp-article \"\n\t\t            data-kb-article-id=\"6029\" >\n\t\t\t<span class=\"eckb-article-title\"  style=\"color: #000000;\"  >\n\t\t\t\t<span class=\"eckb-article-title__icon ep_font_icon_document\"  style=\"color: #dd3333;\"  aria-hidden=\"true\"><\/span>\n\t\t\t\t<span class=\"eckb-article-title__text\" >\u00bfCu\u00e1nto cuesta el derecho o timbre de matr\u00edcula?<\/span>\n\t\t\t<\/span> \t\t<\/a>    \t\t\t\t<\/li> \t\t\t\t<li class=\"epkb-article-level-1 epkb-hide-elem\" data-kb-article-id=\"6027\"\n\t\t\t\t        data-kb-type=\"article\"  style=\"padding-bottom: 4px; padding-top: 4px;\"  >   \n\t\t<a href=\"https:\/\/www.preguntasfrecuentes.una.ac.cr\/?epkb_post_type_1=cuanto-cuesta-un-credito\"  class=\"epkb-mp-article \"\n\t\t            data-kb-article-id=\"6027\" >\n\t\t\t<span class=\"eckb-article-title\"  style=\"color: #000000;\"  >\n\t\t\t\t<span class=\"eckb-article-title__icon ep_font_icon_document\"  style=\"color: #dd3333;\"  aria-hidden=\"true\"><\/span>\n\t\t\t\t<span class=\"eckb-article-title__text\" >\u00bfCu\u00e1nto cuesta un cr\u00e9dito?<\/span>\n\t\t\t<\/span> \t\t<\/a>    \t\t\t\t<\/li> \t\t\t\t<li class=\"epkb-article-level-1 epkb-hide-elem\" data-kb-article-id=\"6025\"\n\t\t\t\t        data-kb-type=\"article\"  style=\"padding-bottom: 4px; padding-top: 4px;\"  >   \n\t\t<a href=\"https:\/\/www.preguntasfrecuentes.una.ac.cr\/?epkb_post_type_1=cuando-tengo-que-pagar-los-creditos\"  class=\"epkb-mp-article \"\n\t\t            data-kb-article-id=\"6025\" >\n\t\t\t<span class=\"eckb-article-title\"  style=\"color: #000000;\"  >\n\t\t\t\t<span class=\"eckb-article-title__icon ep_font_icon_document\"  style=\"color: #dd3333;\"  aria-hidden=\"true\"><\/span>\n\t\t\t\t<span class=\"eckb-article-title__text\" >\u00bfCu\u00e1ndo tengo que pagar los cr\u00e9ditos?<\/span>\n\t\t\t<\/span> \t\t<\/a>    \t\t\t\t<\/li> \t\t\t\t<li class=\"epkb-article-level-1 epkb-hide-elem\" data-kb-article-id=\"6023\"\n\t\t\t\t        data-kb-type=\"article\"  style=\"padding-bottom: 4px; padding-top: 4px;\"  >   \n\t\t<a href=\"https:\/\/www.preguntasfrecuentes.una.ac.cr\/?epkb_post_type_1=es-importante-obtener-el-correo-electronico-institucional-o-correo-estudiantil\"  class=\"epkb-mp-article \"\n\t\t            data-kb-article-id=\"6023\" >\n\t\t\t<span class=\"eckb-article-title\"  style=\"color: #000000;\"  >\n\t\t\t\t<span class=\"eckb-article-title__icon ep_font_icon_document\"  style=\"color: #dd3333;\"  aria-hidden=\"true\"><\/span>\n\t\t\t\t<span class=\"eckb-article-title__text\" >\u00bfEs importante obtener el correo electr\u00f3nico institucional o correo estudiantil?<\/span>\n\t\t\t<\/span> \t\t<\/a>    \t\t\t\t<\/li> \t\t\t\t<li class=\"epkb-article-level-1 epkb-hide-elem\" data-kb-article-id=\"6020\"\n\t\t\t\t        data-kb-type=\"article\"  style=\"padding-bottom: 4px; padding-top: 4px;\"  >   \n\t\t<a href=\"https:\/\/www.preguntasfrecuentes.una.ac.cr\/?epkb_post_type_1=que-debe-hacer-si-olvido-su-contrasena-para-el-sistema-de-matricula-o-desea-obtenerla-por-primera-vez\"  class=\"epkb-mp-article \"\n\t\t            data-kb-article-id=\"6020\" >\n\t\t\t<span class=\"eckb-article-title\"  style=\"color: #000000;\"  >\n\t\t\t\t<span class=\"eckb-article-title__icon ep_font_icon_document\"  style=\"color: #dd3333;\"  aria-hidden=\"true\"><\/span>\n\t\t\t\t<span class=\"eckb-article-title__text\" >\u00bfQu\u00e9 debe hacer si olvid\u00f3 su contrase\u00f1a para el sistema de Matr\u00edcula o desea obtenerla por primera vez?<\/span>\n\t\t\t<\/span> \t\t<\/a>    \t\t\t\t<\/li> \t\t\t\t<li class=\"epkb-article-level-1 epkb-hide-elem\" data-kb-article-id=\"6016\"\n\t\t\t\t        data-kb-type=\"article\"  style=\"padding-bottom: 4px; padding-top: 4px;\"  >   \n\t\t<a href=\"https:\/\/www.preguntasfrecuentes.una.ac.cr\/?epkb_post_type_1=cuando-inicia-el-periodo-para-realizar-el-proceso-de-cambio-de-carrera-de-estudiantes-regulares\"  class=\"epkb-mp-article \"\n\t\t            data-kb-article-id=\"6016\" >\n\t\t\t<span class=\"eckb-article-title\"  style=\"color: #000000;\"  >\n\t\t\t\t<span class=\"eckb-article-title__icon ep_font_icon_document\"  style=\"color: #dd3333;\"  aria-hidden=\"true\"><\/span>\n\t\t\t\t<span class=\"eckb-article-title__text\" >\u00bfCu\u00e1ndo inicia el per\u00edodo para realizar el proceso de cambio de carrera de estudiantes regulares?<\/span>\n\t\t\t<\/span> \t\t<\/a>    \t\t\t\t<\/li> \t\t\t\t<li class=\"epkb-article-level-1 epkb-hide-elem\" data-kb-article-id=\"6012\"\n\t\t\t\t        data-kb-type=\"article\"  style=\"padding-bottom: 4px; padding-top: 4px;\"  >   \n\t\t<a href=\"https:\/\/www.preguntasfrecuentes.una.ac.cr\/?epkb_post_type_1=cuando-inician-las-clases-del-i-ciclo-2021\"  class=\"epkb-mp-article \"\n\t\t            data-kb-article-id=\"6012\" >\n\t\t\t<span class=\"eckb-article-title\"  style=\"color: #000000;\"  >\n\t\t\t\t<span class=\"eckb-article-title__icon ep_font_icon_document\"  style=\"color: #dd3333;\"  aria-hidden=\"true\"><\/span>\n\t\t\t\t<span class=\"eckb-article-title__text\" >\u00bfCu\u00e1ndo inician las clases?<\/span>\n\t\t\t<\/span> \t\t<\/a>    \t\t\t\t<\/li> \t\t\t\t<li class=\"epkb-article-level-1 epkb-hide-elem\" data-kb-article-id=\"6009\"\n\t\t\t\t        data-kb-type=\"article\"  style=\"padding-bottom: 4px; padding-top: 4px;\"  >   \n\t\t<a href=\"https:\/\/www.preguntasfrecuentes.una.ac.cr\/?epkb_post_type_1=que-es-un-nrc\"  class=\"epkb-mp-article \"\n\t\t            data-kb-article-id=\"6009\" >\n\t\t\t<span class=\"eckb-article-title\"  style=\"color: #000000;\"  >\n\t\t\t\t<span class=\"eckb-article-title__icon ep_font_icon_document\"  style=\"color: #dd3333;\"  aria-hidden=\"true\"><\/span>\n\t\t\t\t<span class=\"eckb-article-title__text\" >\u00bfQu\u00e9 es un NRC?<\/span>\n\t\t\t<\/span> \t\t<\/a>    \t\t\t\t<\/li> \t\t\t\t<li class=\"epkb-article-level-1 epkb-hide-elem\" data-kb-article-id=\"6006\"\n\t\t\t\t        data-kb-type=\"article\"  style=\"padding-bottom: 4px; padding-top: 4px;\"  >   \n\t\t<a href=\"https:\/\/www.preguntasfrecuentes.una.ac.cr\/?epkb_post_type_1=como-saber-si-tengo-algun-pendiente-que-me-impida-realizar-la-matricula\"  class=\"epkb-mp-article \"\n\t\t            data-kb-article-id=\"6006\" >\n\t\t\t<span class=\"eckb-article-title\"  style=\"color: #000000;\"  >\n\t\t\t\t<span class=\"eckb-article-title__icon ep_font_icon_document\"  style=\"color: #dd3333;\"  aria-hidden=\"true\"><\/span>\n\t\t\t\t<span class=\"eckb-article-title__text\" >\u00bfC\u00f3mo saber si tengo alg\u00fan pendiente que me impida realizar la matr\u00edcula?<\/span>\n\t\t\t<\/span> \t\t<\/a>    \t\t\t\t<\/li> \t\t\t\t<li class=\"epkb-article-level-1 epkb-hide-elem\" data-kb-article-id=\"6004\"\n\t\t\t\t        data-kb-type=\"article\"  style=\"padding-bottom: 4px; padding-top: 4px;\"  >   \n\t\t<a href=\"https:\/\/www.preguntasfrecuentes.una.ac.cr\/?epkb_post_type_1=donde-puede-consultar-los-cursos-y-horarios-ofertados-para-el-i-ciclo-2021\"  class=\"epkb-mp-article \"\n\t\t            data-kb-article-id=\"6004\" >\n\t\t\t<span class=\"eckb-article-title\"  style=\"color: #000000;\"  >\n\t\t\t\t<span class=\"eckb-article-title__icon ep_font_icon_document\"  style=\"color: #dd3333;\"  aria-hidden=\"true\"><\/span>\n\t\t\t\t<span class=\"eckb-article-title__text\" >\u00bfD\u00f3nde puede consultar los cursos y horarios ofertados?<\/span>\n\t\t\t<\/span> \t\t<\/a>    \t\t\t\t<\/li> \t\t\t\t<li class=\"epkb-article-level-1 epkb-hide-elem\" data-kb-article-id=\"5995\"\n\t\t\t\t        data-kb-type=\"article\"  style=\"padding-bottom: 4px; padding-top: 4px;\"  >   \n\t\t<a href=\"https:\/\/www.preguntasfrecuentes.una.ac.cr\/?epkb_post_type_1=es-diferente-el-periodo-de-matricula-para-los-estudiantes-de-primer-ingreso-y-para-los-estudiantes-regulares\"  class=\"epkb-mp-article \"\n\t\t            data-kb-article-id=\"5995\" >\n\t\t\t<span class=\"eckb-article-title\"  style=\"color: #000000;\"  >\n\t\t\t\t<span class=\"eckb-article-title__icon ep_font_icon_document\"  style=\"color: #dd3333;\"  aria-hidden=\"true\"><\/span>\n\t\t\t\t<span class=\"eckb-article-title__text\" >\u00bfEs diferente el per\u00edodo de matr\u00edcula para los estudiantes de primer ingreso y para los estudiantes regulares?<\/span>\n\t\t\t<\/span> \t\t<\/a>    \t\t\t\t<\/li> \t\t\t\t<li class=\"epkb-article-level-1 epkb-hide-elem\" data-kb-article-id=\"5991\"\n\t\t\t\t        data-kb-type=\"article\"  style=\"padding-bottom: 4px; padding-top: 4px;\"  >   \n\t\t<a href=\"https:\/\/www.preguntasfrecuentes.una.ac.cr\/?epkb_post_type_1=que-debo-hacer-si-olvide-mi-clave-de-acceso-al-sistema-de-matricula-2\"  class=\"epkb-mp-article \"\n\t\t            data-kb-article-id=\"5991\" >\n\t\t\t<span class=\"eckb-article-title\"  style=\"color: #000000;\"  >\n\t\t\t\t<span class=\"eckb-article-title__icon ep_font_icon_document\"  style=\"color: #dd3333;\"  aria-hidden=\"true\"><\/span>\n\t\t\t\t<span class=\"eckb-article-title__text\" >\u00bfQu\u00e9 debo hacer si olvid\u00e9 mi clave de acceso al sistema de matr\u00edcula?<\/span>\n\t\t\t<\/span> \t\t<\/a>    \t\t\t\t<\/li> \t\t\t\t<li class=\"epkb-article-level-1 epkb-hide-elem\" data-kb-article-id=\"5989\"\n\t\t\t\t        data-kb-type=\"article\"  style=\"padding-bottom: 4px; padding-top: 4px;\"  >   \n\t\t<a href=\"https:\/\/www.preguntasfrecuentes.una.ac.cr\/?epkb_post_type_1=como-puedo-ingresar-al-sistema-de-matricula-2\"  class=\"epkb-mp-article \"\n\t\t            data-kb-article-id=\"5989\" >\n\t\t\t<span class=\"eckb-article-title\"  style=\"color: #000000;\"  >\n\t\t\t\t<span class=\"eckb-article-title__icon ep_font_icon_document\"  style=\"color: #dd3333;\"  aria-hidden=\"true\"><\/span>\n\t\t\t\t<span class=\"eckb-article-title__text\" >\u00bfC\u00f3mo puedo ingresar al sistema de matr\u00edcula?<\/span>\n\t\t\t<\/span> \t\t<\/a>    \t\t\t\t<\/li> \t\t\t\t<li class=\"epkb-article-level-1 epkb-hide-elem\" data-kb-article-id=\"5987\"\n\t\t\t\t        data-kb-type=\"article\"  style=\"padding-bottom: 4px; padding-top: 4px;\"  >   \n\t\t<a href=\"https:\/\/www.preguntasfrecuentes.una.ac.cr\/?epkb_post_type_1=como-saber-cuales-cursos-debo-matricular\"  class=\"epkb-mp-article \"\n\t\t            data-kb-article-id=\"5987\" >\n\t\t\t<span class=\"eckb-article-title\"  style=\"color: #000000;\"  >\n\t\t\t\t<span class=\"eckb-article-title__icon ep_font_icon_document\"  style=\"color: #dd3333;\"  aria-hidden=\"true\"><\/span>\n\t\t\t\t<span class=\"eckb-article-title__text\" >\u00bfC\u00f3mo saber cu\u00e1les cursos debo matricular?<\/span>\n\t\t\t<\/span> \t\t<\/a>    \t\t\t\t<\/li> \t\t\t\t<li class=\"epkb-article-level-1 epkb-hide-elem\" data-kb-article-id=\"5985\"\n\t\t\t\t        data-kb-type=\"article\"  style=\"padding-bottom: 4px; padding-top: 4px;\"  >   \n\t\t<a href=\"https:\/\/www.preguntasfrecuentes.una.ac.cr\/?epkb_post_type_1=como-puedo-saber-cuando-me-corresponde-matricular-2\"  class=\"epkb-mp-article \"\n\t\t            data-kb-article-id=\"5985\" >\n\t\t\t<span class=\"eckb-article-title\"  style=\"color: #000000;\"  >\n\t\t\t\t<span class=\"eckb-article-title__icon ep_font_icon_document\"  style=\"color: #dd3333;\"  aria-hidden=\"true\"><\/span>\n\t\t\t\t<span class=\"eckb-article-title__text\" >\u00bfC\u00f3mo puedo saber cu\u00e1ndo me corresponde matricular?<\/span>\n\t\t\t<\/span> \t\t<\/a>    \t\t\t\t<\/li> \t\t\t\t<li class=\"epkb-article-level-1 epkb-hide-elem\" data-kb-article-id=\"5623\"\n\t\t\t\t        data-kb-type=\"article\"  style=\"padding-bottom: 4px; padding-top: 4px;\"  >   \n\t\t<a href=\"https:\/\/www.preguntasfrecuentes.una.ac.cr\/?epkb_post_type_1=pagos-de-matricula-cual-es-el-precio-de-la-matricula-y-de-las-materias\"  class=\"epkb-mp-article \"\n\t\t            data-kb-article-id=\"5623\" >\n\t\t\t<span class=\"eckb-article-title\"  style=\"color: #000000;\"  >\n\t\t\t\t<span class=\"eckb-article-title__icon ep_font_icon_document\"  style=\"color: #dd3333;\"  aria-hidden=\"true\"><\/span>\n\t\t\t\t<span class=\"eckb-article-title__text\" >Pagos de matr\u00edcula: \u00bfCu\u00e1l es el precio de la matricula y de las materias ?<\/span>\n\t\t\t<\/span> \t\t<\/a>    \t\t\t\t<\/li> \t\t\t\t<li class=\"epkb-article-level-1 epkb-hide-elem\" data-kb-article-id=\"5621\"\n\t\t\t\t        data-kb-type=\"article\"  style=\"padding-bottom: 4px; padding-top: 4px;\"  >   \n\t\t<a href=\"https:\/\/www.preguntasfrecuentes.una.ac.cr\/?epkb_post_type_1=quien-matriculo-en-la-una-definitivamente-no-puede-repetir-el-examen-de-admision-aunque-la-carrera-que-cursa-no-le-guste\"  class=\"epkb-mp-article \"\n\t\t            data-kb-article-id=\"5621\" >\n\t\t\t<span class=\"eckb-article-title\"  style=\"color: #000000;\"  >\n\t\t\t\t<span class=\"eckb-article-title__icon ep_font_icon_document\"  style=\"color: #dd3333;\"  aria-hidden=\"true\"><\/span>\n\t\t\t\t<span class=\"eckb-article-title__text\" >\u00bfQui\u00e9n matricul\u00f3 en la UNA, definitivamente no puede repetir el examen de admisi\u00f3n, aunque la carrera que cursa no le guste?<\/span>\n\t\t\t<\/span> \t\t<\/a>    \t\t\t\t<\/li> \t\t\t\t<li class=\"epkb-article-level-1 epkb-hide-elem\" data-kb-article-id=\"5622\"\n\t\t\t\t        data-kb-type=\"article\"  style=\"padding-bottom: 4px; padding-top: 4px;\"  >   \n\t\t<a href=\"https:\/\/www.preguntasfrecuentes.una.ac.cr\/?epkb_post_type_1=como-buscar-matricular-y-eliminar-un-curso\"  class=\"epkb-mp-article \"\n\t\t            data-kb-article-id=\"5622\" >\n\t\t\t<span class=\"eckb-article-title\"  style=\"color: #000000;\"  >\n\t\t\t\t<span class=\"eckb-article-title__icon ep_font_icon_document\"  style=\"color: #dd3333;\"  aria-hidden=\"true\"><\/span>\n\t\t\t\t<span class=\"eckb-article-title__text\" >\u00bfC\u00f3mo buscar, matricular y eliminar un curso?<\/span>\n\t\t\t<\/span> \t\t<\/a>    \t\t\t\t<\/li> \t\t\t\t<li class=\"epkb-article-level-1 epkb-hide-elem\" data-kb-article-id=\"5620\"\n\t\t\t\t        data-kb-type=\"article\"  style=\"padding-bottom: 4px; padding-top: 4px;\"  >   \n\t\t<a href=\"https:\/\/www.preguntasfrecuentes.una.ac.cr\/?epkb_post_type_1=si-solo-quiero-matricular-generales-y-otros-cursos-de-servicio-y-no-las-materias-de-carrera-puedo-hacerlo\"  class=\"epkb-mp-article \"\n\t\t            data-kb-article-id=\"5620\" >\n\t\t\t<span class=\"eckb-article-title\"  style=\"color: #000000;\"  >\n\t\t\t\t<span class=\"eckb-article-title__icon ep_font_icon_document\"  style=\"color: #dd3333;\"  aria-hidden=\"true\"><\/span>\n\t\t\t\t<span class=\"eckb-article-title__text\" >\u00bfSi s\u00f3lo quiero matricular Generales y otros cursos de servicio y no las materias de carrera, puedo hacerlo?<\/span>\n\t\t\t<\/span> \t\t<\/a>    \t\t\t\t<\/li> \t\t\t\t<li class=\"epkb-article-level-1 epkb-hide-elem\" data-kb-article-id=\"5618\"\n\t\t\t\t        data-kb-type=\"article\"  style=\"padding-bottom: 4px; padding-top: 4px;\"  >   \n\t\t<a href=\"https:\/\/www.preguntasfrecuentes.una.ac.cr\/?epkb_post_type_1=que-hago-si-deseo-empadronarme-en-la-una-pero-saque-mi-titulo-en-el-extranjero-y-aun-no-lo-he-autenticado\"  class=\"epkb-mp-article \"\n\t\t            data-kb-article-id=\"5618\" >\n\t\t\t<span class=\"eckb-article-title\"  style=\"color: #000000;\"  >\n\t\t\t\t<span class=\"eckb-article-title__icon ep_font_icon_document\"  style=\"color: #dd3333;\"  aria-hidden=\"true\"><\/span>\n\t\t\t\t<span class=\"eckb-article-title__text\" >\u00bfQu\u00e9 hago si deseo empadronarme en la UNA, pero saqu\u00e9 mi t\u00edtulo en el extranjero y a\u00fan no lo he autenticado?<\/span>\n\t\t\t<\/span> \t\t<\/a>    \t\t\t\t<\/li> \t\t\t\t<li class=\"epkb-article-level-1 epkb-hide-elem\" data-kb-article-id=\"5616\"\n\t\t\t\t        data-kb-type=\"article\"  style=\"padding-bottom: 4px; padding-top: 4px;\"  >   \n\t\t<a href=\"https:\/\/www.preguntasfrecuentes.una.ac.cr\/?epkb_post_type_1=cuales-son-los-requisitos-para-empadronarse\"  class=\"epkb-mp-article \"\n\t\t            data-kb-article-id=\"5616\" >\n\t\t\t<span class=\"eckb-article-title\"  style=\"color: #000000;\"  >\n\t\t\t\t<span class=\"eckb-article-title__icon ep_font_icon_document\"  style=\"color: #dd3333;\"  aria-hidden=\"true\"><\/span>\n\t\t\t\t<span class=\"eckb-article-title__text\" >\u00bfCu\u00e1les son los requisitos para empadronarse?<\/span>\n\t\t\t<\/span> \t\t<\/a>    \t\t\t\t<\/li> \t\t\t\t<li class=\"epkb-article-level-1 epkb-hide-elem\" data-kb-article-id=\"5617\"\n\t\t\t\t        data-kb-type=\"article\"  style=\"padding-bottom: 4px; padding-top: 4px;\"  >   \n\t\t<a href=\"https:\/\/www.preguntasfrecuentes.una.ac.cr\/?epkb_post_type_1=que-hago-si-deseo-empadronarme-en-la-una-pero-perdi-mi-titulo-universitario-anterior\"  class=\"epkb-mp-article \"\n\t\t            data-kb-article-id=\"5617\" >\n\t\t\t<span class=\"eckb-article-title\"  style=\"color: #000000;\"  >\n\t\t\t\t<span class=\"eckb-article-title__icon ep_font_icon_document\"  style=\"color: #dd3333;\"  aria-hidden=\"true\"><\/span>\n\t\t\t\t<span class=\"eckb-article-title__text\" >\u00bfQu\u00e9 hago si deseo empadronarme en la UNA, pero perd\u00ed mi t\u00edtulo universitario anterior?<\/span>\n\t\t\t<\/span> \t\t<\/a>    \t\t\t\t<\/li> \t\t\t\t<li class=\"epkb-article-level-1 epkb-hide-elem\" data-kb-article-id=\"5614\"\n\t\t\t\t        data-kb-type=\"article\"  style=\"padding-bottom: 4px; padding-top: 4px;\"  >   \n\t\t<a href=\"https:\/\/www.preguntasfrecuentes.una.ac.cr\/?epkb_post_type_1=cual-es-el-proceso-para-solicitar-reconocimiento-y-equiparacion-de-cursos-aprobados-en-universidades-extranjeras\"  class=\"epkb-mp-article \"\n\t\t            data-kb-article-id=\"5614\" >\n\t\t\t<span class=\"eckb-article-title\"  style=\"color: #000000;\"  >\n\t\t\t\t<span class=\"eckb-article-title__icon ep_font_icon_document\"  style=\"color: #dd3333;\"  aria-hidden=\"true\"><\/span>\n\t\t\t\t<span class=\"eckb-article-title__text\" >\u00bfCu\u00e1l es el proceso para solicitar reconocimiento y equiparaci\u00f3n de cursos aprobados en universidades extranjeras?<\/span>\n\t\t\t<\/span> \t\t<\/a>    \t\t\t\t<\/li> \t\t\t\t<li class=\"epkb-article-level-1 epkb-hide-elem\" data-kb-article-id=\"5615\"\n\t\t\t\t        data-kb-type=\"article\"  style=\"padding-bottom: 4px; padding-top: 4px;\"  >   \n\t\t<a href=\"https:\/\/www.preguntasfrecuentes.una.ac.cr\/?epkb_post_type_1=en-que-fechas-realizo-tramites-para-reconocimiento-equiparacion-o-equivalencia-de-estudios-grados-y-titulos\"  class=\"epkb-mp-article \"\n\t\t            data-kb-article-id=\"5615\" >\n\t\t\t<span class=\"eckb-article-title\"  style=\"color: #000000;\"  >\n\t\t\t\t<span class=\"eckb-article-title__icon ep_font_icon_document\"  style=\"color: #dd3333;\"  aria-hidden=\"true\"><\/span>\n\t\t\t\t<span class=\"eckb-article-title__text\" >\u00bfEn qu\u00e9 fechas realizo tr\u00e1mites para reconocimiento, equiparaci\u00f3n o equivalencia de estudios, grados y t\u00edtulos?<\/span>\n\t\t\t<\/span> \t\t<\/a>    \t\t\t\t<\/li> \t\t\t\t<li class=\"epkb-article-level-1 epkb-hide-elem\" data-kb-article-id=\"5612\"\n\t\t\t\t        data-kb-type=\"article\"  style=\"padding-bottom: 4px; padding-top: 4px;\"  >   \n\t\t<a href=\"https:\/\/www.preguntasfrecuentes.una.ac.cr\/?epkb_post_type_1=cuanto-dura-el-reconocimiento-y-equiparacion-o-equivalencia-de-cursos\"  class=\"epkb-mp-article \"\n\t\t            data-kb-article-id=\"5612\" >\n\t\t\t<span class=\"eckb-article-title\"  style=\"color: #000000;\"  >\n\t\t\t\t<span class=\"eckb-article-title__icon ep_font_icon_document\"  style=\"color: #dd3333;\"  aria-hidden=\"true\"><\/span>\n\t\t\t\t<span class=\"eckb-article-title__text\" >\u00bfCu\u00e1nto dura el reconocimiento y equiparaci\u00f3n o equivalencia de cursos?<\/span>\n\t\t\t<\/span> \t\t<\/a>    \t\t\t\t<\/li> \t\t\t\t<li class=\"epkb-article-level-1 epkb-hide-elem\" data-kb-article-id=\"5613\"\n\t\t\t\t        data-kb-type=\"article\"  style=\"padding-bottom: 4px; padding-top: 4px;\"  >   \n\t\t<a href=\"https:\/\/www.preguntasfrecuentes.una.ac.cr\/?epkb_post_type_1=cual-es-el-proceso-para-solicitar-reconocimiento-y-equiparacion-de-cursos-aprobados-en-universidades-costarricenses\"  class=\"epkb-mp-article \"\n\t\t            data-kb-article-id=\"5613\" >\n\t\t\t<span class=\"eckb-article-title\"  style=\"color: #000000;\"  >\n\t\t\t\t<span class=\"eckb-article-title__icon ep_font_icon_document\"  style=\"color: #dd3333;\"  aria-hidden=\"true\"><\/span>\n\t\t\t\t<span class=\"eckb-article-title__text\" >\u00bfCu\u00e1l es el proceso para solicitar reconocimiento y equiparaci\u00f3n de cursos aprobados en universidades costarricenses?<\/span>\n\t\t\t<\/span> \t\t<\/a>    \t\t\t\t<\/li> \t\t\t\t<li class=\"epkb-article-level-1 epkb-hide-elem\" data-kb-article-id=\"5610\"\n\t\t\t\t        data-kb-type=\"article\"  style=\"padding-bottom: 4px; padding-top: 4px;\"  >   \n\t\t<a href=\"https:\/\/www.preguntasfrecuentes.una.ac.cr\/?epkb_post_type_1=por-que-debo-autenticar-mis-documentos-en-caso-de-provenir-de-una-universidad-extranjera\"  class=\"epkb-mp-article \"\n\t\t            data-kb-article-id=\"5610\" >\n\t\t\t<span class=\"eckb-article-title\"  style=\"color: #000000;\"  >\n\t\t\t\t<span class=\"eckb-article-title__icon ep_font_icon_document\"  style=\"color: #dd3333;\"  aria-hidden=\"true\"><\/span>\n\t\t\t\t<span class=\"eckb-article-title__text\" >\u00bfPor qu\u00e9 debo autenticar mis documentos en caso de provenir de una universidad extranjera?<\/span>\n\t\t\t<\/span> \t\t<\/a>    \t\t\t\t<\/li> \t\t\t\t<li class=\"epkb-article-level-1 epkb-hide-elem\" data-kb-article-id=\"5611\"\n\t\t\t\t        data-kb-type=\"article\"  style=\"padding-bottom: 4px; padding-top: 4px;\"  >   \n\t\t<a href=\"https:\/\/www.preguntasfrecuentes.una.ac.cr\/?epkb_post_type_1=que-implica-el-tramite-para-reconocimiento-y-equiparacion-o-equivalencia-de-cursos\"  class=\"epkb-mp-article \"\n\t\t            data-kb-article-id=\"5611\" >\n\t\t\t<span class=\"eckb-article-title\"  style=\"color: #000000;\"  >\n\t\t\t\t<span class=\"eckb-article-title__icon ep_font_icon_document\"  style=\"color: #dd3333;\"  aria-hidden=\"true\"><\/span>\n\t\t\t\t<span class=\"eckb-article-title__text\" >\u00bfQu\u00e9 implica el tr\u00e1mite para reconocimiento y equiparaci\u00f3n o equivalencia de cursos?<\/span>\n\t\t\t<\/span> \t\t<\/a>    \t\t\t\t<\/li> \t\t\t\t<li class=\"epkb-article-level-1 epkb-hide-elem\" data-kb-article-id=\"5608\"\n\t\t\t\t        data-kb-type=\"article\"  style=\"padding-bottom: 4px; padding-top: 4px;\"  >   \n\t\t<a href=\"https:\/\/www.preguntasfrecuentes.una.ac.cr\/?epkb_post_type_1=como-se-cuales-materias-son-equivalentes-de-una-carrera-a-otra-en-caso-de-querer-cambiar-de-carrera-dentro-de-la-misma-una\"  class=\"epkb-mp-article \"\n\t\t            data-kb-article-id=\"5608\" >\n\t\t\t<span class=\"eckb-article-title\"  style=\"color: #000000;\"  >\n\t\t\t\t<span class=\"eckb-article-title__icon ep_font_icon_document\"  style=\"color: #dd3333;\"  aria-hidden=\"true\"><\/span>\n\t\t\t\t<span class=\"eckb-article-title__text\" >\u00bfC\u00f3mo s\u00e9 cu\u00e1les materias son equivalentes de una carrera a otra, en caso de querer cambiar de carrera dentro de la misma UNA?<\/span>\n\t\t\t<\/span> \t\t<\/a>    \t\t\t\t<\/li> \t\t\t\t<li class=\"epkb-article-level-1 epkb-hide-elem\" data-kb-article-id=\"5609\"\n\t\t\t\t        data-kb-type=\"article\"  style=\"padding-bottom: 4px; padding-top: 4px;\"  >   \n\t\t<a href=\"https:\/\/www.preguntasfrecuentes.una.ac.cr\/?epkb_post_type_1=soy-estudiante-de-otra-universidad-publica-costarricense-como-me-equiparan-materias-de-esa-universidad-en-algun-plan-de-estudios-de-la-una\"  class=\"epkb-mp-article \"\n\t\t            data-kb-article-id=\"5609\" >\n\t\t\t<span class=\"eckb-article-title\"  style=\"color: #000000;\"  >\n\t\t\t\t<span class=\"eckb-article-title__icon ep_font_icon_document\"  style=\"color: #dd3333;\"  aria-hidden=\"true\"><\/span>\n\t\t\t\t<span class=\"eckb-article-title__text\" >\u00bfSoy estudiante de otra universidad p\u00fablica costarricense, c\u00f3mo me equiparan materias de esa universidad en alg\u00fan plan de estudios de la UNA?<\/span>\n\t\t\t<\/span> \t\t<\/a>    \t\t\t\t<\/li> \t\t\t\t<li class=\"epkb-article-level-1 epkb-hide-elem\" data-kb-article-id=\"5607\"\n\t\t\t\t        data-kb-type=\"article\"  style=\"padding-bottom: 4px; padding-top: 4px;\"  >   \n\t\t<a href=\"https:\/\/www.preguntasfrecuentes.una.ac.cr\/?epkb_post_type_1=que-tengo-que-hacer-para-equiparar-unas-materias-que-lleve-en-la-uned\"  class=\"epkb-mp-article \"\n\t\t            data-kb-article-id=\"5607\" >\n\t\t\t<span class=\"eckb-article-title\"  style=\"color: #000000;\"  >\n\t\t\t\t<span class=\"eckb-article-title__icon ep_font_icon_document\"  style=\"color: #dd3333;\"  aria-hidden=\"true\"><\/span>\n\t\t\t\t<span class=\"eckb-article-title__text\" >\u00bfQu\u00e9 tengo que hacer para equiparar unas materias que llev\u00e9 en la UNED?<\/span>\n\t\t\t<\/span> \t\t<\/a>    \t\t\t\t<\/li> \t\t\t\t<li class=\"epkb-article-level-1 epkb-hide-elem\" data-kb-article-id=\"5606\"\n\t\t\t\t        data-kb-type=\"article\"  style=\"padding-bottom: 4px; padding-top: 4px;\"  >   \n\t\t<a href=\"https:\/\/www.preguntasfrecuentes.una.ac.cr\/?epkb_post_type_1=cual-es-el-procedimiento-de-equiparacion-de-cursos-para-estudiantes-de-otras-universidades\"  class=\"epkb-mp-article \"\n\t\t            data-kb-article-id=\"5606\" >\n\t\t\t<span class=\"eckb-article-title\"  style=\"color: #000000;\"  >\n\t\t\t\t<span class=\"eckb-article-title__icon ep_font_icon_document\"  style=\"color: #dd3333;\"  aria-hidden=\"true\"><\/span>\n\t\t\t\t<span class=\"eckb-article-title__text\" >\u00bfCu\u00e1l es el procedimiento de equiparaci\u00f3n de cursos para estudiantes de otras universidades?<\/span>\n\t\t\t<\/span> \t\t<\/a>    \t\t\t\t<\/li> \t\t\t\t<li class=\"epkb-article-level-1 epkb-hide-elem\" data-kb-article-id=\"5605\"\n\t\t\t\t        data-kb-type=\"article\"  style=\"padding-bottom: 4px; padding-top: 4px;\"  >   \n\t\t<a href=\"https:\/\/www.preguntasfrecuentes.una.ac.cr\/?epkb_post_type_1=donde-encuentro-las-guias-de-horario\"  class=\"epkb-mp-article \"\n\t\t            data-kb-article-id=\"5605\" >\n\t\t\t<span class=\"eckb-article-title\"  style=\"color: #000000;\"  >\n\t\t\t\t<span class=\"eckb-article-title__icon ep_font_icon_document\"  style=\"color: #dd3333;\"  aria-hidden=\"true\"><\/span>\n\t\t\t\t<span class=\"eckb-article-title__text\" >\u00bfD\u00f3nde encuentro las gu\u00edas de horario?<\/span>\n\t\t\t<\/span> \t\t<\/a>    \t\t\t\t<\/li> \t\t\t\t<li class=\"epkb-article-level-1 epkb-hide-elem\" data-kb-article-id=\"5603\"\n\t\t\t\t        data-kb-type=\"article\"  style=\"padding-bottom: 4px; padding-top: 4px;\"  >   \n\t\t<a href=\"https:\/\/www.preguntasfrecuentes.una.ac.cr\/?epkb_post_type_1=donde-encuentro-el-padron-de-matricula\"  class=\"epkb-mp-article \"\n\t\t            data-kb-article-id=\"5603\" >\n\t\t\t<span class=\"eckb-article-title\"  style=\"color: #000000;\"  >\n\t\t\t\t<span class=\"eckb-article-title__icon ep_font_icon_document\"  style=\"color: #dd3333;\"  aria-hidden=\"true\"><\/span>\n\t\t\t\t<span class=\"eckb-article-title__text\" >\u00bfD\u00f3nde encuentro el padr\u00f3n de citas de matr\u00edcula?<\/span>\n\t\t\t<\/span> \t\t<\/a>    \t\t\t\t<\/li> \t\t\t\t<li class=\"epkb-article-level-1 epkb-hide-elem\" data-kb-article-id=\"5604\"\n\t\t\t\t        data-kb-type=\"article\"  style=\"padding-bottom: 4px; padding-top: 4px;\"  >   \n\t\t<a href=\"https:\/\/www.preguntasfrecuentes.una.ac.cr\/?epkb_post_type_1=donde-encuentro-el-horario-de-cursos-de-verano\"  class=\"epkb-mp-article \"\n\t\t            data-kb-article-id=\"5604\" >\n\t\t\t<span class=\"eckb-article-title\"  style=\"color: #000000;\"  >\n\t\t\t\t<span class=\"eckb-article-title__icon ep_font_icon_document\"  style=\"color: #dd3333;\"  aria-hidden=\"true\"><\/span>\n\t\t\t\t<span class=\"eckb-article-title__text\" >\u00bfD\u00f3nde encuentro el horario de cursos de verano?<\/span>\n\t\t\t<\/span> \t\t<\/a>    \t\t\t\t<\/li> \t\t\t\t<li class=\"epkb-article-level-1 epkb-hide-elem\" data-kb-article-id=\"5602\"\n\t\t\t\t        data-kb-type=\"article\"  style=\"padding-bottom: 4px; padding-top: 4px;\"  >   \n\t\t<a href=\"https:\/\/www.preguntasfrecuentes.una.ac.cr\/?epkb_post_type_1=cuales-son-las-fechas-de-matricula\"  class=\"epkb-mp-article \"\n\t\t            data-kb-article-id=\"5602\" >\n\t\t\t<span class=\"eckb-article-title\"  style=\"color: #000000;\"  >\n\t\t\t\t<span class=\"eckb-article-title__icon ep_font_icon_document\"  style=\"color: #dd3333;\"  aria-hidden=\"true\"><\/span>\n\t\t\t\t<span class=\"eckb-article-title__text\" >\u00bfCu\u00e1les son las fechas de matr\u00edcula?<\/span>\n\t\t\t<\/span> \t\t<\/a>    \t\t\t\t<\/li> \t\t\t\t<li class=\"epkb-article-level-1 epkb-hide-elem\" data-kb-article-id=\"5599\"\n\t\t\t\t        data-kb-type=\"article\"  style=\"padding-bottom: 4px; padding-top: 4px;\"  >   \n\t\t<a href=\"https:\/\/www.preguntasfrecuentes.una.ac.cr\/?epkb_post_type_1=como-obtengo-informacion-sobre-los-cursos-que-debo-matricular\"  class=\"epkb-mp-article \"\n\t\t            data-kb-article-id=\"5599\" >\n\t\t\t<span class=\"eckb-article-title\"  style=\"color: #000000;\"  >\n\t\t\t\t<span class=\"eckb-article-title__icon ep_font_icon_document\"  style=\"color: #dd3333;\"  aria-hidden=\"true\"><\/span>\n\t\t\t\t<span class=\"eckb-article-title__text\" >\u00bfC\u00f3mo obtengo informaci\u00f3n sobre los cursos que debo matricular?<\/span>\n\t\t\t<\/span> \t\t<\/a>    \t\t\t\t<\/li> \t\t\t\t<li class=\"epkb-article-level-1 epkb-hide-elem\" data-kb-article-id=\"5597\"\n\t\t\t\t        data-kb-type=\"article\"  style=\"padding-bottom: 4px; padding-top: 4px;\"  >   \n\t\t<a href=\"https:\/\/www.preguntasfrecuentes.una.ac.cr\/?epkb_post_type_1=donde-realizo-el-pago-de-los-creditos\"  class=\"epkb-mp-article \"\n\t\t            data-kb-article-id=\"5597\" >\n\t\t\t<span class=\"eckb-article-title\"  style=\"color: #000000;\"  >\n\t\t\t\t<span class=\"eckb-article-title__icon ep_font_icon_document\"  style=\"color: #dd3333;\"  aria-hidden=\"true\"><\/span>\n\t\t\t\t<span class=\"eckb-article-title__text\" >\u00bfD\u00f3nde realizo el pago de los cr\u00e9ditos?<\/span>\n\t\t\t<\/span> \t\t<\/a>    \t\t\t\t<\/li> \t\t\t\t<li class=\"epkb-article-level-1 epkb-hide-elem\" data-kb-article-id=\"5595\"\n\t\t\t\t        data-kb-type=\"article\"  style=\"padding-bottom: 4px; padding-top: 4px;\"  >   \n\t\t<a href=\"https:\/\/www.preguntasfrecuentes.una.ac.cr\/?epkb_post_type_1=como-hago-para-matricular-si-me-da-error\"  class=\"epkb-mp-article \"\n\t\t            data-kb-article-id=\"5595\" >\n\t\t\t<span class=\"eckb-article-title\"  style=\"color: #000000;\"  >\n\t\t\t\t<span class=\"eckb-article-title__icon ep_font_icon_document\"  style=\"color: #dd3333;\"  aria-hidden=\"true\"><\/span>\n\t\t\t\t<span class=\"eckb-article-title__text\" >\u00bfC\u00f3mo hago para matricular si me da error?<\/span>\n\t\t\t<\/span> \t\t<\/a>    \t\t\t\t<\/li> \t\t\t\t<li class=\"epkb-article-level-1 epkb-hide-elem\" data-kb-article-id=\"5594\"\n\t\t\t\t        data-kb-type=\"article\"  style=\"padding-bottom: 4px; padding-top: 4px;\"  >   \n\t\t<a href=\"https:\/\/www.preguntasfrecuentes.una.ac.cr\/?epkb_post_type_1=que-pasa-si-quiero-anular-la-matricula-ya-que-por-alguna-razon-no-puedo-continuar-estudiando\"  class=\"epkb-mp-article \"\n\t\t            data-kb-article-id=\"5594\" >\n\t\t\t<span class=\"eckb-article-title\"  style=\"color: #000000;\"  >\n\t\t\t\t<span class=\"eckb-article-title__icon ep_font_icon_document\"  style=\"color: #dd3333;\"  aria-hidden=\"true\"><\/span>\n\t\t\t\t<span class=\"eckb-article-title__text\" >\u00bfQu\u00e9 pasa si quiero anular la matr\u00edcula, ya que por alguna raz\u00f3n no puedo continuar estudiando?<\/span>\n\t\t\t<\/span> \t\t<\/a>    \t\t\t\t<\/li> \t\t\t\t<li class=\"epkb-article-level-1 epkb-hide-elem\" data-kb-article-id=\"5593\"\n\t\t\t\t        data-kb-type=\"article\"  style=\"padding-bottom: 4px; padding-top: 4px;\"  >   \n\t\t<a href=\"https:\/\/www.preguntasfrecuentes.una.ac.cr\/?epkb_post_type_1=me-gustaria-saber-si-luego-de-la-matricula-ordinaria-realizan-matriculas-extraordinarias\"  class=\"epkb-mp-article \"\n\t\t            data-kb-article-id=\"5593\" >\n\t\t\t<span class=\"eckb-article-title\"  style=\"color: #000000;\"  >\n\t\t\t\t<span class=\"eckb-article-title__icon ep_font_icon_document\"  style=\"color: #dd3333;\"  aria-hidden=\"true\"><\/span>\n\t\t\t\t<span class=\"eckb-article-title__text\" >\u00bfMe gustar\u00eda saber si luego de la matr\u00edcula ordinaria, realizan matr\u00edculas extraordinarias?<\/span>\n\t\t\t<\/span> \t\t<\/a>    \t\t\t\t<\/li> \t\t\t\t<li class=\"epkb-article-level-1 epkb-hide-elem\" data-kb-article-id=\"5591\"\n\t\t\t\t        data-kb-type=\"article\"  style=\"padding-bottom: 4px; padding-top: 4px;\"  >   \n\t\t<a href=\"https:\/\/www.preguntasfrecuentes.una.ac.cr\/?epkb_post_type_1=cual-es-el-proceso-de-un-estudiante-graduado-para-volver-a-matricular\"  class=\"epkb-mp-article \"\n\t\t            data-kb-article-id=\"5591\" >\n\t\t\t<span class=\"eckb-article-title\"  style=\"color: #000000;\"  >\n\t\t\t\t<span class=\"eckb-article-title__icon ep_font_icon_document\"  style=\"color: #dd3333;\"  aria-hidden=\"true\"><\/span>\n\t\t\t\t<span class=\"eckb-article-title__text\" >\u00bfCu\u00e1l es el proceso de un estudiante graduado para volver a matricular?<\/span>\n\t\t\t<\/span> \t\t<\/a>    \t\t\t\t<\/li> \t\t\t\t<li class=\"epkb-article-level-1 epkb-hide-elem\" data-kb-article-id=\"5592\"\n\t\t\t\t        data-kb-type=\"article\"  style=\"padding-bottom: 4px; padding-top: 4px;\"  >   \n\t\t<a href=\"https:\/\/www.preguntasfrecuentes.una.ac.cr\/?epkb_post_type_1=cuando-es-la-matricula-o-prematricula-para-estudiantes-de-primer-ingreso\"  class=\"epkb-mp-article \"\n\t\t            data-kb-article-id=\"5592\" >\n\t\t\t<span class=\"eckb-article-title\"  style=\"color: #000000;\"  >\n\t\t\t\t<span class=\"eckb-article-title__icon ep_font_icon_document\"  style=\"color: #dd3333;\"  aria-hidden=\"true\"><\/span>\n\t\t\t\t<span class=\"eckb-article-title__text\" >\u00bfCu\u00e1ndo es la matr\u00edcula o prematr\u00edcula para estudiantes de primer ingreso?<\/span>\n\t\t\t<\/span> \t\t<\/a>    \t\t\t\t<\/li> \n\t\t<\/ul> \t\t\t<button class=\"epkb-show-all-articles\" aria-expanded=\"false\" data-btn-id=\"374\">\n\t\t\t\t\t<span class=\"epkb-show-text\">\n\t\t\t\t\t\tMostrar todos los art\u00edculos ( 45 )\n\t\t\t\t\t<\/span>\n\t\t\t\t<span class=\"epkb-hide-text epkb-hide-elem\">Contraer art\u00edculos<\/span>\n\t\t\t<\/button>\t\t\t\t\t\n\t\t\t\t\t<\/div><!-- Section Body End -->\n\n\t\t\t\t<\/section><!-- Section End -->  \t\t\t\t\t<\/div>  \t\t\t\t\t<div class=\"epkb-ml__module-categories-articles__row\">  \n\t\t\t\t<!-- Section Container ( Category Box ) -->\n\t\t\t\t<section id=\"epkb_cat_7\" class=\"section_light_shadow epkb-top-category-box\"  style=\"border-radius: 4px; border-width: 1px; border-color: #CACACE; background-color: #FEFEFE; border-style: solid;\"  >\n\n\t\t\t\t\t<!-- Section Head -->\n\t\t\t\t\t<div class=\"section-head section_divider\"  style=\"border-bottom-width: 1px; background-color: #FFFFFF; border-top-left-radius: 4px; border-top-right-radius: 4px; border-bottom-color: #FFFFFF; padding-top: 20px; padding-bottom: 20px; padding-left: 20px; padding-right: 20px; padding-left: 10px;\"  >\n\n\t\t\t\t\t\t<!-- Category Name + Icon -->\n\t\t\t\t\t\t<div class=\"epkb-category-level-1 epkb-category-level-1--icon-loc-left epkb-category-level-1--alignment-left\" data-kb-category-id=\"446\" data-kb-type=\"category\"  style=\"color: #000000;\"  >\n\n\t\t\t\t\t\t\t<!-- Icon Top \/ Left -->\t                            \t\t\t\t\t\t\t\t\t<span class=\"epkb-cat-icon epkbfa epkbfa-check-square-o\" data-kb-category-icon=\"epkbfa-check-square-o\"  style=\"color: #eb5a46; font-size: 30px;\" ><\/span>\t\t\t\t\t\t\t\t<div class=\"epkb-cat-name\">    \t\t\t\t\t\t\t\t\t<div class=\"epkb-cat-name-count-container\"  style=\"color: #000000; font-size:24px;\" >\n\t\t\t\t\t\t\t\t\t\t<h2 class=\"epkb-cat-name\">Reconocimiento y equiparaci\u00f3n<\/h2>\n\t\t\t\t\t\t\t\t\t\t<span class=\"epkb-cat-count\">6<\/span>\n\t\t\t\t\t\t\t\t\t<\/div> \n\t\t\t\t\t\t\t<\/div>\n\n\t\t\t\t\t\t\t<!-- Icon Right -->     \n\t\t\t\t\t\t<\/div>\n\n\t\t\t\t\t\t<!-- Category Description -->\t\t\t\t\t\t\t\t\t\t\t<\/div>\n\n\t\t\t\t\t<!-- Section Body -->\n\t\t\t\t\t<div class=\"epkb-section-body\"  style=\"border-bottom-width: 1px; padding-top: 4px; padding-bottom: 4px; padding-left: 22px; padding-right: 4px; min-height: 130px;\"  >\t\t\t\t\t\t\n\t\t<ul class=\"epkb-main-category epkb-articles\"  style=\"padding-left: 10px;\"  data-list-id=\"446\"> \t\t\t\t<li class=\"epkb-article-level-1 \" data-kb-article-id=\"6420\"\n\t\t\t\t        data-kb-type=\"article\"  style=\"padding-bottom: 4px; padding-top: 4px;\"  >   \n\t\t<a href=\"https:\/\/www.preguntasfrecuentes.una.ac.cr\/?epkb_post_type_1=cuales-son-los-requisitos-para-la-equiparacion-de-cursos-aprobados-en-otras-instituciones-de-educacion-superior\"  class=\"epkb-mp-article \"\n\t\t            data-kb-article-id=\"6420\" >\n\t\t\t<span class=\"eckb-article-title\"  style=\"color: #000000;\"  >\n\t\t\t\t<span class=\"eckb-article-title__icon ep_font_icon_document\"  style=\"color: #dd3333;\"  aria-hidden=\"true\"><\/span>\n\t\t\t\t<span class=\"eckb-article-title__text\" >\u00bfCu\u00e1les son los requisitos para la equiparaci\u00f3n de cursos aprobados en otras instituciones de educaci\u00f3n superior?<\/span>\n\t\t\t<\/span> \t\t<\/a>    \t\t\t\t<\/li> \t\t\t\t<li class=\"epkb-article-level-1 \" data-kb-article-id=\"5983\"\n\t\t\t\t        data-kb-type=\"article\"  style=\"padding-bottom: 4px; padding-top: 4px;\"  >   \n\t\t<a href=\"https:\/\/www.preguntasfrecuentes.una.ac.cr\/?epkb_post_type_1=debo-presentar-los-programas-de-cursos-de-estudios-generales-de-la-uned-o-ucr-para-reconocimiento-de-estos-cursos-generales-de-la-una\"  class=\"epkb-mp-article \"\n\t\t            data-kb-article-id=\"5983\" >\n\t\t\t<span class=\"eckb-article-title\"  style=\"color: #000000;\"  >\n\t\t\t\t<span class=\"eckb-article-title__icon ep_font_icon_document\"  style=\"color: #dd3333;\"  aria-hidden=\"true\"><\/span>\n\t\t\t\t<span class=\"eckb-article-title__text\" >\u00bfDebo presentar los programas de cursos de Estudios Generales de la UNED o UCR para reconocimiento de estos cursos generales de la UNA?<\/span>\n\t\t\t<\/span> \t\t<\/a>    \t\t\t\t<\/li> \t\t\t\t<li class=\"epkb-article-level-1 \" data-kb-article-id=\"5981\"\n\t\t\t\t        data-kb-type=\"article\"  style=\"padding-bottom: 4px; padding-top: 4px;\"  >   \n\t\t<a href=\"https:\/\/www.preguntasfrecuentes.una.ac.cr\/?epkb_post_type_1=que-debo-hacer-si-deseo-ingresar-a-la-universidad-nacional-por-reconocimiento-de-36-creditos\"  class=\"epkb-mp-article \"\n\t\t            data-kb-article-id=\"5981\" >\n\t\t\t<span class=\"eckb-article-title\"  style=\"color: #000000;\"  >\n\t\t\t\t<span class=\"eckb-article-title__icon ep_font_icon_document\"  style=\"color: #dd3333;\"  aria-hidden=\"true\"><\/span>\n\t\t\t\t<span class=\"eckb-article-title__text\" >\u00bfQu\u00e9 debo hacer si deseo ingresar a la Universidad Nacional por reconocimiento de 36 cr\u00e9ditos?<\/span>\n\t\t\t<\/span> \t\t<\/a>    \t\t\t\t<\/li> \t\t\t\t<li class=\"epkb-article-level-1 \" data-kb-article-id=\"5979\"\n\t\t\t\t        data-kb-type=\"article\"  style=\"padding-bottom: 4px; padding-top: 4px;\"  >   \n\t\t<a href=\"https:\/\/www.preguntasfrecuentes.una.ac.cr\/?epkb_post_type_1=debo-pagar-por-realizar-tramites-de-reconocimiento-de-cursos\"  class=\"epkb-mp-article \"\n\t\t            data-kb-article-id=\"5979\" >\n\t\t\t<span class=\"eckb-article-title\"  style=\"color: #000000;\"  >\n\t\t\t\t<span class=\"eckb-article-title__icon ep_font_icon_document\"  style=\"color: #dd3333;\"  aria-hidden=\"true\"><\/span>\n\t\t\t\t<span class=\"eckb-article-title__text\" >\u00bfDebo pagar por realizar tr\u00e1mites de reconocimiento de cursos?<\/span>\n\t\t\t<\/span> \t\t<\/a>    \t\t\t\t<\/li> \t\t\t\t<li class=\"epkb-article-level-1 \" data-kb-article-id=\"5977\"\n\t\t\t\t        data-kb-type=\"article\"  style=\"padding-bottom: 4px; padding-top: 4px;\"  >   \n\t\t<a href=\"https:\/\/www.preguntasfrecuentes.una.ac.cr\/?epkb_post_type_1=cuales-son-la-fechas-para-realizar-tramites-de-reconocimiento-de-cursos\"  class=\"epkb-mp-article \"\n\t\t            data-kb-article-id=\"5977\" >\n\t\t\t<span class=\"eckb-article-title\"  style=\"color: #000000;\"  >\n\t\t\t\t<span class=\"eckb-article-title__icon ep_font_icon_document\"  style=\"color: #dd3333;\"  aria-hidden=\"true\"><\/span>\n\t\t\t\t<span class=\"eckb-article-title__text\" >\u00bfCu\u00e1les son la fechas para realizar tr\u00e1mites de reconocimiento de cursos?<\/span>\n\t\t\t<\/span> \t\t<\/a>    \t\t\t\t<\/li> \t\t\t\t<li class=\"epkb-article-level-1 epkb-hide-elem\" data-kb-article-id=\"5975\"\n\t\t\t\t        data-kb-type=\"article\"  style=\"padding-bottom: 4px; padding-top: 4px;\"  >   \n\t\t<a href=\"https:\/\/www.preguntasfrecuentes.una.ac.cr\/?epkb_post_type_1=cuales-documentos-debo-presentar-para-tramites-de-reconocimiento-de-cursos\"  class=\"epkb-mp-article \"\n\t\t            data-kb-article-id=\"5975\" >\n\t\t\t<span class=\"eckb-article-title\"  style=\"color: #000000;\"  >\n\t\t\t\t<span class=\"eckb-article-title__icon ep_font_icon_document\"  style=\"color: #dd3333;\"  aria-hidden=\"true\"><\/span>\n\t\t\t\t<span class=\"eckb-article-title__text\" >\u00bfCu\u00e1les documentos debo presentar para tramites de reconocimiento de cursos?<\/span>\n\t\t\t<\/span> \t\t<\/a>    \t\t\t\t<\/li> \n\t\t<\/ul> \t\t\t<button class=\"epkb-show-all-articles\" aria-expanded=\"false\" data-btn-id=\"446\">\n\t\t\t\t\t<span class=\"epkb-show-text\">\n\t\t\t\t\t\tMostrar todos los art\u00edculos ( 1 )\n\t\t\t\t\t<\/span>\n\t\t\t\t<span class=\"epkb-hide-text epkb-hide-elem\">Contraer art\u00edculos<\/span>\n\t\t\t<\/button>\t\t\t\t\t\n\t\t\t\t\t<\/div><!-- Section Body End -->\n\n\t\t\t\t<\/section><!-- Section End -->  \n\t\t\t\t<!-- Section Container ( Category Box ) -->\n\t\t\t\t<section id=\"epkb_cat_8\" class=\"section_light_shadow epkb-top-category-box\"  style=\"border-radius: 4px; border-width: 1px; border-color: #CACACE; background-color: #FEFEFE; border-style: solid;\"  >\n\n\t\t\t\t\t<!-- Section Head -->\n\t\t\t\t\t<div class=\"section-head section_divider\"  style=\"border-bottom-width: 1px; background-color: #FFFFFF; border-top-left-radius: 4px; border-top-right-radius: 4px; border-bottom-color: #FFFFFF; padding-top: 20px; padding-bottom: 20px; padding-left: 20px; padding-right: 20px; padding-left: 10px;\"  >\n\n\t\t\t\t\t\t<!-- Category Name + Icon -->\n\t\t\t\t\t\t<div class=\"epkb-category-level-1 epkb-category-level-1--icon-loc-left epkb-category-level-1--alignment-left\" data-kb-category-id=\"270\" data-kb-type=\"category\"  style=\"color: #000000;\"  >\n\n\t\t\t\t\t\t\t<!-- Icon Top \/ Left -->\t                            \t\t\t\t\t\t\t\t\t<span class=\"epkb-cat-icon epkbfa epkbfa-group\" data-kb-category-icon=\"epkbfa-group\"  style=\"color: #eb5a46; font-size: 30px;\" ><\/span>\t\t\t\t\t\t\t\t<div class=\"epkb-cat-name\">    \t\t\t\t\t\t\t\t\t<div class=\"epkb-cat-name-count-container\"  style=\"color: #000000; font-size:24px;\" >\n\t\t\t\t\t\t\t\t\t\t<h2 class=\"epkb-cat-name\">Servicios-Estudiantiles<\/h2>\n\t\t\t\t\t\t\t\t\t\t<span class=\"epkb-cat-count\">44<\/span>\n\t\t\t\t\t\t\t\t\t<\/div> \n\t\t\t\t\t\t\t<\/div>\n\n\t\t\t\t\t\t\t<!-- Icon Right -->     \n\t\t\t\t\t\t<\/div>\n\n\t\t\t\t\t\t<!-- Category Description -->\t\t\t\t\t\t\t\t\t\t\t<\/div>\n\n\t\t\t\t\t<!-- Section Body -->\n\t\t\t\t\t<div class=\"epkb-section-body\"  style=\"border-bottom-width: 1px; padding-top: 4px; padding-bottom: 4px; padding-left: 22px; padding-right: 4px; min-height: 130px;\"  >\t\t\t\t\t\t\n\t\t<ul class=\"epkb-main-category epkb-articles\"  style=\"padding-left: 10px;\"  data-list-id=\"270\"> \t\t\t\t<li class=\"epkb-article-level-1 \" data-kb-article-id=\"7342\"\n\t\t\t\t        data-kb-type=\"article\"  style=\"padding-bottom: 4px; padding-top: 4px;\"  >   \n\t\t<a href=\"https:\/\/www.preguntasfrecuentes.una.ac.cr\/?epkb_post_type_1=donde-puedo-encontrar-informacion-adicional-sobre-temas-de-salud-en-la-una\"  class=\"epkb-mp-article \"\n\t\t            data-kb-article-id=\"7342\" >\n\t\t\t<span class=\"eckb-article-title\"  style=\"color: #000000;\"  >\n\t\t\t\t<span class=\"eckb-article-title__icon ep_font_icon_document\"  style=\"color: #dd3333;\"  aria-hidden=\"true\"><\/span>\n\t\t\t\t<span class=\"eckb-article-title__text\" >\u00bfD\u00f3nde puedo encontrar informaci\u00f3n adicional sobre temas de salud en la UNA?<\/span>\n\t\t\t<\/span> \t\t<\/a>    \t\t\t\t<\/li> \t\t\t\t<li class=\"epkb-article-level-1 \" data-kb-article-id=\"7340\"\n\t\t\t\t        data-kb-type=\"article\"  style=\"padding-bottom: 4px; padding-top: 4px;\"  >   \n\t\t<a href=\"https:\/\/www.preguntasfrecuentes.una.ac.cr\/?epkb_post_type_1=ofrece-la-una-recursos-para-el-autocuidado-y-educacion-en-salud\"  class=\"epkb-mp-article \"\n\t\t            data-kb-article-id=\"7340\" >\n\t\t\t<span class=\"eckb-article-title\"  style=\"color: #000000;\"  >\n\t\t\t\t<span class=\"eckb-article-title__icon ep_font_icon_document\"  style=\"color: #dd3333;\"  aria-hidden=\"true\"><\/span>\n\t\t\t\t<span class=\"eckb-article-title__text\" >\u00bfOfrece la UNA recursos para el autocuidado y educaci\u00f3n en salud?<\/span>\n\t\t\t<\/span> \t\t<\/a>    \t\t\t\t<\/li> \t\t\t\t<li class=\"epkb-article-level-1 \" data-kb-article-id=\"7338\"\n\t\t\t\t        data-kb-type=\"article\"  style=\"padding-bottom: 4px; padding-top: 4px;\"  >   \n\t\t<a href=\"https:\/\/www.preguntasfrecuentes.una.ac.cr\/?epkb_post_type_1=como-puedo-obtener-asesoria-en-promocion-de-la-salud\"  class=\"epkb-mp-article \"\n\t\t            data-kb-article-id=\"7338\" >\n\t\t\t<span class=\"eckb-article-title\"  style=\"color: #000000;\"  >\n\t\t\t\t<span class=\"eckb-article-title__icon ep_font_icon_document\"  style=\"color: #dd3333;\"  aria-hidden=\"true\"><\/span>\n\t\t\t\t<span class=\"eckb-article-title__text\" >\u00bfC\u00f3mo puedo obtener asesor\u00eda en promoci\u00f3n de la salud?<\/span>\n\t\t\t<\/span> \t\t<\/a>    \t\t\t\t<\/li> \t\t\t\t<li class=\"epkb-article-level-1 \" data-kb-article-id=\"7336\"\n\t\t\t\t        data-kb-type=\"article\"  style=\"padding-bottom: 4px; padding-top: 4px;\"  >   \n\t\t<a href=\"https:\/\/www.preguntasfrecuentes.una.ac.cr\/?epkb_post_type_1=que-areas-de-enfoque-tiene-el-departamento-de-salud-de-la-una\"  class=\"epkb-mp-article \"\n\t\t            data-kb-article-id=\"7336\" >\n\t\t\t<span class=\"eckb-article-title\"  style=\"color: #000000;\"  >\n\t\t\t\t<span class=\"eckb-article-title__icon ep_font_icon_document\"  style=\"color: #dd3333;\"  aria-hidden=\"true\"><\/span>\n\t\t\t\t<span class=\"eckb-article-title__text\" >\u00bfQu\u00e9 \u00e1reas de enfoque tiene el Departamento de Salud de la UNA?<\/span>\n\t\t\t<\/span> \t\t<\/a>    \t\t\t\t<\/li> \t\t\t\t<li class=\"epkb-article-level-1 \" data-kb-article-id=\"7334\"\n\t\t\t\t        data-kb-type=\"article\"  style=\"padding-bottom: 4px; padding-top: 4px;\"  >   \n\t\t<a href=\"https:\/\/www.preguntasfrecuentes.una.ac.cr\/?epkb_post_type_1=cuales-son-los-horarios-de-atencion-del-departamento-de-salud\"  class=\"epkb-mp-article \"\n\t\t            data-kb-article-id=\"7334\" >\n\t\t\t<span class=\"eckb-article-title\"  style=\"color: #000000;\"  >\n\t\t\t\t<span class=\"eckb-article-title__icon ep_font_icon_document\"  style=\"color: #dd3333;\"  aria-hidden=\"true\"><\/span>\n\t\t\t\t<span class=\"eckb-article-title__text\" >\u00bfCu\u00e1les son los horarios de atenci\u00f3n del Departamento de Salud?<\/span>\n\t\t\t<\/span> \t\t<\/a>    \t\t\t\t<\/li> \t\t\t\t<li class=\"epkb-article-level-1 epkb-hide-elem\" data-kb-article-id=\"7332\"\n\t\t\t\t        data-kb-type=\"article\"  style=\"padding-bottom: 4px; padding-top: 4px;\"  >   \n\t\t<a href=\"https:\/\/www.preguntasfrecuentes.una.ac.cr\/?epkb_post_type_1=se-emiten-certificados-medicos-o-epicrisis-en-el-departamento-de-salud\"  class=\"epkb-mp-article \"\n\t\t            data-kb-article-id=\"7332\" >\n\t\t\t<span class=\"eckb-article-title\"  style=\"color: #000000;\"  >\n\t\t\t\t<span class=\"eckb-article-title__icon ep_font_icon_document\"  style=\"color: #dd3333;\"  aria-hidden=\"true\"><\/span>\n\t\t\t\t<span class=\"eckb-article-title__text\" >\u00bfSe emiten certificados m\u00e9dicos o epicrisis en el Departamento de Salud?<\/span>\n\t\t\t<\/span> \t\t<\/a>    \t\t\t\t<\/li> \t\t\t\t<li class=\"epkb-article-level-1 epkb-hide-elem\" data-kb-article-id=\"7330\"\n\t\t\t\t        data-kb-type=\"article\"  style=\"padding-bottom: 4px; padding-top: 4px;\"  >   \n\t\t<a href=\"https:\/\/www.preguntasfrecuentes.una.ac.cr\/?epkb_post_type_1=como-puedo-acceder-al-seguro-social-como-estudiante-de-la-una\"  class=\"epkb-mp-article \"\n\t\t            data-kb-article-id=\"7330\" >\n\t\t\t<span class=\"eckb-article-title\"  style=\"color: #000000;\"  >\n\t\t\t\t<span class=\"eckb-article-title__icon ep_font_icon_document\"  style=\"color: #dd3333;\"  aria-hidden=\"true\"><\/span>\n\t\t\t\t<span class=\"eckb-article-title__text\" >\u00bfC\u00f3mo puedo acceder al seguro social como estudiante de la UNA?<\/span>\n\t\t\t<\/span> \t\t<\/a>    \t\t\t\t<\/li> \t\t\t\t<li class=\"epkb-article-level-1 epkb-hide-elem\" data-kb-article-id=\"7328\"\n\t\t\t\t        data-kb-type=\"article\"  style=\"padding-bottom: 4px; padding-top: 4px;\"  >   \n\t\t<a href=\"https:\/\/www.preguntasfrecuentes.una.ac.cr\/?epkb_post_type_1=cuales-son-los-requisitos-para-recibir-atencion-medica-en-la-una\"  class=\"epkb-mp-article \"\n\t\t            data-kb-article-id=\"7328\" >\n\t\t\t<span class=\"eckb-article-title\"  style=\"color: #000000;\"  >\n\t\t\t\t<span class=\"eckb-article-title__icon ep_font_icon_document\"  style=\"color: #dd3333;\"  aria-hidden=\"true\"><\/span>\n\t\t\t\t<span class=\"eckb-article-title__text\" >\u00bfCu\u00e1les son los requisitos para recibir atenci\u00f3n m\u00e9dica en la UNA?<\/span>\n\t\t\t<\/span> \t\t<\/a>    \t\t\t\t<\/li> \t\t\t\t<li class=\"epkb-article-level-1 epkb-hide-elem\" data-kb-article-id=\"7326\"\n\t\t\t\t        data-kb-type=\"article\"  style=\"padding-bottom: 4px; padding-top: 4px;\"  >   \n\t\t<a href=\"https:\/\/www.preguntasfrecuentes.una.ac.cr\/?epkb_post_type_1=como-puedo-solicitar-una-cita-medica-en-la-universidad-nacional\"  class=\"epkb-mp-article \"\n\t\t            data-kb-article-id=\"7326\" >\n\t\t\t<span class=\"eckb-article-title\"  style=\"color: #000000;\"  >\n\t\t\t\t<span class=\"eckb-article-title__icon ep_font_icon_document\"  style=\"color: #dd3333;\"  aria-hidden=\"true\"><\/span>\n\t\t\t\t<span class=\"eckb-article-title__text\" >\u00bfC\u00f3mo puedo solicitar una cita m\u00e9dica en la Universidad Nacional?<\/span>\n\t\t\t<\/span> \t\t<\/a>    \t\t\t\t<\/li> \t\t\t\t<li class=\"epkb-article-level-1 epkb-hide-elem\" data-kb-article-id=\"7324\"\n\t\t\t\t        data-kb-type=\"article\"  style=\"padding-bottom: 4px; padding-top: 4px;\"  >   \n\t\t<a href=\"https:\/\/www.preguntasfrecuentes.una.ac.cr\/?epkb_post_type_1=que-servicios-medicos-ofrece-el-departamento-de-salud-de-la-una\"  class=\"epkb-mp-article \"\n\t\t            data-kb-article-id=\"7324\" >\n\t\t\t<span class=\"eckb-article-title\"  style=\"color: #000000;\"  >\n\t\t\t\t<span class=\"eckb-article-title__icon ep_font_icon_document\"  style=\"color: #dd3333;\"  aria-hidden=\"true\"><\/span>\n\t\t\t\t<span class=\"eckb-article-title__text\" >\u00bfQu\u00e9 servicios m\u00e9dicos ofrece el Departamento de Salud de la UNA?<\/span>\n\t\t\t<\/span> \t\t<\/a>    \t\t\t\t<\/li> \t\t\t\t<li class=\"epkb-article-level-1 epkb-hide-elem\" data-kb-article-id=\"7309\"\n\t\t\t\t        data-kb-type=\"article\"  style=\"padding-bottom: 4px; padding-top: 4px;\"  >   \n\t\t<a href=\"https:\/\/www.preguntasfrecuentes.una.ac.cr\/?epkb_post_type_1=que-servicios-ofrece-siduna-a-sus-usuarios\"  class=\"epkb-mp-article \"\n\t\t            data-kb-article-id=\"7309\" >\n\t\t\t<span class=\"eckb-article-title\"  style=\"color: #000000;\"  >\n\t\t\t\t<span class=\"eckb-article-title__icon ep_font_icon_document\"  style=\"color: #dd3333;\"  aria-hidden=\"true\"><\/span>\n\t\t\t\t<span class=\"eckb-article-title__text\" >\u00bfQu\u00e9 servicios ofrece SIDUNA a sus usuarios?<\/span>\n\t\t\t<\/span> \t\t<\/a>    \t\t\t\t<\/li> \t\t\t\t<li class=\"epkb-article-level-1 epkb-hide-elem\" data-kb-article-id=\"7303\"\n\t\t\t\t        data-kb-type=\"article\"  style=\"padding-bottom: 4px; padding-top: 4px;\"  >   \n\t\t<a href=\"https:\/\/www.preguntasfrecuentes.una.ac.cr\/?epkb_post_type_1=que-tipo-de-apoyo-brinda-el-area-de-psicopedagogia-del-departamento\"  class=\"epkb-mp-article \"\n\t\t            data-kb-article-id=\"7303\" >\n\t\t\t<span class=\"eckb-article-title\"  style=\"color: #000000;\"  >\n\t\t\t\t<span class=\"eckb-article-title__icon ep_font_icon_document\"  style=\"color: #dd3333;\"  aria-hidden=\"true\"><\/span>\n\t\t\t\t<span class=\"eckb-article-title__text\" >\u00bfQu\u00e9 tipo de apoyo brinda el \u00e1rea de psicopedagog\u00eda del Departamento de Psicolog\u00eda?<\/span>\n\t\t\t<\/span> \t\t<\/a>    \t\t\t\t<\/li> \t\t\t\t<li class=\"epkb-article-level-1 epkb-hide-elem\" data-kb-article-id=\"7301\"\n\t\t\t\t        data-kb-type=\"article\"  style=\"padding-bottom: 4px; padding-top: 4px;\"  >   \n\t\t<a href=\"https:\/\/www.preguntasfrecuentes.una.ac.cr\/?epkb_post_type_1=en-que-consiste-la-feria-vocacional-puertas-abiertas\"  class=\"epkb-mp-article \"\n\t\t            data-kb-article-id=\"7301\" >\n\t\t\t<span class=\"eckb-article-title\"  style=\"color: #000000;\"  >\n\t\t\t\t<span class=\"eckb-article-title__icon ep_font_icon_document\"  style=\"color: #dd3333;\"  aria-hidden=\"true\"><\/span>\n\t\t\t\t<span class=\"eckb-article-title__text\" >\u00bfEn qu\u00e9 consiste la Feria Vocacional &quot;Puertas Abiertas&quot;?<\/span>\n\t\t\t<\/span> \t\t<\/a>    \t\t\t\t<\/li> \t\t\t\t<li class=\"epkb-article-level-1 epkb-hide-elem\" data-kb-article-id=\"7299\"\n\t\t\t\t        data-kb-type=\"article\"  style=\"padding-bottom: 4px; padding-top: 4px;\"  >   \n\t\t<a href=\"https:\/\/www.preguntasfrecuentes.una.ac.cr\/?epkb_post_type_1=que-es-la-actividad-de-induccion-la-ruta-es-una\"  class=\"epkb-mp-article \"\n\t\t            data-kb-article-id=\"7299\" >\n\t\t\t<span class=\"eckb-article-title\"  style=\"color: #000000;\"  >\n\t\t\t\t<span class=\"eckb-article-title__icon ep_font_icon_document\"  style=\"color: #dd3333;\"  aria-hidden=\"true\"><\/span>\n\t\t\t\t<span class=\"eckb-article-title__text\" >\u00bfQu\u00e9 es la actividad de inducci\u00f3n &quot;La Ruta es UNA&quot;?<\/span>\n\t\t\t<\/span> \t\t<\/a>    \t\t\t\t<\/li> \t\t\t\t<li class=\"epkb-article-level-1 epkb-hide-elem\" data-kb-article-id=\"7297\"\n\t\t\t\t        data-kb-type=\"article\"  style=\"padding-bottom: 4px; padding-top: 4px;\"  >   \n\t\t<a href=\"https:\/\/www.preguntasfrecuentes.una.ac.cr\/?epkb_post_type_1=como-puedo-contactar-al-departamento-de-orientacion-y-psicologia\"  class=\"epkb-mp-article \"\n\t\t            data-kb-article-id=\"7297\" >\n\t\t\t<span class=\"eckb-article-title\"  style=\"color: #000000;\"  >\n\t\t\t\t<span class=\"eckb-article-title__icon ep_font_icon_document\"  style=\"color: #dd3333;\"  aria-hidden=\"true\"><\/span>\n\t\t\t\t<span class=\"eckb-article-title__text\" >\u00bfC\u00f3mo puedo contactar al Departamento de Orientaci\u00f3n y Psicolog\u00eda?<\/span>\n\t\t\t<\/span> \t\t<\/a>    \t\t\t\t<\/li> \t\t\t\t<li class=\"epkb-article-level-1 epkb-hide-elem\" data-kb-article-id=\"7295\"\n\t\t\t\t        data-kb-type=\"article\"  style=\"padding-bottom: 4px; padding-top: 4px;\"  >   \n\t\t<a href=\"https:\/\/www.preguntasfrecuentes.una.ac.cr\/?epkb_post_type_1=que-debo-hacer-en-caso-de-emergencia-o-de-tener-pensamientos-suicidas\"  class=\"epkb-mp-article \"\n\t\t            data-kb-article-id=\"7295\" >\n\t\t\t<span class=\"eckb-article-title\"  style=\"color: #000000;\"  >\n\t\t\t\t<span class=\"eckb-article-title__icon ep_font_icon_document\"  style=\"color: #dd3333;\"  aria-hidden=\"true\"><\/span>\n\t\t\t\t<span class=\"eckb-article-title__text\" >\u00bfQu\u00e9 debo hacer en caso de emergencia o de tener pensamientos suicidas?<\/span>\n\t\t\t<\/span> \t\t<\/a>    \t\t\t\t<\/li> \t\t\t\t<li class=\"epkb-article-level-1 epkb-hide-elem\" data-kb-article-id=\"7293\"\n\t\t\t\t        data-kb-type=\"article\"  style=\"padding-bottom: 4px; padding-top: 4px;\"  >   \n\t\t<a href=\"https:\/\/www.preguntasfrecuentes.una.ac.cr\/?epkb_post_type_1=donde-se-encuentra-ubicado-el-departamento-de-orientacion-y-psicologia-en-la-una\"  class=\"epkb-mp-article \"\n\t\t            data-kb-article-id=\"7293\" >\n\t\t\t<span class=\"eckb-article-title\"  style=\"color: #000000;\"  >\n\t\t\t\t<span class=\"eckb-article-title__icon ep_font_icon_document\"  style=\"color: #dd3333;\"  aria-hidden=\"true\"><\/span>\n\t\t\t\t<span class=\"eckb-article-title__text\" >\u00bfD\u00f3nde se encuentra ubicado el Departamento de Orientaci\u00f3n y Psicolog\u00eda en la UNA?<\/span>\n\t\t\t<\/span> \t\t<\/a>    \t\t\t\t<\/li> \t\t\t\t<li class=\"epkb-article-level-1 epkb-hide-elem\" data-kb-article-id=\"7291\"\n\t\t\t\t        data-kb-type=\"article\"  style=\"padding-bottom: 4px; padding-top: 4px;\"  >   \n\t\t<a href=\"https:\/\/www.preguntasfrecuentes.una.ac.cr\/?epkb_post_type_1=cuales-son-los-horarios-de-atencion-del-departamento-de-orientacion-y-psicologia\"  class=\"epkb-mp-article \"\n\t\t            data-kb-article-id=\"7291\" >\n\t\t\t<span class=\"eckb-article-title\"  style=\"color: #000000;\"  >\n\t\t\t\t<span class=\"eckb-article-title__icon ep_font_icon_document\"  style=\"color: #dd3333;\"  aria-hidden=\"true\"><\/span>\n\t\t\t\t<span class=\"eckb-article-title__text\" >\u00bfCu\u00e1les son los horarios de atenci\u00f3n del Departamento de Orientaci\u00f3n y Psicolog\u00eda?<\/span>\n\t\t\t<\/span> \t\t<\/a>    \t\t\t\t<\/li> \t\t\t\t<li class=\"epkb-article-level-1 epkb-hide-elem\" data-kb-article-id=\"7283\"\n\t\t\t\t        data-kb-type=\"article\"  style=\"padding-bottom: 4px; padding-top: 4px;\"  >   \n\t\t<a href=\"https:\/\/www.preguntasfrecuentes.una.ac.cr\/?epkb_post_type_1=que-servicios-ofrece-el-departamento-de-orientacion-y-psicologia\"  class=\"epkb-mp-article \"\n\t\t            data-kb-article-id=\"7283\" >\n\t\t\t<span class=\"eckb-article-title\"  style=\"color: #000000;\"  >\n\t\t\t\t<span class=\"eckb-article-title__icon ep_font_icon_document\"  style=\"color: #dd3333;\"  aria-hidden=\"true\"><\/span>\n\t\t\t\t<span class=\"eckb-article-title__text\" >\u00bfQu\u00e9 servicios ofrece el Departamento de Orientaci\u00f3n y Psicolog\u00eda?<\/span>\n\t\t\t<\/span> \t\t<\/a>    \t\t\t\t<\/li> \t\t\t\t<li class=\"epkb-article-level-1 epkb-hide-elem\" data-kb-article-id=\"7281\"\n\t\t\t\t        data-kb-type=\"article\"  style=\"padding-bottom: 4px; padding-top: 4px;\"  >   \n\t\t<a href=\"https:\/\/www.preguntasfrecuentes.una.ac.cr\/?epkb_post_type_1=cual-es-el-objetivo-del-departamento-de-orientacion-y-psicologia-de-la-una\"  class=\"epkb-mp-article \"\n\t\t            data-kb-article-id=\"7281\" >\n\t\t\t<span class=\"eckb-article-title\"  style=\"color: #000000;\"  >\n\t\t\t\t<span class=\"eckb-article-title__icon ep_font_icon_document\"  style=\"color: #dd3333;\"  aria-hidden=\"true\"><\/span>\n\t\t\t\t<span class=\"eckb-article-title__text\" >\u00bfCu\u00e1l es el objetivo del Departamento de Orientaci\u00f3n y Psicolog\u00eda de la UNA?<\/span>\n\t\t\t<\/span> \t\t<\/a>    \t\t\t\t<\/li> \t\t\t\t<li class=\"epkb-article-level-1 epkb-hide-elem\" data-kb-article-id=\"6663\"\n\t\t\t\t        data-kb-type=\"article\"  style=\"padding-bottom: 4px; padding-top: 4px;\"  >   \n\t\t<a href=\"https:\/\/www.preguntasfrecuentes.una.ac.cr\/?epkb_post_type_1=como-obtengo-mi-carne-estudiantil\"  class=\"epkb-mp-article \"\n\t\t            data-kb-article-id=\"6663\" >\n\t\t\t<span class=\"eckb-article-title\"  style=\"color: #000000;\"  >\n\t\t\t\t<span class=\"eckb-article-title__icon ep_font_icon_document\"  style=\"color: #dd3333;\"  aria-hidden=\"true\"><\/span>\n\t\t\t\t<span class=\"eckb-article-title__text\" >\u00bfC\u00f3mo obtengo mi carn\u00e9 estudiantil?<\/span>\n\t\t\t<\/span> \t\t<\/a>    \t\t\t\t<\/li> \t\t\t\t<li class=\"epkb-article-level-1 epkb-hide-elem\" data-kb-article-id=\"5653\"\n\t\t\t\t        data-kb-type=\"article\"  style=\"padding-bottom: 4px; padding-top: 4px;\"  >   \n\t\t<a href=\"https:\/\/www.preguntasfrecuentes.una.ac.cr\/?epkb_post_type_1=la-universidad-nacional-cuenta-con-algun-servicio-para-estudiantes-que-sean-madres-o-padres\"  class=\"epkb-mp-article \"\n\t\t            data-kb-article-id=\"5653\" >\n\t\t\t<span class=\"eckb-article-title\"  style=\"color: #000000;\"  >\n\t\t\t\t<span class=\"eckb-article-title__icon ep_font_icon_document\"  style=\"color: #dd3333;\"  aria-hidden=\"true\"><\/span>\n\t\t\t\t<span class=\"eckb-article-title__text\" >\u00bfLa Universidad Nacional cuenta con alg\u00fan servicio para estudiantes que sean madres o padres?<\/span>\n\t\t\t<\/span> \t\t<\/a>    \t\t\t\t<\/li> \t\t\t\t<li class=\"epkb-article-level-1 epkb-hide-elem\" data-kb-article-id=\"5648\"\n\t\t\t\t        data-kb-type=\"article\"  style=\"padding-bottom: 4px; padding-top: 4px;\"  >   \n\t\t<a href=\"https:\/\/www.preguntasfrecuentes.una.ac.cr\/?epkb_post_type_1=en-caso-de-ser-victima-de-hostigamiento-sexual-dentro-de-la-universidad-en-que-lugar-puedo-interponer-una-denuncia\"  class=\"epkb-mp-article \"\n\t\t            data-kb-article-id=\"5648\" >\n\t\t\t<span class=\"eckb-article-title\"  style=\"color: #000000;\"  >\n\t\t\t\t<span class=\"eckb-article-title__icon ep_font_icon_document\"  style=\"color: #dd3333;\"  aria-hidden=\"true\"><\/span>\n\t\t\t\t<span class=\"eckb-article-title__text\" >En caso de ser v\u00edctima de hostigamiento sexual dentro de la Universidad, \u00bfen qu\u00e9 lugar puedo interponer una denuncia?<\/span>\n\t\t\t<\/span> \t\t<\/a>    \t\t\t\t<\/li> \t\t\t\t<li class=\"epkb-article-level-1 epkb-hide-elem\" data-kb-article-id=\"5649\"\n\t\t\t\t        data-kb-type=\"article\"  style=\"padding-bottom: 4px; padding-top: 4px;\"  >   \n\t\t<a href=\"https:\/\/www.preguntasfrecuentes.una.ac.cr\/?epkb_post_type_1=que-grupos-artisticos-y-deportivos-existen-en-la-universidad-nacional\"  class=\"epkb-mp-article \"\n\t\t            data-kb-article-id=\"5649\" >\n\t\t\t<span class=\"eckb-article-title\"  style=\"color: #000000;\"  >\n\t\t\t\t<span class=\"eckb-article-title__icon ep_font_icon_document\"  style=\"color: #dd3333;\"  aria-hidden=\"true\"><\/span>\n\t\t\t\t<span class=\"eckb-article-title__text\" >\u00bfQu\u00e9 grupos art\u00edsticos y deportivos existen en la Universidad Nacional?<\/span>\n\t\t\t<\/span> \t\t<\/a>    \t\t\t\t<\/li> \t\t\t\t<li class=\"epkb-article-level-1 epkb-hide-elem\" data-kb-article-id=\"5647\"\n\t\t\t\t        data-kb-type=\"article\"  style=\"padding-bottom: 4px; padding-top: 4px;\"  >   \n\t\t<a href=\"https:\/\/www.preguntasfrecuentes.una.ac.cr\/?epkb_post_type_1=cuales-son-los-tipos-de-aula-virtual\"  class=\"epkb-mp-article \"\n\t\t            data-kb-article-id=\"5647\" >\n\t\t\t<span class=\"eckb-article-title\"  style=\"color: #000000;\"  >\n\t\t\t\t<span class=\"eckb-article-title__icon ep_font_icon_document\"  style=\"color: #dd3333;\"  aria-hidden=\"true\"><\/span>\n\t\t\t\t<span class=\"eckb-article-title__text\" >\u00bfCu\u00e1les son los tipos de Aula Virtual?<\/span>\n\t\t\t<\/span> \t\t<\/a>    \t\t\t\t<\/li> \t\t\t\t<li class=\"epkb-article-level-1 epkb-hide-elem\" data-kb-article-id=\"5644\"\n\t\t\t\t        data-kb-type=\"article\"  style=\"padding-bottom: 4px; padding-top: 4px;\"  >   \n\t\t<a href=\"https:\/\/www.preguntasfrecuentes.una.ac.cr\/?epkb_post_type_1=como-obtengo-el-marchamo-institucional\"  class=\"epkb-mp-article \"\n\t\t            data-kb-article-id=\"5644\" >\n\t\t\t<span class=\"eckb-article-title\"  style=\"color: #000000;\"  >\n\t\t\t\t<span class=\"eckb-article-title__icon ep_font_icon_document\"  style=\"color: #dd3333;\"  aria-hidden=\"true\"><\/span>\n\t\t\t\t<span class=\"eckb-article-title__text\" >\u00bfC\u00f3mo obtengo el marchamo institucional?<\/span>\n\t\t\t<\/span> \t\t<\/a>    \t\t\t\t<\/li> \t\t\t\t<li class=\"epkb-article-level-1 epkb-hide-elem\" data-kb-article-id=\"5643\"\n\t\t\t\t        data-kb-type=\"article\"  style=\"padding-bottom: 4px; padding-top: 4px;\"  >   \n\t\t<a href=\"https:\/\/www.preguntasfrecuentes.una.ac.cr\/?epkb_post_type_1=como-obtengo-informacion-sobre-los-cursos-libres\"  class=\"epkb-mp-article \"\n\t\t            data-kb-article-id=\"5643\" >\n\t\t\t<span class=\"eckb-article-title\"  style=\"color: #000000;\"  >\n\t\t\t\t<span class=\"eckb-article-title__icon ep_font_icon_document\"  style=\"color: #dd3333;\"  aria-hidden=\"true\"><\/span>\n\t\t\t\t<span class=\"eckb-article-title__text\" >\u00bfC\u00f3mo obtengo informaci\u00f3n sobre los Cursos Libres?<\/span>\n\t\t\t<\/span> \t\t<\/a>    \t\t\t\t<\/li> \t\t\t\t<li class=\"epkb-article-level-1 epkb-hide-elem\" data-kb-article-id=\"5642\"\n\t\t\t\t        data-kb-type=\"article\"  style=\"padding-bottom: 4px; padding-top: 4px;\"  >   \n\t\t<a href=\"https:\/\/www.preguntasfrecuentes.una.ac.cr\/?epkb_post_type_1=como-obtengo-informacion-sobre-los-cursos-participativos\"  class=\"epkb-mp-article \"\n\t\t            data-kb-article-id=\"5642\" >\n\t\t\t<span class=\"eckb-article-title\"  style=\"color: #000000;\"  >\n\t\t\t\t<span class=\"eckb-article-title__icon ep_font_icon_document\"  style=\"color: #dd3333;\"  aria-hidden=\"true\"><\/span>\n\t\t\t\t<span class=\"eckb-article-title__text\" >\u00bfC\u00f3mo obtengo informaci\u00f3n sobre los Cursos Participativos?<\/span>\n\t\t\t<\/span> \t\t<\/a>    \t\t\t\t<\/li> \t\t\t\t<li class=\"epkb-article-level-1 epkb-hide-elem\" data-kb-article-id=\"5641\"\n\t\t\t\t        data-kb-type=\"article\"  style=\"padding-bottom: 4px; padding-top: 4px;\"  >   \n\t\t<a href=\"https:\/\/www.preguntasfrecuentes.una.ac.cr\/?epkb_post_type_1=como-me-entero-de-eventos-estudiantiles\"  class=\"epkb-mp-article \"\n\t\t            data-kb-article-id=\"5641\" >\n\t\t\t<span class=\"eckb-article-title\"  style=\"color: #000000;\"  >\n\t\t\t\t<span class=\"eckb-article-title__icon ep_font_icon_document\"  style=\"color: #dd3333;\"  aria-hidden=\"true\"><\/span>\n\t\t\t\t<span class=\"eckb-article-title__text\" >\u00bfC\u00f3mo me entero de eventos estudiantiles?<\/span>\n\t\t\t<\/span> \t\t<\/a>    \t\t\t\t<\/li> \t\t\t\t<li class=\"epkb-article-level-1 epkb-hide-elem\" data-kb-article-id=\"5640\"\n\t\t\t\t        data-kb-type=\"article\"  style=\"padding-bottom: 4px; padding-top: 4px;\"  >   \n\t\t<a href=\"https:\/\/www.preguntasfrecuentes.una.ac.cr\/?epkb_post_type_1=existe-algun-servicio-de-comedor-dentro-de-la-una\"  class=\"epkb-mp-article \"\n\t\t            data-kb-article-id=\"5640\" >\n\t\t\t<span class=\"eckb-article-title\"  style=\"color: #000000;\"  >\n\t\t\t\t<span class=\"eckb-article-title__icon ep_font_icon_document\"  style=\"color: #dd3333;\"  aria-hidden=\"true\"><\/span>\n\t\t\t\t<span class=\"eckb-article-title__text\" >\u00bfExiste alg\u00fan servicio de comedor dentro de la UNA?<\/span>\n\t\t\t<\/span> \t\t<\/a>    \t\t\t\t<\/li> \t\t\t\t<li class=\"epkb-article-level-1 epkb-hide-elem\" data-kb-article-id=\"5639\"\n\t\t\t\t        data-kb-type=\"article\"  style=\"padding-bottom: 4px; padding-top: 4px;\"  >   \n\t\t<a href=\"https:\/\/www.preguntasfrecuentes.una.ac.cr\/?epkb_post_type_1=donde-puedo-buscar-libros-de-las-bibliotecas-de-la-una\"  class=\"epkb-mp-article \"\n\t\t            data-kb-article-id=\"5639\" >\n\t\t\t<span class=\"eckb-article-title\"  style=\"color: #000000;\"  >\n\t\t\t\t<span class=\"eckb-article-title__icon ep_font_icon_document\"  style=\"color: #dd3333;\"  aria-hidden=\"true\"><\/span>\n\t\t\t\t<span class=\"eckb-article-title__text\" >\u00bfD\u00f3nde puedo buscar libros de las bibliotecas de la UNA?<\/span>\n\t\t\t<\/span> \t\t<\/a>    \t\t\t\t<\/li> \t\t\t\t<li class=\"epkb-article-level-1 epkb-hide-elem\" data-kb-article-id=\"5638\"\n\t\t\t\t        data-kb-type=\"article\"  style=\"padding-bottom: 4px; padding-top: 4px;\"  >   \n\t\t<a href=\"https:\/\/www.preguntasfrecuentes.una.ac.cr\/?epkb_post_type_1=como-ingreso-a-mi-zona-segura-si-olvide-mi-clave\"  class=\"epkb-mp-article \"\n\t\t            data-kb-article-id=\"5638\" >\n\t\t\t<span class=\"eckb-article-title\"  style=\"color: #000000;\"  >\n\t\t\t\t<span class=\"eckb-article-title__icon ep_font_icon_document\"  style=\"color: #dd3333;\"  aria-hidden=\"true\"><\/span>\n\t\t\t\t<span class=\"eckb-article-title__text\" >\u00bfC\u00f3mo ingreso a mi \u201czona segura\u201d si olvid\u00e9 mi clave?<\/span>\n\t\t\t<\/span> \t\t<\/a>    \t\t\t\t<\/li> \t\t\t\t<li class=\"epkb-article-level-1 epkb-hide-elem\" data-kb-article-id=\"5637\"\n\t\t\t\t        data-kb-type=\"article\"  style=\"padding-bottom: 4px; padding-top: 4px;\"  >   \n\t\t<a href=\"https:\/\/www.preguntasfrecuentes.una.ac.cr\/?epkb_post_type_1=cuales-son-las-modalidades-de-carne-estudiantil-y-su-respectivo-tramite\"  class=\"epkb-mp-article \"\n\t\t            data-kb-article-id=\"5637\" >\n\t\t\t<span class=\"eckb-article-title\"  style=\"color: #000000;\"  >\n\t\t\t\t<span class=\"eckb-article-title__icon ep_font_icon_document\"  style=\"color: #dd3333;\"  aria-hidden=\"true\"><\/span>\n\t\t\t\t<span class=\"eckb-article-title__text\" >\u00bfCu\u00e1les son las modalidades de carn\u00e9 estudiantil y su respectivo tr\u00e1mite?<\/span>\n\t\t\t<\/span> \t\t<\/a>    \t\t\t\t<\/li> \t\t\t\t<li class=\"epkb-article-level-1 epkb-hide-elem\" data-kb-article-id=\"5635\"\n\t\t\t\t        data-kb-type=\"article\"  style=\"padding-bottom: 4px; padding-top: 4px;\"  >   \n\t\t<a href=\"https:\/\/www.preguntasfrecuentes.una.ac.cr\/?epkb_post_type_1=como-recupero-mi-clave-de-acceso\"  class=\"epkb-mp-article \"\n\t\t            data-kb-article-id=\"5635\" >\n\t\t\t<span class=\"eckb-article-title\"  style=\"color: #000000;\"  >\n\t\t\t\t<span class=\"eckb-article-title__icon ep_font_icon_document\"  style=\"color: #dd3333;\"  aria-hidden=\"true\"><\/span>\n\t\t\t\t<span class=\"eckb-article-title__text\" >\u00bfC\u00f3mo recupero mi clave de acceso?<\/span>\n\t\t\t<\/span> \t\t<\/a>    \t\t\t\t<\/li> \t\t\t\t<li class=\"epkb-article-level-1 epkb-hide-elem\" data-kb-article-id=\"5634\"\n\t\t\t\t        data-kb-type=\"article\"  style=\"padding-bottom: 4px; padding-top: 4px;\"  >   \n\t\t<a href=\"https:\/\/www.preguntasfrecuentes.una.ac.cr\/?epkb_post_type_1=como-puedo-acceder-a-mi-cuenta-de-correo\"  class=\"epkb-mp-article \"\n\t\t            data-kb-article-id=\"5634\" >\n\t\t\t<span class=\"eckb-article-title\"  style=\"color: #000000;\"  >\n\t\t\t\t<span class=\"eckb-article-title__icon ep_font_icon_document\"  style=\"color: #dd3333;\"  aria-hidden=\"true\"><\/span>\n\t\t\t\t<span class=\"eckb-article-title__text\" >\u00bfC\u00f3mo puedo acceder a mi cuenta de correo?<\/span>\n\t\t\t<\/span> \t\t<\/a>    \t\t\t\t<\/li> \t\t\t\t<li class=\"epkb-article-level-1 epkb-hide-elem\" data-kb-article-id=\"5633\"\n\t\t\t\t        data-kb-type=\"article\"  style=\"padding-bottom: 4px; padding-top: 4px;\"  >   \n\t\t<a href=\"https:\/\/www.preguntasfrecuentes.una.ac.cr\/?epkb_post_type_1=que-es-el-correo-estudiantil\"  class=\"epkb-mp-article \"\n\t\t            data-kb-article-id=\"5633\" >\n\t\t\t<span class=\"eckb-article-title\"  style=\"color: #000000;\"  >\n\t\t\t\t<span class=\"eckb-article-title__icon ep_font_icon_document\"  style=\"color: #dd3333;\"  aria-hidden=\"true\"><\/span>\n\t\t\t\t<span class=\"eckb-article-title__text\" >\u00bfQu\u00e9 es el correo estudiantil?<\/span>\n\t\t\t<\/span> \t\t<\/a>    \t\t\t\t<\/li> \t\t\t\t<li class=\"epkb-article-level-1 epkb-hide-elem\" data-kb-article-id=\"5632\"\n\t\t\t\t        data-kb-type=\"article\"  style=\"padding-bottom: 4px; padding-top: 4px;\"  >   \n\t\t<a href=\"https:\/\/www.preguntasfrecuentes.una.ac.cr\/?epkb_post_type_1=cual-es-el-reglamento-que-debe-cumplirse-dentro-de-las-residencias-estudiantiles\"  class=\"epkb-mp-article \"\n\t\t            data-kb-article-id=\"5632\" >\n\t\t\t<span class=\"eckb-article-title\"  style=\"color: #000000;\"  >\n\t\t\t\t<span class=\"eckb-article-title__icon ep_font_icon_document\"  style=\"color: #dd3333;\"  aria-hidden=\"true\"><\/span>\n\t\t\t\t<span class=\"eckb-article-title__text\" >\u00bfCu\u00e1l es el reglamento que debe cumplirse dentro de las Residencias Estudiantiles?<\/span>\n\t\t\t<\/span> \t\t<\/a>    \t\t\t\t<\/li> \t\t\t\t<li class=\"epkb-article-level-1 epkb-hide-elem\" data-kb-article-id=\"5631\"\n\t\t\t\t        data-kb-type=\"article\"  style=\"padding-bottom: 4px; padding-top: 4px;\"  >   \n\t\t<a href=\"https:\/\/www.preguntasfrecuentes.una.ac.cr\/?epkb_post_type_1=cuales-son-los-requisitos-para-aplicar-al-programa-de-residencias-estudiantiles\"  class=\"epkb-mp-article \"\n\t\t            data-kb-article-id=\"5631\" >\n\t\t\t<span class=\"eckb-article-title\"  style=\"color: #000000;\"  >\n\t\t\t\t<span class=\"eckb-article-title__icon ep_font_icon_document\"  style=\"color: #dd3333;\"  aria-hidden=\"true\"><\/span>\n\t\t\t\t<span class=\"eckb-article-title__text\" >\u00bfCu\u00e1les son los requisitos para aplicar al Programa de Residencias Estudiantiles?<\/span>\n\t\t\t<\/span> \t\t<\/a>    \t\t\t\t<\/li> \t\t\t\t<li class=\"epkb-article-level-1 epkb-hide-elem\" data-kb-article-id=\"5630\"\n\t\t\t\t        data-kb-type=\"article\"  style=\"padding-bottom: 4px; padding-top: 4px;\"  >   \n\t\t<a href=\"https:\/\/www.preguntasfrecuentes.una.ac.cr\/?epkb_post_type_1=para-quienes-aplica-el-programa-de-residencias-estudiantiles\"  class=\"epkb-mp-article \"\n\t\t            data-kb-article-id=\"5630\" >\n\t\t\t<span class=\"eckb-article-title\"  style=\"color: #000000;\"  >\n\t\t\t\t<span class=\"eckb-article-title__icon ep_font_icon_document\"  style=\"color: #dd3333;\"  aria-hidden=\"true\"><\/span>\n\t\t\t\t<span class=\"eckb-article-title__text\" >\u00bfPara qui\u00e9nes aplica el Programa de Residencias Estudiantiles?<\/span>\n\t\t\t<\/span> \t\t<\/a>    \t\t\t\t<\/li> \t\t\t\t<li class=\"epkb-article-level-1 epkb-hide-elem\" data-kb-article-id=\"5628\"\n\t\t\t\t        data-kb-type=\"article\"  style=\"padding-bottom: 4px; padding-top: 4px;\"  >   \n\t\t<a href=\"https:\/\/www.preguntasfrecuentes.una.ac.cr\/?epkb_post_type_1=que-servicios-ofrece-el-departamento-de-salud-de-la-una\"  class=\"epkb-mp-article \"\n\t\t            data-kb-article-id=\"5628\" >\n\t\t\t<span class=\"eckb-article-title\"  style=\"color: #000000;\"  >\n\t\t\t\t<span class=\"eckb-article-title__icon ep_font_icon_document\"  style=\"color: #dd3333;\"  aria-hidden=\"true\"><\/span>\n\t\t\t\t<span class=\"eckb-article-title__text\" >\u00bfQu\u00e9 servicios ofrece el Departamento de Salud de la UNA?<\/span>\n\t\t\t<\/span> \t\t<\/a>    \t\t\t\t<\/li> \t\t\t\t<li class=\"epkb-article-level-1 epkb-hide-elem\" data-kb-article-id=\"5627\"\n\t\t\t\t        data-kb-type=\"article\"  style=\"padding-bottom: 4px; padding-top: 4px;\"  >   \n\t\t<a href=\"https:\/\/www.preguntasfrecuentes.una.ac.cr\/?epkb_post_type_1=donde-se-ubica-el-departamento-de-salud-y-cual-es-la-informacion-de-contacto\"  class=\"epkb-mp-article \"\n\t\t            data-kb-article-id=\"5627\" >\n\t\t\t<span class=\"eckb-article-title\"  style=\"color: #000000;\"  >\n\t\t\t\t<span class=\"eckb-article-title__icon ep_font_icon_document\"  style=\"color: #dd3333;\"  aria-hidden=\"true\"><\/span>\n\t\t\t\t<span class=\"eckb-article-title__text\" >\u00bfD\u00f3nde se ubica el Departamento de Salud y cu\u00e1l es la informaci\u00f3n de contacto?<\/span>\n\t\t\t<\/span> \t\t<\/a>    \t\t\t\t<\/li> \t\t\t\t<li class=\"epkb-article-level-1 epkb-hide-elem\" data-kb-article-id=\"5624\"\n\t\t\t\t        data-kb-type=\"article\"  style=\"padding-bottom: 4px; padding-top: 4px;\"  >   \n\t\t<a href=\"https:\/\/www.preguntasfrecuentes.una.ac.cr\/?epkb_post_type_1=cuales-son-los-requisitos-para-que-un-estudiante-reciba-atencion-en-el-departamento-de-salud\"  class=\"epkb-mp-article \"\n\t\t            data-kb-article-id=\"5624\" >\n\t\t\t<span class=\"eckb-article-title\"  style=\"color: #000000;\"  >\n\t\t\t\t<span class=\"eckb-article-title__icon ep_font_icon_document\"  style=\"color: #dd3333;\"  aria-hidden=\"true\"><\/span>\n\t\t\t\t<span class=\"eckb-article-title__text\" >\u00bfCu\u00e1les son los requisitos para que un estudiante reciba atenci\u00f3n en el Departamento de Salud?<\/span>\n\t\t\t<\/span> \t\t<\/a>    \t\t\t\t<\/li> \t\t\t\t<li class=\"epkb-article-level-1 epkb-hide-elem\" data-kb-article-id=\"5625\"\n\t\t\t\t        data-kb-type=\"article\"  style=\"padding-bottom: 4px; padding-top: 4px;\"  >   \n\t\t<a href=\"https:\/\/www.preguntasfrecuentes.una.ac.cr\/?epkb_post_type_1=cuales-son-los-requisitos-para-que-un-estudiante-obtenga-un-seguro-medico\"  class=\"epkb-mp-article \"\n\t\t            data-kb-article-id=\"5625\" >\n\t\t\t<span class=\"eckb-article-title\"  style=\"color: #000000;\"  >\n\t\t\t\t<span class=\"eckb-article-title__icon ep_font_icon_document\"  style=\"color: #dd3333;\"  aria-hidden=\"true\"><\/span>\n\t\t\t\t<span class=\"eckb-article-title__text\" >\u00bfCu\u00e1les son los requisitos para que un estudiante obtenga un seguro m\u00e9dico?<\/span>\n\t\t\t<\/span> \t\t<\/a>    \t\t\t\t<\/li> \t\t\t\t<li class=\"epkb-article-level-1 epkb-hide-elem\" data-kb-article-id=\"5650\"\n\t\t\t\t        data-kb-type=\"article\"  style=\"padding-bottom: 4px; padding-top: 4px;\"  >   \n\t\t<a href=\"https:\/\/www.preguntasfrecuentes.una.ac.cr\/?epkb_post_type_1=cuales-son-los-talleres-culturales-con-los-que-cuenta-la-universidad-nacional\"  class=\"epkb-mp-article \"\n\t\t            data-kb-article-id=\"5650\" >\n\t\t\t<span class=\"eckb-article-title\"  style=\"color: #000000;\"  >\n\t\t\t\t<span class=\"eckb-article-title__icon ep_font_icon_document\"  style=\"color: #dd3333;\"  aria-hidden=\"true\"><\/span>\n\t\t\t\t<span class=\"eckb-article-title__text\" >\u00bfCu\u00e1les son los talleres culturales con los que cuenta la Universidad Nacional?<\/span>\n\t\t\t<\/span> \t\t<\/a>    \t\t\t\t<\/li> \n\t\t<\/ul> \t\t\t<button class=\"epkb-show-all-articles\" aria-expanded=\"false\" data-btn-id=\"270\">\n\t\t\t\t\t<span class=\"epkb-show-text\">\n\t\t\t\t\t\tMostrar todos los art\u00edculos ( 39 )\n\t\t\t\t\t<\/span>\n\t\t\t\t<span class=\"epkb-hide-text epkb-hide-elem\">Contraer art\u00edculos<\/span>\n\t\t\t<\/button>\t\t\t\t\t\n\t\t\t\t\t<\/div><!-- Section Body End -->\n\n\t\t\t\t<\/section><!-- Section End -->  \t\t\t\t\t<\/div>  \n\t\t<\/div>       \t\t\t\t<\/div>\n\t\t\t<\/div>\n\t\t<\/div>   \n\t\t<\/div>    \t\t\t<\/div>  \n\t\t\t<div id=\"epkb-ml__row-3\" data-feature=\"articles_list\" class=\"epkb-ml__row\">                \t\t<div id=\"epkb-ml__module-articles-list\" class=\"epkb-ml__module\">   \n\t\t<div id=\"epkb-ml-article-list-categories-layout\" class=\"epkb-ml-article-list-container\">   \n\t\t\t<div class=\"epkb-ml-articles-list__row\"> \n\t\t<!-- Popular Articles -->\n\t\t<section id=\"epkb-ml-popular-articles\" class=\"epkb-ml-article-section section_light_shadow\">\n\t\t\t<div class=\"epkb-ml-article-section__head\" role=\"heading\" aria-level=\"3\">Preguntas populares<\/div>\n\t\t\t<div class=\"epkb-ml-article-section__body\">\n\t\t\t\t<ul class=\"epkb-ml-articles-list\">    \t\t\t\t\t\t<li>\n\t\t<a href=\"https:\/\/www.preguntasfrecuentes.una.ac.cr\/?epkb_post_type_1=cuales-son-los-talleres-culturales-con-los-que-cuenta-la-universidad-nacional\"  class=\"epkb-ml-article-container \"\n\t\t            data-kb-article-id=\"5650\" >\n\t\t\t<span class=\"epkb-article-inner\"  style=\"color: #000000;\"  >\n\t\t\t\t<span class=\"epkb-article__icon ep_font_icon_document\"  style=\"color: #dd3333;\"  aria-hidden=\"true\"><\/span>\n\t\t\t\t<span class=\"epkb-article__text\" >\u00bfCu\u00e1les son los talleres culturales con los que cuenta la Universidad Nacional?<\/span>\n\t\t\t<\/span> \t\t<\/a>    <\/li>\t\t\t\t\t\t<li>\n\t\t<a href=\"https:\/\/www.preguntasfrecuentes.una.ac.cr\/?epkb_post_type_1=cuanto-tiempo-de-vigencia-tiene-la-nota-del-examen-de-admision\"  class=\"epkb-ml-article-container \"\n\t\t            data-kb-article-id=\"5473\" >\n\t\t\t<span class=\"epkb-article-inner\"  style=\"color: #000000;\"  >\n\t\t\t\t<span class=\"epkb-article__icon ep_font_icon_document\"  style=\"color: #dd3333;\"  aria-hidden=\"true\"><\/span>\n\t\t\t\t<span class=\"epkb-article__text\" >\u00bfCu\u00e1nto tiempo de vigencia tiene la nota del examen de admisi\u00f3n?<\/span>\n\t\t\t<\/span> \t\t<\/a>    <\/li>\t\t\t\t\t\t<li>\n\t\t<a href=\"https:\/\/www.preguntasfrecuentes.una.ac.cr\/?epkb_post_type_1=cuantos-examenes-de-admision-se-pueden-realizar-a-lo-largo-del-ano-para-alcanzar-un-promedio-requerido\"  class=\"epkb-ml-article-container \"\n\t\t            data-kb-article-id=\"5474\" >\n\t\t\t<span class=\"epkb-article-inner\"  style=\"color: #000000;\"  >\n\t\t\t\t<span class=\"epkb-article__icon ep_font_icon_document\"  style=\"color: #dd3333;\"  aria-hidden=\"true\"><\/span>\n\t\t\t\t<span class=\"epkb-article__text\" >\u00bfCu\u00e1ntos ex\u00e1menes de admisi\u00f3n se pueden realizar a lo largo del a\u00f1o para alcanzar un promedio requerido?<\/span>\n\t\t\t<\/span> \t\t<\/a>    <\/li>\t\t\t\t\t\t<li>\n\t\t<a href=\"https:\/\/www.preguntasfrecuentes.una.ac.cr\/?epkb_post_type_1=que-documentos-debo-entregar-para-finalizar-el-proceso-de-admision-a-la-una\"  class=\"epkb-ml-article-container \"\n\t\t            data-kb-article-id=\"5475\" >\n\t\t\t<span class=\"epkb-article-inner\"  style=\"color: #000000;\"  >\n\t\t\t\t<span class=\"epkb-article__icon ep_font_icon_document\"  style=\"color: #dd3333;\"  aria-hidden=\"true\"><\/span>\n\t\t\t\t<span class=\"epkb-article__text\" >\u00bfQu\u00e9 documentos debo entregar para finalizar el proceso de admisi\u00f3n a la UNA?<\/span>\n\t\t\t<\/span> \t\t<\/a>    <\/li>\t\t\t\t\t\t<li>\n\t\t<a href=\"https:\/\/www.preguntasfrecuentes.una.ac.cr\/?epkb_post_type_1=en-que-periodo-del-ano-puedo-iniciar-los-tramites-para-el-examen-de-admision-para-ingresar-al-siguiente-ano-lectivo\"  class=\"epkb-ml-article-container \"\n\t\t            data-kb-article-id=\"5476\" >\n\t\t\t<span class=\"epkb-article-inner\"  style=\"color: #000000;\"  >\n\t\t\t\t<span class=\"epkb-article__icon ep_font_icon_document\"  style=\"color: #dd3333;\"  aria-hidden=\"true\"><\/span>\n\t\t\t\t<span class=\"epkb-article__text\" >\u00bfEn qu\u00e9 per\u00edodo del a\u00f1o puedo iniciar los tr\u00e1mites para el examen de admisi\u00f3n, para ingresar al siguiente a\u00f1o lectivo?<\/span>\n\t\t\t<\/span> \t\t<\/a>    <\/li>\t\t\t\t<\/ul>\n\t\t\t<\/div>\n\t\t<\/section>  \n\t\t<!-- Newest Articles -->\n\t\t<section id=\"epkb-ml-newest-articles\" class=\"epkb-ml-article-section section_light_shadow\">\n\t\t\t<div class=\"epkb-ml-article-section__head\" role=\"heading\" aria-level=\"3\">Nuevas preguntas<\/div>\n\t\t\t<div class=\"epkb-ml-article-section__body\">\n\t\t\t\t<ul class=\"epkb-ml-articles-list\">    \t\t\t\t\t\t<li>\n\t\t<a href=\"https:\/\/www.preguntasfrecuentes.una.ac.cr\/?epkb_post_type_1=donde-puedo-encontrar-informacion-adicional-sobre-temas-de-salud-en-la-una\"  class=\"epkb-ml-article-container \"\n\t\t            data-kb-article-id=\"7342\" >\n\t\t\t<span class=\"epkb-article-inner\"  style=\"color: #000000;\"  >\n\t\t\t\t<span class=\"epkb-article__icon ep_font_icon_document\"  style=\"color: #dd3333;\"  aria-hidden=\"true\"><\/span>\n\t\t\t\t<span class=\"epkb-article__text\" >\u00bfD\u00f3nde puedo encontrar informaci\u00f3n adicional sobre temas de salud en la UNA?<\/span>\n\t\t\t<\/span> \t\t<\/a>    <\/li>\t\t\t\t\t\t<li>\n\t\t<a href=\"https:\/\/www.preguntasfrecuentes.una.ac.cr\/?epkb_post_type_1=ofrece-la-una-recursos-para-el-autocuidado-y-educacion-en-salud\"  class=\"epkb-ml-article-container \"\n\t\t            data-kb-article-id=\"7340\" >\n\t\t\t<span class=\"epkb-article-inner\"  style=\"color: #000000;\"  >\n\t\t\t\t<span class=\"epkb-article__icon ep_font_icon_document\"  style=\"color: #dd3333;\"  aria-hidden=\"true\"><\/span>\n\t\t\t\t<span class=\"epkb-article__text\" >\u00bfOfrece la UNA recursos para el autocuidado y educaci\u00f3n en salud?<\/span>\n\t\t\t<\/span> \t\t<\/a>    <\/li>\t\t\t\t\t\t<li>\n\t\t<a href=\"https:\/\/www.preguntasfrecuentes.una.ac.cr\/?epkb_post_type_1=como-puedo-obtener-asesoria-en-promocion-de-la-salud\"  class=\"epkb-ml-article-container \"\n\t\t            data-kb-article-id=\"7338\" >\n\t\t\t<span class=\"epkb-article-inner\"  style=\"color: #000000;\"  >\n\t\t\t\t<span class=\"epkb-article__icon ep_font_icon_document\"  style=\"color: #dd3333;\"  aria-hidden=\"true\"><\/span>\n\t\t\t\t<span class=\"epkb-article__text\" >\u00bfC\u00f3mo puedo obtener asesor\u00eda en promoci\u00f3n de la salud?<\/span>\n\t\t\t<\/span> \t\t<\/a>    <\/li>\t\t\t\t\t\t<li>\n\t\t<a href=\"https:\/\/www.preguntasfrecuentes.una.ac.cr\/?epkb_post_type_1=que-areas-de-enfoque-tiene-el-departamento-de-salud-de-la-una\"  class=\"epkb-ml-article-container \"\n\t\t            data-kb-article-id=\"7336\" >\n\t\t\t<span class=\"epkb-article-inner\"  style=\"color: #000000;\"  >\n\t\t\t\t<span class=\"epkb-article__icon ep_font_icon_document\"  style=\"color: #dd3333;\"  aria-hidden=\"true\"><\/span>\n\t\t\t\t<span class=\"epkb-article__text\" >\u00bfQu\u00e9 \u00e1reas de enfoque tiene el Departamento de Salud de la UNA?<\/span>\n\t\t\t<\/span> \t\t<\/a>    <\/li>\t\t\t\t\t\t<li>\n\t\t<a href=\"https:\/\/www.preguntasfrecuentes.una.ac.cr\/?epkb_post_type_1=cuales-son-los-horarios-de-atencion-del-departamento-de-salud\"  class=\"epkb-ml-article-container \"\n\t\t            data-kb-article-id=\"7334\" >\n\t\t\t<span class=\"epkb-article-inner\"  style=\"color: #000000;\"  >\n\t\t\t\t<span class=\"epkb-article__icon ep_font_icon_document\"  style=\"color: #dd3333;\"  aria-hidden=\"true\"><\/span>\n\t\t\t\t<span class=\"epkb-article__text\" >\u00bfCu\u00e1les son los horarios de atenci\u00f3n del Departamento de Salud?<\/span>\n\t\t\t<\/span> \t\t<\/a>    <\/li>\t\t\t\t<\/ul>\n\t\t\t<\/div>\n\t\t<\/section>  \n\t\t<!-- Recent Articles -->\n\t\t<section id=\"epkb-ml-recent-articles\" class=\"epkb-ml-article-section section_light_shadow\">\n\t\t\t<div class=\"epkb-ml-article-section__head\" role=\"heading\" aria-level=\"3\">Preguntas recientemente actualizadas<\/div>\n\t\t\t<div class=\"epkb-ml-article-section__body\">\n\t\t\t\t<ul class=\"epkb-ml-articles-list\">    \t\t\t\t\t\t<li>\n\t\t<a href=\"https:\/\/www.preguntasfrecuentes.una.ac.cr\/?epkb_post_type_1=como-obtengo-el-marchamo-institucional\"  class=\"epkb-ml-article-container \"\n\t\t            data-kb-article-id=\"5644\" >\n\t\t\t<span class=\"epkb-article-inner\"  style=\"color: #000000;\"  >\n\t\t\t\t<span class=\"epkb-article__icon ep_font_icon_document\"  style=\"color: #dd3333;\"  aria-hidden=\"true\"><\/span>\n\t\t\t\t<span class=\"epkb-article__text\" >\u00bfC\u00f3mo obtengo el marchamo institucional?<\/span>\n\t\t\t<\/span> \t\t<\/a>    <\/li>\t\t\t\t\t\t<li>\n\t\t<a href=\"https:\/\/www.preguntasfrecuentes.una.ac.cr\/?epkb_post_type_1=como-se-entregan-los-documentos-de-solicitud-de-becas\"  class=\"epkb-ml-article-container \"\n\t\t            data-kb-article-id=\"6595\" >\n\t\t\t<span class=\"epkb-article-inner\"  style=\"color: #000000;\"  >\n\t\t\t\t<span class=\"epkb-article__icon ep_font_icon_document\"  style=\"color: #dd3333;\"  aria-hidden=\"true\"><\/span>\n\t\t\t\t<span class=\"epkb-article__text\" >\u00bfC\u00f3mo se entregan los documentos de solicitud de becas?<\/span>\n\t\t\t<\/span> \t\t<\/a>    <\/li>\t\t\t\t\t\t<li>\n\t\t<a href=\"https:\/\/www.preguntasfrecuentes.una.ac.cr\/?epkb_post_type_1=cuales-son-los-horarios-de-atencion-del-departamento-de-salud\"  class=\"epkb-ml-article-container \"\n\t\t            data-kb-article-id=\"7334\" >\n\t\t\t<span class=\"epkb-article-inner\"  style=\"color: #000000;\"  >\n\t\t\t\t<span class=\"epkb-article__icon ep_font_icon_document\"  style=\"color: #dd3333;\"  aria-hidden=\"true\"><\/span>\n\t\t\t\t<span class=\"epkb-article__text\" >\u00bfCu\u00e1les son los horarios de atenci\u00f3n del Departamento de Salud?<\/span>\n\t\t\t<\/span> \t\t<\/a>    <\/li>\t\t\t\t\t\t<li>\n\t\t<a href=\"https:\/\/www.preguntasfrecuentes.una.ac.cr\/?epkb_post_type_1=que-areas-de-enfoque-tiene-el-departamento-de-salud-de-la-una\"  class=\"epkb-ml-article-container \"\n\t\t            data-kb-article-id=\"7336\" >\n\t\t\t<span class=\"epkb-article-inner\"  style=\"color: #000000;\"  >\n\t\t\t\t<span class=\"epkb-article__icon ep_font_icon_document\"  style=\"color: #dd3333;\"  aria-hidden=\"true\"><\/span>\n\t\t\t\t<span class=\"epkb-article__text\" >\u00bfQu\u00e9 \u00e1reas de enfoque tiene el Departamento de Salud de la UNA?<\/span>\n\t\t\t<\/span> \t\t<\/a>    <\/li>\t\t\t\t\t\t<li>\n\t\t<a href=\"https:\/\/www.preguntasfrecuentes.una.ac.cr\/?epkb_post_type_1=como-puedo-obtener-asesoria-en-promocion-de-la-salud\"  class=\"epkb-ml-article-container \"\n\t\t            data-kb-article-id=\"7338\" >\n\t\t\t<span class=\"epkb-article-inner\"  style=\"color: #000000;\"  >\n\t\t\t\t<span class=\"epkb-article__icon ep_font_icon_document\"  style=\"color: #dd3333;\"  aria-hidden=\"true\"><\/span>\n\t\t\t\t<span class=\"epkb-article__text\" >\u00bfC\u00f3mo puedo obtener asesor\u00eda en promoci\u00f3n de la salud?<\/span>\n\t\t\t<\/span> \t\t<\/a>    <\/li>\t\t\t\t<\/ul>\n\t\t\t<\/div>\n\t\t<\/section>  \n\t\t\t<\/div>\n\n\t\t<\/div>        \t\t<\/div>  \t\t\t<\/div>  \t\t<\/div>   [\/et_pb_fullwidth_code][\/et_pb_section]<\/p>\n","protected":false},"excerpt":{"rendered":"\t\t<div id=\"epkb-modular-main-page-container\" role=\"main\" aria-labelledby=\"epkb-modular-main-page-container\" class=\"epkb-css-full-reset eckb_mp_active_theme_Extra\">\t\t\t\n\t\t\t<div id=\"epkb-ml__row-1\" data-feature=\"search\" class=\"epkb-ml__row\">                \n\t\t<div id=\"epkb-ml__module-search\" class=\"epkb-ml__module \">   \n\t\t\t<!-- Classic Search Layout -->\n\t\t\t<div id=\"epkb-ml-search-classic-layout\">    \t\t<h2 class=\"epkb-ml-search-title\">Preguntas Frecuentes UNA<\/h2>   \t\t\t\t<form id=\"epkb-ml-search-form\" class=\"epkb-ml-search-input-height--large\" method=\"get\" onsubmit=\"return false;\" data-collection-id=\"1\" data-collection-token=\"2a89f1da32\">\n\t\t\t\t<input type=\"hidden\" id=\"epkb_kb_id\" value=\"1\" >\n\n\t\t\t\t<!-- Search Input Box -->\n\t\t\t\t<div id=\"epkb-ml-search-box\">\n\t\t\t\t\t<input class=\"epkb-ml-search-box__input\" type=\"text\" name=\"s\" value=\"\" aria-label=\"Buscar aqu\u00ed...\"\n\t\t\t\t\t        placeholder=\"Buscar aqu\u00ed...\" aria-controls=\"epkb-ml-search-results\" >\n\t\t\t\t\t<button class=\"epkb-ml-search-box__btn\" type=\"submit\">\n                        <span class=\"epkb-ml-search-box__text\"> Buscar<\/span>\n                        <span class=\"epkbfa epkbfa-spinner epkbfa-ml-loading-icon\"><\/span>\n                    <\/button>\n\t\t\t\t<\/div>\n\n\t\t\t\t<!-- Search Results -->\n\t\t\t\t<div id=\"epkb-ml-search-results\" aria-live=\"polite\"><\/div>\n\t\t\t<\/form>\n\t\t<\/div>  \n\t\t<\/div>  \t\t\t<\/div>  \n\t\t\t<div id=\"epkb-ml__row-2\" data-feature=\"categories_articles\" class=\"epkb-ml__row\">                \n\t\t<div id=\"epkb-ml__module-categories-articles\" class=\"epkb-ml__module \">  \n\t\t<div id=\"epkb-ml-categories-layout\" role=\"main\" aria-labelledby=\"epkb-ml-categories-layout\" class=\"epkb-layout-container epkb-css-full-reset epkb-categories-template\">\n\t\t\t<div id=\"epkb-content-container\">\n\t\t\t\t<div class=\"epkb-section-container\">\t\n\t\t<div class=\"epkb-two-col eckb-categories-list\" > \t\t\t\t\t<div class=\"epkb-ml__module-categories-articles__row\">  \n\t\t\t\t<!-- Section Container ( Category Box ) -->\n\t\t\t\t<section id=\"epkb_cat_1\" class=\"section_light_shadow epkb-top-category-box\"  style=\"border-radius: 4px; border-width: 1px; border-color: #CACACE; background-color: #FEFEFE; border-style: solid;\"  >\n\n\t\t\t\t\t<!-- Section Head -->\n\t\t\t\t\t<div class=\"section-head section_divider\"  style=\"border-bottom-width: 1px; background-color: #FFFFFF; border-top-left-radius: 4px; border-top-right-radius: 4px; border-bottom-color: #FFFFFF; padding-top: 20px; padding-bottom: 20px; padding-left: 20px; padding-right: 20px; padding-left: 10px;\"  >\n\n\t\t\t\t\t\t<!-- Category Name + Icon -->\n\t\t\t\t\t\t<div class=\"epkb-category-level-1 epkb-category-level-1--icon-loc-left epkb-category-level-1--alignment-left\" data-kb-category-id=\"233\" data-kb-type=\"category\"  style=\"color: #000000;\"  >\n\n\t\t\t\t\t\t\t<!-- Icon Top \/ Left -->\t                            \t\t\t\t\t\t\t\t\t<span class=\"epkb-cat-icon epkbfa epkbfa-address-card\" data-kb-category-icon=\"epkbfa-address-card\"  style=\"color: #eb5a46; font-size: 30px;\" ><\/span>\t\t\t\t\t\t\t\t<div class=\"epkb-cat-name\">    \t\t\t\t\t\t\t\t\t<div class=\"epkb-cat-name-count-container\"  style=\"color: #000000; font-size:24px;\" >\n\t\t\t\t\t\t\t\t\t\t<h2 class=\"epkb-cat-name\">Admisi\u00f3n<\/h2>\n\t\t\t\t\t\t\t\t\t\t<span class=\"epkb-cat-count\">98<\/span>\n\t\t\t\t\t\t\t\t\t<\/div> \n\t\t\t\t\t\t\t<\/div>\n\n\t\t\t\t\t\t\t<!-- Icon Right -->     \n\t\t\t\t\t\t<\/div>\n\n\t\t\t\t\t\t<!-- Category Description -->\t\t\t\t\t\t\t\t\t\t\t<\/div>\n\n\t\t\t\t\t<!-- Section Body -->\n\t\t\t\t\t<div class=\"epkb-section-body\"  style=\"border-bottom-width: 1px; padding-top: 4px; padding-bottom: 4px; padding-left: 22px; padding-right: 4px; min-height: 130px;\"  >\t\t\t\t\t\t\n\t\t<ul class=\"epkb-main-category epkb-articles\"  style=\"padding-left: 10px;\"  data-list-id=\"233\"> \t\t\t\t<li class=\"epkb-article-level-1 \" data-kb-article-id=\"6787\"\n\t\t\t\t        data-kb-type=\"article\"  style=\"padding-bottom: 4px; padding-top: 4px;\"  >   \n\t\t<a href=\"https:\/\/www.preguntasfrecuentes.una.ac.cr\/?epkb_post_type_1=cuando-me-doy-cuenta-si-quede-admitido-en-una-carrera\"  class=\"epkb-mp-article \"\n\t\t            data-kb-article-id=\"6787\" >\n\t\t\t<span class=\"eckb-article-title\"  style=\"color: #000000;\"  >\n\t\t\t\t<span class=\"eckb-article-title__icon ep_font_icon_document\"  style=\"color: #dd3333;\"  aria-hidden=\"true\"><\/span>\n\t\t\t\t<span class=\"eckb-article-title__text\" >\u00bfCu\u00e1ndo me doy cuenta si qued\u00e9 admitido en una carrera?<\/span>\n\t\t\t<\/span> \t\t<\/a>    \t\t\t\t<\/li> \t\t\t\t<li class=\"epkb-article-level-1 \" data-kb-article-id=\"6785\"\n\t\t\t\t        data-kb-type=\"article\"  style=\"padding-bottom: 4px; padding-top: 4px;\"  >   \n\t\t<a href=\"https:\/\/www.preguntasfrecuentes.una.ac.cr\/?epkb_post_type_1=que-datos-ocupo-para-registrar-el-titulo-de-bachiller-en-educacion-media-via-web\"  class=\"epkb-mp-article \"\n\t\t            data-kb-article-id=\"6785\" >\n\t\t\t<span class=\"eckb-article-title\"  style=\"color: #000000;\"  >\n\t\t\t\t<span class=\"eckb-article-title__icon ep_font_icon_document\"  style=\"color: #dd3333;\"  aria-hidden=\"true\"><\/span>\n\t\t\t\t<span class=\"eckb-article-title__text\" >\u00bfQu\u00e9 datos ocupo para registrar el t\u00edtulo de Bachiller en Educaci\u00f3n Media v\u00eda web?<\/span>\n\t\t\t<\/span> \t\t<\/a>    \t\t\t\t<\/li> \t\t\t\t<li class=\"epkb-article-level-1 \" data-kb-article-id=\"6783\"\n\t\t\t\t        data-kb-type=\"article\"  style=\"padding-bottom: 4px; padding-top: 4px;\"  >   \n\t\t<a href=\"https:\/\/www.preguntasfrecuentes.una.ac.cr\/?epkb_post_type_1=cual-es-el-promedio-de-admision-para-registrar-el-titulo-de-bachiller-en-educacion-media-en-la-una\"  class=\"epkb-mp-article \"\n\t\t            data-kb-article-id=\"6783\" >\n\t\t\t<span class=\"eckb-article-title\"  style=\"color: #000000;\"  >\n\t\t\t\t<span class=\"eckb-article-title__icon ep_font_icon_document\"  style=\"color: #dd3333;\"  aria-hidden=\"true\"><\/span>\n\t\t\t\t<span class=\"eckb-article-title__text\" >\u00bfCu\u00e1l es el promedio de admisi\u00f3n para registrar el t\u00edtulo de Bachiller en Educaci\u00f3n Media en la UNA?<\/span>\n\t\t\t<\/span> \t\t<\/a>    \t\t\t\t<\/li> \t\t\t\t<li class=\"epkb-article-level-1 \" data-kb-article-id=\"6724\"\n\t\t\t\t        data-kb-type=\"article\"  style=\"padding-bottom: 4px; padding-top: 4px;\"  >   \n\t\t<a href=\"https:\/\/www.preguntasfrecuentes.una.ac.cr\/?epkb_post_type_1=si-algun-dato-de-la-inscripcion-o-en-la-cita-del-examen-esta-incorrecta-puedo-apelar\"  class=\"epkb-mp-article \"\n\t\t            data-kb-article-id=\"6724\" >\n\t\t\t<span class=\"eckb-article-title\"  style=\"color: #000000;\"  >\n\t\t\t\t<span class=\"eckb-article-title__icon ep_font_icon_document\"  style=\"color: #dd3333;\"  aria-hidden=\"true\"><\/span>\n\t\t\t\t<span class=\"eckb-article-title__text\" >Si alg\u00fan dato de la inscripci\u00f3n o en la cita del examen est\u00e1 incorrecta, \u00bfpuedo apelar?<\/span>\n\t\t\t<\/span> \t\t<\/a>    \t\t\t\t<\/li> \t\t\t\t<li class=\"epkb-article-level-1 \" data-kb-article-id=\"6720\"\n\t\t\t\t        data-kb-type=\"article\"  style=\"padding-bottom: 4px; padding-top: 4px;\"  >   \n\t\t<a href=\"https:\/\/www.preguntasfrecuentes.una.ac.cr\/?epkb_post_type_1=para-cuales-universidades-vale-mi-solicitud-de-los-apoyos-adecuacion\"  class=\"epkb-mp-article \"\n\t\t            data-kb-article-id=\"6720\" >\n\t\t\t<span class=\"eckb-article-title\"  style=\"color: #000000;\"  >\n\t\t\t\t<span class=\"eckb-article-title__icon ep_font_icon_document\"  style=\"color: #dd3333;\"  aria-hidden=\"true\"><\/span>\n\t\t\t\t<span class=\"eckb-article-title__text\" >\u00bfPara cuales universidades vale mi solicitud de los apoyos (adecuaci\u00f3n)?<\/span>\n\t\t\t<\/span> \t\t<\/a>    \t\t\t\t<\/li> \t\t\t\t<li class=\"epkb-article-level-1 epkb-hide-elem\" data-kb-article-id=\"6718\"\n\t\t\t\t        data-kb-type=\"article\"  style=\"padding-bottom: 4px; padding-top: 4px;\"  >   \n\t\t<a href=\"https:\/\/www.preguntasfrecuentes.una.ac.cr\/?epkb_post_type_1=se-pueden-solicitar-los-apoyos-adecuaciones-de-manera-extemporanea-por-una-condicion-especial\"  class=\"epkb-mp-article \"\n\t\t            data-kb-article-id=\"6718\" >\n\t\t\t<span class=\"eckb-article-title\"  style=\"color: #000000;\"  >\n\t\t\t\t<span class=\"eckb-article-title__icon ep_font_icon_document\"  style=\"color: #dd3333;\"  aria-hidden=\"true\"><\/span>\n\t\t\t\t<span class=\"eckb-article-title__text\" >\u00bfSe pueden solicitar los apoyos (adecuaciones) de manera extempor\u00e1nea por una condici\u00f3n especial?<\/span>\n\t\t\t<\/span> \t\t<\/a>    \t\t\t\t<\/li> \t\t\t\t<li class=\"epkb-article-level-1 epkb-hide-elem\" data-kb-article-id=\"6716\"\n\t\t\t\t        data-kb-type=\"article\"  style=\"padding-bottom: 4px; padding-top: 4px;\"  >   \n\t\t<a href=\"https:\/\/www.preguntasfrecuentes.una.ac.cr\/?epkb_post_type_1=que-debe-hacerse-si-el-estudiante-no-esta-satisfecho-con-los-apoyos-adecuaciones-que-se-le-aprobaron\"  class=\"epkb-mp-article \"\n\t\t            data-kb-article-id=\"6716\" >\n\t\t\t<span class=\"eckb-article-title\"  style=\"color: #000000;\"  >\n\t\t\t\t<span class=\"eckb-article-title__icon ep_font_icon_document\"  style=\"color: #dd3333;\"  aria-hidden=\"true\"><\/span>\n\t\t\t\t<span class=\"eckb-article-title__text\" >\u00bfQu\u00e9 debe hacerse si el estudiante no est\u00e1 satisfecho con los apoyos (adecuaciones) que se le aprobaron?<\/span>\n\t\t\t<\/span> \t\t<\/a>    \t\t\t\t<\/li> \t\t\t\t<li class=\"epkb-article-level-1 epkb-hide-elem\" data-kb-article-id=\"6714\"\n\t\t\t\t        data-kb-type=\"article\"  style=\"padding-bottom: 4px; padding-top: 4px;\"  >   \n\t\t<a href=\"https:\/\/www.preguntasfrecuentes.una.ac.cr\/?epkb_post_type_1=que-tipo-de-apoyos-adecuaciones-brindan-las-universidades-estatales-para-el-examen-de-admision\"  class=\"epkb-mp-article \"\n\t\t            data-kb-article-id=\"6714\" >\n\t\t\t<span class=\"eckb-article-title\"  style=\"color: #000000;\"  >\n\t\t\t\t<span class=\"eckb-article-title__icon ep_font_icon_document\"  style=\"color: #dd3333;\"  aria-hidden=\"true\"><\/span>\n\t\t\t\t<span class=\"eckb-article-title__text\" >\u00bfQu\u00e9 tipo de apoyos (adecuaciones) brindan las universidades estatales para el examen de admisi\u00f3n?<\/span>\n\t\t\t<\/span> \t\t<\/a>    \t\t\t\t<\/li> \t\t\t\t<li class=\"epkb-article-level-1 epkb-hide-elem\" data-kb-article-id=\"6711\"\n\t\t\t\t        data-kb-type=\"article\"  style=\"padding-bottom: 4px; padding-top: 4px;\"  >   \n\t\t<a href=\"https:\/\/www.preguntasfrecuentes.una.ac.cr\/?epkb_post_type_1=si-en-anos-anteriores-el-estudiante-ya-ha-solicitado-apoyos-adecuaciones-en-el-examen-de-admision-como-debe-proceder-para-utilizar-la-misma-documentacion-que-presento-anteriormente\"  class=\"epkb-mp-article \"\n\t\t            data-kb-article-id=\"6711\" >\n\t\t\t<span class=\"eckb-article-title\"  style=\"color: #000000;\"  >\n\t\t\t\t<span class=\"eckb-article-title__icon ep_font_icon_document\"  style=\"color: #dd3333;\"  aria-hidden=\"true\"><\/span>\n\t\t\t\t<span class=\"eckb-article-title__text\" >Si en a\u00f1os anteriores el estudiante ya ha solicitado apoyos (adecuaciones) en el examen de admisi\u00f3n \u00bfC\u00f3mo debe proceder para utilizar la misma documentaci\u00f3n que present\u00f3 anteriormente?<\/span>\n\t\t\t<\/span> \t\t<\/a>    \t\t\t\t<\/li> \t\t\t\t<li class=\"epkb-article-level-1 epkb-hide-elem\" data-kb-article-id=\"6709\"\n\t\t\t\t        data-kb-type=\"article\"  style=\"padding-bottom: 4px; padding-top: 4px;\"  >   \n\t\t<a href=\"https:\/\/www.preguntasfrecuentes.una.ac.cr\/?epkb_post_type_1=cuando-se-solicitan-los-apoyos-adecuaciones-para-los-examenes-de-admision\"  class=\"epkb-mp-article \"\n\t\t            data-kb-article-id=\"6709\" >\n\t\t\t<span class=\"eckb-article-title\"  style=\"color: #000000;\"  >\n\t\t\t\t<span class=\"eckb-article-title__icon ep_font_icon_document\"  style=\"color: #dd3333;\"  aria-hidden=\"true\"><\/span>\n\t\t\t\t<span class=\"eckb-article-title__text\" >\u00bfCu\u00e1ndo se solicitan los apoyos (adecuaciones) para los ex\u00e1menes de admisi\u00f3n?<\/span>\n\t\t\t<\/span> \t\t<\/a>    \t\t\t\t<\/li> \t\t\t\t<li class=\"epkb-article-level-1 epkb-hide-elem\" data-kb-article-id=\"6707\"\n\t\t\t\t        data-kb-type=\"article\"  style=\"padding-bottom: 4px; padding-top: 4px;\"  >   \n\t\t<a href=\"https:\/\/www.preguntasfrecuentes.una.ac.cr\/?epkb_post_type_1=se-puede-solicitar-apoyos-adecuaciones-para-los-examenes-de-admision-de-las-universidades-estatales\"  class=\"epkb-mp-article \"\n\t\t            data-kb-article-id=\"6707\" >\n\t\t\t<span class=\"eckb-article-title\"  style=\"color: #000000;\"  >\n\t\t\t\t<span class=\"eckb-article-title__icon ep_font_icon_document\"  style=\"color: #dd3333;\"  aria-hidden=\"true\"><\/span>\n\t\t\t\t<span class=\"eckb-article-title__text\" >\u00bfSe puede solicitar apoyos (adecuaciones) para los ex\u00e1menes de admisi\u00f3n de las universidades estatales?<\/span>\n\t\t\t<\/span> \t\t<\/a>    \t\t\t\t<\/li> \t\t\t\t<li class=\"epkb-article-level-1 epkb-hide-elem\" data-kb-article-id=\"6705\"\n\t\t\t\t        data-kb-type=\"article\"  style=\"padding-bottom: 4px; padding-top: 4px;\"  >   \n\t\t<a href=\"https:\/\/www.preguntasfrecuentes.una.ac.cr\/?epkb_post_type_1=despues-de-realizar-la-inscripcion-en-el-sau-cual-es-el-siguiente-paso\"  class=\"epkb-mp-article \"\n\t\t            data-kb-article-id=\"6705\" >\n\t\t\t<span class=\"eckb-article-title\"  style=\"color: #000000;\"  >\n\t\t\t\t<span class=\"eckb-article-title__icon ep_font_icon_document\"  style=\"color: #dd3333;\"  aria-hidden=\"true\"><\/span>\n\t\t\t\t<span class=\"eckb-article-title__text\" >Despu\u00e9s de realizar la inscripci\u00f3n en el SAU \u00bfCu\u00e1l es el siguiente paso?<\/span>\n\t\t\t<\/span> \t\t<\/a>    \t\t\t\t<\/li> \t\t\t\t<li class=\"epkb-article-level-1 epkb-hide-elem\" data-kb-article-id=\"6703\"\n\t\t\t\t        data-kb-type=\"article\"  style=\"padding-bottom: 4px; padding-top: 4px;\"  >   \n\t\t<a href=\"https:\/\/www.preguntasfrecuentes.una.ac.cr\/?epkb_post_type_1=como-compruebo-si-mi-inscripcion-en-el-sistema-de-admision-universitaria-sau-esta-correcta\"  class=\"epkb-mp-article \"\n\t\t            data-kb-article-id=\"6703\" >\n\t\t\t<span class=\"eckb-article-title\"  style=\"color: #000000;\"  >\n\t\t\t\t<span class=\"eckb-article-title__icon ep_font_icon_document\"  style=\"color: #dd3333;\"  aria-hidden=\"true\"><\/span>\n\t\t\t\t<span class=\"eckb-article-title__text\" >\u00bfC\u00f3mo compruebo si mi inscripci\u00f3n en el Sistema de Admisi\u00f3n Universitaria (SAU) est\u00e1 correcta?<\/span>\n\t\t\t<\/span> \t\t<\/a>    \t\t\t\t<\/li> \t\t\t\t<li class=\"epkb-article-level-1 epkb-hide-elem\" data-kb-article-id=\"5973\"\n\t\t\t\t        data-kb-type=\"article\"  style=\"padding-bottom: 4px; padding-top: 4px;\"  >   \n\t\t<a href=\"https:\/\/www.preguntasfrecuentes.una.ac.cr\/?epkb_post_type_1=cuando-me-doy-cuenta-si-estoy-admitido-en-una-carrera\"  class=\"epkb-mp-article \"\n\t\t            data-kb-article-id=\"5973\" >\n\t\t\t<span class=\"eckb-article-title\"  style=\"color: #000000;\"  >\n\t\t\t\t<span class=\"eckb-article-title__icon ep_font_icon_document\"  style=\"color: #dd3333;\"  aria-hidden=\"true\"><\/span>\n\t\t\t\t<span class=\"eckb-article-title__text\" >\u00bfCu\u00e1ndo me doy cuenta si estoy admitido en una carrera?<\/span>\n\t\t\t<\/span> \t\t<\/a>    \t\t\t\t<\/li> \t\t\t\t<li class=\"epkb-article-level-1 epkb-hide-elem\" data-kb-article-id=\"5971\"\n\t\t\t\t        data-kb-type=\"article\"  style=\"padding-bottom: 4px; padding-top: 4px;\"  >   \n\t\t<a href=\"https:\/\/www.preguntasfrecuentes.una.ac.cr\/?epkb_post_type_1=cuando-y-en-que-pagina-web-se-registra-el-titulo-de-educacion-media\"  class=\"epkb-mp-article \"\n\t\t            data-kb-article-id=\"5971\" >\n\t\t\t<span class=\"eckb-article-title\"  style=\"color: #000000;\"  >\n\t\t\t\t<span class=\"eckb-article-title__icon ep_font_icon_document\"  style=\"color: #dd3333;\"  aria-hidden=\"true\"><\/span>\n\t\t\t\t<span class=\"eckb-article-title__text\" >\u00bfCu\u00e1ndo y c\u00f3mo se registra el t\u00edtulo de educaci\u00f3n media?<\/span>\n\t\t\t<\/span> \t\t<\/a>    \t\t\t\t<\/li> \t\t\t\t<li class=\"epkb-article-level-1 epkb-hide-elem\" data-kb-article-id=\"5969\"\n\t\t\t\t        data-kb-type=\"article\"  style=\"padding-bottom: 4px; padding-top: 4px;\"  >   \n\t\t<a href=\"https:\/\/www.preguntasfrecuentes.una.ac.cr\/?epkb_post_type_1=que-datos-ocupo-para-registrar-el-titulo-de-educacion-media-via-web\"  class=\"epkb-mp-article \"\n\t\t            data-kb-article-id=\"5969\" >\n\t\t\t<span class=\"eckb-article-title\"  style=\"color: #000000;\"  >\n\t\t\t\t<span class=\"eckb-article-title__icon ep_font_icon_document\"  style=\"color: #dd3333;\"  aria-hidden=\"true\"><\/span>\n\t\t\t\t<span class=\"eckb-article-title__text\" >\u00bfQu\u00e9 datos ocupo para registrar el t\u00edtulo de educaci\u00f3n media v\u00eda web?<\/span>\n\t\t\t<\/span> \t\t<\/a>    \t\t\t\t<\/li> \t\t\t\t<li class=\"epkb-article-level-1 epkb-hide-elem\" data-kb-article-id=\"5967\"\n\t\t\t\t        data-kb-type=\"article\"  style=\"padding-bottom: 4px; padding-top: 4px;\"  >   \n\t\t<a href=\"https:\/\/www.preguntasfrecuentes.una.ac.cr\/?epkb_post_type_1=cual-es-el-promedio-minimo-para-registrar-el-titulo-de-secundaria-en-la-una\"  class=\"epkb-mp-article \"\n\t\t            data-kb-article-id=\"5967\" >\n\t\t\t<span class=\"eckb-article-title\"  style=\"color: #000000;\"  >\n\t\t\t\t<span class=\"eckb-article-title__icon ep_font_icon_document\"  style=\"color: #dd3333;\"  aria-hidden=\"true\"><\/span>\n\t\t\t\t<span class=\"eckb-article-title__text\" >\u00bfCu\u00e1l es el promedio m\u00ednimo para registrar el t\u00edtulo de secundaria en la UNA?<\/span>\n\t\t\t<\/span> \t\t<\/a>    \t\t\t\t<\/li> \t\t\t\t<li class=\"epkb-article-level-1 epkb-hide-elem\" data-kb-article-id=\"5963\"\n\t\t\t\t        data-kb-type=\"article\"  style=\"padding-bottom: 4px; padding-top: 4px;\"  >   \n\t\t<a href=\"https:\/\/www.preguntasfrecuentes.una.ac.cr\/?epkb_post_type_1=para-cuales-universidades-es-valida-mi-solicitud-de-apoyo-adecuacion\"  class=\"epkb-mp-article \"\n\t\t            data-kb-article-id=\"5963\" >\n\t\t\t<span class=\"eckb-article-title\"  style=\"color: #000000;\"  >\n\t\t\t\t<span class=\"eckb-article-title__icon ep_font_icon_document\"  style=\"color: #dd3333;\"  aria-hidden=\"true\"><\/span>\n\t\t\t\t<span class=\"eckb-article-title__text\" >\u00bfPara cu\u00e1les universidades es v\u00e1lida mi solicitud de apoyo (adecuaci\u00f3n)?<\/span>\n\t\t\t<\/span> \t\t<\/a>    \t\t\t\t<\/li> \t\t\t\t<li class=\"epkb-article-level-1 epkb-hide-elem\" data-kb-article-id=\"5961\"\n\t\t\t\t        data-kb-type=\"article\"  style=\"padding-bottom: 4px; padding-top: 4px;\"  >   \n\t\t<a href=\"https:\/\/www.preguntasfrecuentes.una.ac.cr\/?epkb_post_type_1=se-puede-solicitar-apoyo-adecuacion-de-manera-extemporanea-por-una-condicion-especial\"  class=\"epkb-mp-article \"\n\t\t            data-kb-article-id=\"5961\" >\n\t\t\t<span class=\"eckb-article-title\"  style=\"color: #000000;\"  >\n\t\t\t\t<span class=\"eckb-article-title__icon ep_font_icon_document\"  style=\"color: #dd3333;\"  aria-hidden=\"true\"><\/span>\n\t\t\t\t<span class=\"eckb-article-title__text\" >\u00bfSe puede solicitar apoyo (adecuaci\u00f3n) de manera extempor\u00e1nea por una condici\u00f3n especial?<\/span>\n\t\t\t<\/span> \t\t<\/a>    \t\t\t\t<\/li> \t\t\t\t<li class=\"epkb-article-level-1 epkb-hide-elem\" data-kb-article-id=\"5955\"\n\t\t\t\t        data-kb-type=\"article\"  style=\"padding-bottom: 4px; padding-top: 4px;\"  >   \n\t\t<a href=\"https:\/\/www.preguntasfrecuentes.una.ac.cr\/?epkb_post_type_1=cuales-universidades-tienen-como-requisito-el-examen-de-admision\"  class=\"epkb-mp-article \"\n\t\t            data-kb-article-id=\"5955\" >\n\t\t\t<span class=\"eckb-article-title\"  style=\"color: #000000;\"  >\n\t\t\t\t<span class=\"eckb-article-title__icon ep_font_icon_document\"  style=\"color: #dd3333;\"  aria-hidden=\"true\"><\/span>\n\t\t\t\t<span class=\"eckb-article-title__text\" >\u00bfCu\u00e1les universidades tienen como requisito el examen de admisi\u00f3n?<\/span>\n\t\t\t<\/span> \t\t<\/a>    \t\t\t\t<\/li> \t\t\t\t<li class=\"epkb-article-level-1 epkb-hide-elem\" data-kb-article-id=\"5951\"\n\t\t\t\t        data-kb-type=\"article\"  style=\"padding-bottom: 4px; padding-top: 4px;\"  >   \n\t\t<a href=\"https:\/\/www.preguntasfrecuentes.una.ac.cr\/?epkb_post_type_1=cuando-puedo-solicitar-el-apoyo-adecuacion-para-los-examenes-de-admision\"  class=\"epkb-mp-article \"\n\t\t            data-kb-article-id=\"5951\" >\n\t\t\t<span class=\"eckb-article-title\"  style=\"color: #000000;\"  >\n\t\t\t\t<span class=\"eckb-article-title__icon ep_font_icon_document\"  style=\"color: #dd3333;\"  aria-hidden=\"true\"><\/span>\n\t\t\t\t<span class=\"eckb-article-title__text\" >\u00bfCu\u00e1ndo puedo solicitar el apoyo (adecuaci\u00f3n) para los ex\u00e1menes de admisi\u00f3n?<\/span>\n\t\t\t<\/span> \t\t<\/a>    \t\t\t\t<\/li> \t\t\t\t<li class=\"epkb-article-level-1 epkb-hide-elem\" data-kb-article-id=\"5949\"\n\t\t\t\t        data-kb-type=\"article\"  style=\"padding-bottom: 4px; padding-top: 4px;\"  >   \n\t\t<a href=\"https:\/\/www.preguntasfrecuentes.una.ac.cr\/?epkb_post_type_1=se-puede-solicitar-apoyo-adecuaciones-para-los-examenes-de-admision-de-las-universidades-estatales\"  class=\"epkb-mp-article \"\n\t\t            data-kb-article-id=\"5949\" >\n\t\t\t<span class=\"eckb-article-title\"  style=\"color: #000000;\"  >\n\t\t\t\t<span class=\"eckb-article-title__icon ep_font_icon_document\"  style=\"color: #dd3333;\"  aria-hidden=\"true\"><\/span>\n\t\t\t\t<span class=\"eckb-article-title__text\" >\u00bfSe puede solicitar apoyo (adecuaciones) para los ex\u00e1menes de admisi\u00f3n de las universidades estatales?<\/span>\n\t\t\t<\/span> \t\t<\/a>    \t\t\t\t<\/li> \t\t\t\t<li class=\"epkb-article-level-1 epkb-hide-elem\" data-kb-article-id=\"5947\"\n\t\t\t\t        data-kb-type=\"article\"  style=\"padding-bottom: 4px; padding-top: 4px;\"  >   \n\t\t<a href=\"https:\/\/www.preguntasfrecuentes.una.ac.cr\/?epkb_post_type_1=en-donde-puedo-consultar-los-cortes-de-carrera\"  class=\"epkb-mp-article \"\n\t\t            data-kb-article-id=\"5947\" >\n\t\t\t<span class=\"eckb-article-title\"  style=\"color: #000000;\"  >\n\t\t\t\t<span class=\"eckb-article-title__icon ep_font_icon_document\"  style=\"color: #dd3333;\"  aria-hidden=\"true\"><\/span>\n\t\t\t\t<span class=\"eckb-article-title__text\" >\u00bfEn d\u00f3nde puedo consultar los cortes de carrera?<\/span>\n\t\t\t<\/span> \t\t<\/a>    \t\t\t\t<\/li> \t\t\t\t<li class=\"epkb-article-level-1 epkb-hide-elem\" data-kb-article-id=\"5940\"\n\t\t\t\t        data-kb-type=\"article\"  style=\"padding-bottom: 4px; padding-top: 4px;\"  >   \n\t\t<a href=\"https:\/\/www.preguntasfrecuentes.una.ac.cr\/?epkb_post_type_1=puedo-cambiar-la-opcion-de-carrera-que-anote-inicialmente-en-el-momento-de-la-inscripcion\"  class=\"epkb-mp-article \"\n\t\t            data-kb-article-id=\"5940\" >\n\t\t\t<span class=\"eckb-article-title\"  style=\"color: #000000;\"  >\n\t\t\t\t<span class=\"eckb-article-title__icon ep_font_icon_document\"  style=\"color: #dd3333;\"  aria-hidden=\"true\"><\/span>\n\t\t\t\t<span class=\"eckb-article-title__text\" >\u00bfPuedo cambiar la opci\u00f3n de carrera que anote inicialmente en el momento de la inscripci\u00f3n?<\/span>\n\t\t\t<\/span> \t\t<\/a>    \t\t\t\t<\/li> \t\t\t\t<li class=\"epkb-article-level-1 epkb-hide-elem\" data-kb-article-id=\"5938\"\n\t\t\t\t        data-kb-type=\"article\"  style=\"padding-bottom: 4px; padding-top: 4px;\"  >   \n\t\t<a href=\"https:\/\/www.preguntasfrecuentes.una.ac.cr\/?epkb_post_type_1=que-pasa-si-no-puedo-definitivamente-entregar-nota-de-educacion-diversificada\"  class=\"epkb-mp-article \"\n\t\t            data-kb-article-id=\"5938\" >\n\t\t\t<span class=\"eckb-article-title\"  style=\"color: #000000;\"  >\n\t\t\t\t<span class=\"eckb-article-title__icon ep_font_icon_document\"  style=\"color: #dd3333;\"  aria-hidden=\"true\"><\/span>\n\t\t\t\t<span class=\"eckb-article-title__text\" >\u00bfQu\u00e9 pasa si no puedo definitivamente entregar nota de educaci\u00f3n diversificada?<\/span>\n\t\t\t<\/span> \t\t<\/a>    \t\t\t\t<\/li> \t\t\t\t<li class=\"epkb-article-level-1 epkb-hide-elem\" data-kb-article-id=\"5936\"\n\t\t\t\t        data-kb-type=\"article\"  style=\"padding-bottom: 4px; padding-top: 4px;\"  >   \n\t\t<a href=\"https:\/\/www.preguntasfrecuentes.una.ac.cr\/?epkb_post_type_1=existe-un-periodo-de-apelacion-para-la-nota-de-educacion-diversificada\"  class=\"epkb-mp-article \"\n\t\t            data-kb-article-id=\"5936\" >\n\t\t\t<span class=\"eckb-article-title\"  style=\"color: #000000;\"  >\n\t\t\t\t<span class=\"eckb-article-title__icon ep_font_icon_document\"  style=\"color: #dd3333;\"  aria-hidden=\"true\"><\/span>\n\t\t\t\t<span class=\"eckb-article-title__text\" >\u00bfExiste un periodo de apelaci\u00f3n para la nota de educaci\u00f3n diversificada?<\/span>\n\t\t\t<\/span> \t\t<\/a>    \t\t\t\t<\/li> \t\t\t\t<li class=\"epkb-article-level-1 epkb-hide-elem\" data-kb-article-id=\"5934\"\n\t\t\t\t        data-kb-type=\"article\"  style=\"padding-bottom: 4px; padding-top: 4px;\"  >   \n\t\t<a href=\"https:\/\/www.preguntasfrecuentes.una.ac.cr\/?epkb_post_type_1=como-y-cuando-puedo-entregar-la-nota-de-educacion-diversificada\"  class=\"epkb-mp-article \"\n\t\t            data-kb-article-id=\"5934\" >\n\t\t\t<span class=\"eckb-article-title\"  style=\"color: #000000;\"  >\n\t\t\t\t<span class=\"eckb-article-title__icon ep_font_icon_document\"  style=\"color: #dd3333;\"  aria-hidden=\"true\"><\/span>\n\t\t\t\t<span class=\"eckb-article-title__text\" >\u00bfC\u00f3mo y cu\u00e1ndo puedo entregar la nota de educaci\u00f3n diversificada?<\/span>\n\t\t\t<\/span> \t\t<\/a>    \t\t\t\t<\/li> \t\t\t\t<li class=\"epkb-article-level-1 epkb-hide-elem\" data-kb-article-id=\"5930\"\n\t\t\t\t        data-kb-type=\"article\"  style=\"padding-bottom: 4px; padding-top: 4px;\"  >   \n\t\t<a href=\"https:\/\/www.preguntasfrecuentes.una.ac.cr\/?epkb_post_type_1=cuando-conozco-mi-cita-para-realizar-el-examen-de-admision\"  class=\"epkb-mp-article \"\n\t\t            data-kb-article-id=\"5930\" >\n\t\t\t<span class=\"eckb-article-title\"  style=\"color: #000000;\"  >\n\t\t\t\t<span class=\"eckb-article-title__icon ep_font_icon_document\"  style=\"color: #dd3333;\"  aria-hidden=\"true\"><\/span>\n\t\t\t\t<span class=\"eckb-article-title__text\" >\u00bfCu\u00e1ndo conozco mi cita para realizar el examen de admisi\u00f3n?<\/span>\n\t\t\t<\/span> \t\t<\/a>    \t\t\t\t<\/li> \t\t\t\t<li class=\"epkb-article-level-1 epkb-hide-elem\" data-kb-article-id=\"5543\"\n\t\t\t\t        data-kb-type=\"article\"  style=\"padding-bottom: 4px; padding-top: 4px;\"  >   \n\t\t<a href=\"https:\/\/www.preguntasfrecuentes.una.ac.cr\/?epkb_post_type_1=cuales-son-los-numeros-de-contacto-para-la-admision-de-la-una\"  class=\"epkb-mp-article \"\n\t\t            data-kb-article-id=\"5543\" >\n\t\t\t<span class=\"eckb-article-title\"  style=\"color: #000000;\"  >\n\t\t\t\t<span class=\"eckb-article-title__icon ep_font_icon_document\"  style=\"color: #dd3333;\"  aria-hidden=\"true\"><\/span>\n\t\t\t\t<span class=\"eckb-article-title__text\" >\u00bfCu\u00e1les son los n\u00fameros de contacto para la admisi\u00f3n de la UNA?<\/span>\n\t\t\t<\/span> \t\t<\/a>    \t\t\t\t<\/li> \t\t\t\t<li class=\"epkb-article-level-1 epkb-hide-elem\" data-kb-article-id=\"5542\"\n\t\t\t\t        data-kb-type=\"article\"  style=\"padding-bottom: 4px; padding-top: 4px;\"  >   \n\t\t<a href=\"https:\/\/www.preguntasfrecuentes.una.ac.cr\/?epkb_post_type_1=como-ingresar-a-la-una\"  class=\"epkb-mp-article \"\n\t\t            data-kb-article-id=\"5542\" >\n\t\t\t<span class=\"eckb-article-title\"  style=\"color: #000000;\"  >\n\t\t\t\t<span class=\"eckb-article-title__icon ep_font_icon_document\"  style=\"color: #dd3333;\"  aria-hidden=\"true\"><\/span>\n\t\t\t\t<span class=\"eckb-article-title__text\" >\u00bfC\u00f3mo ingresar a la UNA?<\/span>\n\t\t\t<\/span> \t\t<\/a>    \t\t\t\t<\/li> \t\t\t\t<li class=\"epkb-article-level-1 epkb-hide-elem\" data-kb-article-id=\"5540\"\n\t\t\t\t        data-kb-type=\"article\"  style=\"padding-bottom: 4px; padding-top: 4px;\"  >   \n\t\t<a href=\"https:\/\/www.preguntasfrecuentes.una.ac.cr\/?epkb_post_type_1=cuando-me-llaman-a-la-entrevista-si-solicite-adecuacion-del-examen-de-admision\"  class=\"epkb-mp-article \"\n\t\t            data-kb-article-id=\"5540\" >\n\t\t\t<span class=\"eckb-article-title\"  style=\"color: #000000;\"  >\n\t\t\t\t<span class=\"eckb-article-title__icon ep_font_icon_document\"  style=\"color: #dd3333;\"  aria-hidden=\"true\"><\/span>\n\t\t\t\t<span class=\"eckb-article-title__text\" >\u00bfCu\u00e1ndo me llaman a la entrevista si solicit\u00e9 adecuaci\u00f3n del Examen de Admisi\u00f3n?<\/span>\n\t\t\t<\/span> \t\t<\/a>    \t\t\t\t<\/li> \t\t\t\t<li class=\"epkb-article-level-1 epkb-hide-elem\" data-kb-article-id=\"5541\"\n\t\t\t\t        data-kb-type=\"article\"  style=\"padding-bottom: 4px; padding-top: 4px;\"  >   \n\t\t<a href=\"https:\/\/www.preguntasfrecuentes.una.ac.cr\/?epkb_post_type_1=se-aplica-el-mismo-examen-de-admision-para-todas-las-universidades-publicas\"  class=\"epkb-mp-article \"\n\t\t            data-kb-article-id=\"5541\" >\n\t\t\t<span class=\"eckb-article-title\"  style=\"color: #000000;\"  >\n\t\t\t\t<span class=\"eckb-article-title__icon ep_font_icon_document\"  style=\"color: #dd3333;\"  aria-hidden=\"true\"><\/span>\n\t\t\t\t<span class=\"eckb-article-title__text\" >\u00bfSe aplica el mismo examen de admisi\u00f3n para todas las universidades p\u00fablicas?<\/span>\n\t\t\t<\/span> \t\t<\/a>    \t\t\t\t<\/li> \t\t\t\t<li class=\"epkb-article-level-1 epkb-hide-elem\" data-kb-article-id=\"5538\"\n\t\t\t\t        data-kb-type=\"article\"  style=\"padding-bottom: 4px; padding-top: 4px;\"  >   \n\t\t<a href=\"https:\/\/www.preguntasfrecuentes.una.ac.cr\/?epkb_post_type_1=que-tipo-de-adecuaciones-brindan-las-universidades-estatales-para-el-examen-de-admision\"  class=\"epkb-mp-article \"\n\t\t            data-kb-article-id=\"5538\" >\n\t\t\t<span class=\"eckb-article-title\"  style=\"color: #000000;\"  >\n\t\t\t\t<span class=\"eckb-article-title__icon ep_font_icon_document\"  style=\"color: #dd3333;\"  aria-hidden=\"true\"><\/span>\n\t\t\t\t<span class=\"eckb-article-title__text\" >\u00bfQu\u00e9 tipo de adecuaciones brindan las universidades estatales para el examen de admisi\u00f3n?<\/span>\n\t\t\t<\/span> \t\t<\/a>    \t\t\t\t<\/li> \t\t\t\t<li class=\"epkb-article-level-1 epkb-hide-elem\" data-kb-article-id=\"5539\"\n\t\t\t\t        data-kb-type=\"article\"  style=\"padding-bottom: 4px; padding-top: 4px;\"  >   \n\t\t<a href=\"https:\/\/www.preguntasfrecuentes.una.ac.cr\/?epkb_post_type_1=que-pasa-si-no-presente-documentos-a-tiempo-para-adecuacion-del-examen-de-admision\"  class=\"epkb-mp-article \"\n\t\t            data-kb-article-id=\"5539\" >\n\t\t\t<span class=\"eckb-article-title\"  style=\"color: #000000;\"  >\n\t\t\t\t<span class=\"eckb-article-title__icon ep_font_icon_document\"  style=\"color: #dd3333;\"  aria-hidden=\"true\"><\/span>\n\t\t\t\t<span class=\"eckb-article-title__text\" >\u00bfQu\u00e9 pasa si no present\u00e9 documentos a tiempo para adecuaci\u00f3n del Examen de Admisi\u00f3n?<\/span>\n\t\t\t<\/span> \t\t<\/a>    \t\t\t\t<\/li> \t\t\t\t<li class=\"epkb-article-level-1 epkb-hide-elem\" data-kb-article-id=\"5536\"\n\t\t\t\t        data-kb-type=\"article\"  style=\"padding-bottom: 4px; padding-top: 4px;\"  >   \n\t\t<a href=\"https:\/\/www.preguntasfrecuentes.una.ac.cr\/?epkb_post_type_1=como-solicito-adecuaciones-para-la-aplicacion-de-mi-examen-de-admision\"  class=\"epkb-mp-article \"\n\t\t            data-kb-article-id=\"5536\" >\n\t\t\t<span class=\"eckb-article-title\"  style=\"color: #000000;\"  >\n\t\t\t\t<span class=\"eckb-article-title__icon ep_font_icon_document\"  style=\"color: #dd3333;\"  aria-hidden=\"true\"><\/span>\n\t\t\t\t<span class=\"eckb-article-title__text\" >\u00bfC\u00f3mo solicito adecuaciones para la aplicaci\u00f3n de mi examen de admisi\u00f3n?<\/span>\n\t\t\t<\/span> \t\t<\/a>    \t\t\t\t<\/li> \t\t\t\t<li class=\"epkb-article-level-1 epkb-hide-elem\" data-kb-article-id=\"5537\"\n\t\t\t\t        data-kb-type=\"article\"  style=\"padding-bottom: 4px; padding-top: 4px;\"  >   \n\t\t<a href=\"https:\/\/www.preguntasfrecuentes.una.ac.cr\/?epkb_post_type_1=que-debe-hacerse-si-el-estudiante-no-esta-satisfecho-con-las-adecuaciones-que-se-le-aprobaron\"  class=\"epkb-mp-article \"\n\t\t            data-kb-article-id=\"5537\" >\n\t\t\t<span class=\"eckb-article-title\"  style=\"color: #000000;\"  >\n\t\t\t\t<span class=\"eckb-article-title__icon ep_font_icon_document\"  style=\"color: #dd3333;\"  aria-hidden=\"true\"><\/span>\n\t\t\t\t<span class=\"eckb-article-title__text\" >\u00bfQu\u00e9 debe hacerse si el estudiante no est\u00e1 satisfecho con las adecuaciones que se le aprobaron?<\/span>\n\t\t\t<\/span> \t\t<\/a>    \t\t\t\t<\/li> \t\t\t\t<li class=\"epkb-article-level-1 epkb-hide-elem\" data-kb-article-id=\"5535\"\n\t\t\t\t        data-kb-type=\"article\"  style=\"padding-bottom: 4px; padding-top: 4px;\"  >   \n\t\t<a href=\"https:\/\/www.preguntasfrecuentes.una.ac.cr\/?epkb_post_type_1=a-que-se-refieren-con-exoneracion-dentro-del-proceso-de-inscripcion\"  class=\"epkb-mp-article \"\n\t\t            data-kb-article-id=\"5535\" >\n\t\t\t<span class=\"eckb-article-title\"  style=\"color: #000000;\"  >\n\t\t\t\t<span class=\"eckb-article-title__icon ep_font_icon_document\"  style=\"color: #dd3333;\"  aria-hidden=\"true\"><\/span>\n\t\t\t\t<span class=\"eckb-article-title__text\" >\u00bfA qu\u00e9 se refieren con exoneraci\u00f3n dentro del Proceso de Inscripci\u00f3n?<\/span>\n\t\t\t<\/span> \t\t<\/a>    \t\t\t\t<\/li> \t\t\t\t<li class=\"epkb-article-level-1 epkb-hide-elem\" data-kb-article-id=\"5533\"\n\t\t\t\t        data-kb-type=\"article\"  style=\"padding-bottom: 4px; padding-top: 4px;\"  >   \n\t\t<a href=\"https:\/\/www.preguntasfrecuentes.una.ac.cr\/?epkb_post_type_1=en-que-momento-quede-admitido-en-la-una\"  class=\"epkb-mp-article \"\n\t\t            data-kb-article-id=\"5533\" >\n\t\t\t<span class=\"eckb-article-title\"  style=\"color: #000000;\"  >\n\t\t\t\t<span class=\"eckb-article-title__icon ep_font_icon_document\"  style=\"color: #dd3333;\"  aria-hidden=\"true\"><\/span>\n\t\t\t\t<span class=\"eckb-article-title__text\" >\u00bfEn qu\u00e9 momento qued\u00e9 admitido en la UNA?<\/span>\n\t\t\t<\/span> \t\t<\/a>    \t\t\t\t<\/li> \t\t\t\t<li class=\"epkb-article-level-1 epkb-hide-elem\" data-kb-article-id=\"5534\"\n\t\t\t\t        data-kb-type=\"article\"  style=\"padding-bottom: 4px; padding-top: 4px;\"  >   \n\t\t<a href=\"https:\/\/www.preguntasfrecuentes.una.ac.cr\/?epkb_post_type_1=donde-obtengo-la-cita-para-hacer-mi-examen-de-admision\"  class=\"epkb-mp-article \"\n\t\t            data-kb-article-id=\"5534\" >\n\t\t\t<span class=\"eckb-article-title\"  style=\"color: #000000;\"  >\n\t\t\t\t<span class=\"eckb-article-title__icon ep_font_icon_document\"  style=\"color: #dd3333;\"  aria-hidden=\"true\"><\/span>\n\t\t\t\t<span class=\"eckb-article-title__text\" >\u00bfD\u00f3nde obtengo la cita para hacer mi examen de admisi\u00f3n?<\/span>\n\t\t\t<\/span> \t\t<\/a>    \t\t\t\t<\/li> \t\t\t\t<li class=\"epkb-article-level-1 epkb-hide-elem\" data-kb-article-id=\"5530\"\n\t\t\t\t        data-kb-type=\"article\"  style=\"padding-bottom: 4px; padding-top: 4px;\"  >   \n\t\t<a href=\"https:\/\/www.preguntasfrecuentes.una.ac.cr\/?epkb_post_type_1=como-me-inscribo-para-hacer-el-examen-de-admision-a-la-una\"  class=\"epkb-mp-article \"\n\t\t            data-kb-article-id=\"5530\" >\n\t\t\t<span class=\"eckb-article-title\"  style=\"color: #000000;\"  >\n\t\t\t\t<span class=\"eckb-article-title__icon ep_font_icon_document\"  style=\"color: #dd3333;\"  aria-hidden=\"true\"><\/span>\n\t\t\t\t<span class=\"eckb-article-title__text\" >\u00bfC\u00f3mo me inscribo para hacer el examen de admisi\u00f3n a la UNA?<\/span>\n\t\t\t<\/span> \t\t<\/a>    \t\t\t\t<\/li> \t\t\t\t<li class=\"epkb-article-level-1 epkb-hide-elem\" data-kb-article-id=\"5532\"\n\t\t\t\t        data-kb-type=\"article\"  style=\"padding-bottom: 4px; padding-top: 4px;\"  >   \n\t\t<a href=\"https:\/\/www.preguntasfrecuentes.una.ac.cr\/?epkb_post_type_1=que-sigue-luego-de-haberme-inscrito-para-realizar-el-examen-de-admision-a-la-una\"  class=\"epkb-mp-article \"\n\t\t            data-kb-article-id=\"5532\" >\n\t\t\t<span class=\"eckb-article-title\"  style=\"color: #000000;\"  >\n\t\t\t\t<span class=\"eckb-article-title__icon ep_font_icon_document\"  style=\"color: #dd3333;\"  aria-hidden=\"true\"><\/span>\n\t\t\t\t<span class=\"eckb-article-title__text\" >\u00bfQu\u00e9 sigue luego de haberme inscrito para realizar el examen de admisi\u00f3n a la UNA?<\/span>\n\t\t\t<\/span> \t\t<\/a>    \t\t\t\t<\/li> \t\t\t\t<li class=\"epkb-article-level-1 epkb-hide-elem\" data-kb-article-id=\"5529\"\n\t\t\t\t        data-kb-type=\"article\"  style=\"padding-bottom: 4px; padding-top: 4px;\"  >   \n\t\t<a href=\"https:\/\/www.preguntasfrecuentes.una.ac.cr\/?epkb_post_type_1=como-se-si-soy-un-postulante-para-ingresar-a-la-una-en-el-proximo-ciclo-lectivo\"  class=\"epkb-mp-article \"\n\t\t            data-kb-article-id=\"5529\" >\n\t\t\t<span class=\"eckb-article-title\"  style=\"color: #000000;\"  >\n\t\t\t\t<span class=\"eckb-article-title__icon ep_font_icon_document\"  style=\"color: #dd3333;\"  aria-hidden=\"true\"><\/span>\n\t\t\t\t<span class=\"eckb-article-title__text\" >\u00bfC\u00f3mo se si soy un postulante para ingresar a la UNA, en el pr\u00f3ximo ciclo lectivo?<\/span>\n\t\t\t<\/span> \t\t<\/a>    \t\t\t\t<\/li> \t\t\t\t<li class=\"epkb-article-level-1 epkb-hide-elem\" data-kb-article-id=\"5527\"\n\t\t\t\t        data-kb-type=\"article\"  style=\"padding-bottom: 4px; padding-top: 4px;\"  >   \n\t\t<a href=\"https:\/\/www.preguntasfrecuentes.una.ac.cr\/?epkb_post_type_1=existe-algun-limite-de-edad-para-ingresar-a-la-una\"  class=\"epkb-mp-article \"\n\t\t            data-kb-article-id=\"5527\" >\n\t\t\t<span class=\"eckb-article-title\"  style=\"color: #000000;\"  >\n\t\t\t\t<span class=\"eckb-article-title__icon ep_font_icon_document\"  style=\"color: #dd3333;\"  aria-hidden=\"true\"><\/span>\n\t\t\t\t<span class=\"eckb-article-title__text\" >\u00bfExiste alg\u00fan l\u00edmite de edad para ingresar a la UNA?<\/span>\n\t\t\t<\/span> \t\t<\/a>    \t\t\t\t<\/li> \t\t\t\t<li class=\"epkb-article-level-1 epkb-hide-elem\" data-kb-article-id=\"5528\"\n\t\t\t\t        data-kb-type=\"article\"  style=\"padding-bottom: 4px; padding-top: 4px;\"  >   \n\t\t<a href=\"https:\/\/www.preguntasfrecuentes.una.ac.cr\/?epkb_post_type_1=en-caso-de-que-la-nota-de-admision-no-me-dio-para-la-carrera-que-quiero-puedo-ingresar-a-otra-y-con-el-tiempo-pasarme-de-plan-de-estudios\"  class=\"epkb-mp-article \"\n\t\t            data-kb-article-id=\"5528\" >\n\t\t\t<span class=\"eckb-article-title\"  style=\"color: #000000;\"  >\n\t\t\t\t<span class=\"eckb-article-title__icon ep_font_icon_document\"  style=\"color: #dd3333;\"  aria-hidden=\"true\"><\/span>\n\t\t\t\t<span class=\"eckb-article-title__text\" >\u00bfEn caso de que la nota de admisi\u00f3n no me dio para la carrera que quiero, puedo ingresar a otra y con el tiempo pasarme de plan de estudios?<\/span>\n\t\t\t<\/span> \t\t<\/a>    \t\t\t\t<\/li> \t\t\t\t<li class=\"epkb-article-level-1 epkb-hide-elem\" data-kb-article-id=\"5526\"\n\t\t\t\t        data-kb-type=\"article\"  style=\"padding-bottom: 4px; padding-top: 4px;\"  >   \n\t\t<a href=\"https:\/\/www.preguntasfrecuentes.una.ac.cr\/?epkb_post_type_1=si-hice-el-examen-de-admision-hace-un-ano-pero-no-entre-a-la-una-y-ahora-quiero-optar-por-una-carrera-cual-seria-el-tramite-ya-que-no-repeti-dicho-examen\"  class=\"epkb-mp-article \"\n\t\t            data-kb-article-id=\"5526\" >\n\t\t\t<span class=\"eckb-article-title\"  style=\"color: #000000;\"  >\n\t\t\t\t<span class=\"eckb-article-title__icon ep_font_icon_document\"  style=\"color: #dd3333;\"  aria-hidden=\"true\"><\/span>\n\t\t\t\t<span class=\"eckb-article-title__text\" >\u00bfSi hice el examen de admisi\u00f3n hace un a\u00f1o, pero no entr\u00e9 a la UNA y ahora quiero optar por una carrera, cu\u00e1l ser\u00eda el tr\u00e1mite ya que no repet\u00ed dicho examen?<\/span>\n\t\t\t<\/span> \t\t<\/a>    \t\t\t\t<\/li> \t\t\t\t<li class=\"epkb-article-level-1 epkb-hide-elem\" data-kb-article-id=\"5523\"\n\t\t\t\t        data-kb-type=\"article\"  style=\"padding-bottom: 4px; padding-top: 4px;\"  >   \n\t\t<a href=\"https:\/\/www.preguntasfrecuentes.una.ac.cr\/?epkb_post_type_1=como-se-calcula-la-nota-de-presentacion-para-poblacion-estudiantil-actual-o-egresada-de-instituciones-de-secundaria-del-exterior\"  class=\"epkb-mp-article \"\n\t\t            data-kb-article-id=\"5523\" >\n\t\t\t<span class=\"eckb-article-title\"  style=\"color: #000000;\"  >\n\t\t\t\t<span class=\"eckb-article-title__icon ep_font_icon_document\"  style=\"color: #dd3333;\"  aria-hidden=\"true\"><\/span>\n\t\t\t\t<span class=\"eckb-article-title__text\" >\u00bfC\u00f3mo se calcula la nota de presentaci\u00f3n para poblaci\u00f3n estudiantil actual o egresada de instituciones de secundaria del exterior?<\/span>\n\t\t\t<\/span> \t\t<\/a>    \t\t\t\t<\/li> \t\t\t\t<li class=\"epkb-article-level-1 epkb-hide-elem\" data-kb-article-id=\"5524\"\n\t\t\t\t        data-kb-type=\"article\"  style=\"padding-bottom: 4px; padding-top: 4px;\"  >   \n\t\t<a href=\"https:\/\/www.preguntasfrecuentes.una.ac.cr\/?epkb_post_type_1=donde-puedo-ver-si-ingrese-a-primera-opcion-de-carrera\"  class=\"epkb-mp-article \"\n\t\t            data-kb-article-id=\"5524\" >\n\t\t\t<span class=\"eckb-article-title\"  style=\"color: #000000;\"  >\n\t\t\t\t<span class=\"eckb-article-title__icon ep_font_icon_document\"  style=\"color: #dd3333;\"  aria-hidden=\"true\"><\/span>\n\t\t\t\t<span class=\"eckb-article-title__text\" >\u00bfD\u00f3nde puedo ver si ingres\u00e9 a primera opci\u00f3n de carrera?<\/span>\n\t\t\t<\/span> \t\t<\/a>    \t\t\t\t<\/li> \t\t\t\t<li class=\"epkb-article-level-1 epkb-hide-elem\" data-kb-article-id=\"5525\"\n\t\t\t\t        data-kb-type=\"article\"  style=\"padding-bottom: 4px; padding-top: 4px;\"  >   \n\t\t<a href=\"https:\/\/www.preguntasfrecuentes.una.ac.cr\/?epkb_post_type_1=cuando-informan-los-nombres-de-los-estudiantes-en-condicion-de-elegibles\"  class=\"epkb-mp-article \"\n\t\t            data-kb-article-id=\"5525\" >\n\t\t\t<span class=\"eckb-article-title\"  style=\"color: #000000;\"  >\n\t\t\t\t<span class=\"eckb-article-title__icon ep_font_icon_document\"  style=\"color: #dd3333;\"  aria-hidden=\"true\"><\/span>\n\t\t\t\t<span class=\"eckb-article-title__text\" >\u00bfCu\u00e1ndo informan los nombres de los estudiantes en condici\u00f3n de \u201celegibles\u201d?<\/span>\n\t\t\t<\/span> \t\t<\/a>    \t\t\t\t<\/li> \t\t\t\t<li class=\"epkb-article-level-1 epkb-hide-elem\" data-kb-article-id=\"5521\"\n\t\t\t\t        data-kb-type=\"article\"  style=\"padding-bottom: 4px; padding-top: 4px;\"  >   \n\t\t<a href=\"https:\/\/www.preguntasfrecuentes.una.ac.cr\/?epkb_post_type_1=como-se-calcula-el-promedio-de-presentacion-para-el-caso-de-la-poblacion-estudiantil-matriculada-en-el-ultimo-ano-o-egresada-de-la-educacion-diversificada\"  class=\"epkb-mp-article \"\n\t\t            data-kb-article-id=\"5521\" >\n\t\t\t<span class=\"eckb-article-title\"  style=\"color: #000000;\"  >\n\t\t\t\t<span class=\"eckb-article-title__icon ep_font_icon_document\"  style=\"color: #dd3333;\"  aria-hidden=\"true\"><\/span>\n\t\t\t\t<span class=\"eckb-article-title__text\" >\u00bfC\u00f3mo se calcula el promedio de presentaci\u00f3n para el caso de la poblaci\u00f3n estudiantil matriculada en el \u00faltimo a\u00f1o o egresada de la Educaci\u00f3n Diversificada?<\/span>\n\t\t\t<\/span> \t\t<\/a>    \t\t\t\t<\/li> \t\t\t\t<li class=\"epkb-article-level-1 epkb-hide-elem\" data-kb-article-id=\"5522\"\n\t\t\t\t        data-kb-type=\"article\"  style=\"padding-bottom: 4px; padding-top: 4px;\"  >   \n\t\t<a href=\"https:\/\/www.preguntasfrecuentes.una.ac.cr\/?epkb_post_type_1=como-se-calcula-la-nota-de-presentacion-para-poblacion-estudiantil-actual-o-egresada-en-las-modalidades-de-educacion-abierta\"  class=\"epkb-mp-article \"\n\t\t            data-kb-article-id=\"5522\" >\n\t\t\t<span class=\"eckb-article-title\"  style=\"color: #000000;\"  >\n\t\t\t\t<span class=\"eckb-article-title__icon ep_font_icon_document\"  style=\"color: #dd3333;\"  aria-hidden=\"true\"><\/span>\n\t\t\t\t<span class=\"eckb-article-title__text\" >\u00bfC\u00f3mo se calcula la nota de presentaci\u00f3n para poblaci\u00f3n estudiantil actual o egresada en las modalidades de Educaci\u00f3n Abierta?<\/span>\n\t\t\t<\/span> \t\t<\/a>    \t\t\t\t<\/li> \t\t\t\t<li class=\"epkb-article-level-1 epkb-hide-elem\" data-kb-article-id=\"5518\"\n\t\t\t\t        data-kb-type=\"article\"  style=\"padding-bottom: 4px; padding-top: 4px;\"  >   \n\t\t<a href=\"https:\/\/www.preguntasfrecuentes.una.ac.cr\/?epkb_post_type_1=que-es-el-promedio-de-admision\"  class=\"epkb-mp-article \"\n\t\t            data-kb-article-id=\"5518\" >\n\t\t\t<span class=\"eckb-article-title\"  style=\"color: #000000;\"  >\n\t\t\t\t<span class=\"eckb-article-title__icon ep_font_icon_document\"  style=\"color: #dd3333;\"  aria-hidden=\"true\"><\/span>\n\t\t\t\t<span class=\"eckb-article-title__text\" >\u00bfQu\u00e9 es el promedio de Admisi\u00f3n?<\/span>\n\t\t\t<\/span> \t\t<\/a>    \t\t\t\t<\/li> \t\t\t\t<li class=\"epkb-article-level-1 epkb-hide-elem\" data-kb-article-id=\"5519\"\n\t\t\t\t        data-kb-type=\"article\"  style=\"padding-bottom: 4px; padding-top: 4px;\"  >   \n\t\t<a href=\"https:\/\/www.preguntasfrecuentes.una.ac.cr\/?epkb_post_type_1=si-gane-el-examen-de-admision-de-la-ucr-me-sirve-para-entrar-a-la-una\"  class=\"epkb-mp-article \"\n\t\t            data-kb-article-id=\"5519\" >\n\t\t\t<span class=\"eckb-article-title\"  style=\"color: #000000;\"  >\n\t\t\t\t<span class=\"eckb-article-title__icon ep_font_icon_document\"  style=\"color: #dd3333;\"  aria-hidden=\"true\"><\/span>\n\t\t\t\t<span class=\"eckb-article-title__text\" >\u00bfSi gan\u00e9 el examen de admisi\u00f3n de la UCR, me sirve para entrar a la UNA?<\/span>\n\t\t\t<\/span> \t\t<\/a>    \t\t\t\t<\/li> \t\t\t\t<li class=\"epkb-article-level-1 epkb-hide-elem\" data-kb-article-id=\"5520\"\n\t\t\t\t        data-kb-type=\"article\"  style=\"padding-bottom: 4px; padding-top: 4px;\"  >   \n\t\t<a href=\"https:\/\/www.preguntasfrecuentes.una.ac.cr\/?epkb_post_type_1=en-que-consiste-el-promedio-de-presentacion-para-ser-admitido-en-la-una\"  class=\"epkb-mp-article \"\n\t\t            data-kb-article-id=\"5520\" >\n\t\t\t<span class=\"eckb-article-title\"  style=\"color: #000000;\"  >\n\t\t\t\t<span class=\"eckb-article-title__icon ep_font_icon_document\"  style=\"color: #dd3333;\"  aria-hidden=\"true\"><\/span>\n\t\t\t\t<span class=\"eckb-article-title__text\" >\u00bfEn qu\u00e9 consiste el promedio de presentaci\u00f3n para ser admitido en la UNA?<\/span>\n\t\t\t<\/span> \t\t<\/a>    \t\t\t\t<\/li> \t\t\t\t<li class=\"epkb-article-level-1 epkb-hide-elem\" data-kb-article-id=\"5515\"\n\t\t\t\t        data-kb-type=\"article\"  style=\"padding-bottom: 4px; padding-top: 4px;\"  >   \n\t\t<a href=\"https:\/\/www.preguntasfrecuentes.una.ac.cr\/?epkb_post_type_1=como-y-cuando-puedo-entregar-el-promedio-de-presentacion-para-ser-admitido-en-la-una\"  class=\"epkb-mp-article \"\n\t\t            data-kb-article-id=\"5515\" >\n\t\t\t<span class=\"eckb-article-title\"  style=\"color: #000000;\"  >\n\t\t\t\t<span class=\"eckb-article-title__icon ep_font_icon_document\"  style=\"color: #dd3333;\"  aria-hidden=\"true\"><\/span>\n\t\t\t\t<span class=\"eckb-article-title__text\" >\u00bfC\u00f3mo y cu\u00e1ndo puedo entregar el promedio de presentaci\u00f3n para ser admitido en la UNA?<\/span>\n\t\t\t<\/span> \t\t<\/a>    \t\t\t\t<\/li> \t\t\t\t<li class=\"epkb-article-level-1 epkb-hide-elem\" data-kb-article-id=\"5516\"\n\t\t\t\t        data-kb-type=\"article\"  style=\"padding-bottom: 4px; padding-top: 4px;\"  >   \n\t\t<a href=\"https:\/\/www.preguntasfrecuentes.una.ac.cr\/?epkb_post_type_1=existe-un-periodo-de-apelacion-del-promedio-de-admision\"  class=\"epkb-mp-article \"\n\t\t            data-kb-article-id=\"5516\" >\n\t\t\t<span class=\"eckb-article-title\"  style=\"color: #000000;\"  >\n\t\t\t\t<span class=\"eckb-article-title__icon ep_font_icon_document\"  style=\"color: #dd3333;\"  aria-hidden=\"true\"><\/span>\n\t\t\t\t<span class=\"eckb-article-title__text\" >\u00bfExiste un per\u00edodo de apelaci\u00f3n del promedio de admisi\u00f3n?<\/span>\n\t\t\t<\/span> \t\t<\/a>    \t\t\t\t<\/li> \t\t\t\t<li class=\"epkb-article-level-1 epkb-hide-elem\" data-kb-article-id=\"5517\"\n\t\t\t\t        data-kb-type=\"article\"  style=\"padding-bottom: 4px; padding-top: 4px;\"  >   \n\t\t<a href=\"https:\/\/www.preguntasfrecuentes.una.ac.cr\/?epkb_post_type_1=que-pasa-si-no-puedo-definitivamente-entregar-el-promedio-de-presentacion\"  class=\"epkb-mp-article \"\n\t\t            data-kb-article-id=\"5517\" >\n\t\t\t<span class=\"eckb-article-title\"  style=\"color: #000000;\"  >\n\t\t\t\t<span class=\"eckb-article-title__icon ep_font_icon_document\"  style=\"color: #dd3333;\"  aria-hidden=\"true\"><\/span>\n\t\t\t\t<span class=\"eckb-article-title__text\" >\u00bfQu\u00e9 pasa si no puedo, definitivamente, entregar el promedio de presentaci\u00f3n?<\/span>\n\t\t\t<\/span> \t\t<\/a>    \t\t\t\t<\/li> \t\t\t\t<li class=\"epkb-article-level-1 epkb-hide-elem\" data-kb-article-id=\"5512\"\n\t\t\t\t        data-kb-type=\"article\"  style=\"padding-bottom: 4px; padding-top: 4px;\"  >   \n\t\t<a href=\"https:\/\/www.preguntasfrecuentes.una.ac.cr\/?epkb_post_type_1=cuando-me-doy-cuenta-si-gane-el-examen-de-admision\"  class=\"epkb-mp-article \"\n\t\t            data-kb-article-id=\"5512\" >\n\t\t\t<span class=\"eckb-article-title\"  style=\"color: #000000;\"  >\n\t\t\t\t<span class=\"eckb-article-title__icon ep_font_icon_document\"  style=\"color: #dd3333;\"  aria-hidden=\"true\"><\/span>\n\t\t\t\t<span class=\"eckb-article-title__text\" >\u00bfCu\u00e1ndo me doy cuenta si gan\u00e9 el examen de admisi\u00f3n?<\/span>\n\t\t\t<\/span> \t\t<\/a>    \t\t\t\t<\/li> \t\t\t\t<li class=\"epkb-article-level-1 epkb-hide-elem\" data-kb-article-id=\"5513\"\n\t\t\t\t        data-kb-type=\"article\"  style=\"padding-bottom: 4px; padding-top: 4px;\"  >   \n\t\t<a href=\"https:\/\/www.preguntasfrecuentes.una.ac.cr\/?epkb_post_type_1=cuando-deben-presentar-documentacion-quienes-ganan-el-examen-de-admision\"  class=\"epkb-mp-article \"\n\t\t            data-kb-article-id=\"5513\" >\n\t\t\t<span class=\"eckb-article-title\"  style=\"color: #000000;\"  >\n\t\t\t\t<span class=\"eckb-article-title__icon ep_font_icon_document\"  style=\"color: #dd3333;\"  aria-hidden=\"true\"><\/span>\n\t\t\t\t<span class=\"eckb-article-title__text\" >\u00bfCu\u00e1ndo deben presentar documentaci\u00f3n, quienes ganan el examen de admisi\u00f3n?<\/span>\n\t\t\t<\/span> \t\t<\/a>    \t\t\t\t<\/li> \t\t\t\t<li class=\"epkb-article-level-1 epkb-hide-elem\" data-kb-article-id=\"5514\"\n\t\t\t\t        data-kb-type=\"article\"  style=\"padding-bottom: 4px; padding-top: 4px;\"  >   \n\t\t<a href=\"https:\/\/www.preguntasfrecuentes.una.ac.cr\/?epkb_post_type_1=cual-es-el-promedio-minimo-de-admision-para-ser-elegible\"  class=\"epkb-mp-article \"\n\t\t            data-kb-article-id=\"5514\" >\n\t\t\t<span class=\"eckb-article-title\"  style=\"color: #000000;\"  >\n\t\t\t\t<span class=\"eckb-article-title__icon ep_font_icon_document\"  style=\"color: #dd3333;\"  aria-hidden=\"true\"><\/span>\n\t\t\t\t<span class=\"eckb-article-title__text\" >\u00bfCu\u00e1l es el promedio m\u00ednimo de admisi\u00f3n para ser elegible?<\/span>\n\t\t\t<\/span> \t\t<\/a>    \t\t\t\t<\/li> \t\t\t\t<li class=\"epkb-article-level-1 epkb-hide-elem\" data-kb-article-id=\"5511\"\n\t\t\t\t        data-kb-type=\"article\"  style=\"padding-bottom: 4px; padding-top: 4px;\"  >   \n\t\t<a href=\"https:\/\/www.preguntasfrecuentes.una.ac.cr\/?epkb_post_type_1=que-tramites-debo-hacer-si-congele-hace-anos-el-resultado-de-la-prueba-de-admision-y-ahora-deseo-ingresar-a-la-una\"  class=\"epkb-mp-article \"\n\t\t            data-kb-article-id=\"5511\" >\n\t\t\t<span class=\"eckb-article-title\"  style=\"color: #000000;\"  >\n\t\t\t\t<span class=\"eckb-article-title__icon ep_font_icon_document\"  style=\"color: #dd3333;\"  aria-hidden=\"true\"><\/span>\n\t\t\t\t<span class=\"eckb-article-title__text\" >\u00bfQu\u00e9 tr\u00e1mites debo hacer si congel\u00e9 hace a\u00f1os el resultado de la prueba de admisi\u00f3n y ahora deseo ingresar a la UNA?<\/span>\n\t\t\t<\/span> \t\t<\/a>    \t\t\t\t<\/li> \t\t\t\t<li class=\"epkb-article-level-1 epkb-hide-elem\" data-kb-article-id=\"5509\"\n\t\t\t\t        data-kb-type=\"article\"  style=\"padding-bottom: 4px; padding-top: 4px;\"  >   \n\t\t<a href=\"https:\/\/www.preguntasfrecuentes.una.ac.cr\/?epkb_post_type_1=como-cambio-la-solicitud-de-carrera-que-elegi-durante-el-proceso-de-admision\"  class=\"epkb-mp-article \"\n\t\t            data-kb-article-id=\"5509\" >\n\t\t\t<span class=\"eckb-article-title\"  style=\"color: #000000;\"  >\n\t\t\t\t<span class=\"eckb-article-title__icon ep_font_icon_document\"  style=\"color: #dd3333;\"  aria-hidden=\"true\"><\/span>\n\t\t\t\t<span class=\"eckb-article-title__text\" >\u00bfC\u00f3mo cambio la solicitud de carrera que eleg\u00ed durante el proceso de admisi\u00f3n?<\/span>\n\t\t\t<\/span> \t\t<\/a>    \t\t\t\t<\/li> \t\t\t\t<li class=\"epkb-article-level-1 epkb-hide-elem\" data-kb-article-id=\"5507\"\n\t\t\t\t        data-kb-type=\"article\"  style=\"padding-bottom: 4px; padding-top: 4px;\"  >   \n\t\t<a href=\"https:\/\/www.preguntasfrecuentes.una.ac.cr\/?epkb_post_type_1=que-hago-si-aunque-gane-el-examen-de-admision-de-la-una-perdi-uno-de-los-examenes-de-bachillerato\"  class=\"epkb-mp-article \"\n\t\t            data-kb-article-id=\"5507\" >\n\t\t\t<span class=\"eckb-article-title\"  style=\"color: #000000;\"  >\n\t\t\t\t<span class=\"eckb-article-title__icon ep_font_icon_document\"  style=\"color: #dd3333;\"  aria-hidden=\"true\"><\/span>\n\t\t\t\t<span class=\"eckb-article-title__text\" >\u00bfQu\u00e9 hago si aunque gan\u00e9 el examen de admisi\u00f3n de la UNA, perd\u00ed uno de los ex\u00e1menes de bachillerato?<\/span>\n\t\t\t<\/span> \t\t<\/a>    \t\t\t\t<\/li> \t\t\t\t<li class=\"epkb-article-level-1 epkb-hide-elem\" data-kb-article-id=\"5508\"\n\t\t\t\t        data-kb-type=\"article\"  style=\"padding-bottom: 4px; padding-top: 4px;\"  >   \n\t\t<a href=\"https:\/\/www.preguntasfrecuentes.una.ac.cr\/?epkb_post_type_1=como-conozco-el-resultado-de-mi-examen-de-admision\"  class=\"epkb-mp-article \"\n\t\t            data-kb-article-id=\"5508\" >\n\t\t\t<span class=\"eckb-article-title\"  style=\"color: #000000;\"  >\n\t\t\t\t<span class=\"eckb-article-title__icon ep_font_icon_document\"  style=\"color: #dd3333;\"  aria-hidden=\"true\"><\/span>\n\t\t\t\t<span class=\"eckb-article-title__text\" >\u00bfC\u00f3mo consultar el resultado de tu examen de admisi\u00f3n?<\/span>\n\t\t\t<\/span> \t\t<\/a>    \t\t\t\t<\/li> \t\t\t\t<li class=\"epkb-article-level-1 epkb-hide-elem\" data-kb-article-id=\"5505\"\n\t\t\t\t        data-kb-type=\"article\"  style=\"padding-bottom: 4px; padding-top: 4px;\"  >   \n\t\t<a href=\"https:\/\/www.preguntasfrecuentes.una.ac.cr\/?epkb_post_type_1=que-sucede-si-un-estudiante-que-esta-apelando-una-materia-en-bachillerato-gana-el-recurso-de-apelacion-pero-le-dan-el-titulo-hasta-febrero-y-debe-iniciar-los-tramites-de-admision-para-entrar\"  class=\"epkb-mp-article \"\n\t\t            data-kb-article-id=\"5505\" >\n\t\t\t<span class=\"eckb-article-title\"  style=\"color: #000000;\"  >\n\t\t\t\t<span class=\"eckb-article-title__icon ep_font_icon_document\"  style=\"color: #dd3333;\"  aria-hidden=\"true\"><\/span>\n\t\t\t\t<span class=\"eckb-article-title__text\" >\u00bfQu\u00e9 sucede si un estudiante que est\u00e1 apelando una materia en bachillerato, gana el recurso de apelaci\u00f3n, pero le dan el t\u00edtulo hasta febrero, y debe iniciar los tr\u00e1mites de admisi\u00f3n para entrar a la UNA?<\/span>\n\t\t\t<\/span> \t\t<\/a>    \t\t\t\t<\/li> \t\t\t\t<li class=\"epkb-article-level-1 epkb-hide-elem\" data-kb-article-id=\"5506\"\n\t\t\t\t        data-kb-type=\"article\"  style=\"padding-bottom: 4px; padding-top: 4px;\"  >   \n\t\t<a href=\"https:\/\/www.preguntasfrecuentes.una.ac.cr\/?epkb_post_type_1=como-hace-un-extranjero-para-ser-admitido-en-la-una\"  class=\"epkb-mp-article \"\n\t\t            data-kb-article-id=\"5506\" >\n\t\t\t<span class=\"eckb-article-title\"  style=\"color: #000000;\"  >\n\t\t\t\t<span class=\"eckb-article-title__icon ep_font_icon_document\"  style=\"color: #dd3333;\"  aria-hidden=\"true\"><\/span>\n\t\t\t\t<span class=\"eckb-article-title__text\" >\u00bfC\u00f3mo hace un extranjero para ser admitido en la UNA?<\/span>\n\t\t\t<\/span> \t\t<\/a>    \t\t\t\t<\/li> \t\t\t\t<li class=\"epkb-article-level-1 epkb-hide-elem\" data-kb-article-id=\"5503\"\n\t\t\t\t        data-kb-type=\"article\"  style=\"padding-bottom: 4px; padding-top: 4px;\"  >   \n\t\t<a href=\"https:\/\/www.preguntasfrecuentes.una.ac.cr\/?epkb_post_type_1=que-hago-si-no-soy-admitido-en-las-dos-opciones-de-carrera-que-solicite\"  class=\"epkb-mp-article \"\n\t\t            data-kb-article-id=\"5503\" >\n\t\t\t<span class=\"eckb-article-title\"  style=\"color: #000000;\"  >\n\t\t\t\t<span class=\"eckb-article-title__icon ep_font_icon_document\"  style=\"color: #dd3333;\"  aria-hidden=\"true\"><\/span>\n\t\t\t\t<span class=\"eckb-article-title__text\" >\u00bfQu\u00e9 hago si no soy admitido en las dos opciones de carrera que solicit\u00e9?<\/span>\n\t\t\t<\/span> \t\t<\/a>    \t\t\t\t<\/li> \t\t\t\t<li class=\"epkb-article-level-1 epkb-hide-elem\" data-kb-article-id=\"5504\"\n\t\t\t\t        data-kb-type=\"article\"  style=\"padding-bottom: 4px; padding-top: 4px;\"  >   \n\t\t<a href=\"https:\/\/www.preguntasfrecuentes.una.ac.cr\/?epkb_post_type_1=cuales-son-los-requisitos-para-entrar-a-la-una-por-primera-vez\"  class=\"epkb-mp-article \"\n\t\t            data-kb-article-id=\"5504\" >\n\t\t\t<span class=\"eckb-article-title\"  style=\"color: #000000;\"  >\n\t\t\t\t<span class=\"eckb-article-title__icon ep_font_icon_document\"  style=\"color: #dd3333;\"  aria-hidden=\"true\"><\/span>\n\t\t\t\t<span class=\"eckb-article-title__text\" >\u00bfCu\u00e1les son los requisitos para entrar a la UNA por primera vez?<\/span>\n\t\t\t<\/span> \t\t<\/a>    \t\t\t\t<\/li> \t\t\t\t<li class=\"epkb-article-level-1 epkb-hide-elem\" data-kb-article-id=\"5501\"\n\t\t\t\t        data-kb-type=\"article\"  style=\"padding-bottom: 4px; padding-top: 4px;\"  >   \n\t\t<a href=\"https:\/\/www.preguntasfrecuentes.una.ac.cr\/?epkb_post_type_1=si-realizo-dos-anos-seguidos-el-examen-de-admision-esos-promedios-se-calculan-para-darme-un-promedio-final-o-son-independientes-uno-del-otro\"  class=\"epkb-mp-article \"\n\t\t            data-kb-article-id=\"5501\" >\n\t\t\t<span class=\"eckb-article-title\"  style=\"color: #000000;\"  >\n\t\t\t\t<span class=\"eckb-article-title__icon ep_font_icon_document\"  style=\"color: #dd3333;\"  aria-hidden=\"true\"><\/span>\n\t\t\t\t<span class=\"eckb-article-title__text\" >\u00bfSi realizo dos a\u00f1os seguidos el examen de admisi\u00f3n, esos promedios se calculan para darme un promedio final o son independientes uno del otro?<\/span>\n\t\t\t<\/span> \t\t<\/a>    \t\t\t\t<\/li> \t\t\t\t<li class=\"epkb-article-level-1 epkb-hide-elem\" data-kb-article-id=\"5502\"\n\t\t\t\t        data-kb-type=\"article\"  style=\"padding-bottom: 4px; padding-top: 4px;\"  >   \n\t\t<a href=\"https:\/\/www.preguntasfrecuentes.una.ac.cr\/?epkb_post_type_1=en-que-fecha-y-donde-puedo-revisar-la-nota-de-admision-para-ver-si-me-admitieron-en-la-una\"  class=\"epkb-mp-article \"\n\t\t            data-kb-article-id=\"5502\" >\n\t\t\t<span class=\"eckb-article-title\"  style=\"color: #000000;\"  >\n\t\t\t\t<span class=\"eckb-article-title__icon ep_font_icon_document\"  style=\"color: #dd3333;\"  aria-hidden=\"true\"><\/span>\n\t\t\t\t<span class=\"eckb-article-title__text\" >\u00bfEn qu\u00e9 fecha y d\u00f3nde puedo revisar la nota de admisi\u00f3n para ver si me admitieron en la UNA?<\/span>\n\t\t\t<\/span> \t\t<\/a>    \t\t\t\t<\/li> \t\t\t\t<li class=\"epkb-article-level-1 epkb-hide-elem\" data-kb-article-id=\"5500\"\n\t\t\t\t        data-kb-type=\"article\"  style=\"padding-bottom: 4px; padding-top: 4px;\"  >   \n\t\t<a href=\"https:\/\/www.preguntasfrecuentes.una.ac.cr\/?epkb_post_type_1=cuales-son-las-fechas-para-la-realizacion-de-las-pruebas-de-aptitud-especifica-para-ingreso-a-ciertas-carreras\"  class=\"epkb-mp-article \"\n\t\t            data-kb-article-id=\"5500\" >\n\t\t\t<span class=\"eckb-article-title\"  style=\"color: #000000;\"  >\n\t\t\t\t<span class=\"eckb-article-title__icon ep_font_icon_document\"  style=\"color: #dd3333;\"  aria-hidden=\"true\"><\/span>\n\t\t\t\t<span class=\"eckb-article-title__text\" >\u00bfCu\u00e1les son las fechas para la realizaci\u00f3n de las Pruebas de Aptitud Espec\u00edfica para ingreso a ciertas carreras?<\/span>\n\t\t\t<\/span> \t\t<\/a>    \t\t\t\t<\/li> \t\t\t\t<li class=\"epkb-article-level-1 epkb-hide-elem\" data-kb-article-id=\"5498\"\n\t\t\t\t        data-kb-type=\"article\"  style=\"padding-bottom: 4px; padding-top: 4px;\"  >   \n\t\t<a href=\"https:\/\/www.preguntasfrecuentes.una.ac.cr\/?epkb_post_type_1=cuales-carreras-exigen-otras-pruebas-de-aptitud\"  class=\"epkb-mp-article \"\n\t\t            data-kb-article-id=\"5498\" >\n\t\t\t<span class=\"eckb-article-title\"  style=\"color: #000000;\"  >\n\t\t\t\t<span class=\"eckb-article-title__icon ep_font_icon_document\"  style=\"color: #dd3333;\"  aria-hidden=\"true\"><\/span>\n\t\t\t\t<span class=\"eckb-article-title__text\" >\u00bfCu\u00e1les carreras exigen otras pruebas de aptitud?<\/span>\n\t\t\t<\/span> \t\t<\/a>    \t\t\t\t<\/li> \t\t\t\t<li class=\"epkb-article-level-1 epkb-hide-elem\" data-kb-article-id=\"5499\"\n\t\t\t\t        data-kb-type=\"article\"  style=\"padding-bottom: 4px; padding-top: 4px;\"  >   \n\t\t<a href=\"https:\/\/www.preguntasfrecuentes.una.ac.cr\/?epkb_post_type_1=cuales-son-los-requisitos-para-la-realizacion-de-las-pruebas-de-aptitud-especifica-para-ingresar-a-ciertas-carreras\"  class=\"epkb-mp-article \"\n\t\t            data-kb-article-id=\"5499\" >\n\t\t\t<span class=\"eckb-article-title\"  style=\"color: #000000;\"  >\n\t\t\t\t<span class=\"eckb-article-title__icon ep_font_icon_document\"  style=\"color: #dd3333;\"  aria-hidden=\"true\"><\/span>\n\t\t\t\t<span class=\"eckb-article-title__text\" >\u00bfCu\u00e1les son los requisitos para la realizaci\u00f3n de las Pruebas de Aptitud Espec\u00edfica para ingresar a ciertas carreras?<\/span>\n\t\t\t<\/span> \t\t<\/a>    \t\t\t\t<\/li> \t\t\t\t<li class=\"epkb-article-level-1 epkb-hide-elem\" data-kb-article-id=\"5494\"\n\t\t\t\t        data-kb-type=\"article\"  style=\"padding-bottom: 4px; padding-top: 4px;\"  >   \n\t\t<a href=\"https:\/\/www.preguntasfrecuentes.una.ac.cr\/?epkb_post_type_1=que-es-el-sistema-sau-sistema-de-admision-universitaria\"  class=\"epkb-mp-article \"\n\t\t            data-kb-article-id=\"5494\" >\n\t\t\t<span class=\"eckb-article-title\"  style=\"color: #000000;\"  >\n\t\t\t\t<span class=\"eckb-article-title__icon ep_font_icon_document\"  style=\"color: #dd3333;\"  aria-hidden=\"true\"><\/span>\n\t\t\t\t<span class=\"eckb-article-title__text\" >\u00bfQu\u00e9 es el sistema SAU (Sistema de Admisi\u00f3n Universitaria)?<\/span>\n\t\t\t<\/span> \t\t<\/a>    \t\t\t\t<\/li> \t\t\t\t<li class=\"epkb-article-level-1 epkb-hide-elem\" data-kb-article-id=\"5495\"\n\t\t\t\t        data-kb-type=\"article\"  style=\"padding-bottom: 4px; padding-top: 4px;\"  >   \n\t\t<a href=\"https:\/\/www.preguntasfrecuentes.una.ac.cr\/?epkb_post_type_1=que-significa-que-la-carrera-de-mi-eleccion-esta-en-lista-de-espera\"  class=\"epkb-mp-article \"\n\t\t            data-kb-article-id=\"5495\" >\n\t\t\t<span class=\"eckb-article-title\"  style=\"color: #000000;\"  >\n\t\t\t\t<span class=\"eckb-article-title__icon ep_font_icon_document\"  style=\"color: #dd3333;\"  aria-hidden=\"true\"><\/span>\n\t\t\t\t<span class=\"eckb-article-title__text\" >\u00bfQu\u00e9 significa que la carrera de mi elecci\u00f3n \u201cest\u00e1 en lista de espera\u201d?<\/span>\n\t\t\t<\/span> \t\t<\/a>    \t\t\t\t<\/li> \t\t\t\t<li class=\"epkb-article-level-1 epkb-hide-elem\" data-kb-article-id=\"5496\"\n\t\t\t\t        data-kb-type=\"article\"  style=\"padding-bottom: 4px; padding-top: 4px;\"  >   \n\t\t<a href=\"https:\/\/www.preguntasfrecuentes.una.ac.cr\/?epkb_post_type_1=que-aconsejan-ustedes-a-los-estudiantes-que-ganan-el-examen-de-admision-pero-no-pueden-ingresar-a-la-carrera-deseada\"  class=\"epkb-mp-article \"\n\t\t            data-kb-article-id=\"5496\" >\n\t\t\t<span class=\"eckb-article-title\"  style=\"color: #000000;\"  >\n\t\t\t\t<span class=\"eckb-article-title__icon ep_font_icon_document\"  style=\"color: #dd3333;\"  aria-hidden=\"true\"><\/span>\n\t\t\t\t<span class=\"eckb-article-title__text\" >\u00bfQu\u00e9 aconsejan ustedes a los estudiantes que ganan el examen de admisi\u00f3n, pero no pueden ingresar a la carrera deseada?<\/span>\n\t\t\t<\/span> \t\t<\/a>    \t\t\t\t<\/li> \t\t\t\t<li class=\"epkb-article-level-1 epkb-hide-elem\" data-kb-article-id=\"5497\"\n\t\t\t\t        data-kb-type=\"article\"  style=\"padding-bottom: 4px; padding-top: 4px;\"  >   \n\t\t<a href=\"https:\/\/www.preguntasfrecuentes.una.ac.cr\/?epkb_post_type_1=que-debo-hacer-si-gane-y-pague-el-examen-de-admision-pero-al-ingresar-mis-datos-no-aparezco\"  class=\"epkb-mp-article \"\n\t\t            data-kb-article-id=\"5497\" >\n\t\t\t<span class=\"eckb-article-title\"  style=\"color: #000000;\"  >\n\t\t\t\t<span class=\"eckb-article-title__icon ep_font_icon_document\"  style=\"color: #dd3333;\"  aria-hidden=\"true\"><\/span>\n\t\t\t\t<span class=\"eckb-article-title__text\" >\u00bfQu\u00e9 debo hacer si gan\u00e9 y pagu\u00e9 el examen de admisi\u00f3n, pero al ingresar mis datos no aparezco?<\/span>\n\t\t\t<\/span> \t\t<\/a>    \t\t\t\t<\/li> \t\t\t\t<li class=\"epkb-article-level-1 epkb-hide-elem\" data-kb-article-id=\"5493\"\n\t\t\t\t        data-kb-type=\"article\"  style=\"padding-bottom: 4px; padding-top: 4px;\"  >   \n\t\t<a href=\"https:\/\/www.preguntasfrecuentes.una.ac.cr\/?epkb_post_type_1=como-hago-para-cambiar-de-carrera-en-caso-de-estudiantes-de-primer-ingreso\"  class=\"epkb-mp-article \"\n\t\t            data-kb-article-id=\"5493\" >\n\t\t\t<span class=\"eckb-article-title\"  style=\"color: #000000;\"  >\n\t\t\t\t<span class=\"eckb-article-title__icon ep_font_icon_document\"  style=\"color: #dd3333;\"  aria-hidden=\"true\"><\/span>\n\t\t\t\t<span class=\"eckb-article-title__text\" >\u00bfC\u00f3mo hago para cambiar de carrera, en caso de estudiantes de primer ingreso?<\/span>\n\t\t\t<\/span> \t\t<\/a>    \t\t\t\t<\/li> \t\t\t\t<li class=\"epkb-article-level-1 epkb-hide-elem\" data-kb-article-id=\"5490\"\n\t\t\t\t        data-kb-type=\"article\"  style=\"padding-bottom: 4px; padding-top: 4px;\"  >   \n\t\t<a href=\"https:\/\/www.preguntasfrecuentes.una.ac.cr\/?epkb_post_type_1=como-se-cuales-carreras-se-me-permite-estudiar-en-la-una-a-partir-de-la-nota-de-admision-que-obtuve\"  class=\"epkb-mp-article \"\n\t\t            data-kb-article-id=\"5490\" >\n\t\t\t<span class=\"eckb-article-title\"  style=\"color: #000000;\"  >\n\t\t\t\t<span class=\"eckb-article-title__icon ep_font_icon_document\"  style=\"color: #dd3333;\"  aria-hidden=\"true\"><\/span>\n\t\t\t\t<span class=\"eckb-article-title__text\" >\u00bfC\u00f3mo s\u00e9 cu\u00e1les carreras se me permite estudiar en la UNA, a partir de la nota de admisi\u00f3n que obtuve?<\/span>\n\t\t\t<\/span> \t\t<\/a>    \t\t\t\t<\/li> \t\t\t\t<li class=\"epkb-article-level-1 epkb-hide-elem\" data-kb-article-id=\"5492\"\n\t\t\t\t        data-kb-type=\"article\"  style=\"padding-bottom: 4px; padding-top: 4px;\"  >   \n\t\t<a href=\"https:\/\/www.preguntasfrecuentes.una.ac.cr\/?epkb_post_type_1=pueden-mis-padres-hacer-los-tramites-de-admision-en-mi-lugar\"  class=\"epkb-mp-article \"\n\t\t            data-kb-article-id=\"5492\" >\n\t\t\t<span class=\"eckb-article-title\"  style=\"color: #000000;\"  >\n\t\t\t\t<span class=\"eckb-article-title__icon ep_font_icon_document\"  style=\"color: #dd3333;\"  aria-hidden=\"true\"><\/span>\n\t\t\t\t<span class=\"eckb-article-title__text\" >\u00bfPueden mis padres hacer los tr\u00e1mites de admisi\u00f3n en mi lugar?<\/span>\n\t\t\t<\/span> \t\t<\/a>    \t\t\t\t<\/li> \t\t\t\t<li class=\"epkb-article-level-1 epkb-hide-elem\" data-kb-article-id=\"5651\"\n\t\t\t\t        data-kb-type=\"article\"  style=\"padding-bottom: 4px; padding-top: 4px;\"  >   \n\t\t<a href=\"https:\/\/www.preguntasfrecuentes.una.ac.cr\/?epkb_post_type_1=puedo-ganar-el-examen-de-admision-pero-aun-asi-no-entrar-a-la-carrera-de-mi-eleccion\"  class=\"epkb-mp-article \"\n\t\t            data-kb-article-id=\"5651\" >\n\t\t\t<span class=\"eckb-article-title\"  style=\"color: #000000;\"  >\n\t\t\t\t<span class=\"eckb-article-title__icon ep_font_icon_document\"  style=\"color: #dd3333;\"  aria-hidden=\"true\"><\/span>\n\t\t\t\t<span class=\"eckb-article-title__text\" >\u00bfPuedo ganar el examen de admisi\u00f3n pero aun as\u00ed, no entrar a la carrera de mi elecci\u00f3n?<\/span>\n\t\t\t<\/span> \t\t<\/a>    \t\t\t\t<\/li> \t\t\t\t<li class=\"epkb-article-level-1 epkb-hide-elem\" data-kb-article-id=\"5652\"\n\t\t\t\t        data-kb-type=\"article\"  style=\"padding-bottom: 4px; padding-top: 4px;\"  >   \n\t\t<a href=\"https:\/\/www.preguntasfrecuentes.una.ac.cr\/?epkb_post_type_1=que-hacer-si-al-ingresar-al-sistema-aparecen-mensajes-como-no-se-encuentra-el-postulante-o-frases-que-uno-no-entiende\"  class=\"epkb-mp-article \"\n\t\t            data-kb-article-id=\"5652\" >\n\t\t\t<span class=\"eckb-article-title\"  style=\"color: #000000;\"  >\n\t\t\t\t<span class=\"eckb-article-title__icon ep_font_icon_document\"  style=\"color: #dd3333;\"  aria-hidden=\"true\"><\/span>\n\t\t\t\t<span class=\"eckb-article-title__text\" >\u00bfQu\u00e9 hacer si al ingresar al sistema aparecen mensajes como \u201cno se encuentra el postulante\u201d, o frases que uno no entiende?<\/span>\n\t\t\t<\/span> \t\t<\/a>    \t\t\t\t<\/li> \t\t\t\t<li class=\"epkb-article-level-1 epkb-hide-elem\" data-kb-article-id=\"5484\"\n\t\t\t\t        data-kb-type=\"article\"  style=\"padding-bottom: 4px; padding-top: 4px;\"  >   \n\t\t<a href=\"https:\/\/www.preguntasfrecuentes.una.ac.cr\/?epkb_post_type_1=si-no-logre-la-nota-minima-publicada-del-examen-de-admision-no-entro-a-la-una\"  class=\"epkb-mp-article \"\n\t\t            data-kb-article-id=\"5484\" >\n\t\t\t<span class=\"eckb-article-title\"  style=\"color: #000000;\"  >\n\t\t\t\t<span class=\"eckb-article-title__icon ep_font_icon_document\"  style=\"color: #dd3333;\"  aria-hidden=\"true\"><\/span>\n\t\t\t\t<span class=\"eckb-article-title__text\" >\u00bfSi no logr\u00e9 la nota m\u00ednima publicada del examen de admisi\u00f3n, no entro a la UNA?<\/span>\n\t\t\t<\/span> \t\t<\/a>    \t\t\t\t<\/li> \t\t\t\t<li class=\"epkb-article-level-1 epkb-hide-elem\" data-kb-article-id=\"5485\"\n\t\t\t\t        data-kb-type=\"article\"  style=\"padding-bottom: 4px; padding-top: 4px;\"  >   \n\t\t<a href=\"https:\/\/www.preguntasfrecuentes.una.ac.cr\/?epkb_post_type_1=donde-puedo-revisar-en-cuales-carreras-hay-espacios-disponibles-y-cuales-son-sus-cortes-de-admision\"  class=\"epkb-mp-article \"\n\t\t            data-kb-article-id=\"5485\" >\n\t\t\t<span class=\"eckb-article-title\"  style=\"color: #000000;\"  >\n\t\t\t\t<span class=\"eckb-article-title__icon ep_font_icon_document\"  style=\"color: #dd3333;\"  aria-hidden=\"true\"><\/span>\n\t\t\t\t<span class=\"eckb-article-title__text\" >\u00bfD\u00f3nde puedo revisar en cu\u00e1les carreras hay espacios disponibles y cu\u00e1les son sus cortes de admisi\u00f3n?<\/span>\n\t\t\t<\/span> \t\t<\/a>    \t\t\t\t<\/li> \t\t\t\t<li class=\"epkb-article-level-1 epkb-hide-elem\" data-kb-article-id=\"5486\"\n\t\t\t\t        data-kb-type=\"article\"  style=\"padding-bottom: 4px; padding-top: 4px;\"  >   \n\t\t<a href=\"https:\/\/www.preguntasfrecuentes.una.ac.cr\/?epkb_post_type_1=donde-y-cuando-se-realiza-el-examen-de-admision\"  class=\"epkb-mp-article \"\n\t\t            data-kb-article-id=\"5486\" >\n\t\t\t<span class=\"eckb-article-title\"  style=\"color: #000000;\"  >\n\t\t\t\t<span class=\"eckb-article-title__icon ep_font_icon_document\"  style=\"color: #dd3333;\"  aria-hidden=\"true\"><\/span>\n\t\t\t\t<span class=\"eckb-article-title__text\" >\u00bfD\u00f3nde y cu\u00e1ndo se realiza el examen de admisi\u00f3n?<\/span>\n\t\t\t<\/span> \t\t<\/a>    \t\t\t\t<\/li> \t\t\t\t<li class=\"epkb-article-level-1 epkb-hide-elem\" data-kb-article-id=\"5487\"\n\t\t\t\t        data-kb-type=\"article\"  style=\"padding-bottom: 4px; padding-top: 4px;\"  >   \n\t\t<a href=\"https:\/\/www.preguntasfrecuentes.una.ac.cr\/?epkb_post_type_1=como-selecciona-la-una-a-los-estudiantes-de-nuevo-ingreso\"  class=\"epkb-mp-article \"\n\t\t            data-kb-article-id=\"5487\" >\n\t\t\t<span class=\"eckb-article-title\"  style=\"color: #000000;\"  >\n\t\t\t\t<span class=\"eckb-article-title__icon ep_font_icon_document\"  style=\"color: #dd3333;\"  aria-hidden=\"true\"><\/span>\n\t\t\t\t<span class=\"eckb-article-title__text\" >\u00bfC\u00f3mo selecciona la UNA a los estudiantes de nuevo ingreso?<\/span>\n\t\t\t<\/span> \t\t<\/a>    \t\t\t\t<\/li> \t\t\t\t<li class=\"epkb-article-level-1 epkb-hide-elem\" data-kb-article-id=\"5488\"\n\t\t\t\t        data-kb-type=\"article\"  style=\"padding-bottom: 4px; padding-top: 4px;\"  >   \n\t\t<a href=\"https:\/\/www.preguntasfrecuentes.una.ac.cr\/?epkb_post_type_1=el-numero-promedio-que-me-aparece-a-la-par-de-la-carrera-es-mi-promedio-de-admision\"  class=\"epkb-mp-article \"\n\t\t            data-kb-article-id=\"5488\" >\n\t\t\t<span class=\"eckb-article-title\"  style=\"color: #000000;\"  >\n\t\t\t\t<span class=\"eckb-article-title__icon ep_font_icon_document\"  style=\"color: #dd3333;\"  aria-hidden=\"true\"><\/span>\n\t\t\t\t<span class=\"eckb-article-title__text\" >\u00bfEl n\u00famero (promedio) que me aparece a la par de la carrera, es mi promedio de admisi\u00f3n?<\/span>\n\t\t\t<\/span> \t\t<\/a>    \t\t\t\t<\/li> \t\t\t\t<li class=\"epkb-article-level-1 epkb-hide-elem\" data-kb-article-id=\"5489\"\n\t\t\t\t        data-kb-type=\"article\"  style=\"padding-bottom: 4px; padding-top: 4px;\"  >   \n\t\t<a href=\"https:\/\/www.preguntasfrecuentes.una.ac.cr\/?epkb_post_type_1=la-universidad-me-avisa-a-que-carrera-entre\"  class=\"epkb-mp-article \"\n\t\t            data-kb-article-id=\"5489\" >\n\t\t\t<span class=\"eckb-article-title\"  style=\"color: #000000;\"  >\n\t\t\t\t<span class=\"eckb-article-title__icon ep_font_icon_document\"  style=\"color: #dd3333;\"  aria-hidden=\"true\"><\/span>\n\t\t\t\t<span class=\"eckb-article-title__text\" >\u00bfLa universidad me avisa a qu\u00e9 carrera entr\u00e9?<\/span>\n\t\t\t<\/span> \t\t<\/a>    \t\t\t\t<\/li> \t\t\t\t<li class=\"epkb-article-level-1 epkb-hide-elem\" data-kb-article-id=\"5479\"\n\t\t\t\t        data-kb-type=\"article\"  style=\"padding-bottom: 4px; padding-top: 4px;\"  >   \n\t\t<a href=\"https:\/\/www.preguntasfrecuentes.una.ac.cr\/?epkb_post_type_1=cual-es-el-numero-de-identificacion-que-se-debe-escribir-en-los-promedios-de-admision\"  class=\"epkb-mp-article \"\n\t\t            data-kb-article-id=\"5479\" >\n\t\t\t<span class=\"eckb-article-title\"  style=\"color: #000000;\"  >\n\t\t\t\t<span class=\"eckb-article-title__icon ep_font_icon_document\"  style=\"color: #dd3333;\"  aria-hidden=\"true\"><\/span>\n\t\t\t\t<span class=\"eckb-article-title__text\" >\u00bfCu\u00e1l es el n\u00famero de identificaci\u00f3n que se debe escribir en los promedios de admisi\u00f3n?<\/span>\n\t\t\t<\/span> \t\t<\/a>    \t\t\t\t<\/li> \t\t\t\t<li class=\"epkb-article-level-1 epkb-hide-elem\" data-kb-article-id=\"5480\"\n\t\t\t\t        data-kb-type=\"article\"  style=\"padding-bottom: 4px; padding-top: 4px;\"  >   \n\t\t<a href=\"https:\/\/www.preguntasfrecuentes.una.ac.cr\/?epkb_post_type_1=como-saber-el-promedio-de-ingreso-a-determinada-carrera-universitaria\"  class=\"epkb-mp-article \"\n\t\t            data-kb-article-id=\"5480\" >\n\t\t\t<span class=\"eckb-article-title\"  style=\"color: #000000;\"  >\n\t\t\t\t<span class=\"eckb-article-title__icon ep_font_icon_document\"  style=\"color: #dd3333;\"  aria-hidden=\"true\"><\/span>\n\t\t\t\t<span class=\"eckb-article-title__text\" >\u00bfC\u00f3mo saber el promedio de ingreso a determinada carrera universitaria?<\/span>\n\t\t\t<\/span> \t\t<\/a>    \t\t\t\t<\/li> \t\t\t\t<li class=\"epkb-article-level-1 epkb-hide-elem\" data-kb-article-id=\"5481\"\n\t\t\t\t        data-kb-type=\"article\"  style=\"padding-bottom: 4px; padding-top: 4px;\"  >   \n\t\t<a href=\"https:\/\/www.preguntasfrecuentes.una.ac.cr\/?epkb_post_type_1=donde-me-comunico-en-caso-de-que-no-aparezca-mi-nombre-en-los-resultados-del-examen-de-admision\"  class=\"epkb-mp-article \"\n\t\t            data-kb-article-id=\"5481\" >\n\t\t\t<span class=\"eckb-article-title\"  style=\"color: #000000;\"  >\n\t\t\t\t<span class=\"eckb-article-title__icon ep_font_icon_document\"  style=\"color: #dd3333;\"  aria-hidden=\"true\"><\/span>\n\t\t\t\t<span class=\"eckb-article-title__text\" >\u00bfD\u00f3nde me comunico en caso de que no aparezca mi nombre en los resultados del examen de admisi\u00f3n?<\/span>\n\t\t\t<\/span> \t\t<\/a>    \t\t\t\t<\/li> \t\t\t\t<li class=\"epkb-article-level-1 epkb-hide-elem\" data-kb-article-id=\"5482\"\n\t\t\t\t        data-kb-type=\"article\"  style=\"padding-bottom: 4px; padding-top: 4px;\"  >   \n\t\t<a href=\"https:\/\/www.preguntasfrecuentes.una.ac.cr\/?epkb_post_type_1=que-hacer-si-aunque-pase-el-examen-de-admision-no-realice-el-tramite-de-congelar-la-nota\"  class=\"epkb-mp-article \"\n\t\t            data-kb-article-id=\"5482\" >\n\t\t\t<span class=\"eckb-article-title\"  style=\"color: #000000;\"  >\n\t\t\t\t<span class=\"eckb-article-title__icon ep_font_icon_document\"  style=\"color: #dd3333;\"  aria-hidden=\"true\"><\/span>\n\t\t\t\t<span class=\"eckb-article-title__text\" >\u00bfQu\u00e9 hacer si aunque pas\u00e9 el examen de admisi\u00f3n, no realic\u00e9 el tr\u00e1mite de congelar la nota?<\/span>\n\t\t\t<\/span> \t\t<\/a>    \t\t\t\t<\/li> \t\t\t\t<li class=\"epkb-article-level-1 epkb-hide-elem\" data-kb-article-id=\"5483\"\n\t\t\t\t        data-kb-type=\"article\"  style=\"padding-bottom: 4px; padding-top: 4px;\"  >   \n\t\t<a href=\"https:\/\/www.preguntasfrecuentes.una.ac.cr\/?epkb_post_type_1=cual-es-la-nota-de-corte-de-las-carreras\"  class=\"epkb-mp-article \"\n\t\t            data-kb-article-id=\"5483\" >\n\t\t\t<span class=\"eckb-article-title\"  style=\"color: #000000;\"  >\n\t\t\t\t<span class=\"eckb-article-title__icon ep_font_icon_document\"  style=\"color: #dd3333;\"  aria-hidden=\"true\"><\/span>\n\t\t\t\t<span class=\"eckb-article-title__text\" >\u00bfCu\u00e1l es la nota de corte de las carreras?<\/span>\n\t\t\t<\/span> \t\t<\/a>    \t\t\t\t<\/li> \t\t\t\t<li class=\"epkb-article-level-1 epkb-hide-elem\" data-kb-article-id=\"5476\"\n\t\t\t\t        data-kb-type=\"article\"  style=\"padding-bottom: 4px; padding-top: 4px;\"  >   \n\t\t<a href=\"https:\/\/www.preguntasfrecuentes.una.ac.cr\/?epkb_post_type_1=en-que-periodo-del-ano-puedo-iniciar-los-tramites-para-el-examen-de-admision-para-ingresar-al-siguiente-ano-lectivo\"  class=\"epkb-mp-article \"\n\t\t            data-kb-article-id=\"5476\" >\n\t\t\t<span class=\"eckb-article-title\"  style=\"color: #000000;\"  >\n\t\t\t\t<span class=\"eckb-article-title__icon ep_font_icon_document\"  style=\"color: #dd3333;\"  aria-hidden=\"true\"><\/span>\n\t\t\t\t<span class=\"eckb-article-title__text\" >\u00bfEn qu\u00e9 per\u00edodo del a\u00f1o puedo iniciar los tr\u00e1mites para el examen de admisi\u00f3n, para ingresar al siguiente a\u00f1o lectivo?<\/span>\n\t\t\t<\/span> \t\t<\/a>    \t\t\t\t<\/li> \t\t\t\t<li class=\"epkb-article-level-1 epkb-hide-elem\" data-kb-article-id=\"5477\"\n\t\t\t\t        data-kb-type=\"article\"  style=\"padding-bottom: 4px; padding-top: 4px;\"  >   \n\t\t<a href=\"https:\/\/www.preguntasfrecuentes.una.ac.cr\/?epkb_post_type_1=como-afecta-mi-proceso-de-admision-si-no-voy-a-capacitacion-de-matricula\"  class=\"epkb-mp-article \"\n\t\t            data-kb-article-id=\"5477\" >\n\t\t\t<span class=\"eckb-article-title\"  style=\"color: #000000;\"  >\n\t\t\t\t<span class=\"eckb-article-title__icon ep_font_icon_document\"  style=\"color: #dd3333;\"  aria-hidden=\"true\"><\/span>\n\t\t\t\t<span class=\"eckb-article-title__text\" >\u00bfC\u00f3mo afecta mi proceso de admisi\u00f3n si no voy a capacitaci\u00f3n de matr\u00edcula?<\/span>\n\t\t\t<\/span> \t\t<\/a>    \t\t\t\t<\/li> \t\t\t\t<li class=\"epkb-article-level-1 epkb-hide-elem\" data-kb-article-id=\"5478\"\n\t\t\t\t        data-kb-type=\"article\"  style=\"padding-bottom: 4px; padding-top: 4px;\"  >   \n\t\t<a href=\"https:\/\/www.preguntasfrecuentes.una.ac.cr\/?epkb_post_type_1=que-tiene-que-pagar-un-estudiante-de-primer-ingreso-el-dia-de-la-matricula\"  class=\"epkb-mp-article \"\n\t\t            data-kb-article-id=\"5478\" >\n\t\t\t<span class=\"eckb-article-title\"  style=\"color: #000000;\"  >\n\t\t\t\t<span class=\"eckb-article-title__icon ep_font_icon_document\"  style=\"color: #dd3333;\"  aria-hidden=\"true\"><\/span>\n\t\t\t\t<span class=\"eckb-article-title__text\" >\u00bfQu\u00e9 tiene que pagar un estudiante de primer ingreso el d\u00eda de la matr\u00edcula?<\/span>\n\t\t\t<\/span> \t\t<\/a>    \t\t\t\t<\/li> \t\t\t\t<li class=\"epkb-article-level-1 epkb-hide-elem\" data-kb-article-id=\"5473\"\n\t\t\t\t        data-kb-type=\"article\"  style=\"padding-bottom: 4px; padding-top: 4px;\"  >   \n\t\t<a href=\"https:\/\/www.preguntasfrecuentes.una.ac.cr\/?epkb_post_type_1=cuanto-tiempo-de-vigencia-tiene-la-nota-del-examen-de-admision\"  class=\"epkb-mp-article \"\n\t\t            data-kb-article-id=\"5473\" >\n\t\t\t<span class=\"eckb-article-title\"  style=\"color: #000000;\"  >\n\t\t\t\t<span class=\"eckb-article-title__icon ep_font_icon_document\"  style=\"color: #dd3333;\"  aria-hidden=\"true\"><\/span>\n\t\t\t\t<span class=\"eckb-article-title__text\" >\u00bfCu\u00e1nto tiempo de vigencia tiene la nota del examen de admisi\u00f3n?<\/span>\n\t\t\t<\/span> \t\t<\/a>    \t\t\t\t<\/li> \t\t\t\t<li class=\"epkb-article-level-1 epkb-hide-elem\" data-kb-article-id=\"5474\"\n\t\t\t\t        data-kb-type=\"article\"  style=\"padding-bottom: 4px; padding-top: 4px;\"  >   \n\t\t<a href=\"https:\/\/www.preguntasfrecuentes.una.ac.cr\/?epkb_post_type_1=cuantos-examenes-de-admision-se-pueden-realizar-a-lo-largo-del-ano-para-alcanzar-un-promedio-requerido\"  class=\"epkb-mp-article \"\n\t\t            data-kb-article-id=\"5474\" >\n\t\t\t<span class=\"eckb-article-title\"  style=\"color: #000000;\"  >\n\t\t\t\t<span class=\"eckb-article-title__icon ep_font_icon_document\"  style=\"color: #dd3333;\"  aria-hidden=\"true\"><\/span>\n\t\t\t\t<span class=\"eckb-article-title__text\" >\u00bfCu\u00e1ntos ex\u00e1menes de admisi\u00f3n se pueden realizar a lo largo del a\u00f1o para alcanzar un promedio requerido?<\/span>\n\t\t\t<\/span> \t\t<\/a>    \t\t\t\t<\/li> \t\t\t\t<li class=\"epkb-article-level-1 epkb-hide-elem\" data-kb-article-id=\"5475\"\n\t\t\t\t        data-kb-type=\"article\"  style=\"padding-bottom: 4px; padding-top: 4px;\"  >   \n\t\t<a href=\"https:\/\/www.preguntasfrecuentes.una.ac.cr\/?epkb_post_type_1=que-documentos-debo-entregar-para-finalizar-el-proceso-de-admision-a-la-una\"  class=\"epkb-mp-article \"\n\t\t            data-kb-article-id=\"5475\" >\n\t\t\t<span class=\"eckb-article-title\"  style=\"color: #000000;\"  >\n\t\t\t\t<span class=\"eckb-article-title__icon ep_font_icon_document\"  style=\"color: #dd3333;\"  aria-hidden=\"true\"><\/span>\n\t\t\t\t<span class=\"eckb-article-title__text\" >\u00bfQu\u00e9 documentos debo entregar para finalizar el proceso de admisi\u00f3n a la UNA?<\/span>\n\t\t\t<\/span> \t\t<\/a>    \t\t\t\t<\/li> \n\t\t<\/ul> \t\t\t<button class=\"epkb-show-all-articles\" aria-expanded=\"false\" data-btn-id=\"233\">\n\t\t\t\t\t<span class=\"epkb-show-text\">\n\t\t\t\t\t\tMostrar todos los art\u00edculos ( 93 )\n\t\t\t\t\t<\/span>\n\t\t\t\t<span class=\"epkb-hide-text epkb-hide-elem\">Contraer art\u00edculos<\/span>\n\t\t\t<\/button>\t\t\t\t\t\n\t\t\t\t\t<\/div><!-- Section Body End -->\n\n\t\t\t\t<\/section><!-- Section End -->  \n\t\t\t\t<!-- Section Container ( Category Box ) -->\n\t\t\t\t<section id=\"epkb_cat_2\" class=\"section_light_shadow epkb-top-category-box\"  style=\"border-radius: 4px; border-width: 1px; border-color: #CACACE; background-color: #FEFEFE; border-style: solid;\"  >\n\n\t\t\t\t\t<!-- Section Head -->\n\t\t\t\t\t<div class=\"section-head section_divider\"  style=\"border-bottom-width: 1px; background-color: #FFFFFF; border-top-left-radius: 4px; border-top-right-radius: 4px; border-bottom-color: #FFFFFF; padding-top: 20px; padding-bottom: 20px; padding-left: 20px; padding-right: 20px; padding-left: 10px;\"  >\n\n\t\t\t\t\t\t<!-- Category Name + Icon -->\n\t\t\t\t\t\t<div class=\"epkb-category-level-1 epkb-category-level-1--icon-loc-left epkb-category-level-1--alignment-left\" data-kb-category-id=\"336\" data-kb-type=\"category\"  style=\"color: #000000;\"  >\n\n\t\t\t\t\t\t\t<!-- Icon Top \/ Left -->\t                            \t\t\t\t\t\t\t\t\t<span class=\"epkb-cat-icon epkbfa epkbfa-money\" data-kb-category-icon=\"epkbfa-money\"  style=\"color: #eb5a46; font-size: 30px;\" ><\/span>\t\t\t\t\t\t\t\t<div class=\"epkb-cat-name\">    \t\t\t\t\t\t\t\t\t<div class=\"epkb-cat-name-count-container\"  style=\"color: #000000; font-size:24px;\" >\n\t\t\t\t\t\t\t\t\t\t<h2 class=\"epkb-cat-name\">Becas<\/h2>\n\t\t\t\t\t\t\t\t\t\t<span class=\"epkb-cat-count\">20<\/span>\n\t\t\t\t\t\t\t\t\t<\/div> \n\t\t\t\t\t\t\t<\/div>\n\n\t\t\t\t\t\t\t<!-- Icon Right -->     \n\t\t\t\t\t\t<\/div>\n\n\t\t\t\t\t\t<!-- Category Description -->\t\t\t\t\t\t\t\t\t\t\t<\/div>\n\n\t\t\t\t\t<!-- Section Body -->\n\t\t\t\t\t<div class=\"epkb-section-body\"  style=\"border-bottom-width: 1px; padding-top: 4px; padding-bottom: 4px; padding-left: 22px; padding-right: 4px; min-height: 130px;\"  >\t\t\t\t\t\t\n\t\t<ul class=\"epkb-main-category epkb-articles\"  style=\"padding-left: 10px;\"  data-list-id=\"336\"> \t\t\t\t<li class=\"epkb-article-level-1 \" data-kb-article-id=\"6868\"\n\t\t\t\t        data-kb-type=\"article\"  style=\"padding-bottom: 4px; padding-top: 4px;\"  >   \n\t\t<a href=\"https:\/\/www.preguntasfrecuentes.una.ac.cr\/?epkb_post_type_1=como-realizar-en-el-sibeuna-la-solicitud-de-beca-para-estudiantes-de-nuevo-ingreso-a-la-una\"  class=\"epkb-mp-article \"\n\t\t            data-kb-article-id=\"6868\" >\n\t\t\t<span class=\"eckb-article-title\"  style=\"color: #000000;\"  >\n\t\t\t\t<span class=\"eckb-article-title__icon ep_font_icon_document\"  style=\"color: #dd3333;\"  aria-hidden=\"true\"><\/span>\n\t\t\t\t<span class=\"eckb-article-title__text\" >\u00bfC\u00f3mo realizar en el SIBEUNA la solicitud de beca para estudiantes de nuevo ingreso a la UNA?<\/span>\n\t\t\t<\/span> \t\t<\/a>    \t\t\t\t<\/li> \t\t\t\t<li class=\"epkb-article-level-1 \" data-kb-article-id=\"6595\"\n\t\t\t\t        data-kb-type=\"article\"  style=\"padding-bottom: 4px; padding-top: 4px;\"  >   \n\t\t<a href=\"https:\/\/www.preguntasfrecuentes.una.ac.cr\/?epkb_post_type_1=como-se-entregan-los-documentos-de-solicitud-de-becas\"  class=\"epkb-mp-article \"\n\t\t            data-kb-article-id=\"6595\" >\n\t\t\t<span class=\"eckb-article-title\"  style=\"color: #000000;\"  >\n\t\t\t\t<span class=\"eckb-article-title__icon ep_font_icon_document\"  style=\"color: #dd3333;\"  aria-hidden=\"true\"><\/span>\n\t\t\t\t<span class=\"eckb-article-title__text\" >\u00bfC\u00f3mo se entregan los documentos de solicitud de becas?<\/span>\n\t\t\t<\/span> \t\t<\/a>    \t\t\t\t<\/li> \t\t\t\t<li class=\"epkb-article-level-1 \" data-kb-article-id=\"6581\"\n\t\t\t\t        data-kb-type=\"article\"  style=\"padding-bottom: 4px; padding-top: 4px;\"  >   \n\t\t<a href=\"https:\/\/www.preguntasfrecuentes.una.ac.cr\/?epkb_post_type_1=como-realizar-en-el-sibeuna-la-solicitud-de-beca-artistica-o-deportiva\"  class=\"epkb-mp-article \"\n\t\t            data-kb-article-id=\"6581\" >\n\t\t\t<span class=\"eckb-article-title\"  style=\"color: #000000;\"  >\n\t\t\t\t<span class=\"eckb-article-title__icon ep_font_icon_document\"  style=\"color: #dd3333;\"  aria-hidden=\"true\"><\/span>\n\t\t\t\t<span class=\"eckb-article-title__text\" >\u00bfC\u00f3mo realizar en el SIBEUNA, la solicitud de beca Art\u00edstica o Deportiva?<\/span>\n\t\t\t<\/span> \t\t<\/a>    \t\t\t\t<\/li> \t\t\t\t<li class=\"epkb-article-level-1 \" data-kb-article-id=\"6562\"\n\t\t\t\t        data-kb-type=\"article\"  style=\"padding-bottom: 4px; padding-top: 4px;\"  >   \n\t\t<a href=\"https:\/\/www.preguntasfrecuentes.una.ac.cr\/?epkb_post_type_1=como-realizar-en-el-sibeuna-la-solicitud-de-beca-de-una-persona-funcionaria\"  class=\"epkb-mp-article \"\n\t\t            data-kb-article-id=\"6562\" >\n\t\t\t<span class=\"eckb-article-title\"  style=\"color: #000000;\"  >\n\t\t\t\t<span class=\"eckb-article-title__icon ep_font_icon_document\"  style=\"color: #dd3333;\"  aria-hidden=\"true\"><\/span>\n\t\t\t\t<span class=\"eckb-article-title__text\" >\u00bfC\u00f3mo realizar en el SIBEUNA la solicitud de beca de una persona funcionaria?<\/span>\n\t\t\t<\/span> \t\t<\/a>    \t\t\t\t<\/li> \t\t\t\t<li class=\"epkb-article-level-1 \" data-kb-article-id=\"6460\"\n\t\t\t\t        data-kb-type=\"article\"  style=\"padding-bottom: 4px; padding-top: 4px;\"  >   \n\t\t<a href=\"https:\/\/www.preguntasfrecuentes.una.ac.cr\/?epkb_post_type_1=que-es-la-beca-por-representacion-en-el-movimiento-estudiantil-una\"  class=\"epkb-mp-article \"\n\t\t            data-kb-article-id=\"6460\" >\n\t\t\t<span class=\"eckb-article-title\"  style=\"color: #000000;\"  >\n\t\t\t\t<span class=\"eckb-article-title__icon ep_font_icon_document\"  style=\"color: #dd3333;\"  aria-hidden=\"true\"><\/span>\n\t\t\t\t<span class=\"eckb-article-title__text\" >\u00bfQu\u00e9 es la Beca por Representaci\u00f3n en el Movimiento Estudiantil UNA?<\/span>\n\t\t\t<\/span> \t\t<\/a>    \t\t\t\t<\/li> \t\t\t\t<li class=\"epkb-article-level-1 epkb-hide-elem\" data-kb-article-id=\"6455\"\n\t\t\t\t        data-kb-type=\"article\"  style=\"padding-bottom: 4px; padding-top: 4px;\"  >   \n\t\t<a href=\"https:\/\/www.preguntasfrecuentes.una.ac.cr\/?epkb_post_type_1=a-quien-se-otorga-la-beca-estudiante-asistente\"  class=\"epkb-mp-article \"\n\t\t            data-kb-article-id=\"6455\" >\n\t\t\t<span class=\"eckb-article-title\"  style=\"color: #000000;\"  >\n\t\t\t\t<span class=\"eckb-article-title__icon ep_font_icon_document\"  style=\"color: #dd3333;\"  aria-hidden=\"true\"><\/span>\n\t\t\t\t<span class=\"eckb-article-title__text\" >\u00bfA qui\u00e9n se otorga la Beca Estudiante Asistente?<\/span>\n\t\t\t<\/span> \t\t<\/a>    \t\t\t\t<\/li> \t\t\t\t<li class=\"epkb-article-level-1 epkb-hide-elem\" data-kb-article-id=\"6453\"\n\t\t\t\t        data-kb-type=\"article\"  style=\"padding-bottom: 4px; padding-top: 4px;\"  >   \n\t\t<a href=\"https:\/\/www.preguntasfrecuentes.una.ac.cr\/?epkb_post_type_1=a-quien-esta-dirigida-la-beca-de-honor\"  class=\"epkb-mp-article \"\n\t\t            data-kb-article-id=\"6453\" >\n\t\t\t<span class=\"eckb-article-title\"  style=\"color: #000000;\"  >\n\t\t\t\t<span class=\"eckb-article-title__icon ep_font_icon_document\"  style=\"color: #dd3333;\"  aria-hidden=\"true\"><\/span>\n\t\t\t\t<span class=\"eckb-article-title__text\" >\u00bf A qui\u00e9n esta dirigida la Beca de Honor?<\/span>\n\t\t\t<\/span> \t\t<\/a>    \t\t\t\t<\/li> \t\t\t\t<li class=\"epkb-article-level-1 epkb-hide-elem\" data-kb-article-id=\"6449\"\n\t\t\t\t        data-kb-type=\"article\"  style=\"padding-bottom: 4px; padding-top: 4px;\"  >   \n\t\t<a href=\"https:\/\/www.preguntasfrecuentes.una.ac.cr\/?epkb_post_type_1=como-obtener-la-beca-socioeconomica-para-estudiantes-aspirantes-de-ingreso-una\"  class=\"epkb-mp-article \"\n\t\t            data-kb-article-id=\"6449\" >\n\t\t\t<span class=\"eckb-article-title\"  style=\"color: #000000;\"  >\n\t\t\t\t<span class=\"eckb-article-title__icon ep_font_icon_document\"  style=\"color: #dd3333;\"  aria-hidden=\"true\"><\/span>\n\t\t\t\t<span class=\"eckb-article-title__text\" >\u00bfC\u00f3mo obtener la Beca Socioecon\u00f3mica para Estudiantes Aspirantes de Ingreso UNA?<\/span>\n\t\t\t<\/span> \t\t<\/a>    \t\t\t\t<\/li> \t\t\t\t<li class=\"epkb-article-level-1 epkb-hide-elem\" data-kb-article-id=\"6444\"\n\t\t\t\t        data-kb-type=\"article\"  style=\"padding-bottom: 4px; padding-top: 4px;\"  >   \n\t\t<a href=\"https:\/\/www.preguntasfrecuentes.una.ac.cr\/?epkb_post_type_1=cuales-tipos-de-becas-ofrece-la-una\"  class=\"epkb-mp-article \"\n\t\t            data-kb-article-id=\"6444\" >\n\t\t\t<span class=\"eckb-article-title\"  style=\"color: #000000;\"  >\n\t\t\t\t<span class=\"eckb-article-title__icon ep_font_icon_document\"  style=\"color: #dd3333;\"  aria-hidden=\"true\"><\/span>\n\t\t\t\t<span class=\"eckb-article-title__text\" >\u00bfCu\u00e1les tipos de becas ofrece la UNA?<\/span>\n\t\t\t<\/span> \t\t<\/a>    \t\t\t\t<\/li> \t\t\t\t<li class=\"epkb-article-level-1 epkb-hide-elem\" data-kb-article-id=\"5555\"\n\t\t\t\t        data-kb-type=\"article\"  style=\"padding-bottom: 4px; padding-top: 4px;\"  >   \n\t\t<a href=\"https:\/\/www.preguntasfrecuentes.una.ac.cr\/?epkb_post_type_1=cuales-son-los-requisitos-para-ser-estudiante-asistente-dentro-de-alguna-escuela-facultad-o-centro-de-la-una\"  class=\"epkb-mp-article \"\n\t\t            data-kb-article-id=\"5555\" >\n\t\t\t<span class=\"eckb-article-title\"  style=\"color: #000000;\"  >\n\t\t\t\t<span class=\"eckb-article-title__icon ep_font_icon_document\"  style=\"color: #dd3333;\"  aria-hidden=\"true\"><\/span>\n\t\t\t\t<span class=\"eckb-article-title__text\" >\u00bfCu\u00e1les son los requisitos para ser estudiante asistente dentro de alguna escuela, facultad o centro de la UNA?<\/span>\n\t\t\t<\/span> \t\t<\/a>    \t\t\t\t<\/li> \t\t\t\t<li class=\"epkb-article-level-1 epkb-hide-elem\" data-kb-article-id=\"5556\"\n\t\t\t\t        data-kb-type=\"article\"  style=\"padding-bottom: 4px; padding-top: 4px;\"  >   \n\t\t<a href=\"https:\/\/www.preguntasfrecuentes.una.ac.cr\/?epkb_post_type_1=se-pueden-solicitar-varios-tipos-de-becas-al-mismo-tiempo\"  class=\"epkb-mp-article \"\n\t\t            data-kb-article-id=\"5556\" >\n\t\t\t<span class=\"eckb-article-title\"  style=\"color: #000000;\"  >\n\t\t\t\t<span class=\"eckb-article-title__icon ep_font_icon_document\"  style=\"color: #dd3333;\"  aria-hidden=\"true\"><\/span>\n\t\t\t\t<span class=\"eckb-article-title__text\" >\u00bfSe pueden solicitar varios tipos de becas, al mismo tiempo?<\/span>\n\t\t\t<\/span> \t\t<\/a>    \t\t\t\t<\/li> \t\t\t\t<li class=\"epkb-article-level-1 epkb-hide-elem\" data-kb-article-id=\"5554\"\n\t\t\t\t        data-kb-type=\"article\"  style=\"padding-bottom: 4px; padding-top: 4px;\"  >   \n\t\t<a href=\"https:\/\/www.preguntasfrecuentes.una.ac.cr\/?epkb_post_type_1=existe-alguna-beca-deportiva-artistica-u-otro-tipo-de-actividad\"  class=\"epkb-mp-article \"\n\t\t            data-kb-article-id=\"5554\" >\n\t\t\t<span class=\"eckb-article-title\"  style=\"color: #000000;\"  >\n\t\t\t\t<span class=\"eckb-article-title__icon ep_font_icon_document\"  style=\"color: #dd3333;\"  aria-hidden=\"true\"><\/span>\n\t\t\t\t<span class=\"eckb-article-title__text\" >\u00bfExiste alguna beca deportiva, art\u00edstica u otro tipo de actividad?<\/span>\n\t\t\t<\/span> \t\t<\/a>    \t\t\t\t<\/li> \t\t\t\t<li class=\"epkb-article-level-1 epkb-hide-elem\" data-kb-article-id=\"5552\"\n\t\t\t\t        data-kb-type=\"article\"  style=\"padding-bottom: 4px; padding-top: 4px;\"  >   \n\t\t<a href=\"https:\/\/www.preguntasfrecuentes.una.ac.cr\/?epkb_post_type_1=donde-puedo-ver-el-resultado-de-la-beca-de-iii-ciclo-verano\"  class=\"epkb-mp-article \"\n\t\t            data-kb-article-id=\"5552\" >\n\t\t\t<span class=\"eckb-article-title\"  style=\"color: #000000;\"  >\n\t\t\t\t<span class=\"eckb-article-title__icon ep_font_icon_document\"  style=\"color: #dd3333;\"  aria-hidden=\"true\"><\/span>\n\t\t\t\t<span class=\"eckb-article-title__text\" >\u00bfD\u00f3nde puedo ver el resultado de la beca de III Ciclo (verano)?<\/span>\n\t\t\t<\/span> \t\t<\/a>    \t\t\t\t<\/li> \t\t\t\t<li class=\"epkb-article-level-1 epkb-hide-elem\" data-kb-article-id=\"5553\"\n\t\t\t\t        data-kb-type=\"article\"  style=\"padding-bottom: 4px; padding-top: 4px;\"  >   \n\t\t<a href=\"https:\/\/www.preguntasfrecuentes.una.ac.cr\/?epkb_post_type_1=como-renuevo-alguna-de-las-becas-que-otorga-la-una\"  class=\"epkb-mp-article \"\n\t\t            data-kb-article-id=\"5553\" >\n\t\t\t<span class=\"eckb-article-title\"  style=\"color: #000000;\"  >\n\t\t\t\t<span class=\"eckb-article-title__icon ep_font_icon_document\"  style=\"color: #dd3333;\"  aria-hidden=\"true\"><\/span>\n\t\t\t\t<span class=\"eckb-article-title__text\" >\u00bfC\u00f3mo renuevo alguna de las becas que otorga la UNA?<\/span>\n\t\t\t<\/span> \t\t<\/a>    \t\t\t\t<\/li> \t\t\t\t<li class=\"epkb-article-level-1 epkb-hide-elem\" data-kb-article-id=\"5550\"\n\t\t\t\t        data-kb-type=\"article\"  style=\"padding-bottom: 4px; padding-top: 4px;\"  >   \n\t\t<a href=\"https:\/\/www.preguntasfrecuentes.una.ac.cr\/?epkb_post_type_1=donde-puedo-revisar-el-resultado-de-mi-beca\"  class=\"epkb-mp-article \"\n\t\t            data-kb-article-id=\"5550\" >\n\t\t\t<span class=\"eckb-article-title\"  style=\"color: #000000;\"  >\n\t\t\t\t<span class=\"eckb-article-title__icon ep_font_icon_document\"  style=\"color: #dd3333;\"  aria-hidden=\"true\"><\/span>\n\t\t\t\t<span class=\"eckb-article-title__text\" >\u00bfD\u00f3nde puedo revisar el resultado de mi beca?<\/span>\n\t\t\t<\/span> \t\t<\/a>    \t\t\t\t<\/li> \t\t\t\t<li class=\"epkb-article-level-1 epkb-hide-elem\" data-kb-article-id=\"5549\"\n\t\t\t\t        data-kb-type=\"article\"  style=\"padding-bottom: 4px; padding-top: 4px;\"  >   \n\t\t<a href=\"https:\/\/www.preguntasfrecuentes.una.ac.cr\/?epkb_post_type_1=cuando-entrego-el-formulario-y-los-documentos-de-becas-para-quienes-no-fueron-admitidos-en-la-primera-opcion-de-carrera-y-estan-en-lista-de-espera\"  class=\"epkb-mp-article \"\n\t\t            data-kb-article-id=\"5549\" >\n\t\t\t<span class=\"eckb-article-title\"  style=\"color: #000000;\"  >\n\t\t\t\t<span class=\"eckb-article-title__icon ep_font_icon_document\"  style=\"color: #dd3333;\"  aria-hidden=\"true\"><\/span>\n\t\t\t\t<span class=\"eckb-article-title__text\" >\u00bfCu\u00e1ndo entrego el formulario y los documentos de becas, para quienes no fueron admitidos en la primera opci\u00f3n de carrera y est\u00e1n en lista de espera?<\/span>\n\t\t\t<\/span> \t\t<\/a>    \t\t\t\t<\/li> \t\t\t\t<li class=\"epkb-article-level-1 epkb-hide-elem\" data-kb-article-id=\"5548\"\n\t\t\t\t        data-kb-type=\"article\"  style=\"padding-bottom: 4px; padding-top: 4px;\"  >   \n\t\t<a href=\"https:\/\/www.preguntasfrecuentes.una.ac.cr\/?epkb_post_type_1=como-se-entrega-el-formulario-para-solicitar-una-beca-por-condicion-socioeconomica-si-soy-de-primer-ingreso\"  class=\"epkb-mp-article \"\n\t\t            data-kb-article-id=\"5548\" >\n\t\t\t<span class=\"eckb-article-title\"  style=\"color: #000000;\"  >\n\t\t\t\t<span class=\"eckb-article-title__icon ep_font_icon_document\"  style=\"color: #dd3333;\"  aria-hidden=\"true\"><\/span>\n\t\t\t\t<span class=\"eckb-article-title__text\" >\u00bfC\u00f3mo se entrega el formulario para solicitar una beca por condici\u00f3n socioecon\u00f3mica, si soy de primer ingreso?<\/span>\n\t\t\t<\/span> \t\t<\/a>    \t\t\t\t<\/li> \t\t\t\t<li class=\"epkb-article-level-1 epkb-hide-elem\" data-kb-article-id=\"5547\"\n\t\t\t\t        data-kb-type=\"article\"  style=\"padding-bottom: 4px; padding-top: 4px;\"  >   \n\t\t<a href=\"https:\/\/www.preguntasfrecuentes.una.ac.cr\/?epkb_post_type_1=donde-encuentro-el-formulario-para-solicitar-una-beca-por-condicion-socioeconomica-si-soy-de-primer-ingreso\"  class=\"epkb-mp-article \"\n\t\t            data-kb-article-id=\"5547\" >\n\t\t\t<span class=\"eckb-article-title\"  style=\"color: #000000;\"  >\n\t\t\t\t<span class=\"eckb-article-title__icon ep_font_icon_document\"  style=\"color: #dd3333;\"  aria-hidden=\"true\"><\/span>\n\t\t\t\t<span class=\"eckb-article-title__text\" >\u00bfD\u00f3nde encuentro el formulario para solicitar una beca por condici\u00f3n socioecon\u00f3mica si soy de primer ingreso?<\/span>\n\t\t\t<\/span> \t\t<\/a>    \t\t\t\t<\/li> \t\t\t\t<li class=\"epkb-article-level-1 epkb-hide-elem\" data-kb-article-id=\"5545\"\n\t\t\t\t        data-kb-type=\"article\"  style=\"padding-bottom: 4px; padding-top: 4px;\"  >   \n\t\t<a href=\"https:\/\/www.preguntasfrecuentes.una.ac.cr\/?epkb_post_type_1=cuales-son-los-pasos-para-obtener-beca\"  class=\"epkb-mp-article \"\n\t\t            data-kb-article-id=\"5545\" >\n\t\t\t<span class=\"eckb-article-title\"  style=\"color: #000000;\"  >\n\t\t\t\t<span class=\"eckb-article-title__icon ep_font_icon_document\"  style=\"color: #dd3333;\"  aria-hidden=\"true\"><\/span>\n\t\t\t\t<span class=\"eckb-article-title__text\" >\u00bfCu\u00e1les son los pasos para obtener beca?<\/span>\n\t\t\t<\/span> \t\t<\/a>    \t\t\t\t<\/li> \t\t\t\t<li class=\"epkb-article-level-1 epkb-hide-elem\" data-kb-article-id=\"5546\"\n\t\t\t\t        data-kb-type=\"article\"  style=\"padding-bottom: 4px; padding-top: 4px;\"  >   \n\t\t<a href=\"https:\/\/www.preguntasfrecuentes.una.ac.cr\/?epkb_post_type_1=que-debo-hacer-para-presentar-una-solicitud-de-beca-socioeconomica-si-soy-estudiante-de-primer-ingreso\"  class=\"epkb-mp-article \"\n\t\t            data-kb-article-id=\"5546\" >\n\t\t\t<span class=\"eckb-article-title\"  style=\"color: #000000;\"  >\n\t\t\t\t<span class=\"eckb-article-title__icon ep_font_icon_document\"  style=\"color: #dd3333;\"  aria-hidden=\"true\"><\/span>\n\t\t\t\t<span class=\"eckb-article-title__text\" >\u00bfQu\u00e9 debo hacer para presentar una solicitud de beca socioecon\u00f3mica si soy estudiante de primer ingreso?<\/span>\n\t\t\t<\/span> \t\t<\/a>    \t\t\t\t<\/li> \n\t\t<\/ul> \t\t\t<button class=\"epkb-show-all-articles\" aria-expanded=\"false\" data-btn-id=\"336\">\n\t\t\t\t\t<span class=\"epkb-show-text\">\n\t\t\t\t\t\tMostrar todos los art\u00edculos ( 15 )\n\t\t\t\t\t<\/span>\n\t\t\t\t<span class=\"epkb-hide-text epkb-hide-elem\">Contraer art\u00edculos<\/span>\n\t\t\t<\/button>\t\t\t\t\t\n\t\t\t\t\t<\/div><!-- Section Body End -->\n\n\t\t\t\t<\/section><!-- Section End -->  \t\t\t\t\t<\/div>  \t\t\t\t\t<div class=\"epkb-ml__module-categories-articles__row\">  \n\t\t\t\t<!-- Section Container ( Category Box ) -->\n\t\t\t\t<section id=\"epkb_cat_3\" class=\"section_light_shadow epkb-top-category-box\"  style=\"border-radius: 4px; border-width: 1px; border-color: #CACACE; background-color: #FEFEFE; border-style: solid;\"  >\n\n\t\t\t\t\t<!-- Section Head -->\n\t\t\t\t\t<div class=\"section-head section_divider\"  style=\"border-bottom-width: 1px; background-color: #FFFFFF; border-top-left-radius: 4px; border-top-right-radius: 4px; border-bottom-color: #FFFFFF; padding-top: 20px; padding-bottom: 20px; padding-left: 20px; padding-right: 20px; padding-left: 10px;\"  >\n\n\t\t\t\t\t\t<!-- Category Name + Icon -->\n\t\t\t\t\t\t<div class=\"epkb-category-level-1 epkb-category-level-1--icon-loc-left epkb-category-level-1--alignment-left\" data-kb-category-id=\"362\" data-kb-type=\"category\"  style=\"color: #000000;\"  >\n\n\t\t\t\t\t\t\t<!-- Icon Top \/ Left -->\t                            \t\t\t\t\t\t\t\t\t<span class=\"epkb-cat-icon epkbfa epkbfa-server\" data-kb-category-icon=\"epkbfa-server\"  style=\"color: #eb5a46; font-size: 30px;\" ><\/span>\t\t\t\t\t\t\t\t<div class=\"epkb-cat-name\">    \t\t\t\t\t\t\t\t\t<div class=\"epkb-cat-name-count-container\"  style=\"color: #000000; font-size:24px;\" >\n\t\t\t\t\t\t\t\t\t\t<h2 class=\"epkb-cat-name\">Carreras<\/h2>\n\t\t\t\t\t\t\t\t\t\t<span class=\"epkb-cat-count\">10<\/span>\n\t\t\t\t\t\t\t\t\t<\/div> \n\t\t\t\t\t\t\t<\/div>\n\n\t\t\t\t\t\t\t<!-- Icon Right -->     \n\t\t\t\t\t\t<\/div>\n\n\t\t\t\t\t\t<!-- Category Description -->\t\t\t\t\t\t\t\t\t\t\t<\/div>\n\n\t\t\t\t\t<!-- Section Body -->\n\t\t\t\t\t<div class=\"epkb-section-body\"  style=\"border-bottom-width: 1px; padding-top: 4px; padding-bottom: 4px; padding-left: 22px; padding-right: 4px; min-height: 130px;\"  >\t\t\t\t\t\t\n\t\t<ul class=\"epkb-main-category epkb-articles\"  style=\"padding-left: 10px;\"  data-list-id=\"362\"> \t\t\t\t<li class=\"epkb-article-level-1 \" data-kb-article-id=\"5567\"\n\t\t\t\t        data-kb-type=\"article\"  style=\"padding-bottom: 4px; padding-top: 4px;\"  >   \n\t\t<a href=\"https:\/\/www.preguntasfrecuentes.una.ac.cr\/?epkb_post_type_1=cuales-carreras-ofrece-la-una\"  class=\"epkb-mp-article \"\n\t\t            data-kb-article-id=\"5567\" >\n\t\t\t<span class=\"eckb-article-title\"  style=\"color: #000000;\"  >\n\t\t\t\t<span class=\"eckb-article-title__icon ep_font_icon_document\"  style=\"color: #dd3333;\"  aria-hidden=\"true\"><\/span>\n\t\t\t\t<span class=\"eckb-article-title__text\" >\u00bfCu\u00e1les carreras ofrece la UNA?<\/span>\n\t\t\t<\/span> \t\t<\/a>    \t\t\t\t<\/li> \t\t\t\t<li class=\"epkb-article-level-1 \" data-kb-article-id=\"5563\"\n\t\t\t\t        data-kb-type=\"article\"  style=\"padding-bottom: 4px; padding-top: 4px;\"  >   \n\t\t<a href=\"https:\/\/www.preguntasfrecuentes.una.ac.cr\/?epkb_post_type_1=cuanto-cuestan-las-carreras-en-la-una\"  class=\"epkb-mp-article \"\n\t\t            data-kb-article-id=\"5563\" >\n\t\t\t<span class=\"eckb-article-title\"  style=\"color: #000000;\"  >\n\t\t\t\t<span class=\"eckb-article-title__icon ep_font_icon_document\"  style=\"color: #dd3333;\"  aria-hidden=\"true\"><\/span>\n\t\t\t\t<span class=\"eckb-article-title__text\" >\u00bfCu\u00e1nto cuestan las carreras en la UNA?<\/span>\n\t\t\t<\/span> \t\t<\/a>    \t\t\t\t<\/li> \t\t\t\t<li class=\"epkb-article-level-1 \" data-kb-article-id=\"5564\"\n\t\t\t\t        data-kb-type=\"article\"  style=\"padding-bottom: 4px; padding-top: 4px;\"  >   \n\t\t<a href=\"https:\/\/www.preguntasfrecuentes.una.ac.cr\/?epkb_post_type_1=como-se-cuales-carreras-estaran-inactivas-el-proximo-ano\"  class=\"epkb-mp-article \"\n\t\t            data-kb-article-id=\"5564\" >\n\t\t\t<span class=\"eckb-article-title\"  style=\"color: #000000;\"  >\n\t\t\t\t<span class=\"eckb-article-title__icon ep_font_icon_document\"  style=\"color: #dd3333;\"  aria-hidden=\"true\"><\/span>\n\t\t\t\t<span class=\"eckb-article-title__text\" >\u00bfC\u00f3mo se cu\u00e1les carreras estar\u00e1n inactivas el pr\u00f3ximo a\u00f1o?<\/span>\n\t\t\t<\/span> \t\t<\/a>    \t\t\t\t<\/li> \t\t\t\t<li class=\"epkb-article-level-1 \" data-kb-article-id=\"5565\"\n\t\t\t\t        data-kb-type=\"article\"  style=\"padding-bottom: 4px; padding-top: 4px;\"  >   \n\t\t<a href=\"https:\/\/www.preguntasfrecuentes.una.ac.cr\/?epkb_post_type_1=cuales-carreras-presentan-algun-requisito-especial-para-el-proximo-ano\"  class=\"epkb-mp-article \"\n\t\t            data-kb-article-id=\"5565\" >\n\t\t\t<span class=\"eckb-article-title\"  style=\"color: #000000;\"  >\n\t\t\t\t<span class=\"eckb-article-title__icon ep_font_icon_document\"  style=\"color: #dd3333;\"  aria-hidden=\"true\"><\/span>\n\t\t\t\t<span class=\"eckb-article-title__text\" >\u00bfCu\u00e1les carreras presentan alg\u00fan requisito especial para el pr\u00f3ximo a\u00f1o?<\/span>\n\t\t\t<\/span> \t\t<\/a>    \t\t\t\t<\/li> \t\t\t\t<li class=\"epkb-article-level-1 \" data-kb-article-id=\"5562\"\n\t\t\t\t        data-kb-type=\"article\"  style=\"padding-bottom: 4px; padding-top: 4px;\"  >   \n\t\t<a href=\"https:\/\/www.preguntasfrecuentes.una.ac.cr\/?epkb_post_type_1=como-puedo-cambiarme-de-carrera-o-cursar-una-segunda-carrera\"  class=\"epkb-mp-article \"\n\t\t            data-kb-article-id=\"5562\" >\n\t\t\t<span class=\"eckb-article-title\"  style=\"color: #000000;\"  >\n\t\t\t\t<span class=\"eckb-article-title__icon ep_font_icon_document\"  style=\"color: #dd3333;\"  aria-hidden=\"true\"><\/span>\n\t\t\t\t<span class=\"eckb-article-title__text\" >\u00bfC\u00f3mo puedo cambiarme de carrera o cursar una segunda carrera?<\/span>\n\t\t\t<\/span> \t\t<\/a>    \t\t\t\t<\/li> \t\t\t\t<li class=\"epkb-article-level-1 epkb-hide-elem\" data-kb-article-id=\"5560\"\n\t\t\t\t        data-kb-type=\"article\"  style=\"padding-bottom: 4px; padding-top: 4px;\"  >   \n\t\t<a href=\"https:\/\/www.preguntasfrecuentes.una.ac.cr\/?epkb_post_type_1=donde-puedo-revisar-en-cuales-carreras-hay-espacios-disponibles\"  class=\"epkb-mp-article \"\n\t\t            data-kb-article-id=\"5560\" >\n\t\t\t<span class=\"eckb-article-title\"  style=\"color: #000000;\"  >\n\t\t\t\t<span class=\"eckb-article-title__icon ep_font_icon_document\"  style=\"color: #dd3333;\"  aria-hidden=\"true\"><\/span>\n\t\t\t\t<span class=\"eckb-article-title__text\" >\u00bfD\u00f3nde puedo revisar en cu\u00e1les carreras hay espacios disponibles?<\/span>\n\t\t\t<\/span> \t\t<\/a>    \t\t\t\t<\/li> \t\t\t\t<li class=\"epkb-article-level-1 epkb-hide-elem\" data-kb-article-id=\"5561\"\n\t\t\t\t        data-kb-type=\"article\"  style=\"padding-bottom: 4px; padding-top: 4px;\"  >   \n\t\t<a href=\"https:\/\/www.preguntasfrecuentes.una.ac.cr\/?epkb_post_type_1=en-cuales-sedes-de-la-una-imparten-los-cursos-de-estudios-generales\"  class=\"epkb-mp-article \"\n\t\t            data-kb-article-id=\"5561\" >\n\t\t\t<span class=\"eckb-article-title\"  style=\"color: #000000;\"  >\n\t\t\t\t<span class=\"eckb-article-title__icon ep_font_icon_document\"  style=\"color: #dd3333;\"  aria-hidden=\"true\"><\/span>\n\t\t\t\t<span class=\"eckb-article-title__text\" >\u00bfEn cu\u00e1les sedes de la UNA imparten los cursos de Estudios Generales?<\/span>\n\t\t\t<\/span> \t\t<\/a>    \t\t\t\t<\/li> \t\t\t\t<li class=\"epkb-article-level-1 epkb-hide-elem\" data-kb-article-id=\"5558\"\n\t\t\t\t        data-kb-type=\"article\"  style=\"padding-bottom: 4px; padding-top: 4px;\"  >   \n\t\t<a href=\"https:\/\/www.preguntasfrecuentes.una.ac.cr\/?epkb_post_type_1=cuales-carreras-ofrecen-en-la-sede-interuniversitaria-una-en-alajuela\"  class=\"epkb-mp-article \"\n\t\t            data-kb-article-id=\"5558\" >\n\t\t\t<span class=\"eckb-article-title\"  style=\"color: #000000;\"  >\n\t\t\t\t<span class=\"eckb-article-title__icon ep_font_icon_document\"  style=\"color: #dd3333;\"  aria-hidden=\"true\"><\/span>\n\t\t\t\t<span class=\"eckb-article-title__text\" >\u00bfCu\u00e1les carreras ofrecen en la Sede Interuniversitaria-UNA, en Alajuela?<\/span>\n\t\t\t<\/span> \t\t<\/a>    \t\t\t\t<\/li> \t\t\t\t<li class=\"epkb-article-level-1 epkb-hide-elem\" data-kb-article-id=\"5559\"\n\t\t\t\t        data-kb-type=\"article\"  style=\"padding-bottom: 4px; padding-top: 4px;\"  >   \n\t\t<a href=\"https:\/\/www.preguntasfrecuentes.una.ac.cr\/?epkb_post_type_1=cual-es-el-proceso-para-poder-trasladarme-a-la-una-si-actualmente-estoy-cursando-una-carrera-en-otra-universidad\"  class=\"epkb-mp-article \"\n\t\t            data-kb-article-id=\"5559\" >\n\t\t\t<span class=\"eckb-article-title\"  style=\"color: #000000;\"  >\n\t\t\t\t<span class=\"eckb-article-title__icon ep_font_icon_document\"  style=\"color: #dd3333;\"  aria-hidden=\"true\"><\/span>\n\t\t\t\t<span class=\"eckb-article-title__text\" >\u00bfCu\u00e1l es el proceso para poder trasladarme a la UNA, si actualmente estoy cursando una carrera en otra universidad?<\/span>\n\t\t\t<\/span> \t\t<\/a>    \t\t\t\t<\/li> \t\t\t\t<li class=\"epkb-article-level-1 epkb-hide-elem\" data-kb-article-id=\"5557\"\n\t\t\t\t        data-kb-type=\"article\"  style=\"padding-bottom: 4px; padding-top: 4px;\"  >   \n\t\t<a href=\"https:\/\/www.preguntasfrecuentes.una.ac.cr\/?epkb_post_type_1=ofrece-la-universidad-nacional-carreras-o-posgrados-virtuales\"  class=\"epkb-mp-article \"\n\t\t            data-kb-article-id=\"5557\" >\n\t\t\t<span class=\"eckb-article-title\"  style=\"color: #000000;\"  >\n\t\t\t\t<span class=\"eckb-article-title__icon ep_font_icon_document\"  style=\"color: #dd3333;\"  aria-hidden=\"true\"><\/span>\n\t\t\t\t<span class=\"eckb-article-title__text\" >\u00bfOfrece la Universidad Nacional carreras o posgrados virtuales?<\/span>\n\t\t\t<\/span> \t\t<\/a>    \t\t\t\t<\/li> \n\t\t<\/ul> \t\t\t<button class=\"epkb-show-all-articles\" aria-expanded=\"false\" data-btn-id=\"362\">\n\t\t\t\t\t<span class=\"epkb-show-text\">\n\t\t\t\t\t\tMostrar todos los art\u00edculos ( 5 )\n\t\t\t\t\t<\/span>\n\t\t\t\t<span class=\"epkb-hide-text epkb-hide-elem\">Contraer art\u00edculos<\/span>\n\t\t\t<\/button>\t\t\t\t\t\n\t\t\t\t\t<\/div><!-- Section Body End -->\n\n\t\t\t\t<\/section><!-- Section End -->  \n\t\t\t\t<!-- Section Container ( Category Box ) -->\n\t\t\t\t<section id=\"epkb_cat_4\" class=\"section_light_shadow epkb-top-category-box\"  style=\"border-radius: 4px; border-width: 1px; border-color: #CACACE; background-color: #FEFEFE; border-style: solid;\"  >\n\n\t\t\t\t\t<!-- Section Head -->\n\t\t\t\t\t<div class=\"section-head section_divider\"  style=\"border-bottom-width: 1px; background-color: #FFFFFF; border-top-left-radius: 4px; border-top-right-radius: 4px; border-bottom-color: #FFFFFF; padding-top: 20px; padding-bottom: 20px; padding-left: 20px; padding-right: 20px; padding-left: 10px;\"  >\n\n\t\t\t\t\t\t<!-- Category Name + Icon -->\n\t\t\t\t\t\t<div class=\"epkb-category-level-1 epkb-category-level-1--icon-loc-left epkb-category-level-1--alignment-left\" data-kb-category-id=\"364\" data-kb-type=\"category\"  style=\"color: #000000;\"  >\n\n\t\t\t\t\t\t\t<!-- Icon Top \/ Left -->\t                            \t\t\t\t\t\t\t\t\t<span class=\"epkb-cat-icon epkbfa epkbfa-certificate\" data-kb-category-icon=\"epkbfa-certificate\"  style=\"color: #eb5a46; font-size: 30px;\" ><\/span>\t\t\t\t\t\t\t\t<div class=\"epkb-cat-name\">    \t\t\t\t\t\t\t\t\t<div class=\"epkb-cat-name-count-container\"  style=\"color: #000000; font-size:24px;\" >\n\t\t\t\t\t\t\t\t\t\t<h2 class=\"epkb-cat-name\">Certificaciones<\/h2>\n\t\t\t\t\t\t\t\t\t\t<span class=\"epkb-cat-count\">7<\/span>\n\t\t\t\t\t\t\t\t\t<\/div> \n\t\t\t\t\t\t\t<\/div>\n\n\t\t\t\t\t\t\t<!-- Icon Right -->     \n\t\t\t\t\t\t<\/div>\n\n\t\t\t\t\t\t<!-- Category Description -->\t\t\t\t\t\t\t\t\t\t\t<\/div>\n\n\t\t\t\t\t<!-- Section Body -->\n\t\t\t\t\t<div class=\"epkb-section-body\"  style=\"border-bottom-width: 1px; padding-top: 4px; padding-bottom: 4px; padding-left: 22px; padding-right: 4px; min-height: 130px;\"  >\t\t\t\t\t\t\n\t\t<ul class=\"epkb-main-category epkb-articles\"  style=\"padding-left: 10px;\"  data-list-id=\"364\"> \t\t\t\t<li class=\"epkb-article-level-1 \" data-kb-article-id=\"6974\"\n\t\t\t\t        data-kb-type=\"article\"  style=\"padding-bottom: 4px; padding-top: 4px;\"  >   \n\t\t<a href=\"https:\/\/www.preguntasfrecuentes.una.ac.cr\/?epkb_post_type_1=que-tipos-de-certificaciones-ofrece-el-departamento-de-registro-de-la-universidad-nacional\"  class=\"epkb-mp-article \"\n\t\t            data-kb-article-id=\"6974\" >\n\t\t\t<span class=\"eckb-article-title\"  style=\"color: #000000;\"  >\n\t\t\t\t<span class=\"eckb-article-title__icon ep_font_icon_document\"  style=\"color: #dd3333;\"  aria-hidden=\"true\"><\/span>\n\t\t\t\t<span class=\"eckb-article-title__text\" >\u00bfQu\u00e9 tipos de certificaciones ofrece el Departamento de Registro de la Universidad Nacional?<\/span>\n\t\t\t<\/span> \t\t<\/a>    \t\t\t\t<\/li> \t\t\t\t<li class=\"epkb-article-level-1 \" data-kb-article-id=\"6093\"\n\t\t\t\t        data-kb-type=\"article\"  style=\"padding-bottom: 4px; padding-top: 4px;\"  >   \n\t\t<a href=\"https:\/\/www.preguntasfrecuentes.una.ac.cr\/?epkb_post_type_1=como-solicito-una-certificacion\"  class=\"epkb-mp-article \"\n\t\t            data-kb-article-id=\"6093\" >\n\t\t\t<span class=\"eckb-article-title\"  style=\"color: #000000;\"  >\n\t\t\t\t<span class=\"eckb-article-title__icon ep_font_icon_document\"  style=\"color: #dd3333;\"  aria-hidden=\"true\"><\/span>\n\t\t\t\t<span class=\"eckb-article-title__text\" >\u00bfC\u00f3mo solicito una certificaci\u00f3n?<\/span>\n\t\t\t<\/span> \t\t<\/a>    \t\t\t\t<\/li> \t\t\t\t<li class=\"epkb-article-level-1 \" data-kb-article-id=\"6040\"\n\t\t\t\t        data-kb-type=\"article\"  style=\"padding-bottom: 4px; padding-top: 4px;\"  >   \n\t\t<a href=\"https:\/\/www.preguntasfrecuentes.una.ac.cr\/?epkb_post_type_1=me-faltan-pocas-materias-para-terminar-mi-plan-de-estudios-y-necesito-una-certificacion-que-lo-acredite-2\"  class=\"epkb-mp-article \"\n\t\t            data-kb-article-id=\"6040\" >\n\t\t\t<span class=\"eckb-article-title\"  style=\"color: #000000;\"  >\n\t\t\t\t<span class=\"eckb-article-title__icon ep_font_icon_document\"  style=\"color: #dd3333;\"  aria-hidden=\"true\"><\/span>\n\t\t\t\t<span class=\"eckb-article-title__text\" >\u00bfMe faltan pocas materias para terminar mi plan de estudios y necesito una certificaci\u00f3n que lo acredite?<\/span>\n\t\t\t<\/span> \t\t<\/a>    \t\t\t\t<\/li> \t\t\t\t<li class=\"epkb-article-level-1 \" data-kb-article-id=\"5576\"\n\t\t\t\t        data-kb-type=\"article\"  style=\"padding-bottom: 4px; padding-top: 4px;\"  >   \n\t\t<a href=\"https:\/\/www.preguntasfrecuentes.una.ac.cr\/?epkb_post_type_1=como-obtengo-una-certificacion-de-la-una-si-estoy-en-el-extranjero\"  class=\"epkb-mp-article \"\n\t\t            data-kb-article-id=\"5576\" >\n\t\t\t<span class=\"eckb-article-title\"  style=\"color: #000000;\"  >\n\t\t\t\t<span class=\"eckb-article-title__icon ep_font_icon_document\"  style=\"color: #dd3333;\"  aria-hidden=\"true\"><\/span>\n\t\t\t\t<span class=\"eckb-article-title__text\" >\u00bfC\u00f3mo obtengo una certificaci\u00f3n de la UNA, si estoy en el extranjero?<\/span>\n\t\t\t<\/span> \t\t<\/a>    \t\t\t\t<\/li> \t\t\t\t<li class=\"epkb-article-level-1 \" data-kb-article-id=\"5574\"\n\t\t\t\t        data-kb-type=\"article\"  style=\"padding-bottom: 4px; padding-top: 4px;\"  >   \n\t\t<a href=\"https:\/\/www.preguntasfrecuentes.una.ac.cr\/?epkb_post_type_1=cuanto-tiempo-tardan-en-confeccionar-mi-certificacion-de-titulo\"  class=\"epkb-mp-article \"\n\t\t            data-kb-article-id=\"5574\" >\n\t\t\t<span class=\"eckb-article-title\"  style=\"color: #000000;\"  >\n\t\t\t\t<span class=\"eckb-article-title__icon ep_font_icon_document\"  style=\"color: #dd3333;\"  aria-hidden=\"true\"><\/span>\n\t\t\t\t<span class=\"eckb-article-title__text\" >\u00bfCu\u00e1nto tiempo tardan en confeccionar mi certificaci\u00f3n de t\u00edtulo?<\/span>\n\t\t\t<\/span> \t\t<\/a>    \t\t\t\t<\/li> \t\t\t\t<li class=\"epkb-article-level-1 epkb-hide-elem\" data-kb-article-id=\"5572\"\n\t\t\t\t        data-kb-type=\"article\"  style=\"padding-bottom: 4px; padding-top: 4px;\"  >   \n\t\t<a href=\"https:\/\/www.preguntasfrecuentes.una.ac.cr\/?epkb_post_type_1=como-puedo-obtener-una-certificacion-de-mi-titulo\"  class=\"epkb-mp-article \"\n\t\t            data-kb-article-id=\"5572\" >\n\t\t\t<span class=\"eckb-article-title\"  style=\"color: #000000;\"  >\n\t\t\t\t<span class=\"eckb-article-title__icon ep_font_icon_document\"  style=\"color: #dd3333;\"  aria-hidden=\"true\"><\/span>\n\t\t\t\t<span class=\"eckb-article-title__text\" >\u00bfC\u00f3mo puedo obtener una certificaci\u00f3n de mi t\u00edtulo?<\/span>\n\t\t\t<\/span> \t\t<\/a>    \t\t\t\t<\/li> \t\t\t\t<li class=\"epkb-article-level-1 epkb-hide-elem\" data-kb-article-id=\"5570\"\n\t\t\t\t        data-kb-type=\"article\"  style=\"padding-bottom: 4px; padding-top: 4px;\"  >   \n\t\t<a href=\"https:\/\/www.preguntasfrecuentes.una.ac.cr\/?epkb_post_type_1=como-puedo-retirar-la-certificacion-de-finalizacion-de-plan-de-estudios\"  class=\"epkb-mp-article \"\n\t\t            data-kb-article-id=\"5570\" >\n\t\t\t<span class=\"eckb-article-title\"  style=\"color: #000000;\"  >\n\t\t\t\t<span class=\"eckb-article-title__icon ep_font_icon_document\"  style=\"color: #dd3333;\"  aria-hidden=\"true\"><\/span>\n\t\t\t\t<span class=\"eckb-article-title__text\" >\u00bfC\u00f3mo puedo retirar la certificaci\u00f3n de finalizaci\u00f3n de plan de estudios?<\/span>\n\t\t\t<\/span> \t\t<\/a>    \t\t\t\t<\/li> \n\t\t<\/ul> \t\t\t<button class=\"epkb-show-all-articles\" aria-expanded=\"false\" data-btn-id=\"364\">\n\t\t\t\t\t<span class=\"epkb-show-text\">\n\t\t\t\t\t\tMostrar todos los art\u00edculos ( 2 )\n\t\t\t\t\t<\/span>\n\t\t\t\t<span class=\"epkb-hide-text epkb-hide-elem\">Contraer art\u00edculos<\/span>\n\t\t\t<\/button>\t\t\t\t\t\n\t\t\t\t\t<\/div><!-- Section Body End -->\n\n\t\t\t\t<\/section><!-- Section End -->  \t\t\t\t\t<\/div>  \t\t\t\t\t<div class=\"epkb-ml__module-categories-articles__row\">  \n\t\t\t\t<!-- Section Container ( Category Box ) -->\n\t\t\t\t<section id=\"epkb_cat_5\" class=\"section_light_shadow epkb-top-category-box\"  style=\"border-radius: 4px; border-width: 1px; border-color: #CACACE; background-color: #FEFEFE; border-style: solid;\"  >\n\n\t\t\t\t\t<!-- Section Head -->\n\t\t\t\t\t<div class=\"section-head section_divider\"  style=\"border-bottom-width: 1px; background-color: #FFFFFF; border-top-left-radius: 4px; border-top-right-radius: 4px; border-bottom-color: #FFFFFF; padding-top: 20px; padding-bottom: 20px; padding-left: 20px; padding-right: 20px; padding-left: 10px;\"  >\n\n\t\t\t\t\t\t<!-- Category Name + Icon -->\n\t\t\t\t\t\t<div class=\"epkb-category-level-1 epkb-category-level-1--icon-loc-left epkb-category-level-1--alignment-left\" data-kb-category-id=\"373\" data-kb-type=\"category\"  style=\"color: #000000;\"  >\n\n\t\t\t\t\t\t\t<!-- Icon Top \/ Left -->\t                            \t\t\t\t\t\t\t\t\t<span class=\"epkb-cat-icon epkbfa epkbfa-graduation-cap\" data-kb-category-icon=\"epkbfa-graduation-cap\"  style=\"color: #eb5a46; font-size: 30px;\" ><\/span>\t\t\t\t\t\t\t\t<div class=\"epkb-cat-name\">    \t\t\t\t\t\t\t\t\t<div class=\"epkb-cat-name-count-container\"  style=\"color: #000000; font-size:24px;\" >\n\t\t\t\t\t\t\t\t\t\t<h2 class=\"epkb-cat-name\">Graduaci\u00f3n<\/h2>\n\t\t\t\t\t\t\t\t\t\t<span class=\"epkb-cat-count\">18<\/span>\n\t\t\t\t\t\t\t\t\t<\/div> \n\t\t\t\t\t\t\t<\/div>\n\n\t\t\t\t\t\t\t<!-- Icon Right -->     \n\t\t\t\t\t\t<\/div>\n\n\t\t\t\t\t\t<!-- Category Description -->\t\t\t\t\t\t\t\t\t\t\t<\/div>\n\n\t\t\t\t\t<!-- Section Body -->\n\t\t\t\t\t<div class=\"epkb-section-body\"  style=\"border-bottom-width: 1px; padding-top: 4px; padding-bottom: 4px; padding-left: 22px; padding-right: 4px; min-height: 130px;\"  >\t\t\t\t\t\t\n\t\t<ul class=\"epkb-main-category epkb-articles\"  style=\"padding-left: 10px;\"  data-list-id=\"373\"> \t\t\t\t<li class=\"epkb-article-level-1 \" data-kb-article-id=\"6958\"\n\t\t\t\t        data-kb-type=\"article\"  style=\"padding-bottom: 4px; padding-top: 4px;\"  >   \n\t\t<a href=\"https:\/\/www.preguntasfrecuentes.una.ac.cr\/?epkb_post_type_1=cuales-son-los-pasos-para-realizar-la-inscripcion-para-la-i-graduacion-2023-como-estudiante-graduando\"  class=\"epkb-mp-article \"\n\t\t            data-kb-article-id=\"6958\" >\n\t\t\t<span class=\"eckb-article-title\"  style=\"color: #000000;\"  >\n\t\t\t\t<span class=\"eckb-article-title__icon ep_font_icon_document\"  style=\"color: #dd3333;\"  aria-hidden=\"true\"><\/span>\n\t\t\t\t<span class=\"eckb-article-title__text\" >\u00bfCu\u00e1les son los pasos para realizar la inscripci\u00f3n para la  Graduaci\u00f3n como estudiante graduando?<\/span>\n\t\t\t<\/span> \t\t<\/a>    \t\t\t\t<\/li> \t\t\t\t<li class=\"epkb-article-level-1 \" data-kb-article-id=\"6801\"\n\t\t\t\t        data-kb-type=\"article\"  style=\"padding-bottom: 4px; padding-top: 4px;\"  >   \n\t\t<a href=\"https:\/\/www.preguntasfrecuentes.una.ac.cr\/?epkb_post_type_1=ya-termine-mi-plan-de-estudios-como-puedo-obtener-una-certificacion-de-mi-titulo\"  class=\"epkb-mp-article \"\n\t\t            data-kb-article-id=\"6801\" >\n\t\t\t<span class=\"eckb-article-title\"  style=\"color: #000000;\"  >\n\t\t\t\t<span class=\"eckb-article-title__icon ep_font_icon_document\"  style=\"color: #dd3333;\"  aria-hidden=\"true\"><\/span>\n\t\t\t\t<span class=\"eckb-article-title__text\" >Ya termine mi plan de estudios \u00bfc\u00f3mo puedo obtener una certificaci\u00f3n de mi t\u00edtulo?<\/span>\n\t\t\t<\/span> \t\t<\/a>    \t\t\t\t<\/li> \t\t\t\t<li class=\"epkb-article-level-1 \" data-kb-article-id=\"6434\"\n\t\t\t\t        data-kb-type=\"article\"  style=\"padding-bottom: 4px; padding-top: 4px;\"  >   \n\t\t<a href=\"https:\/\/www.preguntasfrecuentes.una.ac.cr\/?epkb_post_type_1=como-se-realiza-la-juramentacion-via-web\"  class=\"epkb-mp-article \"\n\t\t            data-kb-article-id=\"6434\" >\n\t\t\t<span class=\"eckb-article-title\"  style=\"color: #000000;\"  >\n\t\t\t\t<span class=\"eckb-article-title__icon ep_font_icon_document\"  style=\"color: #dd3333;\"  aria-hidden=\"true\"><\/span>\n\t\t\t\t<span class=\"eckb-article-title__text\" >\u00bfC\u00f3mo se realiza la juramentaci\u00f3n v\u00eda web?<\/span>\n\t\t\t<\/span> \t\t<\/a>    \t\t\t\t<\/li> \t\t\t\t<li class=\"epkb-article-level-1 \" data-kb-article-id=\"6038\"\n\t\t\t\t        data-kb-type=\"article\"  style=\"padding-bottom: 4px; padding-top: 4px;\"  >   \n\t\t<a href=\"https:\/\/www.preguntasfrecuentes.una.ac.cr\/?epkb_post_type_1=como-puedo-retirar-la-certificacion\"  class=\"epkb-mp-article \"\n\t\t            data-kb-article-id=\"6038\" >\n\t\t\t<span class=\"eckb-article-title\"  style=\"color: #000000;\"  >\n\t\t\t\t<span class=\"eckb-article-title__icon ep_font_icon_document\"  style=\"color: #dd3333;\"  aria-hidden=\"true\"><\/span>\n\t\t\t\t<span class=\"eckb-article-title__text\" >\u00bfC\u00f3mo puedo retirar la certificaci\u00f3n?<\/span>\n\t\t\t<\/span> \t\t<\/a>    \t\t\t\t<\/li> \t\t\t\t<li class=\"epkb-article-level-1 \" data-kb-article-id=\"6036\"\n\t\t\t\t        data-kb-type=\"article\"  style=\"padding-bottom: 4px; padding-top: 4px;\"  >   \n\t\t<a href=\"https:\/\/www.preguntasfrecuentes.una.ac.cr\/?epkb_post_type_1=si-ya-termine-mi-plan-de-estudios-y-tengo-pendiente-mi-tesis-como-puedo-obtener-una-certificacion-que-lo-acredite-2\"  class=\"epkb-mp-article \"\n\t\t            data-kb-article-id=\"6036\" >\n\t\t\t<span class=\"eckb-article-title\"  style=\"color: #000000;\"  >\n\t\t\t\t<span class=\"eckb-article-title__icon ep_font_icon_document\"  style=\"color: #dd3333;\"  aria-hidden=\"true\"><\/span>\n\t\t\t\t<span class=\"eckb-article-title__text\" >\u00bfSi ya termine mi plan de estudios y tengo pendiente mi tesis, c\u00f3mo puedo obtener una certificaci\u00f3n que lo acredite?<\/span>\n\t\t\t<\/span> \t\t<\/a>    \t\t\t\t<\/li> \t\t\t\t<li class=\"epkb-article-level-1 epkb-hide-elem\" data-kb-article-id=\"5588\"\n\t\t\t\t        data-kb-type=\"article\"  style=\"padding-bottom: 4px; padding-top: 4px;\"  >   \n\t\t<a href=\"https:\/\/www.preguntasfrecuentes.una.ac.cr\/?epkb_post_type_1=donde-encuentro-el-formulario-para-autorizar-la-verificacion-de-mi-titulo\"  class=\"epkb-mp-article \"\n\t\t            data-kb-article-id=\"5588\" >\n\t\t\t<span class=\"eckb-article-title\"  style=\"color: #000000;\"  >\n\t\t\t\t<span class=\"eckb-article-title__icon ep_font_icon_document\"  style=\"color: #dd3333;\"  aria-hidden=\"true\"><\/span>\n\t\t\t\t<span class=\"eckb-article-title__text\" >\u00bfD\u00f3nde encuentro el formulario para autorizar la verificaci\u00f3n de mi t\u00edtulo?<\/span>\n\t\t\t<\/span> \t\t<\/a>    \t\t\t\t<\/li> \t\t\t\t<li class=\"epkb-article-level-1 epkb-hide-elem\" data-kb-article-id=\"5577\"\n\t\t\t\t        data-kb-type=\"article\"  style=\"padding-bottom: 4px; padding-top: 4px;\"  >   \n\t\t<a href=\"https:\/\/www.preguntasfrecuentes.una.ac.cr\/?epkb_post_type_1=como-puedo-obtener-un-certificado-de-mi-titulo-si-me-gradue-anos-atras\"  class=\"epkb-mp-article \"\n\t\t            data-kb-article-id=\"5577\" >\n\t\t\t<span class=\"eckb-article-title\"  style=\"color: #000000;\"  >\n\t\t\t\t<span class=\"eckb-article-title__icon ep_font_icon_document\"  style=\"color: #dd3333;\"  aria-hidden=\"true\"><\/span>\n\t\t\t\t<span class=\"eckb-article-title__text\" >\u00bfC\u00f3mo puedo obtener un certificado de mi t\u00edtulo, si me gradu\u00e9 a\u00f1os atr\u00e1s?<\/span>\n\t\t\t<\/span> \t\t<\/a>    \t\t\t\t<\/li> \t\t\t\t<li class=\"epkb-article-level-1 epkb-hide-elem\" data-kb-article-id=\"5587\"\n\t\t\t\t        data-kb-type=\"article\"  style=\"padding-bottom: 4px; padding-top: 4px;\"  >   \n\t\t<a href=\"https:\/\/www.preguntasfrecuentes.una.ac.cr\/?epkb_post_type_1=cuanto-tiempo-tarda-la-reposicion-de-mi-diploma\"  class=\"epkb-mp-article \"\n\t\t            data-kb-article-id=\"5587\" >\n\t\t\t<span class=\"eckb-article-title\"  style=\"color: #000000;\"  >\n\t\t\t\t<span class=\"eckb-article-title__icon ep_font_icon_document\"  style=\"color: #dd3333;\"  aria-hidden=\"true\"><\/span>\n\t\t\t\t<span class=\"eckb-article-title__text\" >\u00bfCu\u00e1nto tiempo tarda la reposici\u00f3n de mi diploma?<\/span>\n\t\t\t<\/span> \t\t<\/a>    \t\t\t\t<\/li> \t\t\t\t<li class=\"epkb-article-level-1 epkb-hide-elem\" data-kb-article-id=\"5586\"\n\t\t\t\t        data-kb-type=\"article\"  style=\"padding-bottom: 4px; padding-top: 4px;\"  >   \n\t\t<a href=\"https:\/\/www.preguntasfrecuentes.una.ac.cr\/?epkb_post_type_1=como-repongo-mi-titulo-si-por-alguna-razon-se-me-perdio-o-dano\"  class=\"epkb-mp-article \"\n\t\t            data-kb-article-id=\"5586\" >\n\t\t\t<span class=\"eckb-article-title\"  style=\"color: #000000;\"  >\n\t\t\t\t<span class=\"eckb-article-title__icon ep_font_icon_document\"  style=\"color: #dd3333;\"  aria-hidden=\"true\"><\/span>\n\t\t\t\t<span class=\"eckb-article-title__text\" >\u00bfC\u00f3mo repongo mi t\u00edtulo, si por alguna raz\u00f3n se me perdi\u00f3 o da\u00f1\u00f3?<\/span>\n\t\t\t<\/span> \t\t<\/a>    \t\t\t\t<\/li> \t\t\t\t<li class=\"epkb-article-level-1 epkb-hide-elem\" data-kb-article-id=\"5584\"\n\t\t\t\t        data-kb-type=\"article\"  style=\"padding-bottom: 4px; padding-top: 4px;\"  >   \n\t\t<a href=\"https:\/\/www.preguntasfrecuentes.una.ac.cr\/?epkb_post_type_1=en-que-fechas-se-exhibe-el-padron-de-inscritos-para-graduacion\"  class=\"epkb-mp-article \"\n\t\t            data-kb-article-id=\"5584\" >\n\t\t\t<span class=\"eckb-article-title\"  style=\"color: #000000;\"  >\n\t\t\t\t<span class=\"eckb-article-title__icon ep_font_icon_document\"  style=\"color: #dd3333;\"  aria-hidden=\"true\"><\/span>\n\t\t\t\t<span class=\"eckb-article-title__text\" >\u00bfEn qu\u00e9 fechas se exhibe el padr\u00f3n de inscritos para graduaci\u00f3n?<\/span>\n\t\t\t<\/span> \t\t<\/a>    \t\t\t\t<\/li> \t\t\t\t<li class=\"epkb-article-level-1 epkb-hide-elem\" data-kb-article-id=\"5585\"\n\t\t\t\t        data-kb-type=\"article\"  style=\"padding-bottom: 4px; padding-top: 4px;\"  >   \n\t\t<a href=\"https:\/\/www.preguntasfrecuentes.una.ac.cr\/?epkb_post_type_1=que-hago-si-al-revisar-mis-datos-en-el-padron-estos-no-estan-correctos\"  class=\"epkb-mp-article \"\n\t\t            data-kb-article-id=\"5585\" >\n\t\t\t<span class=\"eckb-article-title\"  style=\"color: #000000;\"  >\n\t\t\t\t<span class=\"eckb-article-title__icon ep_font_icon_document\"  style=\"color: #dd3333;\"  aria-hidden=\"true\"><\/span>\n\t\t\t\t<span class=\"eckb-article-title__text\" >\u00bfQu\u00e9 hago si al revisar mis datos en el padr\u00f3n, estos no est\u00e1n correctos?<\/span>\n\t\t\t<\/span> \t\t<\/a>    \t\t\t\t<\/li> \t\t\t\t<li class=\"epkb-article-level-1 epkb-hide-elem\" data-kb-article-id=\"5582\"\n\t\t\t\t        data-kb-type=\"article\"  style=\"padding-bottom: 4px; padding-top: 4px;\"  >   \n\t\t<a href=\"https:\/\/www.preguntasfrecuentes.una.ac.cr\/?epkb_post_type_1=cuantos-invitados-me-permiten-llevar-a-mi-graduacion\"  class=\"epkb-mp-article \"\n\t\t            data-kb-article-id=\"5582\" >\n\t\t\t<span class=\"eckb-article-title\"  style=\"color: #000000;\"  >\n\t\t\t\t<span class=\"eckb-article-title__icon ep_font_icon_document\"  style=\"color: #dd3333;\"  aria-hidden=\"true\"><\/span>\n\t\t\t\t<span class=\"eckb-article-title__text\" >\u00bfCu\u00e1ntos invitados me permiten llevar a mi graduaci\u00f3n?<\/span>\n\t\t\t<\/span> \t\t<\/a>    \t\t\t\t<\/li> \t\t\t\t<li class=\"epkb-article-level-1 epkb-hide-elem\" data-kb-article-id=\"5583\"\n\t\t\t\t        data-kb-type=\"article\"  style=\"padding-bottom: 4px; padding-top: 4px;\"  >   \n\t\t<a href=\"https:\/\/www.preguntasfrecuentes.una.ac.cr\/?epkb_post_type_1=que-informacion-contiene-el-padron-de-inscritos-para-graduacion\"  class=\"epkb-mp-article \"\n\t\t            data-kb-article-id=\"5583\" >\n\t\t\t<span class=\"eckb-article-title\"  style=\"color: #000000;\"  >\n\t\t\t\t<span class=\"eckb-article-title__icon ep_font_icon_document\"  style=\"color: #dd3333;\"  aria-hidden=\"true\"><\/span>\n\t\t\t\t<span class=\"eckb-article-title__text\" >\u00bfQu\u00e9 informaci\u00f3n contiene el padr\u00f3n de inscritos para graduaci\u00f3n?<\/span>\n\t\t\t<\/span> \t\t<\/a>    \t\t\t\t<\/li> \t\t\t\t<li class=\"epkb-article-level-1 epkb-hide-elem\" data-kb-article-id=\"5580\"\n\t\t\t\t        data-kb-type=\"article\"  style=\"padding-bottom: 4px; padding-top: 4px;\"  >   \n\t\t<a href=\"https:\/\/www.preguntasfrecuentes.una.ac.cr\/?epkb_post_type_1=que-debo-hacer-para-inscribirme-para-la-proxima-graduacion\"  class=\"epkb-mp-article \"\n\t\t            data-kb-article-id=\"5580\" >\n\t\t\t<span class=\"eckb-article-title\"  style=\"color: #000000;\"  >\n\t\t\t\t<span class=\"eckb-article-title__icon ep_font_icon_document\"  style=\"color: #dd3333;\"  aria-hidden=\"true\"><\/span>\n\t\t\t\t<span class=\"eckb-article-title__text\" >\u00bfCu\u00e1les son los pasos y requisitos que un estudiante debe seguir y cumplir para inscribirse como graduando en la Universidad Nacional de Costa Rica?<\/span>\n\t\t\t<\/span> \t\t<\/a>    \t\t\t\t<\/li> \t\t\t\t<li class=\"epkb-article-level-1 epkb-hide-elem\" data-kb-article-id=\"5581\"\n\t\t\t\t        data-kb-type=\"article\"  style=\"padding-bottom: 4px; padding-top: 4px;\"  >   \n\t\t<a href=\"https:\/\/www.preguntasfrecuentes.una.ac.cr\/?epkb_post_type_1=donde-debo-retirar-las-invitaciones-de-mi-graduacion\"  class=\"epkb-mp-article \"\n\t\t            data-kb-article-id=\"5581\" >\n\t\t\t<span class=\"eckb-article-title\"  style=\"color: #000000;\"  >\n\t\t\t\t<span class=\"eckb-article-title__icon ep_font_icon_document\"  style=\"color: #dd3333;\"  aria-hidden=\"true\"><\/span>\n\t\t\t\t<span class=\"eckb-article-title__text\" >\u00bfD\u00f3nde debo retirar las invitaciones de mi graduaci\u00f3n?<\/span>\n\t\t\t<\/span> \t\t<\/a>    \t\t\t\t<\/li> \t\t\t\t<li class=\"epkb-article-level-1 epkb-hide-elem\" data-kb-article-id=\"5579\"\n\t\t\t\t        data-kb-type=\"article\"  style=\"padding-bottom: 4px; padding-top: 4px;\"  >   \n\t\t<a href=\"https:\/\/www.preguntasfrecuentes.una.ac.cr\/?epkb_post_type_1=que-requisitos-academicos-y-administrativos-debo-cumplir-para-graduarme\"  class=\"epkb-mp-article \"\n\t\t            data-kb-article-id=\"5579\" >\n\t\t\t<span class=\"eckb-article-title\"  style=\"color: #000000;\"  >\n\t\t\t\t<span class=\"eckb-article-title__icon ep_font_icon_document\"  style=\"color: #dd3333;\"  aria-hidden=\"true\"><\/span>\n\t\t\t\t<span class=\"eckb-article-title__text\" >\u00bfQu\u00e9 requisitos acad\u00e9micos y administrativos debo cumplir para graduarme?<\/span>\n\t\t\t<\/span> \t\t<\/a>    \t\t\t\t<\/li> \t\t\t\t<li class=\"epkb-article-level-1 epkb-hide-elem\" data-kb-article-id=\"5578\"\n\t\t\t\t        data-kb-type=\"article\"  style=\"padding-bottom: 4px; padding-top: 4px;\"  >   \n\t\t<a href=\"https:\/\/www.preguntasfrecuentes.una.ac.cr\/?epkb_post_type_1=cual-es-el-procedimiento-para-graduarse-una-vez-presentada-y-aprobada-la-tesis\"  class=\"epkb-mp-article \"\n\t\t            data-kb-article-id=\"5578\" >\n\t\t\t<span class=\"eckb-article-title\"  style=\"color: #000000;\"  >\n\t\t\t\t<span class=\"eckb-article-title__icon ep_font_icon_document\"  style=\"color: #dd3333;\"  aria-hidden=\"true\"><\/span>\n\t\t\t\t<span class=\"eckb-article-title__text\" >\u00bfCu\u00e1l es el procedimiento para graduarse, una vez presentada y aprobada la tesis?<\/span>\n\t\t\t<\/span> \t\t<\/a>    \t\t\t\t<\/li> \t\t\t\t<li class=\"epkb-article-level-1 epkb-hide-elem\" data-kb-article-id=\"5573\"\n\t\t\t\t        data-kb-type=\"article\"  style=\"padding-bottom: 4px; padding-top: 4px;\"  >   \n\t\t<a href=\"https:\/\/www.preguntasfrecuentes.una.ac.cr\/?epkb_post_type_1=cuanto-tiempo-tarda-en-llegar-mi-acta-de-graduando\"  class=\"epkb-mp-article \"\n\t\t            data-kb-article-id=\"5573\" >\n\t\t\t<span class=\"eckb-article-title\"  style=\"color: #000000;\"  >\n\t\t\t\t<span class=\"eckb-article-title__icon ep_font_icon_document\"  style=\"color: #dd3333;\"  aria-hidden=\"true\"><\/span>\n\t\t\t\t<span class=\"eckb-article-title__text\" >\u00bfCu\u00e1nto tiempo tarda en llegar mi Acta de Graduando?<\/span>\n\t\t\t<\/span> \t\t<\/a>    \t\t\t\t<\/li> \n\t\t<\/ul> \t\t\t<button class=\"epkb-show-all-articles\" aria-expanded=\"false\" data-btn-id=\"373\">\n\t\t\t\t\t<span class=\"epkb-show-text\">\n\t\t\t\t\t\tMostrar todos los art\u00edculos ( 13 )\n\t\t\t\t\t<\/span>\n\t\t\t\t<span class=\"epkb-hide-text epkb-hide-elem\">Contraer art\u00edculos<\/span>\n\t\t\t<\/button>\t\t\t\t\t\n\t\t\t\t\t<\/div><!-- Section Body End -->\n\n\t\t\t\t<\/section><!-- Section End -->  \n\t\t\t\t<!-- Section Container ( Category Box ) -->\n\t\t\t\t<section id=\"epkb_cat_6\" class=\"section_light_shadow epkb-top-category-box\"  style=\"border-radius: 4px; border-width: 1px; border-color: #CACACE; background-color: #FEFEFE; border-style: solid;\"  >\n\n\t\t\t\t\t<!-- Section Head -->\n\t\t\t\t\t<div class=\"section-head section_divider\"  style=\"border-bottom-width: 1px; background-color: #FFFFFF; border-top-left-radius: 4px; border-top-right-radius: 4px; border-bottom-color: #FFFFFF; padding-top: 20px; padding-bottom: 20px; padding-left: 20px; padding-right: 20px; padding-left: 10px;\"  >\n\n\t\t\t\t\t\t<!-- Category Name + Icon -->\n\t\t\t\t\t\t<div class=\"epkb-category-level-1 epkb-category-level-1--icon-loc-left epkb-category-level-1--alignment-left\" data-kb-category-id=\"374\" data-kb-type=\"category\"  style=\"color: #000000;\"  >\n\n\t\t\t\t\t\t\t<!-- Icon Top \/ Left -->\t                            \t\t\t\t\t\t\t\t\t<span class=\"epkb-cat-icon epkbfa epkbfa-laptop\" data-kb-category-icon=\"epkbfa-laptop\"  style=\"color: #eb5a46; font-size: 30px;\" ><\/span>\t\t\t\t\t\t\t\t<div class=\"epkb-cat-name\">    \t\t\t\t\t\t\t\t\t<div class=\"epkb-cat-name-count-container\"  style=\"color: #000000; font-size:24px;\" >\n\t\t\t\t\t\t\t\t\t\t<h2 class=\"epkb-cat-name\">Matr\u00edcula<\/h2>\n\t\t\t\t\t\t\t\t\t\t<span class=\"epkb-cat-count\">50<\/span>\n\t\t\t\t\t\t\t\t\t<\/div> \n\t\t\t\t\t\t\t<\/div>\n\n\t\t\t\t\t\t\t<!-- Icon Right -->     \n\t\t\t\t\t\t<\/div>\n\n\t\t\t\t\t\t<!-- Category Description -->\t\t\t\t\t\t\t\t\t\t\t<\/div>\n\n\t\t\t\t\t<!-- Section Body -->\n\t\t\t\t\t<div class=\"epkb-section-body\"  style=\"border-bottom-width: 1px; padding-top: 4px; padding-bottom: 4px; padding-left: 22px; padding-right: 4px; min-height: 130px;\"  >\t\t\t\t\t\t\n\t\t<ul class=\"epkb-main-category epkb-articles\"  style=\"padding-left: 10px;\"  data-list-id=\"374\"> \t\t\t\t<li class=\"epkb-article-level-1 \" data-kb-article-id=\"6634\"\n\t\t\t\t        data-kb-type=\"article\"  style=\"padding-bottom: 4px; padding-top: 4px;\"  >   \n\t\t<a href=\"https:\/\/www.preguntasfrecuentes.una.ac.cr\/?epkb_post_type_1=como-matricular\"  class=\"epkb-mp-article \"\n\t\t            data-kb-article-id=\"6634\" >\n\t\t\t<span class=\"eckb-article-title\"  style=\"color: #000000;\"  >\n\t\t\t\t<span class=\"eckb-article-title__icon ep_font_icon_document\"  style=\"color: #dd3333;\"  aria-hidden=\"true\"><\/span>\n\t\t\t\t<span class=\"eckb-article-title__text\" >\u00bfC\u00f3mo matricular?<\/span>\n\t\t\t<\/span> \t\t<\/a>    \t\t\t\t<\/li> \t\t\t\t<li class=\"epkb-article-level-1 \" data-kb-article-id=\"6575\"\n\t\t\t\t        data-kb-type=\"article\"  style=\"padding-bottom: 4px; padding-top: 4px;\"  >   \n\t\t<a href=\"https:\/\/www.preguntasfrecuentes.una.ac.cr\/?epkb_post_type_1=como-y-cuando-se-realiza-el-proceso-de-solicitud-de-matricula-prioritaria\"  class=\"epkb-mp-article \"\n\t\t            data-kb-article-id=\"6575\" >\n\t\t\t<span class=\"eckb-article-title\"  style=\"color: #000000;\"  >\n\t\t\t\t<span class=\"eckb-article-title__icon ep_font_icon_document\"  style=\"color: #dd3333;\"  aria-hidden=\"true\"><\/span>\n\t\t\t\t<span class=\"eckb-article-title__text\" >\u00bfCu\u00e1ndo y c\u00f3mo se realiza el proceso de solicitud de matr\u00edcula prioritaria?<\/span>\n\t\t\t<\/span> \t\t<\/a>    \t\t\t\t<\/li> \t\t\t\t<li class=\"epkb-article-level-1 \" data-kb-article-id=\"6573\"\n\t\t\t\t        data-kb-type=\"article\"  style=\"padding-bottom: 4px; padding-top: 4px;\"  >   \n\t\t<a href=\"https:\/\/www.preguntasfrecuentes.una.ac.cr\/?epkb_post_type_1=que-tipos-de-curso-puedo-matricular\"  class=\"epkb-mp-article \"\n\t\t            data-kb-article-id=\"6573\" >\n\t\t\t<span class=\"eckb-article-title\"  style=\"color: #000000;\"  >\n\t\t\t\t<span class=\"eckb-article-title__icon ep_font_icon_document\"  style=\"color: #dd3333;\"  aria-hidden=\"true\"><\/span>\n\t\t\t\t<span class=\"eckb-article-title__text\" >\u00bfQu\u00e9 tipos de curso puedo matricular?<\/span>\n\t\t\t<\/span> \t\t<\/a>    \t\t\t\t<\/li> \t\t\t\t<li class=\"epkb-article-level-1 \" data-kb-article-id=\"6571\"\n\t\t\t\t        data-kb-type=\"article\"  style=\"padding-bottom: 4px; padding-top: 4px;\"  >   \n\t\t<a href=\"https:\/\/www.preguntasfrecuentes.una.ac.cr\/?epkb_post_type_1=como-se-que-tengo-que-matricular\"  class=\"epkb-mp-article \"\n\t\t            data-kb-article-id=\"6571\" >\n\t\t\t<span class=\"eckb-article-title\"  style=\"color: #000000;\"  >\n\t\t\t\t<span class=\"eckb-article-title__icon ep_font_icon_document\"  style=\"color: #dd3333;\"  aria-hidden=\"true\"><\/span>\n\t\t\t\t<span class=\"eckb-article-title__text\" >\u00bfC\u00f3mo se qu\u00e9 tengo que matricular?<\/span>\n\t\t\t<\/span> \t\t<\/a>    \t\t\t\t<\/li> \t\t\t\t<li class=\"epkb-article-level-1 \" data-kb-article-id=\"6339\"\n\t\t\t\t        data-kb-type=\"article\"  style=\"padding-bottom: 4px; padding-top: 4px;\"  >   \n\t\t<a href=\"https:\/\/www.preguntasfrecuentes.una.ac.cr\/?epkb_post_type_1=cuales-son-las-formas-de-pago-que-tiene-la-una-en-caso-de-pendientes\"  class=\"epkb-mp-article \"\n\t\t            data-kb-article-id=\"6339\" >\n\t\t\t<span class=\"eckb-article-title\"  style=\"color: #000000;\"  >\n\t\t\t\t<span class=\"eckb-article-title__icon ep_font_icon_document\"  style=\"color: #dd3333;\"  aria-hidden=\"true\"><\/span>\n\t\t\t\t<span class=\"eckb-article-title__text\" >\u00bfCuales son las formas de pago que tiene la UNA, en caso de Pendientes?<\/span>\n\t\t\t<\/span> \t\t<\/a>    \t\t\t\t<\/li> \t\t\t\t<li class=\"epkb-article-level-1 epkb-hide-elem\" data-kb-article-id=\"6033\"\n\t\t\t\t        data-kb-type=\"article\"  style=\"padding-bottom: 4px; padding-top: 4px;\"  >   \n\t\t<a href=\"https:\/\/www.preguntasfrecuentes.una.ac.cr\/?epkb_post_type_1=existen-otros-servicios-que-pueda-necesitar-y-debo-cancelar\"  class=\"epkb-mp-article \"\n\t\t            data-kb-article-id=\"6033\" >\n\t\t\t<span class=\"eckb-article-title\"  style=\"color: #000000;\"  >\n\t\t\t\t<span class=\"eckb-article-title__icon ep_font_icon_document\"  style=\"color: #dd3333;\"  aria-hidden=\"true\"><\/span>\n\t\t\t\t<span class=\"eckb-article-title__text\" >\u00bfExisten otros servicios que pueda necesitar y debo cancelar?<\/span>\n\t\t\t<\/span> \t\t<\/a>    \t\t\t\t<\/li> \t\t\t\t<li class=\"epkb-article-level-1 epkb-hide-elem\" data-kb-article-id=\"6031\"\n\t\t\t\t        data-kb-type=\"article\"  style=\"padding-bottom: 4px; padding-top: 4px;\"  >   \n\t\t<a href=\"https:\/\/www.preguntasfrecuentes.una.ac.cr\/?epkb_post_type_1=cual-es-el-precio-de-los-creditos-por-laboratorios\"  class=\"epkb-mp-article \"\n\t\t            data-kb-article-id=\"6031\" >\n\t\t\t<span class=\"eckb-article-title\"  style=\"color: #000000;\"  >\n\t\t\t\t<span class=\"eckb-article-title__icon ep_font_icon_document\"  style=\"color: #dd3333;\"  aria-hidden=\"true\"><\/span>\n\t\t\t\t<span class=\"eckb-article-title__text\" >\u00bfCu\u00e1l es el precio de los cr\u00e9ditos por laboratorios?<\/span>\n\t\t\t<\/span> \t\t<\/a>    \t\t\t\t<\/li> \t\t\t\t<li class=\"epkb-article-level-1 epkb-hide-elem\" data-kb-article-id=\"6029\"\n\t\t\t\t        data-kb-type=\"article\"  style=\"padding-bottom: 4px; padding-top: 4px;\"  >   \n\t\t<a href=\"https:\/\/www.preguntasfrecuentes.una.ac.cr\/?epkb_post_type_1=cuanto-cuesta-el-derecho-o-timbre-de-matricula\"  class=\"epkb-mp-article \"\n\t\t            data-kb-article-id=\"6029\" >\n\t\t\t<span class=\"eckb-article-title\"  style=\"color: #000000;\"  >\n\t\t\t\t<span class=\"eckb-article-title__icon ep_font_icon_document\"  style=\"color: #dd3333;\"  aria-hidden=\"true\"><\/span>\n\t\t\t\t<span class=\"eckb-article-title__text\" >\u00bfCu\u00e1nto cuesta el derecho o timbre de matr\u00edcula?<\/span>\n\t\t\t<\/span> \t\t<\/a>    \t\t\t\t<\/li> \t\t\t\t<li class=\"epkb-article-level-1 epkb-hide-elem\" data-kb-article-id=\"6027\"\n\t\t\t\t        data-kb-type=\"article\"  style=\"padding-bottom: 4px; padding-top: 4px;\"  >   \n\t\t<a href=\"https:\/\/www.preguntasfrecuentes.una.ac.cr\/?epkb_post_type_1=cuanto-cuesta-un-credito\"  class=\"epkb-mp-article \"\n\t\t            data-kb-article-id=\"6027\" >\n\t\t\t<span class=\"eckb-article-title\"  style=\"color: #000000;\"  >\n\t\t\t\t<span class=\"eckb-article-title__icon ep_font_icon_document\"  style=\"color: #dd3333;\"  aria-hidden=\"true\"><\/span>\n\t\t\t\t<span class=\"eckb-article-title__text\" >\u00bfCu\u00e1nto cuesta un cr\u00e9dito?<\/span>\n\t\t\t<\/span> \t\t<\/a>    \t\t\t\t<\/li> \t\t\t\t<li class=\"epkb-article-level-1 epkb-hide-elem\" data-kb-article-id=\"6025\"\n\t\t\t\t        data-kb-type=\"article\"  style=\"padding-bottom: 4px; padding-top: 4px;\"  >   \n\t\t<a href=\"https:\/\/www.preguntasfrecuentes.una.ac.cr\/?epkb_post_type_1=cuando-tengo-que-pagar-los-creditos\"  class=\"epkb-mp-article \"\n\t\t            data-kb-article-id=\"6025\" >\n\t\t\t<span class=\"eckb-article-title\"  style=\"color: #000000;\"  >\n\t\t\t\t<span class=\"eckb-article-title__icon ep_font_icon_document\"  style=\"color: #dd3333;\"  aria-hidden=\"true\"><\/span>\n\t\t\t\t<span class=\"eckb-article-title__text\" >\u00bfCu\u00e1ndo tengo que pagar los cr\u00e9ditos?<\/span>\n\t\t\t<\/span> \t\t<\/a>    \t\t\t\t<\/li> \t\t\t\t<li class=\"epkb-article-level-1 epkb-hide-elem\" data-kb-article-id=\"6023\"\n\t\t\t\t        data-kb-type=\"article\"  style=\"padding-bottom: 4px; padding-top: 4px;\"  >   \n\t\t<a href=\"https:\/\/www.preguntasfrecuentes.una.ac.cr\/?epkb_post_type_1=es-importante-obtener-el-correo-electronico-institucional-o-correo-estudiantil\"  class=\"epkb-mp-article \"\n\t\t            data-kb-article-id=\"6023\" >\n\t\t\t<span class=\"eckb-article-title\"  style=\"color: #000000;\"  >\n\t\t\t\t<span class=\"eckb-article-title__icon ep_font_icon_document\"  style=\"color: #dd3333;\"  aria-hidden=\"true\"><\/span>\n\t\t\t\t<span class=\"eckb-article-title__text\" >\u00bfEs importante obtener el correo electr\u00f3nico institucional o correo estudiantil?<\/span>\n\t\t\t<\/span> \t\t<\/a>    \t\t\t\t<\/li> \t\t\t\t<li class=\"epkb-article-level-1 epkb-hide-elem\" data-kb-article-id=\"6020\"\n\t\t\t\t        data-kb-type=\"article\"  style=\"padding-bottom: 4px; padding-top: 4px;\"  >   \n\t\t<a href=\"https:\/\/www.preguntasfrecuentes.una.ac.cr\/?epkb_post_type_1=que-debe-hacer-si-olvido-su-contrasena-para-el-sistema-de-matricula-o-desea-obtenerla-por-primera-vez\"  class=\"epkb-mp-article \"\n\t\t            data-kb-article-id=\"6020\" >\n\t\t\t<span class=\"eckb-article-title\"  style=\"color: #000000;\"  >\n\t\t\t\t<span class=\"eckb-article-title__icon ep_font_icon_document\"  style=\"color: #dd3333;\"  aria-hidden=\"true\"><\/span>\n\t\t\t\t<span class=\"eckb-article-title__text\" >\u00bfQu\u00e9 debe hacer si olvid\u00f3 su contrase\u00f1a para el sistema de Matr\u00edcula o desea obtenerla por primera vez?<\/span>\n\t\t\t<\/span> \t\t<\/a>    \t\t\t\t<\/li> \t\t\t\t<li class=\"epkb-article-level-1 epkb-hide-elem\" data-kb-article-id=\"6016\"\n\t\t\t\t        data-kb-type=\"article\"  style=\"padding-bottom: 4px; padding-top: 4px;\"  >   \n\t\t<a href=\"https:\/\/www.preguntasfrecuentes.una.ac.cr\/?epkb_post_type_1=cuando-inicia-el-periodo-para-realizar-el-proceso-de-cambio-de-carrera-de-estudiantes-regulares\"  class=\"epkb-mp-article \"\n\t\t            data-kb-article-id=\"6016\" >\n\t\t\t<span class=\"eckb-article-title\"  style=\"color: #000000;\"  >\n\t\t\t\t<span class=\"eckb-article-title__icon ep_font_icon_document\"  style=\"color: #dd3333;\"  aria-hidden=\"true\"><\/span>\n\t\t\t\t<span class=\"eckb-article-title__text\" >\u00bfCu\u00e1ndo inicia el per\u00edodo para realizar el proceso de cambio de carrera de estudiantes regulares?<\/span>\n\t\t\t<\/span> \t\t<\/a>    \t\t\t\t<\/li> \t\t\t\t<li class=\"epkb-article-level-1 epkb-hide-elem\" data-kb-article-id=\"6012\"\n\t\t\t\t        data-kb-type=\"article\"  style=\"padding-bottom: 4px; padding-top: 4px;\"  >   \n\t\t<a href=\"https:\/\/www.preguntasfrecuentes.una.ac.cr\/?epkb_post_type_1=cuando-inician-las-clases-del-i-ciclo-2021\"  class=\"epkb-mp-article \"\n\t\t            data-kb-article-id=\"6012\" >\n\t\t\t<span class=\"eckb-article-title\"  style=\"color: #000000;\"  >\n\t\t\t\t<span class=\"eckb-article-title__icon ep_font_icon_document\"  style=\"color: #dd3333;\"  aria-hidden=\"true\"><\/span>\n\t\t\t\t<span class=\"eckb-article-title__text\" >\u00bfCu\u00e1ndo inician las clases?<\/span>\n\t\t\t<\/span> \t\t<\/a>    \t\t\t\t<\/li> \t\t\t\t<li class=\"epkb-article-level-1 epkb-hide-elem\" data-kb-article-id=\"6009\"\n\t\t\t\t        data-kb-type=\"article\"  style=\"padding-bottom: 4px; padding-top: 4px;\"  >   \n\t\t<a href=\"https:\/\/www.preguntasfrecuentes.una.ac.cr\/?epkb_post_type_1=que-es-un-nrc\"  class=\"epkb-mp-article \"\n\t\t            data-kb-article-id=\"6009\" >\n\t\t\t<span class=\"eckb-article-title\"  style=\"color: #000000;\"  >\n\t\t\t\t<span class=\"eckb-article-title__icon ep_font_icon_document\"  style=\"color: #dd3333;\"  aria-hidden=\"true\"><\/span>\n\t\t\t\t<span class=\"eckb-article-title__text\" >\u00bfQu\u00e9 es un NRC?<\/span>\n\t\t\t<\/span> \t\t<\/a>    \t\t\t\t<\/li> \t\t\t\t<li class=\"epkb-article-level-1 epkb-hide-elem\" data-kb-article-id=\"6006\"\n\t\t\t\t        data-kb-type=\"article\"  style=\"padding-bottom: 4px; padding-top: 4px;\"  >   \n\t\t<a href=\"https:\/\/www.preguntasfrecuentes.una.ac.cr\/?epkb_post_type_1=como-saber-si-tengo-algun-pendiente-que-me-impida-realizar-la-matricula\"  class=\"epkb-mp-article \"\n\t\t            data-kb-article-id=\"6006\" >\n\t\t\t<span class=\"eckb-article-title\"  style=\"color: #000000;\"  >\n\t\t\t\t<span class=\"eckb-article-title__icon ep_font_icon_document\"  style=\"color: #dd3333;\"  aria-hidden=\"true\"><\/span>\n\t\t\t\t<span class=\"eckb-article-title__text\" >\u00bfC\u00f3mo saber si tengo alg\u00fan pendiente que me impida realizar la matr\u00edcula?<\/span>\n\t\t\t<\/span> \t\t<\/a>    \t\t\t\t<\/li> \t\t\t\t<li class=\"epkb-article-level-1 epkb-hide-elem\" data-kb-article-id=\"6004\"\n\t\t\t\t        data-kb-type=\"article\"  style=\"padding-bottom: 4px; padding-top: 4px;\"  >   \n\t\t<a href=\"https:\/\/www.preguntasfrecuentes.una.ac.cr\/?epkb_post_type_1=donde-puede-consultar-los-cursos-y-horarios-ofertados-para-el-i-ciclo-2021\"  class=\"epkb-mp-article \"\n\t\t            data-kb-article-id=\"6004\" >\n\t\t\t<span class=\"eckb-article-title\"  style=\"color: #000000;\"  >\n\t\t\t\t<span class=\"eckb-article-title__icon ep_font_icon_document\"  style=\"color: #dd3333;\"  aria-hidden=\"true\"><\/span>\n\t\t\t\t<span class=\"eckb-article-title__text\" >\u00bfD\u00f3nde puede consultar los cursos y horarios ofertados?<\/span>\n\t\t\t<\/span> \t\t<\/a>    \t\t\t\t<\/li> \t\t\t\t<li class=\"epkb-article-level-1 epkb-hide-elem\" data-kb-article-id=\"5995\"\n\t\t\t\t        data-kb-type=\"article\"  style=\"padding-bottom: 4px; padding-top: 4px;\"  >   \n\t\t<a href=\"https:\/\/www.preguntasfrecuentes.una.ac.cr\/?epkb_post_type_1=es-diferente-el-periodo-de-matricula-para-los-estudiantes-de-primer-ingreso-y-para-los-estudiantes-regulares\"  class=\"epkb-mp-article \"\n\t\t            data-kb-article-id=\"5995\" >\n\t\t\t<span class=\"eckb-article-title\"  style=\"color: #000000;\"  >\n\t\t\t\t<span class=\"eckb-article-title__icon ep_font_icon_document\"  style=\"color: #dd3333;\"  aria-hidden=\"true\"><\/span>\n\t\t\t\t<span class=\"eckb-article-title__text\" >\u00bfEs diferente el per\u00edodo de matr\u00edcula para los estudiantes de primer ingreso y para los estudiantes regulares?<\/span>\n\t\t\t<\/span> \t\t<\/a>    \t\t\t\t<\/li> \t\t\t\t<li class=\"epkb-article-level-1 epkb-hide-elem\" data-kb-article-id=\"5991\"\n\t\t\t\t        data-kb-type=\"article\"  style=\"padding-bottom: 4px; padding-top: 4px;\"  >   \n\t\t<a href=\"https:\/\/www.preguntasfrecuentes.una.ac.cr\/?epkb_post_type_1=que-debo-hacer-si-olvide-mi-clave-de-acceso-al-sistema-de-matricula-2\"  class=\"epkb-mp-article \"\n\t\t            data-kb-article-id=\"5991\" >\n\t\t\t<span class=\"eckb-article-title\"  style=\"color: #000000;\"  >\n\t\t\t\t<span class=\"eckb-article-title__icon ep_font_icon_document\"  style=\"color: #dd3333;\"  aria-hidden=\"true\"><\/span>\n\t\t\t\t<span class=\"eckb-article-title__text\" >\u00bfQu\u00e9 debo hacer si olvid\u00e9 mi clave de acceso al sistema de matr\u00edcula?<\/span>\n\t\t\t<\/span> \t\t<\/a>    \t\t\t\t<\/li> \t\t\t\t<li class=\"epkb-article-level-1 epkb-hide-elem\" data-kb-article-id=\"5989\"\n\t\t\t\t        data-kb-type=\"article\"  style=\"padding-bottom: 4px; padding-top: 4px;\"  >   \n\t\t<a href=\"https:\/\/www.preguntasfrecuentes.una.ac.cr\/?epkb_post_type_1=como-puedo-ingresar-al-sistema-de-matricula-2\"  class=\"epkb-mp-article \"\n\t\t            data-kb-article-id=\"5989\" >\n\t\t\t<span class=\"eckb-article-title\"  style=\"color: #000000;\"  >\n\t\t\t\t<span class=\"eckb-article-title__icon ep_font_icon_document\"  style=\"color: #dd3333;\"  aria-hidden=\"true\"><\/span>\n\t\t\t\t<span class=\"eckb-article-title__text\" >\u00bfC\u00f3mo puedo ingresar al sistema de matr\u00edcula?<\/span>\n\t\t\t<\/span> \t\t<\/a>    \t\t\t\t<\/li> \t\t\t\t<li class=\"epkb-article-level-1 epkb-hide-elem\" data-kb-article-id=\"5987\"\n\t\t\t\t        data-kb-type=\"article\"  style=\"padding-bottom: 4px; padding-top: 4px;\"  >   \n\t\t<a href=\"https:\/\/www.preguntasfrecuentes.una.ac.cr\/?epkb_post_type_1=como-saber-cuales-cursos-debo-matricular\"  class=\"epkb-mp-article \"\n\t\t            data-kb-article-id=\"5987\" >\n\t\t\t<span class=\"eckb-article-title\"  style=\"color: #000000;\"  >\n\t\t\t\t<span class=\"eckb-article-title__icon ep_font_icon_document\"  style=\"color: #dd3333;\"  aria-hidden=\"true\"><\/span>\n\t\t\t\t<span class=\"eckb-article-title__text\" >\u00bfC\u00f3mo saber cu\u00e1les cursos debo matricular?<\/span>\n\t\t\t<\/span> \t\t<\/a>    \t\t\t\t<\/li> \t\t\t\t<li class=\"epkb-article-level-1 epkb-hide-elem\" data-kb-article-id=\"5985\"\n\t\t\t\t        data-kb-type=\"article\"  style=\"padding-bottom: 4px; padding-top: 4px;\"  >   \n\t\t<a href=\"https:\/\/www.preguntasfrecuentes.una.ac.cr\/?epkb_post_type_1=como-puedo-saber-cuando-me-corresponde-matricular-2\"  class=\"epkb-mp-article \"\n\t\t            data-kb-article-id=\"5985\" >\n\t\t\t<span class=\"eckb-article-title\"  style=\"color: #000000;\"  >\n\t\t\t\t<span class=\"eckb-article-title__icon ep_font_icon_document\"  style=\"color: #dd3333;\"  aria-hidden=\"true\"><\/span>\n\t\t\t\t<span class=\"eckb-article-title__text\" >\u00bfC\u00f3mo puedo saber cu\u00e1ndo me corresponde matricular?<\/span>\n\t\t\t<\/span> \t\t<\/a>    \t\t\t\t<\/li> \t\t\t\t<li class=\"epkb-article-level-1 epkb-hide-elem\" data-kb-article-id=\"5623\"\n\t\t\t\t        data-kb-type=\"article\"  style=\"padding-bottom: 4px; padding-top: 4px;\"  >   \n\t\t<a href=\"https:\/\/www.preguntasfrecuentes.una.ac.cr\/?epkb_post_type_1=pagos-de-matricula-cual-es-el-precio-de-la-matricula-y-de-las-materias\"  class=\"epkb-mp-article \"\n\t\t            data-kb-article-id=\"5623\" >\n\t\t\t<span class=\"eckb-article-title\"  style=\"color: #000000;\"  >\n\t\t\t\t<span class=\"eckb-article-title__icon ep_font_icon_document\"  style=\"color: #dd3333;\"  aria-hidden=\"true\"><\/span>\n\t\t\t\t<span class=\"eckb-article-title__text\" >Pagos de matr\u00edcula: \u00bfCu\u00e1l es el precio de la matricula y de las materias ?<\/span>\n\t\t\t<\/span> \t\t<\/a>    \t\t\t\t<\/li> \t\t\t\t<li class=\"epkb-article-level-1 epkb-hide-elem\" data-kb-article-id=\"5621\"\n\t\t\t\t        data-kb-type=\"article\"  style=\"padding-bottom: 4px; padding-top: 4px;\"  >   \n\t\t<a href=\"https:\/\/www.preguntasfrecuentes.una.ac.cr\/?epkb_post_type_1=quien-matriculo-en-la-una-definitivamente-no-puede-repetir-el-examen-de-admision-aunque-la-carrera-que-cursa-no-le-guste\"  class=\"epkb-mp-article \"\n\t\t            data-kb-article-id=\"5621\" >\n\t\t\t<span class=\"eckb-article-title\"  style=\"color: #000000;\"  >\n\t\t\t\t<span class=\"eckb-article-title__icon ep_font_icon_document\"  style=\"color: #dd3333;\"  aria-hidden=\"true\"><\/span>\n\t\t\t\t<span class=\"eckb-article-title__text\" >\u00bfQui\u00e9n matricul\u00f3 en la UNA, definitivamente no puede repetir el examen de admisi\u00f3n, aunque la carrera que cursa no le guste?<\/span>\n\t\t\t<\/span> \t\t<\/a>    \t\t\t\t<\/li> \t\t\t\t<li class=\"epkb-article-level-1 epkb-hide-elem\" data-kb-article-id=\"5622\"\n\t\t\t\t        data-kb-type=\"article\"  style=\"padding-bottom: 4px; padding-top: 4px;\"  >   \n\t\t<a href=\"https:\/\/www.preguntasfrecuentes.una.ac.cr\/?epkb_post_type_1=como-buscar-matricular-y-eliminar-un-curso\"  class=\"epkb-mp-article \"\n\t\t            data-kb-article-id=\"5622\" >\n\t\t\t<span class=\"eckb-article-title\"  style=\"color: #000000;\"  >\n\t\t\t\t<span class=\"eckb-article-title__icon ep_font_icon_document\"  style=\"color: #dd3333;\"  aria-hidden=\"true\"><\/span>\n\t\t\t\t<span class=\"eckb-article-title__text\" >\u00bfC\u00f3mo buscar, matricular y eliminar un curso?<\/span>\n\t\t\t<\/span> \t\t<\/a>    \t\t\t\t<\/li> \t\t\t\t<li class=\"epkb-article-level-1 epkb-hide-elem\" data-kb-article-id=\"5620\"\n\t\t\t\t        data-kb-type=\"article\"  style=\"padding-bottom: 4px; padding-top: 4px;\"  >   \n\t\t<a href=\"https:\/\/www.preguntasfrecuentes.una.ac.cr\/?epkb_post_type_1=si-solo-quiero-matricular-generales-y-otros-cursos-de-servicio-y-no-las-materias-de-carrera-puedo-hacerlo\"  class=\"epkb-mp-article \"\n\t\t            data-kb-article-id=\"5620\" >\n\t\t\t<span class=\"eckb-article-title\"  style=\"color: #000000;\"  >\n\t\t\t\t<span class=\"eckb-article-title__icon ep_font_icon_document\"  style=\"color: #dd3333;\"  aria-hidden=\"true\"><\/span>\n\t\t\t\t<span class=\"eckb-article-title__text\" >\u00bfSi s\u00f3lo quiero matricular Generales y otros cursos de servicio y no las materias de carrera, puedo hacerlo?<\/span>\n\t\t\t<\/span> \t\t<\/a>    \t\t\t\t<\/li> \t\t\t\t<li class=\"epkb-article-level-1 epkb-hide-elem\" data-kb-article-id=\"5618\"\n\t\t\t\t        data-kb-type=\"article\"  style=\"padding-bottom: 4px; padding-top: 4px;\"  >   \n\t\t<a href=\"https:\/\/www.preguntasfrecuentes.una.ac.cr\/?epkb_post_type_1=que-hago-si-deseo-empadronarme-en-la-una-pero-saque-mi-titulo-en-el-extranjero-y-aun-no-lo-he-autenticado\"  class=\"epkb-mp-article \"\n\t\t            data-kb-article-id=\"5618\" >\n\t\t\t<span class=\"eckb-article-title\"  style=\"color: #000000;\"  >\n\t\t\t\t<span class=\"eckb-article-title__icon ep_font_icon_document\"  style=\"color: #dd3333;\"  aria-hidden=\"true\"><\/span>\n\t\t\t\t<span class=\"eckb-article-title__text\" >\u00bfQu\u00e9 hago si deseo empadronarme en la UNA, pero saqu\u00e9 mi t\u00edtulo en el extranjero y a\u00fan no lo he autenticado?<\/span>\n\t\t\t<\/span> \t\t<\/a>    \t\t\t\t<\/li> \t\t\t\t<li class=\"epkb-article-level-1 epkb-hide-elem\" data-kb-article-id=\"5616\"\n\t\t\t\t        data-kb-type=\"article\"  style=\"padding-bottom: 4px; padding-top: 4px;\"  >   \n\t\t<a href=\"https:\/\/www.preguntasfrecuentes.una.ac.cr\/?epkb_post_type_1=cuales-son-los-requisitos-para-empadronarse\"  class=\"epkb-mp-article \"\n\t\t            data-kb-article-id=\"5616\" >\n\t\t\t<span class=\"eckb-article-title\"  style=\"color: #000000;\"  >\n\t\t\t\t<span class=\"eckb-article-title__icon ep_font_icon_document\"  style=\"color: #dd3333;\"  aria-hidden=\"true\"><\/span>\n\t\t\t\t<span class=\"eckb-article-title__text\" >\u00bfCu\u00e1les son los requisitos para empadronarse?<\/span>\n\t\t\t<\/span> \t\t<\/a>    \t\t\t\t<\/li> \t\t\t\t<li class=\"epkb-article-level-1 epkb-hide-elem\" data-kb-article-id=\"5617\"\n\t\t\t\t        data-kb-type=\"article\"  style=\"padding-bottom: 4px; padding-top: 4px;\"  >   \n\t\t<a href=\"https:\/\/www.preguntasfrecuentes.una.ac.cr\/?epkb_post_type_1=que-hago-si-deseo-empadronarme-en-la-una-pero-perdi-mi-titulo-universitario-anterior\"  class=\"epkb-mp-article \"\n\t\t            data-kb-article-id=\"5617\" >\n\t\t\t<span class=\"eckb-article-title\"  style=\"color: #000000;\"  >\n\t\t\t\t<span class=\"eckb-article-title__icon ep_font_icon_document\"  style=\"color: #dd3333;\"  aria-hidden=\"true\"><\/span>\n\t\t\t\t<span class=\"eckb-article-title__text\" >\u00bfQu\u00e9 hago si deseo empadronarme en la UNA, pero perd\u00ed mi t\u00edtulo universitario anterior?<\/span>\n\t\t\t<\/span> \t\t<\/a>    \t\t\t\t<\/li> \t\t\t\t<li class=\"epkb-article-level-1 epkb-hide-elem\" data-kb-article-id=\"5614\"\n\t\t\t\t        data-kb-type=\"article\"  style=\"padding-bottom: 4px; padding-top: 4px;\"  >   \n\t\t<a href=\"https:\/\/www.preguntasfrecuentes.una.ac.cr\/?epkb_post_type_1=cual-es-el-proceso-para-solicitar-reconocimiento-y-equiparacion-de-cursos-aprobados-en-universidades-extranjeras\"  class=\"epkb-mp-article \"\n\t\t            data-kb-article-id=\"5614\" >\n\t\t\t<span class=\"eckb-article-title\"  style=\"color: #000000;\"  >\n\t\t\t\t<span class=\"eckb-article-title__icon ep_font_icon_document\"  style=\"color: #dd3333;\"  aria-hidden=\"true\"><\/span>\n\t\t\t\t<span class=\"eckb-article-title__text\" >\u00bfCu\u00e1l es el proceso para solicitar reconocimiento y equiparaci\u00f3n de cursos aprobados en universidades extranjeras?<\/span>\n\t\t\t<\/span> \t\t<\/a>    \t\t\t\t<\/li> \t\t\t\t<li class=\"epkb-article-level-1 epkb-hide-elem\" data-kb-article-id=\"5615\"\n\t\t\t\t        data-kb-type=\"article\"  style=\"padding-bottom: 4px; padding-top: 4px;\"  >   \n\t\t<a href=\"https:\/\/www.preguntasfrecuentes.una.ac.cr\/?epkb_post_type_1=en-que-fechas-realizo-tramites-para-reconocimiento-equiparacion-o-equivalencia-de-estudios-grados-y-titulos\"  class=\"epkb-mp-article \"\n\t\t            data-kb-article-id=\"5615\" >\n\t\t\t<span class=\"eckb-article-title\"  style=\"color: #000000;\"  >\n\t\t\t\t<span class=\"eckb-article-title__icon ep_font_icon_document\"  style=\"color: #dd3333;\"  aria-hidden=\"true\"><\/span>\n\t\t\t\t<span class=\"eckb-article-title__text\" >\u00bfEn qu\u00e9 fechas realizo tr\u00e1mites para reconocimiento, equiparaci\u00f3n o equivalencia de estudios, grados y t\u00edtulos?<\/span>\n\t\t\t<\/span> \t\t<\/a>    \t\t\t\t<\/li> \t\t\t\t<li class=\"epkb-article-level-1 epkb-hide-elem\" data-kb-article-id=\"5612\"\n\t\t\t\t        data-kb-type=\"article\"  style=\"padding-bottom: 4px; padding-top: 4px;\"  >   \n\t\t<a href=\"https:\/\/www.preguntasfrecuentes.una.ac.cr\/?epkb_post_type_1=cuanto-dura-el-reconocimiento-y-equiparacion-o-equivalencia-de-cursos\"  class=\"epkb-mp-article \"\n\t\t            data-kb-article-id=\"5612\" >\n\t\t\t<span class=\"eckb-article-title\"  style=\"color: #000000;\"  >\n\t\t\t\t<span class=\"eckb-article-title__icon ep_font_icon_document\"  style=\"color: #dd3333;\"  aria-hidden=\"true\"><\/span>\n\t\t\t\t<span class=\"eckb-article-title__text\" >\u00bfCu\u00e1nto dura el reconocimiento y equiparaci\u00f3n o equivalencia de cursos?<\/span>\n\t\t\t<\/span> \t\t<\/a>    \t\t\t\t<\/li> \t\t\t\t<li class=\"epkb-article-level-1 epkb-hide-elem\" data-kb-article-id=\"5613\"\n\t\t\t\t        data-kb-type=\"article\"  style=\"padding-bottom: 4px; padding-top: 4px;\"  >   \n\t\t<a href=\"https:\/\/www.preguntasfrecuentes.una.ac.cr\/?epkb_post_type_1=cual-es-el-proceso-para-solicitar-reconocimiento-y-equiparacion-de-cursos-aprobados-en-universidades-costarricenses\"  class=\"epkb-mp-article \"\n\t\t            data-kb-article-id=\"5613\" >\n\t\t\t<span class=\"eckb-article-title\"  style=\"color: #000000;\"  >\n\t\t\t\t<span class=\"eckb-article-title__icon ep_font_icon_document\"  style=\"color: #dd3333;\"  aria-hidden=\"true\"><\/span>\n\t\t\t\t<span class=\"eckb-article-title__text\" >\u00bfCu\u00e1l es el proceso para solicitar reconocimiento y equiparaci\u00f3n de cursos aprobados en universidades costarricenses?<\/span>\n\t\t\t<\/span> \t\t<\/a>    \t\t\t\t<\/li> \t\t\t\t<li class=\"epkb-article-level-1 epkb-hide-elem\" data-kb-article-id=\"5610\"\n\t\t\t\t        data-kb-type=\"article\"  style=\"padding-bottom: 4px; padding-top: 4px;\"  >   \n\t\t<a href=\"https:\/\/www.preguntasfrecuentes.una.ac.cr\/?epkb_post_type_1=por-que-debo-autenticar-mis-documentos-en-caso-de-provenir-de-una-universidad-extranjera\"  class=\"epkb-mp-article \"\n\t\t            data-kb-article-id=\"5610\" >\n\t\t\t<span class=\"eckb-article-title\"  style=\"color: #000000;\"  >\n\t\t\t\t<span class=\"eckb-article-title__icon ep_font_icon_document\"  style=\"color: #dd3333;\"  aria-hidden=\"true\"><\/span>\n\t\t\t\t<span class=\"eckb-article-title__text\" >\u00bfPor qu\u00e9 debo autenticar mis documentos en caso de provenir de una universidad extranjera?<\/span>\n\t\t\t<\/span> \t\t<\/a>    \t\t\t\t<\/li> \t\t\t\t<li class=\"epkb-article-level-1 epkb-hide-elem\" data-kb-article-id=\"5611\"\n\t\t\t\t        data-kb-type=\"article\"  style=\"padding-bottom: 4px; padding-top: 4px;\"  >   \n\t\t<a href=\"https:\/\/www.preguntasfrecuentes.una.ac.cr\/?epkb_post_type_1=que-implica-el-tramite-para-reconocimiento-y-equiparacion-o-equivalencia-de-cursos\"  class=\"epkb-mp-article \"\n\t\t            data-kb-article-id=\"5611\" >\n\t\t\t<span class=\"eckb-article-title\"  style=\"color: #000000;\"  >\n\t\t\t\t<span class=\"eckb-article-title__icon ep_font_icon_document\"  style=\"color: #dd3333;\"  aria-hidden=\"true\"><\/span>\n\t\t\t\t<span class=\"eckb-article-title__text\" >\u00bfQu\u00e9 implica el tr\u00e1mite para reconocimiento y equiparaci\u00f3n o equivalencia de cursos?<\/span>\n\t\t\t<\/span> \t\t<\/a>    \t\t\t\t<\/li> \t\t\t\t<li class=\"epkb-article-level-1 epkb-hide-elem\" data-kb-article-id=\"5608\"\n\t\t\t\t        data-kb-type=\"article\"  style=\"padding-bottom: 4px; padding-top: 4px;\"  >   \n\t\t<a href=\"https:\/\/www.preguntasfrecuentes.una.ac.cr\/?epkb_post_type_1=como-se-cuales-materias-son-equivalentes-de-una-carrera-a-otra-en-caso-de-querer-cambiar-de-carrera-dentro-de-la-misma-una\"  class=\"epkb-mp-article \"\n\t\t            data-kb-article-id=\"5608\" >\n\t\t\t<span class=\"eckb-article-title\"  style=\"color: #000000;\"  >\n\t\t\t\t<span class=\"eckb-article-title__icon ep_font_icon_document\"  style=\"color: #dd3333;\"  aria-hidden=\"true\"><\/span>\n\t\t\t\t<span class=\"eckb-article-title__text\" >\u00bfC\u00f3mo s\u00e9 cu\u00e1les materias son equivalentes de una carrera a otra, en caso de querer cambiar de carrera dentro de la misma UNA?<\/span>\n\t\t\t<\/span> \t\t<\/a>    \t\t\t\t<\/li> \t\t\t\t<li class=\"epkb-article-level-1 epkb-hide-elem\" data-kb-article-id=\"5609\"\n\t\t\t\t        data-kb-type=\"article\"  style=\"padding-bottom: 4px; padding-top: 4px;\"  >   \n\t\t<a href=\"https:\/\/www.preguntasfrecuentes.una.ac.cr\/?epkb_post_type_1=soy-estudiante-de-otra-universidad-publica-costarricense-como-me-equiparan-materias-de-esa-universidad-en-algun-plan-de-estudios-de-la-una\"  class=\"epkb-mp-article \"\n\t\t            data-kb-article-id=\"5609\" >\n\t\t\t<span class=\"eckb-article-title\"  style=\"color: #000000;\"  >\n\t\t\t\t<span class=\"eckb-article-title__icon ep_font_icon_document\"  style=\"color: #dd3333;\"  aria-hidden=\"true\"><\/span>\n\t\t\t\t<span class=\"eckb-article-title__text\" >\u00bfSoy estudiante de otra universidad p\u00fablica costarricense, c\u00f3mo me equiparan materias de esa universidad en alg\u00fan plan de estudios de la UNA?<\/span>\n\t\t\t<\/span> \t\t<\/a>    \t\t\t\t<\/li> \t\t\t\t<li class=\"epkb-article-level-1 epkb-hide-elem\" data-kb-article-id=\"5607\"\n\t\t\t\t        data-kb-type=\"article\"  style=\"padding-bottom: 4px; padding-top: 4px;\"  >   \n\t\t<a href=\"https:\/\/www.preguntasfrecuentes.una.ac.cr\/?epkb_post_type_1=que-tengo-que-hacer-para-equiparar-unas-materias-que-lleve-en-la-uned\"  class=\"epkb-mp-article \"\n\t\t            data-kb-article-id=\"5607\" >\n\t\t\t<span class=\"eckb-article-title\"  style=\"color: #000000;\"  >\n\t\t\t\t<span class=\"eckb-article-title__icon ep_font_icon_document\"  style=\"color: #dd3333;\"  aria-hidden=\"true\"><\/span>\n\t\t\t\t<span class=\"eckb-article-title__text\" >\u00bfQu\u00e9 tengo que hacer para equiparar unas materias que llev\u00e9 en la UNED?<\/span>\n\t\t\t<\/span> \t\t<\/a>    \t\t\t\t<\/li> \t\t\t\t<li class=\"epkb-article-level-1 epkb-hide-elem\" data-kb-article-id=\"5606\"\n\t\t\t\t        data-kb-type=\"article\"  style=\"padding-bottom: 4px; padding-top: 4px;\"  >   \n\t\t<a href=\"https:\/\/www.preguntasfrecuentes.una.ac.cr\/?epkb_post_type_1=cual-es-el-procedimiento-de-equiparacion-de-cursos-para-estudiantes-de-otras-universidades\"  class=\"epkb-mp-article \"\n\t\t            data-kb-article-id=\"5606\" >\n\t\t\t<span class=\"eckb-article-title\"  style=\"color: #000000;\"  >\n\t\t\t\t<span class=\"eckb-article-title__icon ep_font_icon_document\"  style=\"color: #dd3333;\"  aria-hidden=\"true\"><\/span>\n\t\t\t\t<span class=\"eckb-article-title__text\" >\u00bfCu\u00e1l es el procedimiento de equiparaci\u00f3n de cursos para estudiantes de otras universidades?<\/span>\n\t\t\t<\/span> \t\t<\/a>    \t\t\t\t<\/li> \t\t\t\t<li class=\"epkb-article-level-1 epkb-hide-elem\" data-kb-article-id=\"5605\"\n\t\t\t\t        data-kb-type=\"article\"  style=\"padding-bottom: 4px; padding-top: 4px;\"  >   \n\t\t<a href=\"https:\/\/www.preguntasfrecuentes.una.ac.cr\/?epkb_post_type_1=donde-encuentro-las-guias-de-horario\"  class=\"epkb-mp-article \"\n\t\t            data-kb-article-id=\"5605\" >\n\t\t\t<span class=\"eckb-article-title\"  style=\"color: #000000;\"  >\n\t\t\t\t<span class=\"eckb-article-title__icon ep_font_icon_document\"  style=\"color: #dd3333;\"  aria-hidden=\"true\"><\/span>\n\t\t\t\t<span class=\"eckb-article-title__text\" >\u00bfD\u00f3nde encuentro las gu\u00edas de horario?<\/span>\n\t\t\t<\/span> \t\t<\/a>    \t\t\t\t<\/li> \t\t\t\t<li class=\"epkb-article-level-1 epkb-hide-elem\" data-kb-article-id=\"5603\"\n\t\t\t\t        data-kb-type=\"article\"  style=\"padding-bottom: 4px; padding-top: 4px;\"  >   \n\t\t<a href=\"https:\/\/www.preguntasfrecuentes.una.ac.cr\/?epkb_post_type_1=donde-encuentro-el-padron-de-matricula\"  class=\"epkb-mp-article \"\n\t\t            data-kb-article-id=\"5603\" >\n\t\t\t<span class=\"eckb-article-title\"  style=\"color: #000000;\"  >\n\t\t\t\t<span class=\"eckb-article-title__icon ep_font_icon_document\"  style=\"color: #dd3333;\"  aria-hidden=\"true\"><\/span>\n\t\t\t\t<span class=\"eckb-article-title__text\" >\u00bfD\u00f3nde encuentro el padr\u00f3n de citas de matr\u00edcula?<\/span>\n\t\t\t<\/span> \t\t<\/a>    \t\t\t\t<\/li> \t\t\t\t<li class=\"epkb-article-level-1 epkb-hide-elem\" data-kb-article-id=\"5604\"\n\t\t\t\t        data-kb-type=\"article\"  style=\"padding-bottom: 4px; padding-top: 4px;\"  >   \n\t\t<a href=\"https:\/\/www.preguntasfrecuentes.una.ac.cr\/?epkb_post_type_1=donde-encuentro-el-horario-de-cursos-de-verano\"  class=\"epkb-mp-article \"\n\t\t            data-kb-article-id=\"5604\" >\n\t\t\t<span class=\"eckb-article-title\"  style=\"color: #000000;\"  >\n\t\t\t\t<span class=\"eckb-article-title__icon ep_font_icon_document\"  style=\"color: #dd3333;\"  aria-hidden=\"true\"><\/span>\n\t\t\t\t<span class=\"eckb-article-title__text\" >\u00bfD\u00f3nde encuentro el horario de cursos de verano?<\/span>\n\t\t\t<\/span> \t\t<\/a>    \t\t\t\t<\/li> \t\t\t\t<li class=\"epkb-article-level-1 epkb-hide-elem\" data-kb-article-id=\"5602\"\n\t\t\t\t        data-kb-type=\"article\"  style=\"padding-bottom: 4px; padding-top: 4px;\"  >   \n\t\t<a href=\"https:\/\/www.preguntasfrecuentes.una.ac.cr\/?epkb_post_type_1=cuales-son-las-fechas-de-matricula\"  class=\"epkb-mp-article \"\n\t\t            data-kb-article-id=\"5602\" >\n\t\t\t<span class=\"eckb-article-title\"  style=\"color: #000000;\"  >\n\t\t\t\t<span class=\"eckb-article-title__icon ep_font_icon_document\"  style=\"color: #dd3333;\"  aria-hidden=\"true\"><\/span>\n\t\t\t\t<span class=\"eckb-article-title__text\" >\u00bfCu\u00e1les son las fechas de matr\u00edcula?<\/span>\n\t\t\t<\/span> \t\t<\/a>    \t\t\t\t<\/li> \t\t\t\t<li class=\"epkb-article-level-1 epkb-hide-elem\" data-kb-article-id=\"5599\"\n\t\t\t\t        data-kb-type=\"article\"  style=\"padding-bottom: 4px; padding-top: 4px;\"  >   \n\t\t<a href=\"https:\/\/www.preguntasfrecuentes.una.ac.cr\/?epkb_post_type_1=como-obtengo-informacion-sobre-los-cursos-que-debo-matricular\"  class=\"epkb-mp-article \"\n\t\t            data-kb-article-id=\"5599\" >\n\t\t\t<span class=\"eckb-article-title\"  style=\"color: #000000;\"  >\n\t\t\t\t<span class=\"eckb-article-title__icon ep_font_icon_document\"  style=\"color: #dd3333;\"  aria-hidden=\"true\"><\/span>\n\t\t\t\t<span class=\"eckb-article-title__text\" >\u00bfC\u00f3mo obtengo informaci\u00f3n sobre los cursos que debo matricular?<\/span>\n\t\t\t<\/span> \t\t<\/a>    \t\t\t\t<\/li> \t\t\t\t<li class=\"epkb-article-level-1 epkb-hide-elem\" data-kb-article-id=\"5597\"\n\t\t\t\t        data-kb-type=\"article\"  style=\"padding-bottom: 4px; padding-top: 4px;\"  >   \n\t\t<a href=\"https:\/\/www.preguntasfrecuentes.una.ac.cr\/?epkb_post_type_1=donde-realizo-el-pago-de-los-creditos\"  class=\"epkb-mp-article \"\n\t\t            data-kb-article-id=\"5597\" >\n\t\t\t<span class=\"eckb-article-title\"  style=\"color: #000000;\"  >\n\t\t\t\t<span class=\"eckb-article-title__icon ep_font_icon_document\"  style=\"color: #dd3333;\"  aria-hidden=\"true\"><\/span>\n\t\t\t\t<span class=\"eckb-article-title__text\" >\u00bfD\u00f3nde realizo el pago de los cr\u00e9ditos?<\/span>\n\t\t\t<\/span> \t\t<\/a>    \t\t\t\t<\/li> \t\t\t\t<li class=\"epkb-article-level-1 epkb-hide-elem\" data-kb-article-id=\"5595\"\n\t\t\t\t        data-kb-type=\"article\"  style=\"padding-bottom: 4px; padding-top: 4px;\"  >   \n\t\t<a href=\"https:\/\/www.preguntasfrecuentes.una.ac.cr\/?epkb_post_type_1=como-hago-para-matricular-si-me-da-error\"  class=\"epkb-mp-article \"\n\t\t            data-kb-article-id=\"5595\" >\n\t\t\t<span class=\"eckb-article-title\"  style=\"color: #000000;\"  >\n\t\t\t\t<span class=\"eckb-article-title__icon ep_font_icon_document\"  style=\"color: #dd3333;\"  aria-hidden=\"true\"><\/span>\n\t\t\t\t<span class=\"eckb-article-title__text\" >\u00bfC\u00f3mo hago para matricular si me da error?<\/span>\n\t\t\t<\/span> \t\t<\/a>    \t\t\t\t<\/li> \t\t\t\t<li class=\"epkb-article-level-1 epkb-hide-elem\" data-kb-article-id=\"5594\"\n\t\t\t\t        data-kb-type=\"article\"  style=\"padding-bottom: 4px; padding-top: 4px;\"  >   \n\t\t<a href=\"https:\/\/www.preguntasfrecuentes.una.ac.cr\/?epkb_post_type_1=que-pasa-si-quiero-anular-la-matricula-ya-que-por-alguna-razon-no-puedo-continuar-estudiando\"  class=\"epkb-mp-article \"\n\t\t            data-kb-article-id=\"5594\" >\n\t\t\t<span class=\"eckb-article-title\"  style=\"color: #000000;\"  >\n\t\t\t\t<span class=\"eckb-article-title__icon ep_font_icon_document\"  style=\"color: #dd3333;\"  aria-hidden=\"true\"><\/span>\n\t\t\t\t<span class=\"eckb-article-title__text\" >\u00bfQu\u00e9 pasa si quiero anular la matr\u00edcula, ya que por alguna raz\u00f3n no puedo continuar estudiando?<\/span>\n\t\t\t<\/span> \t\t<\/a>    \t\t\t\t<\/li> \t\t\t\t<li class=\"epkb-article-level-1 epkb-hide-elem\" data-kb-article-id=\"5593\"\n\t\t\t\t        data-kb-type=\"article\"  style=\"padding-bottom: 4px; padding-top: 4px;\"  >   \n\t\t<a href=\"https:\/\/www.preguntasfrecuentes.una.ac.cr\/?epkb_post_type_1=me-gustaria-saber-si-luego-de-la-matricula-ordinaria-realizan-matriculas-extraordinarias\"  class=\"epkb-mp-article \"\n\t\t            data-kb-article-id=\"5593\" >\n\t\t\t<span class=\"eckb-article-title\"  style=\"color: #000000;\"  >\n\t\t\t\t<span class=\"eckb-article-title__icon ep_font_icon_document\"  style=\"color: #dd3333;\"  aria-hidden=\"true\"><\/span>\n\t\t\t\t<span class=\"eckb-article-title__text\" >\u00bfMe gustar\u00eda saber si luego de la matr\u00edcula ordinaria, realizan matr\u00edculas extraordinarias?<\/span>\n\t\t\t<\/span> \t\t<\/a>    \t\t\t\t<\/li> \t\t\t\t<li class=\"epkb-article-level-1 epkb-hide-elem\" data-kb-article-id=\"5591\"\n\t\t\t\t        data-kb-type=\"article\"  style=\"padding-bottom: 4px; padding-top: 4px;\"  >   \n\t\t<a href=\"https:\/\/www.preguntasfrecuentes.una.ac.cr\/?epkb_post_type_1=cual-es-el-proceso-de-un-estudiante-graduado-para-volver-a-matricular\"  class=\"epkb-mp-article \"\n\t\t            data-kb-article-id=\"5591\" >\n\t\t\t<span class=\"eckb-article-title\"  style=\"color: #000000;\"  >\n\t\t\t\t<span class=\"eckb-article-title__icon ep_font_icon_document\"  style=\"color: #dd3333;\"  aria-hidden=\"true\"><\/span>\n\t\t\t\t<span class=\"eckb-article-title__text\" >\u00bfCu\u00e1l es el proceso de un estudiante graduado para volver a matricular?<\/span>\n\t\t\t<\/span> \t\t<\/a>    \t\t\t\t<\/li> \t\t\t\t<li class=\"epkb-article-level-1 epkb-hide-elem\" data-kb-article-id=\"5592\"\n\t\t\t\t        data-kb-type=\"article\"  style=\"padding-bottom: 4px; padding-top: 4px;\"  >   \n\t\t<a href=\"https:\/\/www.preguntasfrecuentes.una.ac.cr\/?epkb_post_type_1=cuando-es-la-matricula-o-prematricula-para-estudiantes-de-primer-ingreso\"  class=\"epkb-mp-article \"\n\t\t            data-kb-article-id=\"5592\" >\n\t\t\t<span class=\"eckb-article-title\"  style=\"color: #000000;\"  >\n\t\t\t\t<span class=\"eckb-article-title__icon ep_font_icon_document\"  style=\"color: #dd3333;\"  aria-hidden=\"true\"><\/span>\n\t\t\t\t<span class=\"eckb-article-title__text\" >\u00bfCu\u00e1ndo es la matr\u00edcula o prematr\u00edcula para estudiantes de primer ingreso?<\/span>\n\t\t\t<\/span> \t\t<\/a>    \t\t\t\t<\/li> \n\t\t<\/ul> \t\t\t<button class=\"epkb-show-all-articles\" aria-expanded=\"false\" data-btn-id=\"374\">\n\t\t\t\t\t<span class=\"epkb-show-text\">\n\t\t\t\t\t\tMostrar todos los art\u00edculos ( 45 )\n\t\t\t\t\t<\/span>\n\t\t\t\t<span class=\"epkb-hide-text epkb-hide-elem\">Contraer art\u00edculos<\/span>\n\t\t\t<\/button>\t\t\t\t\t\n\t\t\t\t\t<\/div><!-- Section Body End -->\n\n\t\t\t\t<\/section><!-- Section End -->  \t\t\t\t\t<\/div>  \t\t\t\t\t<div class=\"epkb-ml__module-categories-articles__row\">  \n\t\t\t\t<!-- Section Container ( Category Box ) -->\n\t\t\t\t<section id=\"epkb_cat_7\" class=\"section_light_shadow epkb-top-category-box\"  style=\"border-radius: 4px; border-width: 1px; border-color: #CACACE; background-color: #FEFEFE; border-style: solid;\"  >\n\n\t\t\t\t\t<!-- Section Head -->\n\t\t\t\t\t<div class=\"section-head section_divider\"  style=\"border-bottom-width: 1px; background-color: #FFFFFF; border-top-left-radius: 4px; border-top-right-radius: 4px; border-bottom-color: #FFFFFF; padding-top: 20px; padding-bottom: 20px; padding-left: 20px; padding-right: 20px; padding-left: 10px;\"  >\n\n\t\t\t\t\t\t<!-- Category Name + Icon -->\n\t\t\t\t\t\t<div class=\"epkb-category-level-1 epkb-category-level-1--icon-loc-left epkb-category-level-1--alignment-left\" data-kb-category-id=\"446\" data-kb-type=\"category\"  style=\"color: #000000;\"  >\n\n\t\t\t\t\t\t\t<!-- Icon Top \/ Left -->\t                            \t\t\t\t\t\t\t\t\t<span class=\"epkb-cat-icon epkbfa epkbfa-check-square-o\" data-kb-category-icon=\"epkbfa-check-square-o\"  style=\"color: #eb5a46; font-size: 30px;\" ><\/span>\t\t\t\t\t\t\t\t<div class=\"epkb-cat-name\">    \t\t\t\t\t\t\t\t\t<div class=\"epkb-cat-name-count-container\"  style=\"color: #000000; font-size:24px;\" >\n\t\t\t\t\t\t\t\t\t\t<h2 class=\"epkb-cat-name\">Reconocimiento y equiparaci\u00f3n<\/h2>\n\t\t\t\t\t\t\t\t\t\t<span class=\"epkb-cat-count\">6<\/span>\n\t\t\t\t\t\t\t\t\t<\/div> \n\t\t\t\t\t\t\t<\/div>\n\n\t\t\t\t\t\t\t<!-- Icon Right -->     \n\t\t\t\t\t\t<\/div>\n\n\t\t\t\t\t\t<!-- Category Description -->\t\t\t\t\t\t\t\t\t\t\t<\/div>\n\n\t\t\t\t\t<!-- Section Body -->\n\t\t\t\t\t<div class=\"epkb-section-body\"  style=\"border-bottom-width: 1px; padding-top: 4px; padding-bottom: 4px; padding-left: 22px; padding-right: 4px; min-height: 130px;\"  >\t\t\t\t\t\t\n\t\t<ul class=\"epkb-main-category epkb-articles\"  style=\"padding-left: 10px;\"  data-list-id=\"446\"> \t\t\t\t<li class=\"epkb-article-level-1 \" data-kb-article-id=\"6420\"\n\t\t\t\t        data-kb-type=\"article\"  style=\"padding-bottom: 4px; padding-top: 4px;\"  >   \n\t\t<a href=\"https:\/\/www.preguntasfrecuentes.una.ac.cr\/?epkb_post_type_1=cuales-son-los-requisitos-para-la-equiparacion-de-cursos-aprobados-en-otras-instituciones-de-educacion-superior\"  class=\"epkb-mp-article \"\n\t\t            data-kb-article-id=\"6420\" >\n\t\t\t<span class=\"eckb-article-title\"  style=\"color: #000000;\"  >\n\t\t\t\t<span class=\"eckb-article-title__icon ep_font_icon_document\"  style=\"color: #dd3333;\"  aria-hidden=\"true\"><\/span>\n\t\t\t\t<span class=\"eckb-article-title__text\" >\u00bfCu\u00e1les son los requisitos para la equiparaci\u00f3n de cursos aprobados en otras instituciones de educaci\u00f3n superior?<\/span>\n\t\t\t<\/span> \t\t<\/a>    \t\t\t\t<\/li> \t\t\t\t<li class=\"epkb-article-level-1 \" data-kb-article-id=\"5983\"\n\t\t\t\t        data-kb-type=\"article\"  style=\"padding-bottom: 4px; padding-top: 4px;\"  >   \n\t\t<a href=\"https:\/\/www.preguntasfrecuentes.una.ac.cr\/?epkb_post_type_1=debo-presentar-los-programas-de-cursos-de-estudios-generales-de-la-uned-o-ucr-para-reconocimiento-de-estos-cursos-generales-de-la-una\"  class=\"epkb-mp-article \"\n\t\t            data-kb-article-id=\"5983\" >\n\t\t\t<span class=\"eckb-article-title\"  style=\"color: #000000;\"  >\n\t\t\t\t<span class=\"eckb-article-title__icon ep_font_icon_document\"  style=\"color: #dd3333;\"  aria-hidden=\"true\"><\/span>\n\t\t\t\t<span class=\"eckb-article-title__text\" >\u00bfDebo presentar los programas de cursos de Estudios Generales de la UNED o UCR para reconocimiento de estos cursos generales de la UNA?<\/span>\n\t\t\t<\/span> \t\t<\/a>    \t\t\t\t<\/li> \t\t\t\t<li class=\"epkb-article-level-1 \" data-kb-article-id=\"5981\"\n\t\t\t\t        data-kb-type=\"article\"  style=\"padding-bottom: 4px; padding-top: 4px;\"  >   \n\t\t<a href=\"https:\/\/www.preguntasfrecuentes.una.ac.cr\/?epkb_post_type_1=que-debo-hacer-si-deseo-ingresar-a-la-universidad-nacional-por-reconocimiento-de-36-creditos\"  class=\"epkb-mp-article \"\n\t\t            data-kb-article-id=\"5981\" >\n\t\t\t<span class=\"eckb-article-title\"  style=\"color: #000000;\"  >\n\t\t\t\t<span class=\"eckb-article-title__icon ep_font_icon_document\"  style=\"color: #dd3333;\"  aria-hidden=\"true\"><\/span>\n\t\t\t\t<span class=\"eckb-article-title__text\" >\u00bfQu\u00e9 debo hacer si deseo ingresar a la Universidad Nacional por reconocimiento de 36 cr\u00e9ditos?<\/span>\n\t\t\t<\/span> \t\t<\/a>    \t\t\t\t<\/li> \t\t\t\t<li class=\"epkb-article-level-1 \" data-kb-article-id=\"5979\"\n\t\t\t\t        data-kb-type=\"article\"  style=\"padding-bottom: 4px; padding-top: 4px;\"  >   \n\t\t<a href=\"https:\/\/www.preguntasfrecuentes.una.ac.cr\/?epkb_post_type_1=debo-pagar-por-realizar-tramites-de-reconocimiento-de-cursos\"  class=\"epkb-mp-article \"\n\t\t            data-kb-article-id=\"5979\" >\n\t\t\t<span class=\"eckb-article-title\"  style=\"color: #000000;\"  >\n\t\t\t\t<span class=\"eckb-article-title__icon ep_font_icon_document\"  style=\"color: #dd3333;\"  aria-hidden=\"true\"><\/span>\n\t\t\t\t<span class=\"eckb-article-title__text\" >\u00bfDebo pagar por realizar tr\u00e1mites de reconocimiento de cursos?<\/span>\n\t\t\t<\/span> \t\t<\/a>    \t\t\t\t<\/li> \t\t\t\t<li class=\"epkb-article-level-1 \" data-kb-article-id=\"5977\"\n\t\t\t\t        data-kb-type=\"article\"  style=\"padding-bottom: 4px; padding-top: 4px;\"  >   \n\t\t<a href=\"https:\/\/www.preguntasfrecuentes.una.ac.cr\/?epkb_post_type_1=cuales-son-la-fechas-para-realizar-tramites-de-reconocimiento-de-cursos\"  class=\"epkb-mp-article \"\n\t\t            data-kb-article-id=\"5977\" >\n\t\t\t<span class=\"eckb-article-title\"  style=\"color: #000000;\"  >\n\t\t\t\t<span class=\"eckb-article-title__icon ep_font_icon_document\"  style=\"color: #dd3333;\"  aria-hidden=\"true\"><\/span>\n\t\t\t\t<span class=\"eckb-article-title__text\" >\u00bfCu\u00e1les son la fechas para realizar tr\u00e1mites de reconocimiento de cursos?<\/span>\n\t\t\t<\/span> \t\t<\/a>    \t\t\t\t<\/li> \t\t\t\t<li class=\"epkb-article-level-1 epkb-hide-elem\" data-kb-article-id=\"5975\"\n\t\t\t\t        data-kb-type=\"article\"  style=\"padding-bottom: 4px; padding-top: 4px;\"  >   \n\t\t<a href=\"https:\/\/www.preguntasfrecuentes.una.ac.cr\/?epkb_post_type_1=cuales-documentos-debo-presentar-para-tramites-de-reconocimiento-de-cursos\"  class=\"epkb-mp-article \"\n\t\t            data-kb-article-id=\"5975\" >\n\t\t\t<span class=\"eckb-article-title\"  style=\"color: #000000;\"  >\n\t\t\t\t<span class=\"eckb-article-title__icon ep_font_icon_document\"  style=\"color: #dd3333;\"  aria-hidden=\"true\"><\/span>\n\t\t\t\t<span class=\"eckb-article-title__text\" >\u00bfCu\u00e1les documentos debo presentar para tramites de reconocimiento de cursos?<\/span>\n\t\t\t<\/span> \t\t<\/a>    \t\t\t\t<\/li> \n\t\t<\/ul> \t\t\t<button class=\"epkb-show-all-articles\" aria-expanded=\"false\" data-btn-id=\"446\">\n\t\t\t\t\t<span class=\"epkb-show-text\">\n\t\t\t\t\t\tMostrar todos los art\u00edculos ( 1 )\n\t\t\t\t\t<\/span>\n\t\t\t\t<span class=\"epkb-hide-text epkb-hide-elem\">Contraer art\u00edculos<\/span>\n\t\t\t<\/button>\t\t\t\t\t\n\t\t\t\t\t<\/div><!-- Section Body End -->\n\n\t\t\t\t<\/section><!-- Section End -->  \n\t\t\t\t<!-- Section Container ( Category Box ) -->\n\t\t\t\t<section id=\"epkb_cat_8\" class=\"section_light_shadow epkb-top-category-box\"  style=\"border-radius: 4px; border-width: 1px; border-color: #CACACE; background-color: #FEFEFE; border-style: solid;\"  >\n\n\t\t\t\t\t<!-- Section Head -->\n\t\t\t\t\t<div class=\"section-head section_divider\"  style=\"border-bottom-width: 1px; background-color: #FFFFFF; border-top-left-radius: 4px; border-top-right-radius: 4px; border-bottom-color: #FFFFFF; padding-top: 20px; padding-bottom: 20px; padding-left: 20px; padding-right: 20px; padding-left: 10px;\"  >\n\n\t\t\t\t\t\t<!-- Category Name + Icon -->\n\t\t\t\t\t\t<div class=\"epkb-category-level-1 epkb-category-level-1--icon-loc-left epkb-category-level-1--alignment-left\" data-kb-category-id=\"270\" data-kb-type=\"category\"  style=\"color: #000000;\"  >\n\n\t\t\t\t\t\t\t<!-- Icon Top \/ Left -->\t                            \t\t\t\t\t\t\t\t\t<span class=\"epkb-cat-icon epkbfa epkbfa-group\" data-kb-category-icon=\"epkbfa-group\"  style=\"color: #eb5a46; font-size: 30px;\" ><\/span>\t\t\t\t\t\t\t\t<div class=\"epkb-cat-name\">    \t\t\t\t\t\t\t\t\t<div class=\"epkb-cat-name-count-container\"  style=\"color: #000000; font-size:24px;\" >\n\t\t\t\t\t\t\t\t\t\t<h2 class=\"epkb-cat-name\">Servicios-Estudiantiles<\/h2>\n\t\t\t\t\t\t\t\t\t\t<span class=\"epkb-cat-count\">44<\/span>\n\t\t\t\t\t\t\t\t\t<\/div> \n\t\t\t\t\t\t\t<\/div>\n\n\t\t\t\t\t\t\t<!-- Icon Right -->     \n\t\t\t\t\t\t<\/div>\n\n\t\t\t\t\t\t<!-- Category Description -->\t\t\t\t\t\t\t\t\t\t\t<\/div>\n\n\t\t\t\t\t<!-- Section Body -->\n\t\t\t\t\t<div class=\"epkb-section-body\"  style=\"border-bottom-width: 1px; padding-top: 4px; padding-bottom: 4px; padding-left: 22px; padding-right: 4px; min-height: 130px;\"  >\t\t\t\t\t\t\n\t\t<ul class=\"epkb-main-category epkb-articles\"  style=\"padding-left: 10px;\"  data-list-id=\"270\"> \t\t\t\t<li class=\"epkb-article-level-1 \" data-kb-article-id=\"7342\"\n\t\t\t\t        data-kb-type=\"article\"  style=\"padding-bottom: 4px; padding-top: 4px;\"  >   \n\t\t<a href=\"https:\/\/www.preguntasfrecuentes.una.ac.cr\/?epkb_post_type_1=donde-puedo-encontrar-informacion-adicional-sobre-temas-de-salud-en-la-una\"  class=\"epkb-mp-article \"\n\t\t            data-kb-article-id=\"7342\" >\n\t\t\t<span class=\"eckb-article-title\"  style=\"color: #000000;\"  >\n\t\t\t\t<span class=\"eckb-article-title__icon ep_font_icon_document\"  style=\"color: #dd3333;\"  aria-hidden=\"true\"><\/span>\n\t\t\t\t<span class=\"eckb-article-title__text\" >\u00bfD\u00f3nde puedo encontrar informaci\u00f3n adicional sobre temas de salud en la UNA?<\/span>\n\t\t\t<\/span> \t\t<\/a>    \t\t\t\t<\/li> \t\t\t\t<li class=\"epkb-article-level-1 \" data-kb-article-id=\"7340\"\n\t\t\t\t        data-kb-type=\"article\"  style=\"padding-bottom: 4px; padding-top: 4px;\"  >   \n\t\t<a href=\"https:\/\/www.preguntasfrecuentes.una.ac.cr\/?epkb_post_type_1=ofrece-la-una-recursos-para-el-autocuidado-y-educacion-en-salud\"  class=\"epkb-mp-article \"\n\t\t            data-kb-article-id=\"7340\" >\n\t\t\t<span class=\"eckb-article-title\"  style=\"color: #000000;\"  >\n\t\t\t\t<span class=\"eckb-article-title__icon ep_font_icon_document\"  style=\"color: #dd3333;\"  aria-hidden=\"true\"><\/span>\n\t\t\t\t<span class=\"eckb-article-title__text\" >\u00bfOfrece la UNA recursos para el autocuidado y educaci\u00f3n en salud?<\/span>\n\t\t\t<\/span> \t\t<\/a>    \t\t\t\t<\/li> \t\t\t\t<li class=\"epkb-article-level-1 \" data-kb-article-id=\"7338\"\n\t\t\t\t        data-kb-type=\"article\"  style=\"padding-bottom: 4px; padding-top: 4px;\"  >   \n\t\t<a href=\"https:\/\/www.preguntasfrecuentes.una.ac.cr\/?epkb_post_type_1=como-puedo-obtener-asesoria-en-promocion-de-la-salud\"  class=\"epkb-mp-article \"\n\t\t            data-kb-article-id=\"7338\" >\n\t\t\t<span class=\"eckb-article-title\"  style=\"color: #000000;\"  >\n\t\t\t\t<span class=\"eckb-article-title__icon ep_font_icon_document\"  style=\"color: #dd3333;\"  aria-hidden=\"true\"><\/span>\n\t\t\t\t<span class=\"eckb-article-title__text\" >\u00bfC\u00f3mo puedo obtener asesor\u00eda en promoci\u00f3n de la salud?<\/span>\n\t\t\t<\/span> \t\t<\/a>    \t\t\t\t<\/li> \t\t\t\t<li class=\"epkb-article-level-1 \" data-kb-article-id=\"7336\"\n\t\t\t\t        data-kb-type=\"article\"  style=\"padding-bottom: 4px; padding-top: 4px;\"  >   \n\t\t<a href=\"https:\/\/www.preguntasfrecuentes.una.ac.cr\/?epkb_post_type_1=que-areas-de-enfoque-tiene-el-departamento-de-salud-de-la-una\"  class=\"epkb-mp-article \"\n\t\t            data-kb-article-id=\"7336\" >\n\t\t\t<span class=\"eckb-article-title\"  style=\"color: #000000;\"  >\n\t\t\t\t<span class=\"eckb-article-title__icon ep_font_icon_document\"  style=\"color: #dd3333;\"  aria-hidden=\"true\"><\/span>\n\t\t\t\t<span class=\"eckb-article-title__text\" >\u00bfQu\u00e9 \u00e1reas de enfoque tiene el Departamento de Salud de la UNA?<\/span>\n\t\t\t<\/span> \t\t<\/a>    \t\t\t\t<\/li> \t\t\t\t<li class=\"epkb-article-level-1 \" data-kb-article-id=\"7334\"\n\t\t\t\t        data-kb-type=\"article\"  style=\"padding-bottom: 4px; padding-top: 4px;\"  >   \n\t\t<a href=\"https:\/\/www.preguntasfrecuentes.una.ac.cr\/?epkb_post_type_1=cuales-son-los-horarios-de-atencion-del-departamento-de-salud\"  class=\"epkb-mp-article \"\n\t\t            data-kb-article-id=\"7334\" >\n\t\t\t<span class=\"eckb-article-title\"  style=\"color: #000000;\"  >\n\t\t\t\t<span class=\"eckb-article-title__icon ep_font_icon_document\"  style=\"color: #dd3333;\"  aria-hidden=\"true\"><\/span>\n\t\t\t\t<span class=\"eckb-article-title__text\" >\u00bfCu\u00e1les son los horarios de atenci\u00f3n del Departamento de Salud?<\/span>\n\t\t\t<\/span> \t\t<\/a>    \t\t\t\t<\/li> \t\t\t\t<li class=\"epkb-article-level-1 epkb-hide-elem\" data-kb-article-id=\"7332\"\n\t\t\t\t        data-kb-type=\"article\"  style=\"padding-bottom: 4px; padding-top: 4px;\"  >   \n\t\t<a href=\"https:\/\/www.preguntasfrecuentes.una.ac.cr\/?epkb_post_type_1=se-emiten-certificados-medicos-o-epicrisis-en-el-departamento-de-salud\"  class=\"epkb-mp-article \"\n\t\t            data-kb-article-id=\"7332\" >\n\t\t\t<span class=\"eckb-article-title\"  style=\"color: #000000;\"  >\n\t\t\t\t<span class=\"eckb-article-title__icon ep_font_icon_document\"  style=\"color: #dd3333;\"  aria-hidden=\"true\"><\/span>\n\t\t\t\t<span class=\"eckb-article-title__text\" >\u00bfSe emiten certificados m\u00e9dicos o epicrisis en el Departamento de Salud?<\/span>\n\t\t\t<\/span> \t\t<\/a>    \t\t\t\t<\/li> \t\t\t\t<li class=\"epkb-article-level-1 epkb-hide-elem\" data-kb-article-id=\"7330\"\n\t\t\t\t        data-kb-type=\"article\"  style=\"padding-bottom: 4px; padding-top: 4px;\"  >   \n\t\t<a href=\"https:\/\/www.preguntasfrecuentes.una.ac.cr\/?epkb_post_type_1=como-puedo-acceder-al-seguro-social-como-estudiante-de-la-una\"  class=\"epkb-mp-article \"\n\t\t            data-kb-article-id=\"7330\" >\n\t\t\t<span class=\"eckb-article-title\"  style=\"color: #000000;\"  >\n\t\t\t\t<span class=\"eckb-article-title__icon ep_font_icon_document\"  style=\"color: #dd3333;\"  aria-hidden=\"true\"><\/span>\n\t\t\t\t<span class=\"eckb-article-title__text\" >\u00bfC\u00f3mo puedo acceder al seguro social como estudiante de la UNA?<\/span>\n\t\t\t<\/span> \t\t<\/a>    \t\t\t\t<\/li> \t\t\t\t<li class=\"epkb-article-level-1 epkb-hide-elem\" data-kb-article-id=\"7328\"\n\t\t\t\t        data-kb-type=\"article\"  style=\"padding-bottom: 4px; padding-top: 4px;\"  >   \n\t\t<a href=\"https:\/\/www.preguntasfrecuentes.una.ac.cr\/?epkb_post_type_1=cuales-son-los-requisitos-para-recibir-atencion-medica-en-la-una\"  class=\"epkb-mp-article \"\n\t\t            data-kb-article-id=\"7328\" >\n\t\t\t<span class=\"eckb-article-title\"  style=\"color: #000000;\"  >\n\t\t\t\t<span class=\"eckb-article-title__icon ep_font_icon_document\"  style=\"color: #dd3333;\"  aria-hidden=\"true\"><\/span>\n\t\t\t\t<span class=\"eckb-article-title__text\" >\u00bfCu\u00e1les son los requisitos para recibir atenci\u00f3n m\u00e9dica en la UNA?<\/span>\n\t\t\t<\/span> \t\t<\/a>    \t\t\t\t<\/li> \t\t\t\t<li class=\"epkb-article-level-1 epkb-hide-elem\" data-kb-article-id=\"7326\"\n\t\t\t\t        data-kb-type=\"article\"  style=\"padding-bottom: 4px; padding-top: 4px;\"  >   \n\t\t<a href=\"https:\/\/www.preguntasfrecuentes.una.ac.cr\/?epkb_post_type_1=como-puedo-solicitar-una-cita-medica-en-la-universidad-nacional\"  class=\"epkb-mp-article \"\n\t\t            data-kb-article-id=\"7326\" >\n\t\t\t<span class=\"eckb-article-title\"  style=\"color: #000000;\"  >\n\t\t\t\t<span class=\"eckb-article-title__icon ep_font_icon_document\"  style=\"color: #dd3333;\"  aria-hidden=\"true\"><\/span>\n\t\t\t\t<span class=\"eckb-article-title__text\" >\u00bfC\u00f3mo puedo solicitar una cita m\u00e9dica en la Universidad Nacional?<\/span>\n\t\t\t<\/span> \t\t<\/a>    \t\t\t\t<\/li> \t\t\t\t<li class=\"epkb-article-level-1 epkb-hide-elem\" data-kb-article-id=\"7324\"\n\t\t\t\t        data-kb-type=\"article\"  style=\"padding-bottom: 4px; padding-top: 4px;\"  >   \n\t\t<a href=\"https:\/\/www.preguntasfrecuentes.una.ac.cr\/?epkb_post_type_1=que-servicios-medicos-ofrece-el-departamento-de-salud-de-la-una\"  class=\"epkb-mp-article \"\n\t\t            data-kb-article-id=\"7324\" >\n\t\t\t<span class=\"eckb-article-title\"  style=\"color: #000000;\"  >\n\t\t\t\t<span class=\"eckb-article-title__icon ep_font_icon_document\"  style=\"color: #dd3333;\"  aria-hidden=\"true\"><\/span>\n\t\t\t\t<span class=\"eckb-article-title__text\" >\u00bfQu\u00e9 servicios m\u00e9dicos ofrece el Departamento de Salud de la UNA?<\/span>\n\t\t\t<\/span> \t\t<\/a>    \t\t\t\t<\/li> \t\t\t\t<li class=\"epkb-article-level-1 epkb-hide-elem\" data-kb-article-id=\"7309\"\n\t\t\t\t        data-kb-type=\"article\"  style=\"padding-bottom: 4px; padding-top: 4px;\"  >   \n\t\t<a href=\"https:\/\/www.preguntasfrecuentes.una.ac.cr\/?epkb_post_type_1=que-servicios-ofrece-siduna-a-sus-usuarios\"  class=\"epkb-mp-article \"\n\t\t            data-kb-article-id=\"7309\" >\n\t\t\t<span class=\"eckb-article-title\"  style=\"color: #000000;\"  >\n\t\t\t\t<span class=\"eckb-article-title__icon ep_font_icon_document\"  style=\"color: #dd3333;\"  aria-hidden=\"true\"><\/span>\n\t\t\t\t<span class=\"eckb-article-title__text\" >\u00bfQu\u00e9 servicios ofrece SIDUNA a sus usuarios?<\/span>\n\t\t\t<\/span> \t\t<\/a>    \t\t\t\t<\/li> \t\t\t\t<li class=\"epkb-article-level-1 epkb-hide-elem\" data-kb-article-id=\"7303\"\n\t\t\t\t        data-kb-type=\"article\"  style=\"padding-bottom: 4px; padding-top: 4px;\"  >   \n\t\t<a href=\"https:\/\/www.preguntasfrecuentes.una.ac.cr\/?epkb_post_type_1=que-tipo-de-apoyo-brinda-el-area-de-psicopedagogia-del-departamento\"  class=\"epkb-mp-article \"\n\t\t            data-kb-article-id=\"7303\" >\n\t\t\t<span class=\"eckb-article-title\"  style=\"color: #000000;\"  >\n\t\t\t\t<span class=\"eckb-article-title__icon ep_font_icon_document\"  style=\"color: #dd3333;\"  aria-hidden=\"true\"><\/span>\n\t\t\t\t<span class=\"eckb-article-title__text\" >\u00bfQu\u00e9 tipo de apoyo brinda el \u00e1rea de psicopedagog\u00eda del Departamento de Psicolog\u00eda?<\/span>\n\t\t\t<\/span> \t\t<\/a>    \t\t\t\t<\/li> \t\t\t\t<li class=\"epkb-article-level-1 epkb-hide-elem\" data-kb-article-id=\"7301\"\n\t\t\t\t        data-kb-type=\"article\"  style=\"padding-bottom: 4px; padding-top: 4px;\"  >   \n\t\t<a href=\"https:\/\/www.preguntasfrecuentes.una.ac.cr\/?epkb_post_type_1=en-que-consiste-la-feria-vocacional-puertas-abiertas\"  class=\"epkb-mp-article \"\n\t\t            data-kb-article-id=\"7301\" >\n\t\t\t<span class=\"eckb-article-title\"  style=\"color: #000000;\"  >\n\t\t\t\t<span class=\"eckb-article-title__icon ep_font_icon_document\"  style=\"color: #dd3333;\"  aria-hidden=\"true\"><\/span>\n\t\t\t\t<span class=\"eckb-article-title__text\" >\u00bfEn qu\u00e9 consiste la Feria Vocacional &quot;Puertas Abiertas&quot;?<\/span>\n\t\t\t<\/span> \t\t<\/a>    \t\t\t\t<\/li> \t\t\t\t<li class=\"epkb-article-level-1 epkb-hide-elem\" data-kb-article-id=\"7299\"\n\t\t\t\t        data-kb-type=\"article\"  style=\"padding-bottom: 4px; padding-top: 4px;\"  >   \n\t\t<a href=\"https:\/\/www.preguntasfrecuentes.una.ac.cr\/?epkb_post_type_1=que-es-la-actividad-de-induccion-la-ruta-es-una\"  class=\"epkb-mp-article \"\n\t\t            data-kb-article-id=\"7299\" >\n\t\t\t<span class=\"eckb-article-title\"  style=\"color: #000000;\"  >\n\t\t\t\t<span class=\"eckb-article-title__icon ep_font_icon_document\"  style=\"color: #dd3333;\"  aria-hidden=\"true\"><\/span>\n\t\t\t\t<span class=\"eckb-article-title__text\" >\u00bfQu\u00e9 es la actividad de inducci\u00f3n &quot;La Ruta es UNA&quot;?<\/span>\n\t\t\t<\/span> \t\t<\/a>    \t\t\t\t<\/li> \t\t\t\t<li class=\"epkb-article-level-1 epkb-hide-elem\" data-kb-article-id=\"7297\"\n\t\t\t\t        data-kb-type=\"article\"  style=\"padding-bottom: 4px; padding-top: 4px;\"  >   \n\t\t<a href=\"https:\/\/www.preguntasfrecuentes.una.ac.cr\/?epkb_post_type_1=como-puedo-contactar-al-departamento-de-orientacion-y-psicologia\"  class=\"epkb-mp-article \"\n\t\t            data-kb-article-id=\"7297\" >\n\t\t\t<span class=\"eckb-article-title\"  style=\"color: #000000;\"  >\n\t\t\t\t<span class=\"eckb-article-title__icon ep_font_icon_document\"  style=\"color: #dd3333;\"  aria-hidden=\"true\"><\/span>\n\t\t\t\t<span class=\"eckb-article-title__text\" >\u00bfC\u00f3mo puedo contactar al Departamento de Orientaci\u00f3n y Psicolog\u00eda?<\/span>\n\t\t\t<\/span> \t\t<\/a>    \t\t\t\t<\/li> \t\t\t\t<li class=\"epkb-article-level-1 epkb-hide-elem\" data-kb-article-id=\"7295\"\n\t\t\t\t        data-kb-type=\"article\"  style=\"padding-bottom: 4px; padding-top: 4px;\"  >   \n\t\t<a href=\"https:\/\/www.preguntasfrecuentes.una.ac.cr\/?epkb_post_type_1=que-debo-hacer-en-caso-de-emergencia-o-de-tener-pensamientos-suicidas\"  class=\"epkb-mp-article \"\n\t\t            data-kb-article-id=\"7295\" >\n\t\t\t<span class=\"eckb-article-title\"  style=\"color: #000000;\"  >\n\t\t\t\t<span class=\"eckb-article-title__icon ep_font_icon_document\"  style=\"color: #dd3333;\"  aria-hidden=\"true\"><\/span>\n\t\t\t\t<span class=\"eckb-article-title__text\" >\u00bfQu\u00e9 debo hacer en caso de emergencia o de tener pensamientos suicidas?<\/span>\n\t\t\t<\/span> \t\t<\/a>    \t\t\t\t<\/li> \t\t\t\t<li class=\"epkb-article-level-1 epkb-hide-elem\" data-kb-article-id=\"7293\"\n\t\t\t\t        data-kb-type=\"article\"  style=\"padding-bottom: 4px; padding-top: 4px;\"  >   \n\t\t<a href=\"https:\/\/www.preguntasfrecuentes.una.ac.cr\/?epkb_post_type_1=donde-se-encuentra-ubicado-el-departamento-de-orientacion-y-psicologia-en-la-una\"  class=\"epkb-mp-article \"\n\t\t            data-kb-article-id=\"7293\" >\n\t\t\t<span class=\"eckb-article-title\"  style=\"color: #000000;\"  >\n\t\t\t\t<span class=\"eckb-article-title__icon ep_font_icon_document\"  style=\"color: #dd3333;\"  aria-hidden=\"true\"><\/span>\n\t\t\t\t<span class=\"eckb-article-title__text\" >\u00bfD\u00f3nde se encuentra ubicado el Departamento de Orientaci\u00f3n y Psicolog\u00eda en la UNA?<\/span>\n\t\t\t<\/span> \t\t<\/a>    \t\t\t\t<\/li> \t\t\t\t<li class=\"epkb-article-level-1 epkb-hide-elem\" data-kb-article-id=\"7291\"\n\t\t\t\t        data-kb-type=\"article\"  style=\"padding-bottom: 4px; padding-top: 4px;\"  >   \n\t\t<a href=\"https:\/\/www.preguntasfrecuentes.una.ac.cr\/?epkb_post_type_1=cuales-son-los-horarios-de-atencion-del-departamento-de-orientacion-y-psicologia\"  class=\"epkb-mp-article \"\n\t\t            data-kb-article-id=\"7291\" >\n\t\t\t<span class=\"eckb-article-title\"  style=\"color: #000000;\"  >\n\t\t\t\t<span class=\"eckb-article-title__icon ep_font_icon_document\"  style=\"color: #dd3333;\"  aria-hidden=\"true\"><\/span>\n\t\t\t\t<span class=\"eckb-article-title__text\" >\u00bfCu\u00e1les son los horarios de atenci\u00f3n del Departamento de Orientaci\u00f3n y Psicolog\u00eda?<\/span>\n\t\t\t<\/span> \t\t<\/a>    \t\t\t\t<\/li> \t\t\t\t<li class=\"epkb-article-level-1 epkb-hide-elem\" data-kb-article-id=\"7283\"\n\t\t\t\t        data-kb-type=\"article\"  style=\"padding-bottom: 4px; padding-top: 4px;\"  >   \n\t\t<a href=\"https:\/\/www.preguntasfrecuentes.una.ac.cr\/?epkb_post_type_1=que-servicios-ofrece-el-departamento-de-orientacion-y-psicologia\"  class=\"epkb-mp-article \"\n\t\t            data-kb-article-id=\"7283\" >\n\t\t\t<span class=\"eckb-article-title\"  style=\"color: #000000;\"  >\n\t\t\t\t<span class=\"eckb-article-title__icon ep_font_icon_document\"  style=\"color: #dd3333;\"  aria-hidden=\"true\"><\/span>\n\t\t\t\t<span class=\"eckb-article-title__text\" >\u00bfQu\u00e9 servicios ofrece el Departamento de Orientaci\u00f3n y Psicolog\u00eda?<\/span>\n\t\t\t<\/span> \t\t<\/a>    \t\t\t\t<\/li> \t\t\t\t<li class=\"epkb-article-level-1 epkb-hide-elem\" data-kb-article-id=\"7281\"\n\t\t\t\t        data-kb-type=\"article\"  style=\"padding-bottom: 4px; padding-top: 4px;\"  >   \n\t\t<a href=\"https:\/\/www.preguntasfrecuentes.una.ac.cr\/?epkb_post_type_1=cual-es-el-objetivo-del-departamento-de-orientacion-y-psicologia-de-la-una\"  class=\"epkb-mp-article \"\n\t\t            data-kb-article-id=\"7281\" >\n\t\t\t<span class=\"eckb-article-title\"  style=\"color: #000000;\"  >\n\t\t\t\t<span class=\"eckb-article-title__icon ep_font_icon_document\"  style=\"color: #dd3333;\"  aria-hidden=\"true\"><\/span>\n\t\t\t\t<span class=\"eckb-article-title__text\" >\u00bfCu\u00e1l es el objetivo del Departamento de Orientaci\u00f3n y Psicolog\u00eda de la UNA?<\/span>\n\t\t\t<\/span> \t\t<\/a>    \t\t\t\t<\/li> \t\t\t\t<li class=\"epkb-article-level-1 epkb-hide-elem\" data-kb-article-id=\"6663\"\n\t\t\t\t        data-kb-type=\"article\"  style=\"padding-bottom: 4px; padding-top: 4px;\"  >   \n\t\t<a href=\"https:\/\/www.preguntasfrecuentes.una.ac.cr\/?epkb_post_type_1=como-obtengo-mi-carne-estudiantil\"  class=\"epkb-mp-article \"\n\t\t            data-kb-article-id=\"6663\" >\n\t\t\t<span class=\"eckb-article-title\"  style=\"color: #000000;\"  >\n\t\t\t\t<span class=\"eckb-article-title__icon ep_font_icon_document\"  style=\"color: #dd3333;\"  aria-hidden=\"true\"><\/span>\n\t\t\t\t<span class=\"eckb-article-title__text\" >\u00bfC\u00f3mo obtengo mi carn\u00e9 estudiantil?<\/span>\n\t\t\t<\/span> \t\t<\/a>    \t\t\t\t<\/li> \t\t\t\t<li class=\"epkb-article-level-1 epkb-hide-elem\" data-kb-article-id=\"5653\"\n\t\t\t\t        data-kb-type=\"article\"  style=\"padding-bottom: 4px; padding-top: 4px;\"  >   \n\t\t<a href=\"https:\/\/www.preguntasfrecuentes.una.ac.cr\/?epkb_post_type_1=la-universidad-nacional-cuenta-con-algun-servicio-para-estudiantes-que-sean-madres-o-padres\"  class=\"epkb-mp-article \"\n\t\t            data-kb-article-id=\"5653\" >\n\t\t\t<span class=\"eckb-article-title\"  style=\"color: #000000;\"  >\n\t\t\t\t<span class=\"eckb-article-title__icon ep_font_icon_document\"  style=\"color: #dd3333;\"  aria-hidden=\"true\"><\/span>\n\t\t\t\t<span class=\"eckb-article-title__text\" >\u00bfLa Universidad Nacional cuenta con alg\u00fan servicio para estudiantes que sean madres o padres?<\/span>\n\t\t\t<\/span> \t\t<\/a>    \t\t\t\t<\/li> \t\t\t\t<li class=\"epkb-article-level-1 epkb-hide-elem\" data-kb-article-id=\"5648\"\n\t\t\t\t        data-kb-type=\"article\"  style=\"padding-bottom: 4px; padding-top: 4px;\"  >   \n\t\t<a href=\"https:\/\/www.preguntasfrecuentes.una.ac.cr\/?epkb_post_type_1=en-caso-de-ser-victima-de-hostigamiento-sexual-dentro-de-la-universidad-en-que-lugar-puedo-interponer-una-denuncia\"  class=\"epkb-mp-article \"\n\t\t            data-kb-article-id=\"5648\" >\n\t\t\t<span class=\"eckb-article-title\"  style=\"color: #000000;\"  >\n\t\t\t\t<span class=\"eckb-article-title__icon ep_font_icon_document\"  style=\"color: #dd3333;\"  aria-hidden=\"true\"><\/span>\n\t\t\t\t<span class=\"eckb-article-title__text\" >En caso de ser v\u00edctima de hostigamiento sexual dentro de la Universidad, \u00bfen qu\u00e9 lugar puedo interponer una denuncia?<\/span>\n\t\t\t<\/span> \t\t<\/a>    \t\t\t\t<\/li> \t\t\t\t<li class=\"epkb-article-level-1 epkb-hide-elem\" data-kb-article-id=\"5649\"\n\t\t\t\t        data-kb-type=\"article\"  style=\"padding-bottom: 4px; padding-top: 4px;\"  >   \n\t\t<a href=\"https:\/\/www.preguntasfrecuentes.una.ac.cr\/?epkb_post_type_1=que-grupos-artisticos-y-deportivos-existen-en-la-universidad-nacional\"  class=\"epkb-mp-article \"\n\t\t            data-kb-article-id=\"5649\" >\n\t\t\t<span class=\"eckb-article-title\"  style=\"color: #000000;\"  >\n\t\t\t\t<span class=\"eckb-article-title__icon ep_font_icon_document\"  style=\"color: #dd3333;\"  aria-hidden=\"true\"><\/span>\n\t\t\t\t<span class=\"eckb-article-title__text\" >\u00bfQu\u00e9 grupos art\u00edsticos y deportivos existen en la Universidad Nacional?<\/span>\n\t\t\t<\/span> \t\t<\/a>    \t\t\t\t<\/li> \t\t\t\t<li class=\"epkb-article-level-1 epkb-hide-elem\" data-kb-article-id=\"5647\"\n\t\t\t\t        data-kb-type=\"article\"  style=\"padding-bottom: 4px; padding-top: 4px;\"  >   \n\t\t<a href=\"https:\/\/www.preguntasfrecuentes.una.ac.cr\/?epkb_post_type_1=cuales-son-los-tipos-de-aula-virtual\"  class=\"epkb-mp-article \"\n\t\t            data-kb-article-id=\"5647\" >\n\t\t\t<span class=\"eckb-article-title\"  style=\"color: #000000;\"  >\n\t\t\t\t<span class=\"eckb-article-title__icon ep_font_icon_document\"  style=\"color: #dd3333;\"  aria-hidden=\"true\"><\/span>\n\t\t\t\t<span class=\"eckb-article-title__text\" >\u00bfCu\u00e1les son los tipos de Aula Virtual?<\/span>\n\t\t\t<\/span> \t\t<\/a>    \t\t\t\t<\/li> \t\t\t\t<li class=\"epkb-article-level-1 epkb-hide-elem\" data-kb-article-id=\"5644\"\n\t\t\t\t        data-kb-type=\"article\"  style=\"padding-bottom: 4px; padding-top: 4px;\"  >   \n\t\t<a href=\"https:\/\/www.preguntasfrecuentes.una.ac.cr\/?epkb_post_type_1=como-obtengo-el-marchamo-institucional\"  class=\"epkb-mp-article \"\n\t\t            data-kb-article-id=\"5644\" >\n\t\t\t<span class=\"eckb-article-title\"  style=\"color: #000000;\"  >\n\t\t\t\t<span class=\"eckb-article-title__icon ep_font_icon_document\"  style=\"color: #dd3333;\"  aria-hidden=\"true\"><\/span>\n\t\t\t\t<span class=\"eckb-article-title__text\" >\u00bfC\u00f3mo obtengo el marchamo institucional?<\/span>\n\t\t\t<\/span> \t\t<\/a>    \t\t\t\t<\/li> \t\t\t\t<li class=\"epkb-article-level-1 epkb-hide-elem\" data-kb-article-id=\"5643\"\n\t\t\t\t        data-kb-type=\"article\"  style=\"padding-bottom: 4px; padding-top: 4px;\"  >   \n\t\t<a href=\"https:\/\/www.preguntasfrecuentes.una.ac.cr\/?epkb_post_type_1=como-obtengo-informacion-sobre-los-cursos-libres\"  class=\"epkb-mp-article \"\n\t\t            data-kb-article-id=\"5643\" >\n\t\t\t<span class=\"eckb-article-title\"  style=\"color: #000000;\"  >\n\t\t\t\t<span class=\"eckb-article-title__icon ep_font_icon_document\"  style=\"color: #dd3333;\"  aria-hidden=\"true\"><\/span>\n\t\t\t\t<span class=\"eckb-article-title__text\" >\u00bfC\u00f3mo obtengo informaci\u00f3n sobre los Cursos Libres?<\/span>\n\t\t\t<\/span> \t\t<\/a>    \t\t\t\t<\/li> \t\t\t\t<li class=\"epkb-article-level-1 epkb-hide-elem\" data-kb-article-id=\"5642\"\n\t\t\t\t        data-kb-type=\"article\"  style=\"padding-bottom: 4px; padding-top: 4px;\"  >   \n\t\t<a href=\"https:\/\/www.preguntasfrecuentes.una.ac.cr\/?epkb_post_type_1=como-obtengo-informacion-sobre-los-cursos-participativos\"  class=\"epkb-mp-article \"\n\t\t            data-kb-article-id=\"5642\" >\n\t\t\t<span class=\"eckb-article-title\"  style=\"color: #000000;\"  >\n\t\t\t\t<span class=\"eckb-article-title__icon ep_font_icon_document\"  style=\"color: #dd3333;\"  aria-hidden=\"true\"><\/span>\n\t\t\t\t<span class=\"eckb-article-title__text\" >\u00bfC\u00f3mo obtengo informaci\u00f3n sobre los Cursos Participativos?<\/span>\n\t\t\t<\/span> \t\t<\/a>    \t\t\t\t<\/li> \t\t\t\t<li class=\"epkb-article-level-1 epkb-hide-elem\" data-kb-article-id=\"5641\"\n\t\t\t\t        data-kb-type=\"article\"  style=\"padding-bottom: 4px; padding-top: 4px;\"  >   \n\t\t<a href=\"https:\/\/www.preguntasfrecuentes.una.ac.cr\/?epkb_post_type_1=como-me-entero-de-eventos-estudiantiles\"  class=\"epkb-mp-article \"\n\t\t            data-kb-article-id=\"5641\" >\n\t\t\t<span class=\"eckb-article-title\"  style=\"color: #000000;\"  >\n\t\t\t\t<span class=\"eckb-article-title__icon ep_font_icon_document\"  style=\"color: #dd3333;\"  aria-hidden=\"true\"><\/span>\n\t\t\t\t<span class=\"eckb-article-title__text\" >\u00bfC\u00f3mo me entero de eventos estudiantiles?<\/span>\n\t\t\t<\/span> \t\t<\/a>    \t\t\t\t<\/li> \t\t\t\t<li class=\"epkb-article-level-1 epkb-hide-elem\" data-kb-article-id=\"5640\"\n\t\t\t\t        data-kb-type=\"article\"  style=\"padding-bottom: 4px; padding-top: 4px;\"  >   \n\t\t<a href=\"https:\/\/www.preguntasfrecuentes.una.ac.cr\/?epkb_post_type_1=existe-algun-servicio-de-comedor-dentro-de-la-una\"  class=\"epkb-mp-article \"\n\t\t            data-kb-article-id=\"5640\" >\n\t\t\t<span class=\"eckb-article-title\"  style=\"color: #000000;\"  >\n\t\t\t\t<span class=\"eckb-article-title__icon ep_font_icon_document\"  style=\"color: #dd3333;\"  aria-hidden=\"true\"><\/span>\n\t\t\t\t<span class=\"eckb-article-title__text\" >\u00bfExiste alg\u00fan servicio de comedor dentro de la UNA?<\/span>\n\t\t\t<\/span> \t\t<\/a>    \t\t\t\t<\/li> \t\t\t\t<li class=\"epkb-article-level-1 epkb-hide-elem\" data-kb-article-id=\"5639\"\n\t\t\t\t        data-kb-type=\"article\"  style=\"padding-bottom: 4px; padding-top: 4px;\"  >   \n\t\t<a href=\"https:\/\/www.preguntasfrecuentes.una.ac.cr\/?epkb_post_type_1=donde-puedo-buscar-libros-de-las-bibliotecas-de-la-una\"  class=\"epkb-mp-article \"\n\t\t            data-kb-article-id=\"5639\" >\n\t\t\t<span class=\"eckb-article-title\"  style=\"color: #000000;\"  >\n\t\t\t\t<span class=\"eckb-article-title__icon ep_font_icon_document\"  style=\"color: #dd3333;\"  aria-hidden=\"true\"><\/span>\n\t\t\t\t<span class=\"eckb-article-title__text\" >\u00bfD\u00f3nde puedo buscar libros de las bibliotecas de la UNA?<\/span>\n\t\t\t<\/span> \t\t<\/a>    \t\t\t\t<\/li> \t\t\t\t<li class=\"epkb-article-level-1 epkb-hide-elem\" data-kb-article-id=\"5638\"\n\t\t\t\t        data-kb-type=\"article\"  style=\"padding-bottom: 4px; padding-top: 4px;\"  >   \n\t\t<a href=\"https:\/\/www.preguntasfrecuentes.una.ac.cr\/?epkb_post_type_1=como-ingreso-a-mi-zona-segura-si-olvide-mi-clave\"  class=\"epkb-mp-article \"\n\t\t            data-kb-article-id=\"5638\" >\n\t\t\t<span class=\"eckb-article-title\"  style=\"color: #000000;\"  >\n\t\t\t\t<span class=\"eckb-article-title__icon ep_font_icon_document\"  style=\"color: #dd3333;\"  aria-hidden=\"true\"><\/span>\n\t\t\t\t<span class=\"eckb-article-title__text\" >\u00bfC\u00f3mo ingreso a mi \u201czona segura\u201d si olvid\u00e9 mi clave?<\/span>\n\t\t\t<\/span> \t\t<\/a>    \t\t\t\t<\/li> \t\t\t\t<li class=\"epkb-article-level-1 epkb-hide-elem\" data-kb-article-id=\"5637\"\n\t\t\t\t        data-kb-type=\"article\"  style=\"padding-bottom: 4px; padding-top: 4px;\"  >   \n\t\t<a href=\"https:\/\/www.preguntasfrecuentes.una.ac.cr\/?epkb_post_type_1=cuales-son-las-modalidades-de-carne-estudiantil-y-su-respectivo-tramite\"  class=\"epkb-mp-article \"\n\t\t            data-kb-article-id=\"5637\" >\n\t\t\t<span class=\"eckb-article-title\"  style=\"color: #000000;\"  >\n\t\t\t\t<span class=\"eckb-article-title__icon ep_font_icon_document\"  style=\"color: #dd3333;\"  aria-hidden=\"true\"><\/span>\n\t\t\t\t<span class=\"eckb-article-title__text\" >\u00bfCu\u00e1les son las modalidades de carn\u00e9 estudiantil y su respectivo tr\u00e1mite?<\/span>\n\t\t\t<\/span> \t\t<\/a>    \t\t\t\t<\/li> \t\t\t\t<li class=\"epkb-article-level-1 epkb-hide-elem\" data-kb-article-id=\"5635\"\n\t\t\t\t        data-kb-type=\"article\"  style=\"padding-bottom: 4px; padding-top: 4px;\"  >   \n\t\t<a href=\"https:\/\/www.preguntasfrecuentes.una.ac.cr\/?epkb_post_type_1=como-recupero-mi-clave-de-acceso\"  class=\"epkb-mp-article \"\n\t\t            data-kb-article-id=\"5635\" >\n\t\t\t<span class=\"eckb-article-title\"  style=\"color: #000000;\"  >\n\t\t\t\t<span class=\"eckb-article-title__icon ep_font_icon_document\"  style=\"color: #dd3333;\"  aria-hidden=\"true\"><\/span>\n\t\t\t\t<span class=\"eckb-article-title__text\" >\u00bfC\u00f3mo recupero mi clave de acceso?<\/span>\n\t\t\t<\/span> \t\t<\/a>    \t\t\t\t<\/li> \t\t\t\t<li class=\"epkb-article-level-1 epkb-hide-elem\" data-kb-article-id=\"5634\"\n\t\t\t\t        data-kb-type=\"article\"  style=\"padding-bottom: 4px; padding-top: 4px;\"  >   \n\t\t<a href=\"https:\/\/www.preguntasfrecuentes.una.ac.cr\/?epkb_post_type_1=como-puedo-acceder-a-mi-cuenta-de-correo\"  class=\"epkb-mp-article \"\n\t\t            data-kb-article-id=\"5634\" >\n\t\t\t<span class=\"eckb-article-title\"  style=\"color: #000000;\"  >\n\t\t\t\t<span class=\"eckb-article-title__icon ep_font_icon_document\"  style=\"color: #dd3333;\"  aria-hidden=\"true\"><\/span>\n\t\t\t\t<span class=\"eckb-article-title__text\" >\u00bfC\u00f3mo puedo acceder a mi cuenta de correo?<\/span>\n\t\t\t<\/span> \t\t<\/a>    \t\t\t\t<\/li> \t\t\t\t<li class=\"epkb-article-level-1 epkb-hide-elem\" data-kb-article-id=\"5633\"\n\t\t\t\t        data-kb-type=\"article\"  style=\"padding-bottom: 4px; padding-top: 4px;\"  >   \n\t\t<a href=\"https:\/\/www.preguntasfrecuentes.una.ac.cr\/?epkb_post_type_1=que-es-el-correo-estudiantil\"  class=\"epkb-mp-article \"\n\t\t            data-kb-article-id=\"5633\" >\n\t\t\t<span class=\"eckb-article-title\"  style=\"color: #000000;\"  >\n\t\t\t\t<span class=\"eckb-article-title__icon ep_font_icon_document\"  style=\"color: #dd3333;\"  aria-hidden=\"true\"><\/span>\n\t\t\t\t<span class=\"eckb-article-title__text\" >\u00bfQu\u00e9 es el correo estudiantil?<\/span>\n\t\t\t<\/span> \t\t<\/a>    \t\t\t\t<\/li> \t\t\t\t<li class=\"epkb-article-level-1 epkb-hide-elem\" data-kb-article-id=\"5632\"\n\t\t\t\t        data-kb-type=\"article\"  style=\"padding-bottom: 4px; padding-top: 4px;\"  >   \n\t\t<a href=\"https:\/\/www.preguntasfrecuentes.una.ac.cr\/?epkb_post_type_1=cual-es-el-reglamento-que-debe-cumplirse-dentro-de-las-residencias-estudiantiles\"  class=\"epkb-mp-article \"\n\t\t            data-kb-article-id=\"5632\" >\n\t\t\t<span class=\"eckb-article-title\"  style=\"color: #000000;\"  >\n\t\t\t\t<span class=\"eckb-article-title__icon ep_font_icon_document\"  style=\"color: #dd3333;\"  aria-hidden=\"true\"><\/span>\n\t\t\t\t<span class=\"eckb-article-title__text\" >\u00bfCu\u00e1l es el reglamento que debe cumplirse dentro de las Residencias Estudiantiles?<\/span>\n\t\t\t<\/span> \t\t<\/a>    \t\t\t\t<\/li> \t\t\t\t<li class=\"epkb-article-level-1 epkb-hide-elem\" data-kb-article-id=\"5631\"\n\t\t\t\t        data-kb-type=\"article\"  style=\"padding-bottom: 4px; padding-top: 4px;\"  >   \n\t\t<a href=\"https:\/\/www.preguntasfrecuentes.una.ac.cr\/?epkb_post_type_1=cuales-son-los-requisitos-para-aplicar-al-programa-de-residencias-estudiantiles\"  class=\"epkb-mp-article \"\n\t\t            data-kb-article-id=\"5631\" >\n\t\t\t<span class=\"eckb-article-title\"  style=\"color: #000000;\"  >\n\t\t\t\t<span class=\"eckb-article-title__icon ep_font_icon_document\"  style=\"color: #dd3333;\"  aria-hidden=\"true\"><\/span>\n\t\t\t\t<span class=\"eckb-article-title__text\" >\u00bfCu\u00e1les son los requisitos para aplicar al Programa de Residencias Estudiantiles?<\/span>\n\t\t\t<\/span> \t\t<\/a>    \t\t\t\t<\/li> \t\t\t\t<li class=\"epkb-article-level-1 epkb-hide-elem\" data-kb-article-id=\"5630\"\n\t\t\t\t        data-kb-type=\"article\"  style=\"padding-bottom: 4px; padding-top: 4px;\"  >   \n\t\t<a href=\"https:\/\/www.preguntasfrecuentes.una.ac.cr\/?epkb_post_type_1=para-quienes-aplica-el-programa-de-residencias-estudiantiles\"  class=\"epkb-mp-article \"\n\t\t            data-kb-article-id=\"5630\" >\n\t\t\t<span class=\"eckb-article-title\"  style=\"color: #000000;\"  >\n\t\t\t\t<span class=\"eckb-article-title__icon ep_font_icon_document\"  style=\"color: #dd3333;\"  aria-hidden=\"true\"><\/span>\n\t\t\t\t<span class=\"eckb-article-title__text\" >\u00bfPara qui\u00e9nes aplica el Programa de Residencias Estudiantiles?<\/span>\n\t\t\t<\/span> \t\t<\/a>    \t\t\t\t<\/li> \t\t\t\t<li class=\"epkb-article-level-1 epkb-hide-elem\" data-kb-article-id=\"5628\"\n\t\t\t\t        data-kb-type=\"article\"  style=\"padding-bottom: 4px; padding-top: 4px;\"  >   \n\t\t<a href=\"https:\/\/www.preguntasfrecuentes.una.ac.cr\/?epkb_post_type_1=que-servicios-ofrece-el-departamento-de-salud-de-la-una\"  class=\"epkb-mp-article \"\n\t\t            data-kb-article-id=\"5628\" >\n\t\t\t<span class=\"eckb-article-title\"  style=\"color: #000000;\"  >\n\t\t\t\t<span class=\"eckb-article-title__icon ep_font_icon_document\"  style=\"color: #dd3333;\"  aria-hidden=\"true\"><\/span>\n\t\t\t\t<span class=\"eckb-article-title__text\" >\u00bfQu\u00e9 servicios ofrece el Departamento de Salud de la UNA?<\/span>\n\t\t\t<\/span> \t\t<\/a>    \t\t\t\t<\/li> \t\t\t\t<li class=\"epkb-article-level-1 epkb-hide-elem\" data-kb-article-id=\"5627\"\n\t\t\t\t        data-kb-type=\"article\"  style=\"padding-bottom: 4px; padding-top: 4px;\"  >   \n\t\t<a href=\"https:\/\/www.preguntasfrecuentes.una.ac.cr\/?epkb_post_type_1=donde-se-ubica-el-departamento-de-salud-y-cual-es-la-informacion-de-contacto\"  class=\"epkb-mp-article \"\n\t\t            data-kb-article-id=\"5627\" >\n\t\t\t<span class=\"eckb-article-title\"  style=\"color: #000000;\"  >\n\t\t\t\t<span class=\"eckb-article-title__icon ep_font_icon_document\"  style=\"color: #dd3333;\"  aria-hidden=\"true\"><\/span>\n\t\t\t\t<span class=\"eckb-article-title__text\" >\u00bfD\u00f3nde se ubica el Departamento de Salud y cu\u00e1l es la informaci\u00f3n de contacto?<\/span>\n\t\t\t<\/span> \t\t<\/a>    \t\t\t\t<\/li> \t\t\t\t<li class=\"epkb-article-level-1 epkb-hide-elem\" data-kb-article-id=\"5624\"\n\t\t\t\t        data-kb-type=\"article\"  style=\"padding-bottom: 4px; padding-top: 4px;\"  >   \n\t\t<a href=\"https:\/\/www.preguntasfrecuentes.una.ac.cr\/?epkb_post_type_1=cuales-son-los-requisitos-para-que-un-estudiante-reciba-atencion-en-el-departamento-de-salud\"  class=\"epkb-mp-article \"\n\t\t            data-kb-article-id=\"5624\" >\n\t\t\t<span class=\"eckb-article-title\"  style=\"color: #000000;\"  >\n\t\t\t\t<span class=\"eckb-article-title__icon ep_font_icon_document\"  style=\"color: #dd3333;\"  aria-hidden=\"true\"><\/span>\n\t\t\t\t<span class=\"eckb-article-title__text\" >\u00bfCu\u00e1les son los requisitos para que un estudiante reciba atenci\u00f3n en el Departamento de Salud?<\/span>\n\t\t\t<\/span> \t\t<\/a>    \t\t\t\t<\/li> \t\t\t\t<li class=\"epkb-article-level-1 epkb-hide-elem\" data-kb-article-id=\"5625\"\n\t\t\t\t        data-kb-type=\"article\"  style=\"padding-bottom: 4px; padding-top: 4px;\"  >   \n\t\t<a href=\"https:\/\/www.preguntasfrecuentes.una.ac.cr\/?epkb_post_type_1=cuales-son-los-requisitos-para-que-un-estudiante-obtenga-un-seguro-medico\"  class=\"epkb-mp-article \"\n\t\t            data-kb-article-id=\"5625\" >\n\t\t\t<span class=\"eckb-article-title\"  style=\"color: #000000;\"  >\n\t\t\t\t<span class=\"eckb-article-title__icon ep_font_icon_document\"  style=\"color: #dd3333;\"  aria-hidden=\"true\"><\/span>\n\t\t\t\t<span class=\"eckb-article-title__text\" >\u00bfCu\u00e1les son los requisitos para que un estudiante obtenga un seguro m\u00e9dico?<\/span>\n\t\t\t<\/span> \t\t<\/a>    \t\t\t\t<\/li> \t\t\t\t<li class=\"epkb-article-level-1 epkb-hide-elem\" data-kb-article-id=\"5650\"\n\t\t\t\t        data-kb-type=\"article\"  style=\"padding-bottom: 4px; padding-top: 4px;\"  >   \n\t\t<a href=\"https:\/\/www.preguntasfrecuentes.una.ac.cr\/?epkb_post_type_1=cuales-son-los-talleres-culturales-con-los-que-cuenta-la-universidad-nacional\"  class=\"epkb-mp-article \"\n\t\t            data-kb-article-id=\"5650\" >\n\t\t\t<span class=\"eckb-article-title\"  style=\"color: #000000;\"  >\n\t\t\t\t<span class=\"eckb-article-title__icon ep_font_icon_document\"  style=\"color: #dd3333;\"  aria-hidden=\"true\"><\/span>\n\t\t\t\t<span class=\"eckb-article-title__text\" >\u00bfCu\u00e1les son los talleres culturales con los que cuenta la Universidad Nacional?<\/span>\n\t\t\t<\/span> \t\t<\/a>    \t\t\t\t<\/li> \n\t\t<\/ul> \t\t\t<button class=\"epkb-show-all-articles\" aria-expanded=\"false\" data-btn-id=\"270\">\n\t\t\t\t\t<span class=\"epkb-show-text\">\n\t\t\t\t\t\tMostrar todos los art\u00edculos ( 39 )\n\t\t\t\t\t<\/span>\n\t\t\t\t<span class=\"epkb-hide-text epkb-hide-elem\">Contraer art\u00edculos<\/span>\n\t\t\t<\/button>\t\t\t\t\t\n\t\t\t\t\t<\/div><!-- Section Body End -->\n\n\t\t\t\t<\/section><!-- Section End -->  \t\t\t\t\t<\/div>  \n\t\t<\/div>       \t\t\t\t<\/div>\n\t\t\t<\/div>\n\t\t<\/div>   \n\t\t<\/div>    \t\t\t<\/div>  \n\t\t\t<div id=\"epkb-ml__row-3\" data-feature=\"articles_list\" class=\"epkb-ml__row\">                \t\t<div id=\"epkb-ml__module-articles-list\" class=\"epkb-ml__module\">   \n\t\t<div id=\"epkb-ml-article-list-categories-layout\" class=\"epkb-ml-article-list-container\">   \n\t\t\t<div class=\"epkb-ml-articles-list__row\"> \n\t\t<!-- Popular Articles -->\n\t\t<section id=\"epkb-ml-popular-articles\" class=\"epkb-ml-article-section section_light_shadow\">\n\t\t\t<div class=\"epkb-ml-article-section__head\" role=\"heading\" aria-level=\"3\">Preguntas populares<\/div>\n\t\t\t<div class=\"epkb-ml-article-section__body\">\n\t\t\t\t<ul class=\"epkb-ml-articles-list\">    \t\t\t\t\t\t<li>\n\t\t<a href=\"https:\/\/www.preguntasfrecuentes.una.ac.cr\/?epkb_post_type_1=cuales-son-los-talleres-culturales-con-los-que-cuenta-la-universidad-nacional\"  class=\"epkb-ml-article-container \"\n\t\t            data-kb-article-id=\"5650\" >\n\t\t\t<span class=\"epkb-article-inner\"  style=\"color: #000000;\"  >\n\t\t\t\t<span class=\"epkb-article__icon ep_font_icon_document\"  style=\"color: #dd3333;\"  aria-hidden=\"true\"><\/span>\n\t\t\t\t<span class=\"epkb-article__text\" >\u00bfCu\u00e1les son los talleres culturales con los que cuenta la Universidad Nacional?<\/span>\n\t\t\t<\/span> \t\t<\/a>    <\/li>\t\t\t\t\t\t<li>\n\t\t<a href=\"https:\/\/www.preguntasfrecuentes.una.ac.cr\/?epkb_post_type_1=cuanto-tiempo-de-vigencia-tiene-la-nota-del-examen-de-admision\"  class=\"epkb-ml-article-container \"\n\t\t            data-kb-article-id=\"5473\" >\n\t\t\t<span class=\"epkb-article-inner\"  style=\"color: #000000;\"  >\n\t\t\t\t<span class=\"epkb-article__icon ep_font_icon_document\"  style=\"color: #dd3333;\"  aria-hidden=\"true\"><\/span>\n\t\t\t\t<span class=\"epkb-article__text\" >\u00bfCu\u00e1nto tiempo de vigencia tiene la nota del examen de admisi\u00f3n?<\/span>\n\t\t\t<\/span> \t\t<\/a>    <\/li>\t\t\t\t\t\t<li>\n\t\t<a href=\"https:\/\/www.preguntasfrecuentes.una.ac.cr\/?epkb_post_type_1=cuantos-examenes-de-admision-se-pueden-realizar-a-lo-largo-del-ano-para-alcanzar-un-promedio-requerido\"  class=\"epkb-ml-article-container \"\n\t\t            data-kb-article-id=\"5474\" >\n\t\t\t<span class=\"epkb-article-inner\"  style=\"color: #000000;\"  >\n\t\t\t\t<span class=\"epkb-article__icon ep_font_icon_document\"  style=\"color: #dd3333;\"  aria-hidden=\"true\"><\/span>\n\t\t\t\t<span class=\"epkb-article__text\" >\u00bfCu\u00e1ntos ex\u00e1menes de admisi\u00f3n se pueden realizar a lo largo del a\u00f1o para alcanzar un promedio requerido?<\/span>\n\t\t\t<\/span> \t\t<\/a>    <\/li>\t\t\t\t\t\t<li>\n\t\t<a href=\"https:\/\/www.preguntasfrecuentes.una.ac.cr\/?epkb_post_type_1=que-documentos-debo-entregar-para-finalizar-el-proceso-de-admision-a-la-una\"  class=\"epkb-ml-article-container \"\n\t\t            data-kb-article-id=\"5475\" >\n\t\t\t<span class=\"epkb-article-inner\"  style=\"color: #000000;\"  >\n\t\t\t\t<span class=\"epkb-article__icon ep_font_icon_document\"  style=\"color: #dd3333;\"  aria-hidden=\"true\"><\/span>\n\t\t\t\t<span class=\"epkb-article__text\" >\u00bfQu\u00e9 documentos debo entregar para finalizar el proceso de admisi\u00f3n a la UNA?<\/span>\n\t\t\t<\/span> \t\t<\/a>    <\/li>\t\t\t\t\t\t<li>\n\t\t<a href=\"https:\/\/www.preguntasfrecuentes.una.ac.cr\/?epkb_post_type_1=en-que-periodo-del-ano-puedo-iniciar-los-tramites-para-el-examen-de-admision-para-ingresar-al-siguiente-ano-lectivo\"  class=\"epkb-ml-article-container \"\n\t\t            data-kb-article-id=\"5476\" >\n\t\t\t<span class=\"epkb-article-inner\"  style=\"color: #000000;\"  >\n\t\t\t\t<span class=\"epkb-article__icon ep_font_icon_document\"  style=\"color: #dd3333;\"  aria-hidden=\"true\"><\/span>\n\t\t\t\t<span class=\"epkb-article__text\" >\u00bfEn qu\u00e9 per\u00edodo del a\u00f1o puedo iniciar los tr\u00e1mites para el examen de admisi\u00f3n, para ingresar al siguiente a\u00f1o lectivo?<\/span>\n\t\t\t<\/span> \t\t<\/a>    <\/li>\t\t\t\t<\/ul>\n\t\t\t<\/div>\n\t\t<\/section>  \n\t\t<!-- Newest Articles -->\n\t\t<section id=\"epkb-ml-newest-articles\" class=\"epkb-ml-article-section section_light_shadow\">\n\t\t\t<div class=\"epkb-ml-article-section__head\" role=\"heading\" aria-level=\"3\">Nuevas preguntas<\/div>\n\t\t\t<div class=\"epkb-ml-article-section__body\">\n\t\t\t\t<ul class=\"epkb-ml-articles-list\">    \t\t\t\t\t\t<li>\n\t\t<a href=\"https:\/\/www.preguntasfrecuentes.una.ac.cr\/?epkb_post_type_1=donde-puedo-encontrar-informacion-adicional-sobre-temas-de-salud-en-la-una\"  class=\"epkb-ml-article-container \"\n\t\t            data-kb-article-id=\"7342\" >\n\t\t\t<span class=\"epkb-article-inner\"  style=\"color: #000000;\"  >\n\t\t\t\t<span class=\"epkb-article__icon ep_font_icon_document\"  style=\"color: #dd3333;\"  aria-hidden=\"true\"><\/span>\n\t\t\t\t<span class=\"epkb-article__text\" >\u00bfD\u00f3nde puedo encontrar informaci\u00f3n adicional sobre temas de salud en la UNA?<\/span>\n\t\t\t<\/span> \t\t<\/a>    <\/li>\t\t\t\t\t\t<li>\n\t\t<a href=\"https:\/\/www.preguntasfrecuentes.una.ac.cr\/?epkb_post_type_1=ofrece-la-una-recursos-para-el-autocuidado-y-educacion-en-salud\"  class=\"epkb-ml-article-container \"\n\t\t            data-kb-article-id=\"7340\" >\n\t\t\t<span class=\"epkb-article-inner\"  style=\"color: #000000;\"  >\n\t\t\t\t<span class=\"epkb-article__icon ep_font_icon_document\"  style=\"color: #dd3333;\"  aria-hidden=\"true\"><\/span>\n\t\t\t\t<span class=\"epkb-article__text\" >\u00bfOfrece la UNA recursos para el autocuidado y educaci\u00f3n en salud?<\/span>\n\t\t\t<\/span> \t\t<\/a>    <\/li>\t\t\t\t\t\t<li>\n\t\t<a href=\"https:\/\/www.preguntasfrecuentes.una.ac.cr\/?epkb_post_type_1=como-puedo-obtener-asesoria-en-promocion-de-la-salud\"  class=\"epkb-ml-article-container \"\n\t\t            data-kb-article-id=\"7338\" >\n\t\t\t<span class=\"epkb-article-inner\"  style=\"color: #000000;\"  >\n\t\t\t\t<span class=\"epkb-article__icon ep_font_icon_document\"  style=\"color: #dd3333;\"  aria-hidden=\"true\"><\/span>\n\t\t\t\t<span class=\"epkb-article__text\" >\u00bfC\u00f3mo puedo obtener asesor\u00eda en promoci\u00f3n de la salud?<\/span>\n\t\t\t<\/span> \t\t<\/a>    <\/li>\t\t\t\t\t\t<li>\n\t\t<a href=\"https:\/\/www.preguntasfrecuentes.una.ac.cr\/?epkb_post_type_1=que-areas-de-enfoque-tiene-el-departamento-de-salud-de-la-una\"  class=\"epkb-ml-article-container \"\n\t\t            data-kb-article-id=\"7336\" >\n\t\t\t<span class=\"epkb-article-inner\"  style=\"color: #000000;\"  >\n\t\t\t\t<span class=\"epkb-article__icon ep_font_icon_document\"  style=\"color: #dd3333;\"  aria-hidden=\"true\"><\/span>\n\t\t\t\t<span class=\"epkb-article__text\" >\u00bfQu\u00e9 \u00e1reas de enfoque tiene el Departamento de Salud de la UNA?<\/span>\n\t\t\t<\/span> \t\t<\/a>    <\/li>\t\t\t\t\t\t<li>\n\t\t<a href=\"https:\/\/www.preguntasfrecuentes.una.ac.cr\/?epkb_post_type_1=cuales-son-los-horarios-de-atencion-del-departamento-de-salud\"  class=\"epkb-ml-article-container \"\n\t\t            data-kb-article-id=\"7334\" >\n\t\t\t<span class=\"epkb-article-inner\"  style=\"color: #000000;\"  >\n\t\t\t\t<span class=\"epkb-article__icon ep_font_icon_document\"  style=\"color: #dd3333;\"  aria-hidden=\"true\"><\/span>\n\t\t\t\t<span class=\"epkb-article__text\" >\u00bfCu\u00e1les son los horarios de atenci\u00f3n del Departamento de Salud?<\/span>\n\t\t\t<\/span> \t\t<\/a>    <\/li>\t\t\t\t<\/ul>\n\t\t\t<\/div>\n\t\t<\/section>  \n\t\t<!-- Recent Articles -->\n\t\t<section id=\"epkb-ml-recent-articles\" class=\"epkb-ml-article-section section_light_shadow\">\n\t\t\t<div class=\"epkb-ml-article-section__head\" role=\"heading\" aria-level=\"3\">Preguntas recientemente actualizadas<\/div>\n\t\t\t<div class=\"epkb-ml-article-section__body\">\n\t\t\t\t<ul class=\"epkb-ml-articles-list\">    \t\t\t\t\t\t<li>\n\t\t<a href=\"https:\/\/www.preguntasfrecuentes.una.ac.cr\/?epkb_post_type_1=como-obtengo-el-marchamo-institucional\"  class=\"epkb-ml-article-container \"\n\t\t            data-kb-article-id=\"5644\" >\n\t\t\t<span class=\"epkb-article-inner\"  style=\"color: #000000;\"  >\n\t\t\t\t<span class=\"epkb-article__icon ep_font_icon_document\"  style=\"color: #dd3333;\"  aria-hidden=\"true\"><\/span>\n\t\t\t\t<span class=\"epkb-article__text\" >\u00bfC\u00f3mo obtengo el marchamo institucional?<\/span>\n\t\t\t<\/span> \t\t<\/a>    <\/li>\t\t\t\t\t\t<li>\n\t\t<a href=\"https:\/\/www.preguntasfrecuentes.una.ac.cr\/?epkb_post_type_1=como-se-entregan-los-documentos-de-solicitud-de-becas\"  class=\"epkb-ml-article-container \"\n\t\t            data-kb-article-id=\"6595\" >\n\t\t\t<span class=\"epkb-article-inner\"  style=\"color: #000000;\"  >\n\t\t\t\t<span class=\"epkb-article__icon ep_font_icon_document\"  style=\"color: #dd3333;\"  aria-hidden=\"true\"><\/span>\n\t\t\t\t<span class=\"epkb-article__text\" >\u00bfC\u00f3mo se entregan los documentos de solicitud de becas?<\/span>\n\t\t\t<\/span> \t\t<\/a>    <\/li>\t\t\t\t\t\t<li>\n\t\t<a href=\"https:\/\/www.preguntasfrecuentes.una.ac.cr\/?epkb_post_type_1=cuales-son-los-horarios-de-atencion-del-departamento-de-salud\"  class=\"epkb-ml-article-container \"\n\t\t            data-kb-article-id=\"7334\" >\n\t\t\t<span class=\"epkb-article-inner\"  style=\"color: #000000;\"  >\n\t\t\t\t<span class=\"epkb-article__icon ep_font_icon_document\"  style=\"color: #dd3333;\"  aria-hidden=\"true\"><\/span>\n\t\t\t\t<span class=\"epkb-article__text\" >\u00bfCu\u00e1les son los horarios de atenci\u00f3n del Departamento de Salud?<\/span>\n\t\t\t<\/span> \t\t<\/a>    <\/li>\t\t\t\t\t\t<li>\n\t\t<a href=\"https:\/\/www.preguntasfrecuentes.una.ac.cr\/?epkb_post_type_1=que-areas-de-enfoque-tiene-el-departamento-de-salud-de-la-una\"  class=\"epkb-ml-article-container \"\n\t\t            data-kb-article-id=\"7336\" >\n\t\t\t<span class=\"epkb-article-inner\"  style=\"color: #000000;\"  >\n\t\t\t\t<span class=\"epkb-article__icon ep_font_icon_document\"  style=\"color: #dd3333;\"  aria-hidden=\"true\"><\/span>\n\t\t\t\t<span class=\"epkb-article__text\" >\u00bfQu\u00e9 \u00e1reas de enfoque tiene el Departamento de Salud de la UNA?<\/span>\n\t\t\t<\/span> \t\t<\/a>    <\/li>\t\t\t\t\t\t<li>\n\t\t<a href=\"https:\/\/www.preguntasfrecuentes.una.ac.cr\/?epkb_post_type_1=como-puedo-obtener-asesoria-en-promocion-de-la-salud\"  class=\"epkb-ml-article-container \"\n\t\t            data-kb-article-id=\"7338\" >\n\t\t\t<span class=\"epkb-article-inner\"  style=\"color: #000000;\"  >\n\t\t\t\t<span class=\"epkb-article__icon ep_font_icon_document\"  style=\"color: #dd3333;\"  aria-hidden=\"true\"><\/span>\n\t\t\t\t<span class=\"epkb-article__text\" >\u00bfC\u00f3mo puedo obtener asesor\u00eda en promoci\u00f3n de la salud?<\/span>\n\t\t\t<\/span> \t\t<\/a>    <\/li>\t\t\t\t<\/ul>\n\t\t\t<\/div>\n\t\t<\/section>  \n\t\t\t<\/div>\n\n\t\t<\/div>        \t\t<\/div>  \t\t\t<\/div>  \t\t<\/div>   \n","protected":false},"author":1,"featured_media":0,"parent":0,"menu_order":0,"comment_status":"closed","ping_status":"closed","template":"page-template-fullwidth.php","meta":{"xn-wppe-expiration":[],"xn-wppe-expiration-action":[],"xn-wppe-expiration-prefix":[],"_et_pb_use_builder":"on","_et_pb_old_content":"","_et_gb_content_width":"","advgb_blocks_editor_width":"","advgb_blocks_columns_visual_guide":"","footnotes":""},"class_list":["post-44","page","type-page","status-publish","hentry"],"coauthors":[],"author_meta":{"author_link":"https:\/\/www.preguntasfrecuentes.una.ac.cr\/?author=1","display_name":"Moreira Guzm\u00e1n"},"relative_dates":{"created":"Publicado 6 a\u00f1os hace","modified":"Actualizado 5 a\u00f1os hace"},"absolute_dates":{"created":"Publicado el octubre 27, 2020","modified":"Actualizado el abril 21, 2021"},"absolute_dates_time":{"created":"Publicado el octubre 27, 2020 10:59 pm","modified":"Actualizado el abril 21, 2021 4:33 pm"},"featured_img_caption":"","featured_img":false,"series_order":"","_links":{"self":[{"href":"https:\/\/www.preguntasfrecuentes.una.ac.cr\/index.php?rest_route=\/wp\/v2\/pages\/44","targetHints":{"allow":["GET"]}}],"collection":[{"href":"https:\/\/www.preguntasfrecuentes.una.ac.cr\/index.php?rest_route=\/wp\/v2\/pages"}],"about":[{"href":"https:\/\/www.preguntasfrecuentes.una.ac.cr\/index.php?rest_route=\/wp\/v2\/types\/page"}],"author":[{"embeddable":true,"href":"https:\/\/www.preguntasfrecuentes.una.ac.cr\/index.php?rest_route=\/wp\/v2\/users\/1"}],"replies":[{"embeddable":true,"href":"https:\/\/www.preguntasfrecuentes.una.ac.cr\/index.php?rest_route=%2Fwp%2Fv2%2Fcomments&post=44"}],"version-history":[{"count":332,"href":"https:\/\/www.preguntasfrecuentes.una.ac.cr\/index.php?rest_route=\/wp\/v2\/pages\/44\/revisions"}],"predecessor-version":[{"id":5657,"href":"https:\/\/www.preguntasfrecuentes.una.ac.cr\/index.php?rest_route=\/wp\/v2\/pages\/44\/revisions\/5657"}],"wp:attachment":[{"href":"https:\/\/www.preguntasfrecuentes.una.ac.cr\/index.php?rest_route=%2Fwp%2Fv2%2Fmedia&parent=44"}],"curies":[{"name":"wp","href":"https:\/\/api.w.org\/{rel}","templated":true}]}}